{"id":1729,"date":"2024-03-15T10:18:34","date_gmt":"2024-03-15T14:18:34","guid":{"rendered":"https:\/\/www.vocationministry.com\/par\/education\/phase-i\/awareness-and-education\/display-seminarian-poster\/"},"modified":"2024-04-26T16:43:53","modified_gmt":"2024-04-26T20:43:53","slug":"display-seminarian-poster","status":"publish","type":"education-resource","link":"https:\/\/www.vocationministry.com\/es\/education-resource\/education\/phase-i\/awareness-and-education\/display-seminarian-poster\/","title":{"rendered":"Exhibir cartel de seminarista"},"content":{"rendered":"<div class=\"wp-block-media-text has-media-on-the-right is-stacked-on-mobile is-vertically-aligned-top\" style=\"grid-template-columns:auto 32%\"><div class=\"wp-block-media-text__content\">\n<p class=\"wp-block-paragraph\">Exhibir el cartel del seminarista diocesano en lugares destacados de la escuela y posiblemente en las aulas de religi\u00f3n les dice a los estudiantes y a las familias que la escuela se toma en serio las vocaciones. Ver los rostros de estos hombres deber\u00eda inspirar a los j\u00f3venes a pensar en las vocaciones: su vocaci\u00f3n y posiblemente c\u00f3mo es la vida en el seminario.<\/p>\n\n\n\n<h3 class=\"wp-block-heading\"><strong>Recursos:<\/strong><\/h3>\n\n\n\n<p class=\"wp-block-paragraph\">Comun\u00edquese con la Oficina de Vocaciones de su di\u00f3cesis para obtener carteles.<\/p>\n<\/div><figure class=\"wp-block-media-text__media\"><img loading=\"lazy\" decoding=\"async\" width=\"768\" height=\"1024\" src=\"https:\/\/www.vocationministry.com\/wp-content\/uploads\/2024\/03\/Seminarian-Poster-2023-FINAL-digital-copy-scaled-1-768x1024.png\" alt=\"\" class=\"wp-image-5516 size-full\"\/><\/figure><\/div>","protected":false},"author":1,"featured_media":0,"parent":1147,"menu_order":5,"template":"","class_list":["post-1729","education-resource","type-education-resource","status-publish","hentry"],"acf":[],"dsm_author":{"name":"impressusart","avatar_url":"https:\/\/secure.gravatar.com\/avatar\/101b2f7d99982cfcd4b021b4cefb7ac65f6884ddc0b0a9025ff50956692ec13f?s=96&d=mm&r=g","archive_link":"https:\/\/www.vocationministry.com\/es\/author\/impressusart\/","biodata":""},"dsm_categories":[],"dsm_attachment_categories":[],"dsm_featured_image":null,"dsm_comment_count":0,"yoast_head":"<!-- This site is optimized with the Yoast SEO Premium plugin v24.9 (Yoast SEO v28.4) - https:\/\/yoast.com\/product\/yoast-seo-premium-wordpress\/ -->\n<title>Display Seminarian Poster - Vocation Ministry<\/title>\n<meta name=\"robots\" content=\"index, follow, max-snippet:-1, max-image-preview:large, max-video-preview:-1\" \/>\n<link rel=\"canonical\" href=\"https:\/\/www.vocationministry.com\/es\/education-resource\/education\/phase-i\/awareness-and-education\/display-seminarian-poster\/\" \/>\n<meta property=\"og:locale\" content=\"es_MX\" \/>\n<meta property=\"og:type\" content=\"article\" \/>\n<meta property=\"og:title\" content=\"Display Seminarian Poster\" \/>\n<meta property=\"og:description\" content=\"Displaying the diocesan seminarian poster in prominent places in the school and possibly in the religion classrooms tells students and families that the school is serious about vocations. Seeing these men\u2019s faces should inspire young people to think about vocations\u2014their vocation and possibly what life is like in the seminary. Resources: Contact the Office of [&hellip;]\" \/>\n<meta property=\"og:url\" content=\"https:\/\/www.vocationministry.com\/es\/education-resource\/education\/phase-i\/awareness-and-education\/display-seminarian-poster\/\" \/>\n<meta property=\"og:site_name\" content=\"Vocation Ministry\" \/>\n<meta property=\"article:publisher\" content=\"https:\/\/www.facebook.com\/VocationMinistry\" \/>\n<meta property=\"article:modified_time\" content=\"2024-04-26T20:43:53+00:00\" \/>\n<meta property=\"og:image\" content=\"https:\/\/www.vocationministry.com\/wp-content\/uploads\/2024\/07\/Blue-VM-Logo-white-Background.png\" \/>\n\t<meta property=\"og:image:width\" content=\"2000\" \/>\n\t<meta property=\"og:image:height\" content=\"1000\" \/>\n\t<meta property=\"og:image:type\" content=\"image\/png\" \/><meta property=\"og:image\" content=\"https:\/\/www.vocationministry.com\/wp-content\/uploads\/2024\/03\/Seminarian-Poster-2023-FINAL-digital-copy-scaled-1-768x1024.png\" \/>\n<meta name=\"twitter:card\" content=\"summary_large_image\" \/>\n<script type=\"application\/ld+json\" class=\"yoast-schema-graph\">{\"@context\":\"https:\\\/\\\/schema.org\",\"@graph\":[{\"@type\":\"WebPage\",\"@id\":\"https:\\\/\\\/www.vocationministry.com\\\/education-resource\\\/education\\\/phase-i\\\/awareness-and-education\\\/display-seminarian-poster\\\/\",\"url\":\"https:\\\/\\\/www.vocationministry.com\\\/education-resource\\\/education\\\/phase-i\\\/awareness-and-education\\\/display-seminarian-poster\\\/\",\"name\":\"Display Seminarian Poster - Vocation Ministry\",\"isPartOf\":{\"@id\":\"https:\\\/\\\/www.vocationministry.com\\\/#website\"},\"primaryImageOfPage\":{\"@id\":\"https:\\\/\\\/www.vocationministry.com\\\/education-resource\\\/education\\\/phase-i\\\/awareness-and-education\\\/display-seminarian-poster\\\/#primaryimage\"},\"image\":{\"@id\":\"https:\\\/\\\/www.vocationministry.com\\\/education-resource\\\/education\\\/phase-i\\\/awareness-and-education\\\/display-seminarian-poster\\\/#primaryimage\"},\"thumbnailUrl\":\"https:\\\/\\\/www.vocationministry.com\\\/wp-content\\\/uploads\\\/2024\\\/03\\\/Seminarian-Poster-2023-FINAL-digital-copy-scaled-1-768x1024.png\",\"datePublished\":\"2024-03-15T14:18:34+00:00\",\"dateModified\":\"2024-04-26T20:43:53+00:00\",\"breadcrumb\":{\"@id\":\"https:\\\/\\\/www.vocationministry.com\\\/education-resource\\\/education\\\/phase-i\\\/awareness-and-education\\\/display-seminarian-poster\\\/#breadcrumb\"},\"inLanguage\":\"es\",\"potentialAction\":[{\"@type\":\"ReadAction\",\"target\":[\"https:\\\/\\\/www.vocationministry.com\\\/education-resource\\\/education\\\/phase-i\\\/awareness-and-education\\\/display-seminarian-poster\\\/\"]}]},{\"@type\":\"ImageObject\",\"inLanguage\":\"es\",\"@id\":\"https:\\\/\\\/www.vocationministry.com\\\/education-resource\\\/education\\\/phase-i\\\/awareness-and-education\\\/display-seminarian-poster\\\/#primaryimage\",\"url\":\"https:\\\/\\\/www.vocationministry.com\\\/wp-content\\\/uploads\\\/2024\\\/03\\\/Seminarian-Poster-2023-FINAL-digital-copy-scaled-1-768x1024.png\",\"contentUrl\":\"https:\\\/\\\/www.vocationministry.com\\\/wp-content\\\/uploads\\\/2024\\\/03\\\/Seminarian-Poster-2023-FINAL-digital-copy-scaled-1-768x1024.png\"},{\"@type\":\"BreadcrumbList\",\"@id\":\"https:\\\/\\\/www.vocationministry.com\\\/education-resource\\\/education\\\/phase-i\\\/awareness-and-education\\\/display-seminarian-poster\\\/#breadcrumb\",\"itemListElement\":[{\"@type\":\"ListItem\",\"position\":1,\"name\":\"Home\",\"item\":\"https:\\\/\\\/www.vocationministry.com\\\/\"},{\"@type\":\"ListItem\",\"position\":2,\"name\":\"Education\",\"item\":\"https:\\\/\\\/www.vocationministry.com\\\/education-resource\\\/education\\\/\"},{\"@type\":\"ListItem\",\"position\":3,\"name\":\"Phase I\",\"item\":\"https:\\\/\\\/www.vocationministry.com\\\/education-resource\\\/education\\\/phase-i\\\/\"},{\"@type\":\"ListItem\",\"position\":4,\"name\":\"Awareness and Education\",\"item\":\"https:\\\/\\\/www.vocationministry.com\\\/education-resource\\\/education\\\/phase-i\\\/awareness-and-education\\\/\"},{\"@type\":\"ListItem\",\"position\":5,\"name\":\"Display Seminarian Poster\"}]},{\"@type\":\"WebSite\",\"@id\":\"https:\\\/\\\/www.vocationministry.com\\\/#website\",\"url\":\"https:\\\/\\\/www.vocationministry.com\\\/\",\"name\":\"Vocation Ministry\",\"description\":\"Creating A Culture of Vocations\",\"publisher\":{\"@id\":\"https:\\\/\\\/www.vocationministry.com\\\/#organization\"},\"potentialAction\":[{\"@type\":\"SearchAction\",\"target\":{\"@type\":\"EntryPoint\",\"urlTemplate\":\"https:\\\/\\\/www.vocationministry.com\\\/?s={search_term_string}\"},\"query-input\":{\"@type\":\"PropertyValueSpecification\",\"valueRequired\":true,\"valueName\":\"search_term_string\"}}],\"inLanguage\":\"es\"},{\"@type\":\"Organization\",\"@id\":\"https:\\\/\\\/www.vocationministry.com\\\/#organization\",\"name\":\"Vocation Ministry\",\"url\":\"https:\\\/\\\/www.vocationministry.com\\\/\",\"logo\":{\"@type\":\"ImageObject\",\"inLanguage\":\"es\",\"@id\":\"https:\\\/\\\/www.vocationministry.com\\\/#\\\/schema\\\/logo\\\/image\\\/\",\"url\":\"https:\\\/\\\/www.vocationministry.com\\\/wp-content\\\/uploads\\\/2024\\\/02\\\/Blue-VM-Logo-white-Background.png\",\"contentUrl\":\"https:\\\/\\\/www.vocationministry.com\\\/wp-content\\\/uploads\\\/2024\\\/02\\\/Blue-VM-Logo-white-Background.png\",\"width\":2000,\"height\":1000,\"caption\":\"Vocation Ministry\"},\"image\":{\"@id\":\"https:\\\/\\\/www.vocationministry.com\\\/#\\\/schema\\\/logo\\\/image\\\/\"},\"sameAs\":[\"https:\\\/\\\/www.facebook.com\\\/VocationMinistry\"]}]}<\/script>\n<!-- \/ Yoast SEO Premium plugin. -->","yoast_head_json":{"title":"Cartel del seminarista - Vocation Ministry","robots":{"index":"index","follow":"follow","max-snippet":"max-snippet:-1","max-image-preview":"max-image-preview:large","max-video-preview":"max-video-preview:-1"},"canonical":"https:\/\/www.vocationministry.com\/es\/education-resource\/education\/phase-i\/awareness-and-education\/display-seminarian-poster\/","og_locale":"es_MX","og_type":"article","og_title":"Display Seminarian Poster","og_description":"Displaying the diocesan seminarian poster in prominent places in the school and possibly in the religion classrooms tells students and families that the school is serious about vocations. Seeing these men\u2019s faces should inspire young people to think about vocations\u2014their vocation and possibly what life is like in the seminary. Resources: Contact the Office of [&hellip;]","og_url":"https:\/\/www.vocationministry.com\/es\/education-resource\/education\/phase-i\/awareness-and-education\/display-seminarian-poster\/","og_site_name":"Vocation Ministry","article_publisher":"https:\/\/www.facebook.com\/VocationMinistry","article_modified_time":"2024-04-26T20:43:53+00:00","og_image":[{"width":2000,"height":1000,"url":"https:\/\/www.vocationministry.com\/wp-content\/uploads\/2024\/07\/Blue-VM-Logo-white-Background.png","type":"image\/png"},{"url":"https:\/\/www.vocationministry.com\/wp-content\/uploads\/2024\/03\/Seminarian-Poster-2023-FINAL-digital-copy-scaled-1-768x1024.png","type":"","width":"","height":""}],"twitter_card":"summary_large_image","schema":{"@context":"https:\/\/schema.org","@graph":[{"@type":"WebPage","@id":"https:\/\/www.vocationministry.com\/education-resource\/education\/phase-i\/awareness-and-education\/display-seminarian-poster\/","url":"https:\/\/www.vocationministry.com\/education-resource\/education\/phase-i\/awareness-and-education\/display-seminarian-poster\/","name":"Cartel del seminarista - Vocation Ministry","isPartOf":{"@id":"https:\/\/www.vocationministry.com\/#website"},"primaryImageOfPage":{"@id":"https:\/\/www.vocationministry.com\/education-resource\/education\/phase-i\/awareness-and-education\/display-seminarian-poster\/#primaryimage"},"image":{"@id":"https:\/\/www.vocationministry.com\/education-resource\/education\/phase-i\/awareness-and-education\/display-seminarian-poster\/#primaryimage"},"thumbnailUrl":"https:\/\/www.vocationministry.com\/wp-content\/uploads\/2024\/03\/Seminarian-Poster-2023-FINAL-digital-copy-scaled-1-768x1024.png","datePublished":"2024-03-15T14:18:34+00:00","dateModified":"2024-04-26T20:43:53+00:00","breadcrumb":{"@id":"https:\/\/www.vocationministry.com\/education-resource\/education\/phase-i\/awareness-and-education\/display-seminarian-poster\/#breadcrumb"},"inLanguage":"es","potentialAction":[{"@type":"ReadAction","target":["https:\/\/www.vocationministry.com\/education-resource\/education\/phase-i\/awareness-and-education\/display-seminarian-poster\/"]}]},{"@type":"ImageObject","inLanguage":"es","@id":"https:\/\/www.vocationministry.com\/education-resource\/education\/phase-i\/awareness-and-education\/display-seminarian-poster\/#primaryimage","url":"https:\/\/www.vocationministry.com\/wp-content\/uploads\/2024\/03\/Seminarian-Poster-2023-FINAL-digital-copy-scaled-1-768x1024.png","contentUrl":"https:\/\/www.vocationministry.com\/wp-content\/uploads\/2024\/03\/Seminarian-Poster-2023-FINAL-digital-copy-scaled-1-768x1024.png"},{"@type":"BreadcrumbList","@id":"https:\/\/www.vocationministry.com\/education-resource\/education\/phase-i\/awareness-and-education\/display-seminarian-poster\/#breadcrumb","itemListElement":[{"@type":"ListItem","position":1,"name":"Home","item":"https:\/\/www.vocationministry.com\/"},{"@type":"ListItem","position":2,"name":"Education","item":"https:\/\/www.vocationministry.com\/education-resource\/education\/"},{"@type":"ListItem","position":3,"name":"Phase I","item":"https:\/\/www.vocationministry.com\/education-resource\/education\/phase-i\/"},{"@type":"ListItem","position":4,"name":"Awareness and Education","item":"https:\/\/www.vocationministry.com\/education-resource\/education\/phase-i\/awareness-and-education\/"},{"@type":"ListItem","position":5,"name":"Display Seminarian Poster"}]},{"@type":"WebSite","@id":"https:\/\/www.vocationministry.com\/#website","url":"https:\/\/www.vocationministry.com\/","name":"Vocation Ministry","description":"Creando una cultura de vocaciones","publisher":{"@id":"https:\/\/www.vocationministry.com\/#organization"},"potentialAction":[{"@type":"SearchAction","target":{"@type":"EntryPoint","urlTemplate":"https:\/\/www.vocationministry.com\/?s={search_term_string}"},"query-input":{"@type":"PropertyValueSpecification","valueRequired":true,"valueName":"search_term_string"}}],"inLanguage":"es"},{"@type":"Organization","@id":"https:\/\/www.vocationministry.com\/#organization","name":"Vocation Ministry","url":"https:\/\/www.vocationministry.com\/","logo":{"@type":"ImageObject","inLanguage":"es","@id":"https:\/\/www.vocationministry.com\/#\/schema\/logo\/image\/","url":"https:\/\/www.vocationministry.com\/wp-content\/uploads\/2024\/02\/Blue-VM-Logo-white-Background.png","contentUrl":"https:\/\/www.vocationministry.com\/wp-content\/uploads\/2024\/02\/Blue-VM-Logo-white-Background.png","width":2000,"height":1000,"caption":"Vocation Ministry"},"image":{"@id":"https:\/\/www.vocationministry.com\/#\/schema\/logo\/image\/"},"sameAs":["https:\/\/www.facebook.com\/VocationMinistry"]}]}},"featured_img":false,"coauthors":[],"author_meta":{"author_link":"https:\/\/www.vocationministry.com\/es\/author\/impressusart\/","display_name":"impressusart"},"relative_dates":{"created":"Publicado 2 a\u00f1os hace","modified":"Actualizado 2 a\u00f1os hace"},"absolute_dates":{"created":"Publicado el marzo 15, 2024","modified":"Actualizado el abril 26, 2024"},"absolute_dates_time":{"created":"Publicado el marzo 15, 2024 10:18 am","modified":"Actualizado el abril 26, 2024 4:43 pm"},"featured_img_caption":"","tax_additional":[],"series_order":"","_links":{"self":[{"href":"https:\/\/www.vocationministry.com\/es\/wp-json\/wp\/v2\/education-resource\/1729","targetHints":{"allow":["GET"]}}],"collection":[{"href":"https:\/\/www.vocationministry.com\/es\/wp-json\/wp\/v2\/education-resource"}],"about":[{"href":"https:\/\/www.vocationministry.com\/es\/wp-json\/wp\/v2\/types\/education-resource"}],"version-history":[{"count":3,"href":"https:\/\/www.vocationministry.com\/es\/wp-json\/wp\/v2\/education-resource\/1729\/revisions"}],"predecessor-version":[{"id":5518,"href":"https:\/\/www.vocationministry.com\/es\/wp-json\/wp\/v2\/education-resource\/1729\/revisions\/5518"}],"up":[{"embeddable":true,"href":"https:\/\/www.vocationministry.com\/es\/wp-json\/wp\/v2\/education-resource\/1147"}],"wp:attachment":[{"href":"https:\/\/www.vocationministry.com\/es\/wp-json\/wp\/v2\/media?parent=1729"}],"curies":[{"name":"Gracias","href":"https:\/\/api.w.org\/{rel}","templated":true}]}}