{"id":1763,"date":"2024-03-15T10:25:46","date_gmt":"2024-03-15T14:25:46","guid":{"rendered":"https:\/\/www.vocationministry.com\/par\/education\/phase-ii\/prayer\/spiritual-bouquets\/"},"modified":"2025-03-12T14:50:34","modified_gmt":"2025-03-12T19:50:34","slug":"spiritual-bouquets","status":"publish","type":"education-resource","link":"https:\/\/www.vocationministry.com\/es\/education-resource\/education\/phase-ii\/prayer\/spiritual-bouquets\/","title":{"rendered":"Ramos Espirituales"},"content":{"rendered":"<div class=\"wp-block-media-text has-media-on-the-right is-stacked-on-mobile is-vertically-aligned-top\"><div class=\"wp-block-media-text__content\">\n<p>El don de la oraci\u00f3n es una hermosa manera para que los feligreses, tanto ni\u00f1os como adultos, muestren aprecio por su sacerdote. En Ramos Espirituales, un feligr\u00e9s ofrece un Santo Rosario, Misa, una hora de Adoraci\u00f3n Eucar\u00edstica, una Coronilla a la Divina Misericordia u otras oraciones personales por otra persona. Estos regalos de oraci\u00f3n se dan a los sacerdotes para animarlos en sus d\u00edas especiales como el Domingo del Sacerdocio, Pascua, Navidad, D\u00eda de San Valent\u00edn o su cumplea\u00f1os o aniversario de ordenaci\u00f3n. Estos dones de afirmaci\u00f3n tambi\u00e9n equilibran la comunicaci\u00f3n m\u00e1s desafiante que el sacerdote a menudo escucha, permiti\u00e9ndoles saber cu\u00e1nto oran y aprecian los feligreses por sus sacrificios diarios.<\/p>\n<\/div><figure class=\"wp-block-media-text__media\"><img loading=\"lazy\" decoding=\"async\" width=\"768\" height=\"767\" src=\"https:\/\/www.vocationministry.com\/wp-content\/uploads\/2024\/05\/Salve-Regina-Academy-spiritual-bouquets.png\" alt=\"\" class=\"wp-image-6319 size-full\" srcset=\"https:\/\/www.vocationministry.com\/wp-content\/uploads\/2024\/05\/Salve-Regina-Academy-spiritual-bouquets.png 768w, https:\/\/www.vocationministry.com\/wp-content\/uploads\/2024\/05\/Salve-Regina-Academy-spiritual-bouquets-480x479.png 480w\" sizes=\"(min-width: 0px) and (max-width: 480px) 480px, (min-width: 481px) 768px, 100vw\" \/><\/figure><\/div>\n\n\n\n<div style=\"height:25px\" aria-hidden=\"true\" class=\"wp-block-spacer\"><\/div>\n\n\n\n<div class=\"wp-block-columns is-layout-flex wp-container-core-columns-is-layout-9d6595d7 wp-block-columns-is-layout-flex\">\n<div class=\"wp-block-column is-layout-flow wp-block-column-is-layout-flow\">\n<figure class=\"wp-block-image aligncenter size-large\"><img loading=\"lazy\" decoding=\"async\" width=\"791\" height=\"1024\" src=\"https:\/\/www.vocationministry.com\/wp-content\/uploads\/2024\/05\/Spiritual-Bouquet-2-1.png\" alt=\"\" class=\"wp-image-5496\"\/><\/figure>\n<\/div>\n\n\n\n<div class=\"wp-block-column is-layout-flow wp-block-column-is-layout-flow\">\n<figure class=\"wp-block-image aligncenter size-large\"><img loading=\"lazy\" decoding=\"async\" width=\"791\" height=\"1024\" src=\"https:\/\/www.vocationministry.com\/wp-content\/uploads\/2024\/05\/Spiritual-Bouquet-1-1.png\" alt=\"\" class=\"wp-image-5497\"\/><\/figure>\n<\/div>\n<\/div>\n\n\n\n<div class=\"wp-block-buttons is-vertical is-content-justification-center is-layout-flex wp-container-core-buttons-is-layout-9a7cdcfd wp-block-buttons-is-layout-flex\">\n<div class=\"wp-block-button\"><a class=\"wp-block-button__link wp-element-button\" href=\"https:\/\/www.vocationministry.com\/wp-content\/uploads\/2024\/05\/spiritual-bouquet-11-\u00d7-8.5-in.pdf\" target=\"_blank\" rel=\"noreferrer noopener\">Ramo espiritual para ni\u00f1os (PDF)<\/a><\/div>\n\n\n\n<div class=\"wp-block-button\"><a class=\"wp-block-button__link wp-element-button\" href=\"https:\/\/www.vocationministry.com\/wp-content\/uploads\/2024\/05\/spiritual-bouquet-11-\u00d7-8.5-in-spanish-1.pdf\" target=\"_blank\" rel=\"noreferrer noopener\">Ramo Espiritual Infantil-Espa\u00f1ol (PDF)<\/a><\/div>\n<\/div>\n\n\n\n<div class=\"wp-block-columns is-layout-flex wp-container-core-columns-is-layout-9d6595d7 wp-block-columns-is-layout-flex\">\n<div class=\"wp-block-column is-layout-flow wp-block-column-is-layout-flow\">\n<figure class=\"wp-block-image aligncenter size-large is-resized\"><img loading=\"lazy\" decoding=\"async\" width=\"1024\" height=\"663\" src=\"https:\/\/www.vocationministry.com\/wp-content\/uploads\/2024\/05\/Spiritual-Bouquet-1-1024x663.png\" alt=\"\" class=\"wp-image-6312\" style=\"width:438px\" srcset=\"https:\/\/www.vocationministry.com\/wp-content\/uploads\/2024\/05\/Spiritual-Bouquet-1-980x634.png 980w, https:\/\/www.vocationministry.com\/wp-content\/uploads\/2024\/05\/Spiritual-Bouquet-1-480x311.png 480w\" sizes=\"(min-width: 0px) and (max-width: 480px) 480px, (min-width: 481px) and (max-width: 980px) 980px, (min-width: 981px) 1024px, 100vw\" \/><\/figure>\n\n\n\n<div class=\"wp-block-buttons is-content-justification-center is-layout-flex wp-container-core-buttons-is-layout-16018d1d wp-block-buttons-is-layout-flex\">\n<div class=\"wp-block-button\"><a class=\"wp-block-button__link wp-element-button\" href=\"https:\/\/www.vocationministry.com\/wp-content\/uploads\/2024\/05\/A-Spiritual-Bouquet-4-x-5.5-in.pdf\" target=\"_blank\" rel=\"noreferrer noopener\">Ramo Espiritual Sacerdotal-1 (PDF)<\/a><\/div>\n<\/div>\n<\/div>\n\n\n\n<div class=\"wp-block-column is-layout-flow wp-block-column-is-layout-flow\">\n<figure class=\"wp-block-image aligncenter size-large is-resized\"><img loading=\"lazy\" decoding=\"async\" width=\"1024\" height=\"663\" src=\"https:\/\/www.vocationministry.com\/wp-content\/uploads\/2024\/05\/Spiritual-Bouquet-2-1024x663.png\" alt=\"\" class=\"wp-image-6313\" style=\"width:438px;height:auto\" srcset=\"https:\/\/www.vocationministry.com\/wp-content\/uploads\/2024\/05\/Spiritual-Bouquet-2-980x634.png 980w, https:\/\/www.vocationministry.com\/wp-content\/uploads\/2024\/05\/Spiritual-Bouquet-2-480x311.png 480w\" sizes=\"(min-width: 0px) and (max-width: 480px) 480px, (min-width: 481px) and (max-width: 980px) 980px, (min-width: 981px) 1024px, 100vw\" \/><\/figure>\n\n\n\n<div class=\"wp-block-buttons is-content-justification-center is-layout-flex wp-container-core-buttons-is-layout-16018d1d wp-block-buttons-is-layout-flex\">\n<div class=\"wp-block-button\"><a class=\"wp-block-button__link wp-element-button\" href=\"https:\/\/www.vocationministry.com\/wp-content\/uploads\/2024\/05\/A-Spiritual-Bouquet-4-x-5.5-in-1.pdf\" target=\"_blank\" rel=\"noreferrer noopener\">Ramo espiritual del sacerdote-2 (PDF)<\/a><\/div>\n<\/div>\n<\/div>\n<\/div>\n\n\n\n<figure class=\"wp-block-image aligncenter size-large is-resized\"><img loading=\"lazy\" decoding=\"async\" width=\"1024\" height=\"663\" src=\"https:\/\/www.vocationministry.com\/wp-content\/uploads\/2024\/05\/Spanish-Older-Design-Spiritual-Bouquet-4-x-5.5-in-2-1.png\" alt=\"\" class=\"wp-image-6315\" style=\"width:558px;height:auto\" srcset=\"https:\/\/www.vocationministry.com\/wp-content\/uploads\/2024\/05\/Spanish-Older-Design-Spiritual-Bouquet-4-x-5.5-in-2-1.png 1700w, https:\/\/www.vocationministry.com\/wp-content\/uploads\/2024\/05\/Spanish-Older-Design-Spiritual-Bouquet-4-x-5.5-in-2-1-1280x828.png 1280w, https:\/\/www.vocationministry.com\/wp-content\/uploads\/2024\/05\/Spanish-Older-Design-Spiritual-Bouquet-4-x-5.5-in-2-1-980x634.png 980w, https:\/\/www.vocationministry.com\/wp-content\/uploads\/2024\/05\/Spanish-Older-Design-Spiritual-Bouquet-4-x-5.5-in-2-1-480x311.png 480w\" sizes=\"(min-width: 0px) and (max-width: 480px) 480px, (min-width: 481px) and (max-width: 980px) 980px, (min-width: 981px) 1024px, 100vw\" \/><\/figure>\n\n\n\n<div class=\"wp-block-buttons is-vertical is-content-justification-center is-layout-flex wp-container-core-buttons-is-layout-4b2eccd6 wp-block-buttons-is-layout-flex\">\n<div class=\"wp-block-button\"><a class=\"wp-block-button__link wp-element-button\" href=\"https:\/\/www.vocationministry.com\/wp-content\/uploads\/2024\/05\/Older-Design-Spiritual-Bouquet-4-x-5.5-in.pdf\" target=\"_blank\" rel=\"noreferrer noopener\">Ramo espiritual (PDF)<\/a><\/div>\n\n\n\n<div class=\"wp-block-button\"><a class=\"wp-block-button__link wp-element-button\" href=\"https:\/\/www.vocationministry.com\/wp-content\/uploads\/2024\/05\/Spanish-Older-Design-Spiritual-Bouquet-4-x-5.5-in-2.pdf\" target=\"_blank\" rel=\"noreferrer noopener\">Ramo Espiritual-Espa\u00f1ol (PDF)<\/a><\/div>\n<\/div>\n\n\n\n<h3 class=\"wp-block-heading\"><strong>Notas:<\/strong><\/h3>\n\n\n\n<ul class=\"wp-block-list\">\n<li>Los ramos son maravillosos obsequios de agradecimiento para los invitados que visitan a sus estudiantes.<\/li>\n<\/ul>","protected":false},"author":1,"featured_media":0,"parent":1157,"menu_order":3,"template":"","class_list":["post-1763","education-resource","type-education-resource","status-publish","hentry"],"acf":[],"yoast_head":"<!-- This site is optimized with the Yoast SEO Premium plugin v24.9 (Yoast SEO v27.5) - https:\/\/yoast.com\/product\/yoast-seo-premium-wordpress\/ -->\n<title>Spiritual Bouquets - Vocation Ministry<\/title>\n<meta name=\"robots\" content=\"index, follow, max-snippet:-1, max-image-preview:large, max-video-preview:-1\" \/>\n<link rel=\"canonical\" href=\"https:\/\/www.vocationministry.com\/es\/education-resource\/education\/phase-ii\/prayer\/spiritual-bouquets\/\" \/>\n<meta property=\"og:locale\" content=\"es_MX\" \/>\n<meta property=\"og:type\" content=\"article\" \/>\n<meta property=\"og:title\" content=\"Spiritual Bouquets\" \/>\n<meta property=\"og:description\" content=\"The gift of prayer is a beautiful way for parishioners, children and adults alike, to show appreciation for their priest. In Spiritual Bouquets, a parishioner gives the offering of a Holy Rosary, Mass, an hour of Eucharistic Adoration, a Chaplet of Divine Mercy, or other personal prayers for another person. These gifts of prayer are [&hellip;]\" \/>\n<meta property=\"og:url\" content=\"https:\/\/www.vocationministry.com\/es\/education-resource\/education\/phase-ii\/prayer\/spiritual-bouquets\/\" \/>\n<meta property=\"og:site_name\" content=\"Vocation Ministry\" \/>\n<meta property=\"article:publisher\" content=\"https:\/\/www.facebook.com\/VocationMinistry\" \/>\n<meta property=\"article:modified_time\" content=\"2025-03-12T19:50:34+00:00\" \/>\n<meta property=\"og:image\" content=\"https:\/\/www.vocationministry.com\/wp-content\/uploads\/2024\/07\/Blue-VM-Logo-white-Background.png\" \/>\n\t<meta property=\"og:image:width\" content=\"2000\" \/>\n\t<meta property=\"og:image:height\" content=\"1000\" \/>\n\t<meta property=\"og:image:type\" content=\"image\/png\" \/><meta property=\"og:image\" content=\"https:\/\/www.vocationministry.com\/wp-content\/uploads\/2024\/05\/Salve-Regina-Academy-spiritual-bouquets.png\" \/>\n\t<meta property=\"og:image:width\" content=\"768\" \/>\n\t<meta property=\"og:image:height\" content=\"767\" \/>\n\t<meta property=\"og:image:type\" content=\"image\/png\" \/>\n<meta name=\"twitter:card\" content=\"summary_large_image\" \/>\n<meta name=\"twitter:label1\" content=\"Tiempo de lectura\" \/>\n\t<meta name=\"twitter:data1\" content=\"2 minutos\" \/>\n<script type=\"application\/ld+json\" class=\"yoast-schema-graph\">{\"@context\":\"https:\\\/\\\/schema.org\",\"@graph\":[{\"@type\":\"WebPage\",\"@id\":\"https:\\\/\\\/www.vocationministry.com\\\/education-resource\\\/education\\\/phase-ii\\\/prayer\\\/spiritual-bouquets\\\/\",\"url\":\"https:\\\/\\\/www.vocationministry.com\\\/education-resource\\\/education\\\/phase-ii\\\/prayer\\\/spiritual-bouquets\\\/\",\"name\":\"Spiritual Bouquets - Vocation Ministry\",\"isPartOf\":{\"@id\":\"https:\\\/\\\/www.vocationministry.com\\\/es\\\/#website\"},\"primaryImageOfPage\":{\"@id\":\"https:\\\/\\\/www.vocationministry.com\\\/education-resource\\\/education\\\/phase-ii\\\/prayer\\\/spiritual-bouquets\\\/#primaryimage\"},\"image\":{\"@id\":\"https:\\\/\\\/www.vocationministry.com\\\/education-resource\\\/education\\\/phase-ii\\\/prayer\\\/spiritual-bouquets\\\/#primaryimage\"},\"thumbnailUrl\":\"https:\\\/\\\/www.vocationministry.com\\\/wp-content\\\/uploads\\\/2024\\\/05\\\/Salve-Regina-Academy-spiritual-bouquets.png\",\"datePublished\":\"2024-03-15T14:25:46+00:00\",\"dateModified\":\"2025-03-12T19:50:34+00:00\",\"breadcrumb\":{\"@id\":\"https:\\\/\\\/www.vocationministry.com\\\/education-resource\\\/education\\\/phase-ii\\\/prayer\\\/spiritual-bouquets\\\/#breadcrumb\"},\"inLanguage\":\"es\",\"potentialAction\":[{\"@type\":\"ReadAction\",\"target\":[\"https:\\\/\\\/www.vocationministry.com\\\/education-resource\\\/education\\\/phase-ii\\\/prayer\\\/spiritual-bouquets\\\/\"]}]},{\"@type\":\"ImageObject\",\"inLanguage\":\"es\",\"@id\":\"https:\\\/\\\/www.vocationministry.com\\\/education-resource\\\/education\\\/phase-ii\\\/prayer\\\/spiritual-bouquets\\\/#primaryimage\",\"url\":\"https:\\\/\\\/www.vocationministry.com\\\/wp-content\\\/uploads\\\/2024\\\/05\\\/Salve-Regina-Academy-spiritual-bouquets.png\",\"contentUrl\":\"https:\\\/\\\/www.vocationministry.com\\\/wp-content\\\/uploads\\\/2024\\\/05\\\/Salve-Regina-Academy-spiritual-bouquets.png\"},{\"@type\":\"BreadcrumbList\",\"@id\":\"https:\\\/\\\/www.vocationministry.com\\\/education-resource\\\/education\\\/phase-ii\\\/prayer\\\/spiritual-bouquets\\\/#breadcrumb\",\"itemListElement\":[{\"@type\":\"ListItem\",\"position\":1,\"name\":\"Home\",\"item\":\"https:\\\/\\\/www.vocationministry.com\\\/\"},{\"@type\":\"ListItem\",\"position\":2,\"name\":\"Education\",\"item\":\"https:\\\/\\\/www.vocationministry.com\\\/education-resource\\\/education\\\/\"},{\"@type\":\"ListItem\",\"position\":3,\"name\":\"Phase II\",\"item\":\"https:\\\/\\\/www.vocationministry.com\\\/education-resource\\\/education\\\/phase-ii\\\/\"},{\"@type\":\"ListItem\",\"position\":4,\"name\":\"Prayer\",\"item\":\"https:\\\/\\\/www.vocationministry.com\\\/education-resource\\\/education\\\/phase-ii\\\/prayer\\\/\"},{\"@type\":\"ListItem\",\"position\":5,\"name\":\"Spiritual Bouquets\"}]},{\"@type\":\"WebSite\",\"@id\":\"https:\\\/\\\/www.vocationministry.com\\\/es\\\/#website\",\"url\":\"https:\\\/\\\/www.vocationministry.com\\\/es\\\/\",\"name\":\"Vocation Ministry\",\"description\":\"Creating A Culture of Vocations\",\"publisher\":{\"@id\":\"https:\\\/\\\/www.vocationministry.com\\\/es\\\/#organization\"},\"potentialAction\":[{\"@type\":\"SearchAction\",\"target\":{\"@type\":\"EntryPoint\",\"urlTemplate\":\"https:\\\/\\\/www.vocationministry.com\\\/es\\\/?s={search_term_string}\"},\"query-input\":{\"@type\":\"PropertyValueSpecification\",\"valueRequired\":true,\"valueName\":\"search_term_string\"}}],\"inLanguage\":\"es\"},{\"@type\":\"Organization\",\"@id\":\"https:\\\/\\\/www.vocationministry.com\\\/es\\\/#organization\",\"name\":\"Vocation Ministry\",\"url\":\"https:\\\/\\\/www.vocationministry.com\\\/es\\\/\",\"logo\":{\"@type\":\"ImageObject\",\"inLanguage\":\"es\",\"@id\":\"https:\\\/\\\/www.vocationministry.com\\\/es\\\/#\\\/schema\\\/logo\\\/image\\\/\",\"url\":\"https:\\\/\\\/www.vocationministry.com\\\/wp-content\\\/uploads\\\/2024\\\/02\\\/Blue-VM-Logo-white-Background.png\",\"contentUrl\":\"https:\\\/\\\/www.vocationministry.com\\\/wp-content\\\/uploads\\\/2024\\\/02\\\/Blue-VM-Logo-white-Background.png\",\"width\":2000,\"height\":1000,\"caption\":\"Vocation Ministry\"},\"image\":{\"@id\":\"https:\\\/\\\/www.vocationministry.com\\\/es\\\/#\\\/schema\\\/logo\\\/image\\\/\"},\"sameAs\":[\"https:\\\/\\\/www.facebook.com\\\/VocationMinistry\"]}]}<\/script>\n<!-- \/ Yoast SEO Premium plugin. -->","yoast_head_json":{"title":"Ramos Espirituales - Vocation Ministry","robots":{"index":"index","follow":"follow","max-snippet":"max-snippet:-1","max-image-preview":"max-image-preview:large","max-video-preview":"max-video-preview:-1"},"canonical":"https:\/\/www.vocationministry.com\/es\/education-resource\/education\/phase-ii\/prayer\/spiritual-bouquets\/","og_locale":"es_MX","og_type":"article","og_title":"Spiritual Bouquets","og_description":"The gift of prayer is a beautiful way for parishioners, children and adults alike, to show appreciation for their priest. In Spiritual Bouquets, a parishioner gives the offering of a Holy Rosary, Mass, an hour of Eucharistic Adoration, a Chaplet of Divine Mercy, or other personal prayers for another person. These gifts of prayer are [&hellip;]","og_url":"https:\/\/www.vocationministry.com\/es\/education-resource\/education\/phase-ii\/prayer\/spiritual-bouquets\/","og_site_name":"Vocation Ministry","article_publisher":"https:\/\/www.facebook.com\/VocationMinistry","article_modified_time":"2025-03-12T19:50:34+00:00","og_image":[{"width":2000,"height":1000,"url":"https:\/\/www.vocationministry.com\/wp-content\/uploads\/2024\/07\/Blue-VM-Logo-white-Background.png","type":"image\/png"},{"width":768,"height":767,"url":"https:\/\/www.vocationministry.com\/wp-content\/uploads\/2024\/05\/Salve-Regina-Academy-spiritual-bouquets.png","type":"image\/png"}],"twitter_card":"summary_large_image","twitter_misc":{"Tiempo de lectura":"2 minutos"},"schema":{"@context":"https:\/\/schema.org","@graph":[{"@type":"WebPage","@id":"https:\/\/www.vocationministry.com\/education-resource\/education\/phase-ii\/prayer\/spiritual-bouquets\/","url":"https:\/\/www.vocationministry.com\/education-resource\/education\/phase-ii\/prayer\/spiritual-bouquets\/","name":"Ramos Espirituales - Vocation Ministry","isPartOf":{"@id":"https:\/\/www.vocationministry.com\/es\/#website"},"primaryImageOfPage":{"@id":"https:\/\/www.vocationministry.com\/education-resource\/education\/phase-ii\/prayer\/spiritual-bouquets\/#primaryimage"},"image":{"@id":"https:\/\/www.vocationministry.com\/education-resource\/education\/phase-ii\/prayer\/spiritual-bouquets\/#primaryimage"},"thumbnailUrl":"https:\/\/www.vocationministry.com\/wp-content\/uploads\/2024\/05\/Salve-Regina-Academy-spiritual-bouquets.png","datePublished":"2024-03-15T14:25:46+00:00","dateModified":"2025-03-12T19:50:34+00:00","breadcrumb":{"@id":"https:\/\/www.vocationministry.com\/education-resource\/education\/phase-ii\/prayer\/spiritual-bouquets\/#breadcrumb"},"inLanguage":"es","potentialAction":[{"@type":"ReadAction","target":["https:\/\/www.vocationministry.com\/education-resource\/education\/phase-ii\/prayer\/spiritual-bouquets\/"]}]},{"@type":"ImageObject","inLanguage":"es","@id":"https:\/\/www.vocationministry.com\/education-resource\/education\/phase-ii\/prayer\/spiritual-bouquets\/#primaryimage","url":"https:\/\/www.vocationministry.com\/wp-content\/uploads\/2024\/05\/Salve-Regina-Academy-spiritual-bouquets.png","contentUrl":"https:\/\/www.vocationministry.com\/wp-content\/uploads\/2024\/05\/Salve-Regina-Academy-spiritual-bouquets.png"},{"@type":"BreadcrumbList","@id":"https:\/\/www.vocationministry.com\/education-resource\/education\/phase-ii\/prayer\/spiritual-bouquets\/#breadcrumb","itemListElement":[{"@type":"ListItem","position":1,"name":"Home","item":"https:\/\/www.vocationministry.com\/"},{"@type":"ListItem","position":2,"name":"Education","item":"https:\/\/www.vocationministry.com\/education-resource\/education\/"},{"@type":"ListItem","position":3,"name":"Phase II","item":"https:\/\/www.vocationministry.com\/education-resource\/education\/phase-ii\/"},{"@type":"ListItem","position":4,"name":"Prayer","item":"https:\/\/www.vocationministry.com\/education-resource\/education\/phase-ii\/prayer\/"},{"@type":"ListItem","position":5,"name":"Spiritual Bouquets"}]},{"@type":"WebSite","@id":"https:\/\/www.vocationministry.com\/es\/#website","url":"https:\/\/www.vocationministry.com\/es\/","name":"Vocation Ministry","description":"Creando una cultura de vocaciones","publisher":{"@id":"https:\/\/www.vocationministry.com\/es\/#organization"},"potentialAction":[{"@type":"SearchAction","target":{"@type":"EntryPoint","urlTemplate":"https:\/\/www.vocationministry.com\/es\/?s={search_term_string}"},"query-input":{"@type":"PropertyValueSpecification","valueRequired":true,"valueName":"search_term_string"}}],"inLanguage":"es"},{"@type":"Organization","@id":"https:\/\/www.vocationministry.com\/es\/#organization","name":"Vocation Ministry","url":"https:\/\/www.vocationministry.com\/es\/","logo":{"@type":"ImageObject","inLanguage":"es","@id":"https:\/\/www.vocationministry.com\/es\/#\/schema\/logo\/image\/","url":"https:\/\/www.vocationministry.com\/wp-content\/uploads\/2024\/02\/Blue-VM-Logo-white-Background.png","contentUrl":"https:\/\/www.vocationministry.com\/wp-content\/uploads\/2024\/02\/Blue-VM-Logo-white-Background.png","width":2000,"height":1000,"caption":"Vocation Ministry"},"image":{"@id":"https:\/\/www.vocationministry.com\/es\/#\/schema\/logo\/image\/"},"sameAs":["https:\/\/www.facebook.com\/VocationMinistry"]}]}},"featured_img":false,"coauthors":[],"author_meta":{"author_link":"https:\/\/www.vocationministry.com\/es\/author\/impressusart\/","display_name":"impressusart"},"relative_dates":{"created":"Publicado 2 a\u00f1os hace","modified":"Actualizado 1 a\u00f1o hace"},"absolute_dates":{"created":"Publicado el marzo 15, 2024","modified":"Actualizado el marzo 12, 2025"},"absolute_dates_time":{"created":"Publicado el marzo 15, 2024 10:25 am","modified":"Actualizado el marzo 12, 2025 2:50 pm"},"featured_img_caption":"","tax_additional":[],"series_order":"","_links":{"self":[{"href":"https:\/\/www.vocationministry.com\/es\/wp-json\/wp\/v2\/education-resource\/1763","targetHints":{"allow":["GET"]}}],"collection":[{"href":"https:\/\/www.vocationministry.com\/es\/wp-json\/wp\/v2\/education-resource"}],"about":[{"href":"https:\/\/www.vocationministry.com\/es\/wp-json\/wp\/v2\/types\/education-resource"}],"version-history":[{"count":4,"href":"https:\/\/www.vocationministry.com\/es\/wp-json\/wp\/v2\/education-resource\/1763\/revisions"}],"predecessor-version":[{"id":6511,"href":"https:\/\/www.vocationministry.com\/es\/wp-json\/wp\/v2\/education-resource\/1763\/revisions\/6511"}],"up":[{"embeddable":true,"href":"https:\/\/www.vocationministry.com\/es\/wp-json\/wp\/v2\/education-resource\/1157"}],"wp:attachment":[{"href":"https:\/\/www.vocationministry.com\/es\/wp-json\/wp\/v2\/media?parent=1763"}],"curies":[{"name":"Gracias","href":"https:\/\/api.w.org\/{rel}","templated":true}]}}