{"id":55,"date":"2024-01-09T17:08:15","date_gmt":"2024-01-09T22:08:15","guid":{"rendered":"https:\/\/www.vocationministry.com\/par\/priests\/"},"modified":"2025-11-03T18:11:08","modified_gmt":"2025-11-04T00:11:08","slug":"priests","status":"publish","type":"education-resource","link":"https:\/\/www.vocationministry.com\/es\/education-resource\/education\/priests\/","title":{"rendered":"Sacerdotes"},"content":{"rendered":"<h4 class=\"wp-block-heading\" id=\"h-what-can-you-do\"><strong>\u00bfQu\u00e9 puedes hacer?<\/strong><\/h4>\n\n\n\n<ul class=\"wp-block-list\">\n<li>Habla m\u00e1s a menudo de vocaciones.&nbsp;<\/li>\n\n\n\n<li>Comparte tu testimonio vocacional.&nbsp;\n<ul class=\"wp-block-list\">\n<li>Como esto&nbsp;<a href=\"https:\/\/youtu.be\/CEzHJpW_ZI4?si=MUpw0HtmGSpmVdsx\">gran testimonio<\/a>&nbsp;del Padre David Michael Moses<\/li>\n<\/ul>\n<\/li>\n\n\n\n<li>Comparte un ejemplo gozoso y aut\u00e9ntico del sacerdocio.&nbsp;<\/li>\n\n\n\n<li>Invita a los j\u00f3venes a considerar una vocaci\u00f3n al sacerdocio o la vida religiosa.&nbsp;<\/li>\n\n\n\n<li>Visita a los estudiantes con frecuencia en las aulas, durante el almuerzo y\/o el recreo, etc.&nbsp;<\/li>\n<\/ul>\n\n\n\n<h3 class=\"wp-block-heading\" id=\"h-tools-for-priests\"><strong>Herramientas para sacerdotes<\/strong><\/h3>\n\n\n\n<h4 class=\"wp-block-heading\" id=\"h-vocation-homily-topics-and-guides\">Temas y gu\u00edas para la homil\u00eda vocacional<\/h4>\n\n\n\n<div class=\"wp-block-columns is-layout-flex wp-container-core-columns-is-layout-9d6595d7 wp-block-columns-is-layout-flex\">\n<div class=\"wp-block-column is-layout-flow wp-block-column-is-layout-flow\">\n<figure class=\"wp-block-image aligncenter size-large is-resized\"><img loading=\"lazy\" decoding=\"async\" width=\"791\" height=\"1024\" src=\"https:\/\/www.vocationministry.com\/wp-content\/uploads\/2024\/01\/Vocation-Related-Homily-Ideas-791x1024.png\" alt=\"\" class=\"wp-image-9074\" style=\"width:297px;height:auto\"\/><\/figure>\n<\/div>\n\n\n\n<div class=\"wp-block-column is-layout-flow wp-block-column-is-layout-flow\">\n<div style=\"height:50px\" aria-hidden=\"true\" class=\"wp-block-spacer\"><\/div>\n\n\n\n<div class=\"wp-block-buttons is-content-justification-center is-layout-flex wp-container-core-buttons-is-layout-16018d1d wp-block-buttons-is-layout-flex\">\n<div class=\"wp-block-button\"><a class=\"wp-block-button__link wp-element-button\" href=\"https:\/\/www.vocationministry.com\/wp-content\/uploads\/2025\/11\/2025-26-Cycle-A-Scripture-Based-Vocation-Homily-Topics.pdf\" target=\"_blank\" rel=\"noreferrer noopener\">Temas de homil\u00eda basados en las Escrituras del Ciclo A 2025-2026<\/a><\/div>\n\n\n\n<div class=\"wp-block-button\"><a class=\"wp-block-button__link wp-element-button\" href=\"https:\/\/www.vocationministry.com\/wp-content\/uploads\/2024\/11\/Priesthood-Testimony-Homily-Template.pdf\" target=\"_blank\" rel=\"noreferrer noopener\">Testimonio del sacerdocio<\/a><\/div>\n\n\n\n<div class=\"wp-block-button\"><a class=\"wp-block-button__link wp-element-button\" href=\"https:\/\/www.vocationministry.com\/wp-content\/uploads\/2024\/11\/Homily-for-Invitation-to-Vocation-Discernment-VM.pdf\" target=\"_blank\" rel=\"noreferrer noopener\">Invitaci\u00f3n a discernir<\/a><\/div>\n\n\n\n<div class=\"wp-block-button\"><a class=\"wp-block-button__link wp-element-button\" href=\"https:\/\/aleteia.org\/blogs\/deacon-greg-kandra\/the-other-vocation-homily-for-world-marriage-day\" target=\"_blank\" rel=\"noreferrer noopener\">Santo Matrimonio<\/a><\/div>\n<\/div>\n<\/div>\n<\/div>\n\n\n\n<h4 class=\"wp-block-heading\" id=\"h-vocation-talking-points\">Puntos de conversaci\u00f3n sobre la vocaci\u00f3n<\/h4>\n\n\n\n<div class=\"wp-block-columns is-layout-flex wp-container-core-columns-is-layout-9d6595d7 wp-block-columns-is-layout-flex\">\n<div class=\"wp-block-column is-layout-flow wp-block-column-is-layout-flow\">\n<p class=\"has-text-align-center\"><strong>Sacerdocio<\/strong><\/p>\n\n\n\n<figure class=\"wp-block-image aligncenter size-large\"><img loading=\"lazy\" decoding=\"async\" width=\"791\" height=\"1024\" src=\"https:\/\/www.vocationministry.com\/wp-content\/uploads\/2024\/10\/Priesthood-Talking-Points-791x1024.png\" alt=\"\" class=\"wp-image-8918\"\/><\/figure>\n\n\n\n<div class=\"wp-block-buttons is-content-justification-center is-layout-flex wp-container-core-buttons-is-layout-16018d1d wp-block-buttons-is-layout-flex\">\n<div class=\"wp-block-button\"><a class=\"wp-block-button__link wp-element-button\" href=\"https:\/\/www.vocationministry.com\/wp-content\/uploads\/2024\/11\/Vocation-Discernment-Talking-Points.pdf\" target=\"_blank\" rel=\"noreferrer noopener\">Puntos de conversaci\u00f3n para el sacerdocio<\/a><\/div>\n<\/div>\n<\/div>\n\n\n\n<div class=\"wp-block-column is-layout-flow wp-block-column-is-layout-flow\">\n<p class=\"has-text-align-center\"><strong>Vida Consagrada (Hombres)<\/strong><\/p>\n\n\n\n<figure class=\"wp-block-image aligncenter size-large\"><img loading=\"lazy\" decoding=\"async\" width=\"791\" height=\"1024\" src=\"https:\/\/www.vocationministry.com\/wp-content\/uploads\/2024\/10\/Consecrated-Life-Men-791x1024.png\" alt=\"\" class=\"wp-image-8916\"\/><\/figure>\n\n\n\n<div class=\"wp-block-buttons is-content-justification-center is-layout-flex wp-container-core-buttons-is-layout-16018d1d wp-block-buttons-is-layout-flex\">\n<div class=\"wp-block-button\"><a class=\"wp-block-button__link wp-element-button\" href=\"https:\/\/www.vocationministry.com\/wp-content\/uploads\/2024\/10\/Consecrated-Life-MEN-Vocational-Discernment-Intro-Talking-Points.pdf\" target=\"_blank\" rel=\"noreferrer noopener\">Puntos de conversaci\u00f3n para la vida consagrada (hombres)<\/a><\/div>\n<\/div>\n<\/div>\n\n\n\n<div class=\"wp-block-column is-layout-flow wp-block-column-is-layout-flow\">\n<p class=\"has-text-align-center\"><strong>Vida Consagrada (Mujeres)<\/strong><\/p>\n\n\n\n<figure class=\"wp-block-image aligncenter size-large\"><img loading=\"lazy\" decoding=\"async\" width=\"791\" height=\"1024\" src=\"https:\/\/www.vocationministry.com\/wp-content\/uploads\/2024\/10\/Consecrated-Life-Women-791x1024.png\" alt=\"\" class=\"wp-image-8917\"\/><\/figure>\n\n\n\n<div class=\"wp-block-buttons is-content-justification-center is-layout-flex wp-container-core-buttons-is-layout-16018d1d wp-block-buttons-is-layout-flex\">\n<div class=\"wp-block-button\"><a class=\"wp-block-button__link wp-element-button\" href=\"https:\/\/www.vocationministry.com\/wp-content\/uploads\/2024\/10\/Consecrated-Life-Women-Vocational-Discernment-Intro-Talking-Points.pdf\" target=\"_blank\" rel=\"noreferrer noopener\">Puntos de discusi\u00f3n para la vida consagrada (mujeres)<\/a><\/div>\n<\/div>\n<\/div>\n<\/div>\n\n\n\n<h4 class=\"wp-block-heading\" id=\"h-additional-tools\">Herramientas adicionales<\/h4>\n\n\n\n<div class=\"wp-block-columns is-layout-flex wp-container-core-columns-is-layout-9d6595d7 wp-block-columns-is-layout-flex\">\n<div class=\"wp-block-column is-layout-flow wp-block-column-is-layout-flow\"><\/div>\n\n\n\n<div class=\"wp-block-column is-layout-flow wp-block-column-is-layout-flow\">\n<figure class=\"wp-block-image aligncenter size-large\"><img loading=\"lazy\" decoding=\"async\" width=\"791\" height=\"1024\" src=\"https:\/\/www.vocationministry.com\/wp-content\/uploads\/2024\/07\/Discerners-Packet-wborder-791x1024.png\" alt=\"\" class=\"wp-image-8473\"\/><\/figure>\n\n\n\n<div class=\"wp-block-buttons is-content-justification-center is-layout-flex wp-container-core-buttons-is-layout-16018d1d wp-block-buttons-is-layout-flex\">\n<div class=\"wp-block-button\"><a class=\"wp-block-button__link wp-element-button\" href=\"https:\/\/www.vocationministry.com\/wp-content\/uploads\/2024\/05\/Discerners-Packet-2024.docx\" target=\"_blank\" rel=\"noreferrer noopener\">Paquete del Discernido<\/a><\/div>\n<\/div>\n<\/div>\n\n\n\n<div class=\"wp-block-column is-layout-flow wp-block-column-is-layout-flow\"><\/div>\n<\/div>\n\n\n\n<h4 class=\"wp-block-heading\" id=\"h-steps-to-forming-a-parish-vocation-ministry\"><strong>Pasos para formar una pastoral vocacional parroquial:<\/strong><\/h4>\n\n\n\n<p><strong>Paso 1- Eval\u00faa tu cultura vocacional.<\/strong><\/p>\n\n\n\n<div class=\"wp-block-buttons is-content-justification-center is-layout-flex wp-container-core-buttons-is-layout-16018d1d wp-block-buttons-is-layout-flex\">\n<div class=\"wp-block-button\"><a class=\"wp-block-button__link wp-element-button\" href=\"https:\/\/www.vocationministry.com\/wp-content\/uploads\/2024\/07\/School-Vocation-Ministry-Checklist.docx\">Lista de verificaci\u00f3n de vocaciones escolares<\/a><\/div>\n<\/div>\n\n\n\n<p><strong><strong>Paso 2- Re\u00fanase con el director\/l\u00edder catequ\u00e9tico de la parroquia.<\/strong><\/strong><\/p>\n\n\n\n<p><strong>Paso 3- Entregar al director\/l\u00edder catequ\u00e9tico parroquial un Calendario Vocacional para que lo incorpore.&nbsp;<\/strong><\/p>\n\n\n\n<div class=\"wp-block-buttons is-content-justification-center is-layout-flex wp-container-core-buttons-is-layout-16018d1d wp-block-buttons-is-layout-flex\">\n<div class=\"wp-block-button\"><a class=\"wp-block-button__link wp-element-button\" href=\"https:\/\/www.vocationministry.com\/wp-content\/uploads\/2025\/10\/Vocation-Days-spanish.pdf\" target=\"_blank\" rel=\"noreferrer noopener\">Calendario de jornadas vocacionales<\/a><\/div>\n\n\n\n<div class=\"wp-block-button\"><a class=\"wp-block-button__link wp-element-button\" href=\"https:\/\/www.vocationministry.com\/wp-content\/uploads\/2024\/05\/Vocation-Days-Resources-Spanish.pdf\" target=\"_blank\" rel=\"noreferrer noopener\">Calendario Vocacional-espa\u00f1ol<\/a><\/div>\n<\/div>\n\n\n\n<p><strong>Paso 4: P\u00eddale al director\/l\u00edder catequ\u00e9tico de la parroquia que forme un peque\u00f1o comit\u00e9\/ministerio vocacional compuesto por maestros y padres.<\/strong><\/p>\n\n\n\n<p><strong>Paso 5- Compre una copia de&nbsp;<em><a href=\"https:\/\/www.vocationministry.com\/es\/shop\/the-harvest-a-guide-to-vocation-ministry-in-education\/\">La cosecha: una gu\u00eda para Vocation Ministry en educaci\u00f3n<\/a><\/em>&nbsp;para cada miembro del ministerio.&nbsp;<\/strong><\/p>\n\n\n\n<p><strong>Paso 6- Brindar apoyo cuando sea necesario y posible para este nuevo ministerio.<\/strong><\/p>\n\n\n\n<ul class=\"wp-block-list\">\n<li>Visitar aulas<\/li>\n\n\n\n<li>Interactuar con los estudiantes durante el recreo\/almuerzo\/compartir el viaje.<\/li>\n\n\n\n<li>Organizar la visita de hermanas religiosas\/seminaristas\/sacerdotes&nbsp;<\/li>\n<\/ul>\n\n\n\n<p><strong>Paso 7: P\u00eddale al director\/l\u00edder catequ\u00e9tico de la parroquia que se comunique con Rhonda para un taller de educaci\u00f3n de 1 hora, ya sea virtualmente o en persona.&nbsp;<\/strong><\/p>\n\n\n\n<div class=\"wp-block-buttons is-content-justification-center is-layout-flex wp-container-core-buttons-is-layout-16018d1d wp-block-buttons-is-layout-flex\">\n<div class=\"wp-block-button\"><a class=\"wp-block-button__link wp-element-button\" href=\"https:\/\/www.vocationministry.com\/es\/contact\/?what=workshop\">reservar un taller<\/a><\/div>\n<\/div>\n\n\n\n<p>Lee este art\u00edculo,&nbsp;<em><a href=\"https:\/\/www.ncregister.com\/blog\/vocational-key-to-ongoing-eucharistic-revival\">Sin vocaciones no habr\u00e1 avivamiento eucar\u00edstico por el padre Roger Landry<\/a>&nbsp;<\/em>sobre el trabajo del Vocation Ministry y su importancia.<\/p>\n\n\n\n<h4 class=\"wp-block-heading\" id=\"h-diocesan-partners\"><strong>Socios diocesanos<\/strong><\/h4>\n\n\n\n<p>Vocation Ministry ha trabajado con estas y otras di\u00f3cesis para ayudar a construir una cultura de vocaciones. \u00bfQuieres que ayudemos a tu di\u00f3cesis? Informa a tu director vocacional sobre nuestras&nbsp;<a href=\"https:\/\/www.vocationministry.com\/es\/workshops\/\" target=\"_blank\" rel=\"noreferrer noopener\"><strong>Talleres de trabajo<\/strong><\/a>.<\/p>\n\n\n\n<figure class=\"wp-block-image aligncenter size-large\"><img loading=\"lazy\" decoding=\"async\" width=\"1024\" height=\"576\" src=\"https:\/\/www.vocationministry.com\/wp-content\/uploads\/2024\/09\/Diocese-Map-updated-8.27.24-1024x576.png\" alt=\"\" class=\"wp-image-8808\" srcset=\"https:\/\/www.vocationministry.com\/wp-content\/uploads\/2024\/09\/Diocese-Map-updated-8.27.24-980x551.png 980w, https:\/\/www.vocationministry.com\/wp-content\/uploads\/2024\/09\/Diocese-Map-updated-8.27.24-480x270.png 480w\" sizes=\"(min-width: 0px) and (max-width: 480px) 480px, (min-width: 481px) and (max-width: 980px) 980px, (min-width: 981px) 1024px, 100vw\" \/><\/figure>\n\n\n\n<div class=\"wp-block-buttons is-content-justification-center is-layout-flex wp-container-core-buttons-is-layout-16018d1d wp-block-buttons-is-layout-flex\">\n<div class=\"wp-block-button\"><a class=\"wp-block-button__link wp-element-button\" href=\"https:\/\/www.vocationministry.com\/wp-content\/uploads\/2024\/10\/Partner-Dioceses-Updated-10124.pdf\" target=\"_blank\" rel=\"noreferrer noopener\">Lista de di\u00f3cesis asociadas<\/a><\/div>\n<\/div>","protected":false},"author":1,"featured_media":0,"parent":53,"menu_order":0,"template":"","class_list":["post-55","education-resource","type-education-resource","status-publish","hentry"],"acf":[],"yoast_head":"<!-- This site is optimized with the Yoast SEO Premium plugin v24.9 (Yoast SEO v27.5) - https:\/\/yoast.com\/product\/yoast-seo-premium-wordpress\/ -->\n<title>Priests - Vocation Ministry<\/title>\n<meta name=\"description\" content=\"Learn how priests can inspire youth to consider a vocation. Discover steps to support priesthood and religious life in education.\" \/>\n<meta name=\"robots\" content=\"index, follow, max-snippet:-1, max-image-preview:large, max-video-preview:-1\" \/>\n<link rel=\"canonical\" href=\"https:\/\/www.vocationministry.com\/es\/education-resource\/education\/priests\/\" \/>\n<meta property=\"og:locale\" content=\"es_MX\" \/>\n<meta property=\"og:type\" content=\"article\" \/>\n<meta property=\"og:title\" content=\"Priests\" \/>\n<meta property=\"og:description\" content=\"Learn how priests can inspire youth to consider a vocation. Discover steps to support priesthood and religious life in education.\" \/>\n<meta property=\"og:url\" content=\"https:\/\/www.vocationministry.com\/es\/education-resource\/education\/priests\/\" \/>\n<meta property=\"og:site_name\" content=\"Vocation Ministry\" \/>\n<meta property=\"article:publisher\" content=\"https:\/\/www.facebook.com\/VocationMinistry\" \/>\n<meta property=\"article:modified_time\" content=\"2025-11-04T00:11:08+00:00\" \/>\n<meta property=\"og:image\" content=\"https:\/\/www.vocationministry.com\/wp-content\/uploads\/2024\/07\/Blue-VM-Logo-white-Background.png\" \/>\n\t<meta property=\"og:image:width\" content=\"2000\" \/>\n\t<meta property=\"og:image:height\" content=\"1000\" \/>\n\t<meta property=\"og:image:type\" content=\"image\/png\" \/><meta property=\"og:image\" content=\"https:\/\/www.vocationministry.com\/wp-content\/uploads\/2024\/01\/Vocation-Related-Homily-Ideas.png\" \/>\n\t<meta property=\"og:image:width\" content=\"1545\" \/>\n\t<meta property=\"og:image:height\" content=\"2000\" \/>\n\t<meta property=\"og:image:type\" content=\"image\/png\" \/>\n<meta name=\"twitter:card\" content=\"summary_large_image\" \/>\n<meta name=\"twitter:label1\" content=\"Tiempo de lectura\" \/>\n\t<meta name=\"twitter:data1\" content=\"3 minutos\" \/>\n<script type=\"application\/ld+json\" class=\"yoast-schema-graph\">{\"@context\":\"https:\\\/\\\/schema.org\",\"@graph\":[{\"@type\":\"WebPage\",\"@id\":\"https:\\\/\\\/www.vocationministry.com\\\/education-resource\\\/education\\\/priests\\\/\",\"url\":\"https:\\\/\\\/www.vocationministry.com\\\/education-resource\\\/education\\\/priests\\\/\",\"name\":\"Priests - Vocation Ministry\",\"isPartOf\":{\"@id\":\"https:\\\/\\\/www.vocationministry.com\\\/es\\\/#website\"},\"primaryImageOfPage\":{\"@id\":\"https:\\\/\\\/www.vocationministry.com\\\/education-resource\\\/education\\\/priests\\\/#primaryimage\"},\"image\":{\"@id\":\"https:\\\/\\\/www.vocationministry.com\\\/education-resource\\\/education\\\/priests\\\/#primaryimage\"},\"thumbnailUrl\":\"https:\\\/\\\/www.vocationministry.com\\\/wp-content\\\/uploads\\\/2024\\\/01\\\/Vocation-Related-Homily-Ideas-791x1024.png\",\"datePublished\":\"2024-01-09T22:08:15+00:00\",\"dateModified\":\"2025-11-04T00:11:08+00:00\",\"description\":\"Learn how priests can inspire youth to consider a vocation. Discover steps to support priesthood and religious life in education.\",\"breadcrumb\":{\"@id\":\"https:\\\/\\\/www.vocationministry.com\\\/education-resource\\\/education\\\/priests\\\/#breadcrumb\"},\"inLanguage\":\"es\",\"potentialAction\":[{\"@type\":\"ReadAction\",\"target\":[\"https:\\\/\\\/www.vocationministry.com\\\/education-resource\\\/education\\\/priests\\\/\"]}]},{\"@type\":\"ImageObject\",\"inLanguage\":\"es\",\"@id\":\"https:\\\/\\\/www.vocationministry.com\\\/education-resource\\\/education\\\/priests\\\/#primaryimage\",\"url\":\"https:\\\/\\\/www.vocationministry.com\\\/wp-content\\\/uploads\\\/2024\\\/01\\\/Vocation-Related-Homily-Ideas-791x1024.png\",\"contentUrl\":\"https:\\\/\\\/www.vocationministry.com\\\/wp-content\\\/uploads\\\/2024\\\/01\\\/Vocation-Related-Homily-Ideas-791x1024.png\"},{\"@type\":\"BreadcrumbList\",\"@id\":\"https:\\\/\\\/www.vocationministry.com\\\/education-resource\\\/education\\\/priests\\\/#breadcrumb\",\"itemListElement\":[{\"@type\":\"ListItem\",\"position\":1,\"name\":\"Home\",\"item\":\"https:\\\/\\\/www.vocationministry.com\\\/\"},{\"@type\":\"ListItem\",\"position\":2,\"name\":\"Education\",\"item\":\"https:\\\/\\\/www.vocationministry.com\\\/education-resource\\\/education\\\/\"},{\"@type\":\"ListItem\",\"position\":3,\"name\":\"Priests\"}]},{\"@type\":\"WebSite\",\"@id\":\"https:\\\/\\\/www.vocationministry.com\\\/es\\\/#website\",\"url\":\"https:\\\/\\\/www.vocationministry.com\\\/es\\\/\",\"name\":\"Vocation Ministry\",\"description\":\"Creating A Culture of Vocations\",\"publisher\":{\"@id\":\"https:\\\/\\\/www.vocationministry.com\\\/es\\\/#organization\"},\"potentialAction\":[{\"@type\":\"SearchAction\",\"target\":{\"@type\":\"EntryPoint\",\"urlTemplate\":\"https:\\\/\\\/www.vocationministry.com\\\/es\\\/?s={search_term_string}\"},\"query-input\":{\"@type\":\"PropertyValueSpecification\",\"valueRequired\":true,\"valueName\":\"search_term_string\"}}],\"inLanguage\":\"es\"},{\"@type\":\"Organization\",\"@id\":\"https:\\\/\\\/www.vocationministry.com\\\/es\\\/#organization\",\"name\":\"Vocation Ministry\",\"url\":\"https:\\\/\\\/www.vocationministry.com\\\/es\\\/\",\"logo\":{\"@type\":\"ImageObject\",\"inLanguage\":\"es\",\"@id\":\"https:\\\/\\\/www.vocationministry.com\\\/es\\\/#\\\/schema\\\/logo\\\/image\\\/\",\"url\":\"https:\\\/\\\/www.vocationministry.com\\\/wp-content\\\/uploads\\\/2024\\\/02\\\/Blue-VM-Logo-white-Background.png\",\"contentUrl\":\"https:\\\/\\\/www.vocationministry.com\\\/wp-content\\\/uploads\\\/2024\\\/02\\\/Blue-VM-Logo-white-Background.png\",\"width\":2000,\"height\":1000,\"caption\":\"Vocation Ministry\"},\"image\":{\"@id\":\"https:\\\/\\\/www.vocationministry.com\\\/es\\\/#\\\/schema\\\/logo\\\/image\\\/\"},\"sameAs\":[\"https:\\\/\\\/www.facebook.com\\\/VocationMinistry\"]}]}<\/script>\n<!-- \/ Yoast SEO Premium plugin. -->","yoast_head_json":{"title":"Sacerdotes - Vocation Ministry","description":"Aprenda c\u00f3mo los sacerdotes pueden inspirar a los j\u00f3venes a considerar una vocaci\u00f3n. Descubra c\u00f3mo apoyar el sacerdocio y la vida religiosa en la educaci\u00f3n.","robots":{"index":"index","follow":"follow","max-snippet":"max-snippet:-1","max-image-preview":"max-image-preview:large","max-video-preview":"max-video-preview:-1"},"canonical":"https:\/\/www.vocationministry.com\/es\/education-resource\/education\/priests\/","og_locale":"es_MX","og_type":"article","og_title":"Priests","og_description":"Learn how priests can inspire youth to consider a vocation. Discover steps to support priesthood and religious life in education.","og_url":"https:\/\/www.vocationministry.com\/es\/education-resource\/education\/priests\/","og_site_name":"Vocation Ministry","article_publisher":"https:\/\/www.facebook.com\/VocationMinistry","article_modified_time":"2025-11-04T00:11:08+00:00","og_image":[{"width":2000,"height":1000,"url":"https:\/\/www.vocationministry.com\/wp-content\/uploads\/2024\/07\/Blue-VM-Logo-white-Background.png","type":"image\/png"},{"width":1545,"height":2000,"url":"https:\/\/www.vocationministry.com\/wp-content\/uploads\/2024\/01\/Vocation-Related-Homily-Ideas.png","type":"image\/png"}],"twitter_card":"summary_large_image","twitter_misc":{"Tiempo de lectura":"3 minutos"},"schema":{"@context":"https:\/\/schema.org","@graph":[{"@type":"WebPage","@id":"https:\/\/www.vocationministry.com\/education-resource\/education\/priests\/","url":"https:\/\/www.vocationministry.com\/education-resource\/education\/priests\/","name":"Sacerdotes - Vocation Ministry","isPartOf":{"@id":"https:\/\/www.vocationministry.com\/es\/#website"},"primaryImageOfPage":{"@id":"https:\/\/www.vocationministry.com\/education-resource\/education\/priests\/#primaryimage"},"image":{"@id":"https:\/\/www.vocationministry.com\/education-resource\/education\/priests\/#primaryimage"},"thumbnailUrl":"https:\/\/www.vocationministry.com\/wp-content\/uploads\/2024\/01\/Vocation-Related-Homily-Ideas-791x1024.png","datePublished":"2024-01-09T22:08:15+00:00","dateModified":"2025-11-04T00:11:08+00:00","description":"Aprenda c\u00f3mo los sacerdotes pueden inspirar a los j\u00f3venes a considerar una vocaci\u00f3n. Descubra c\u00f3mo apoyar el sacerdocio y la vida religiosa en la educaci\u00f3n.","breadcrumb":{"@id":"https:\/\/www.vocationministry.com\/education-resource\/education\/priests\/#breadcrumb"},"inLanguage":"es","potentialAction":[{"@type":"ReadAction","target":["https:\/\/www.vocationministry.com\/education-resource\/education\/priests\/"]}]},{"@type":"ImageObject","inLanguage":"es","@id":"https:\/\/www.vocationministry.com\/education-resource\/education\/priests\/#primaryimage","url":"https:\/\/www.vocationministry.com\/wp-content\/uploads\/2024\/01\/Vocation-Related-Homily-Ideas-791x1024.png","contentUrl":"https:\/\/www.vocationministry.com\/wp-content\/uploads\/2024\/01\/Vocation-Related-Homily-Ideas-791x1024.png"},{"@type":"BreadcrumbList","@id":"https:\/\/www.vocationministry.com\/education-resource\/education\/priests\/#breadcrumb","itemListElement":[{"@type":"ListItem","position":1,"name":"Home","item":"https:\/\/www.vocationministry.com\/"},{"@type":"ListItem","position":2,"name":"Education","item":"https:\/\/www.vocationministry.com\/education-resource\/education\/"},{"@type":"ListItem","position":3,"name":"Priests"}]},{"@type":"WebSite","@id":"https:\/\/www.vocationministry.com\/es\/#website","url":"https:\/\/www.vocationministry.com\/es\/","name":"Vocation Ministry","description":"Creando una cultura de vocaciones","publisher":{"@id":"https:\/\/www.vocationministry.com\/es\/#organization"},"potentialAction":[{"@type":"SearchAction","target":{"@type":"EntryPoint","urlTemplate":"https:\/\/www.vocationministry.com\/es\/?s={search_term_string}"},"query-input":{"@type":"PropertyValueSpecification","valueRequired":true,"valueName":"search_term_string"}}],"inLanguage":"es"},{"@type":"Organization","@id":"https:\/\/www.vocationministry.com\/es\/#organization","name":"Vocation Ministry","url":"https:\/\/www.vocationministry.com\/es\/","logo":{"@type":"ImageObject","inLanguage":"es","@id":"https:\/\/www.vocationministry.com\/es\/#\/schema\/logo\/image\/","url":"https:\/\/www.vocationministry.com\/wp-content\/uploads\/2024\/02\/Blue-VM-Logo-white-Background.png","contentUrl":"https:\/\/www.vocationministry.com\/wp-content\/uploads\/2024\/02\/Blue-VM-Logo-white-Background.png","width":2000,"height":1000,"caption":"Vocation Ministry"},"image":{"@id":"https:\/\/www.vocationministry.com\/es\/#\/schema\/logo\/image\/"},"sameAs":["https:\/\/www.facebook.com\/VocationMinistry"]}]}},"featured_img":false,"coauthors":[],"author_meta":{"author_link":"https:\/\/www.vocationministry.com\/es\/author\/impressusart\/","display_name":"impressusart"},"relative_dates":{"created":"Publicado 2 a\u00f1os hace","modified":"Actualizado 6 meses hace"},"absolute_dates":{"created":"Publicado el enero 9, 2024","modified":"Actualizado el noviembre 3, 2025"},"absolute_dates_time":{"created":"Publicado el enero 9, 2024 5:08 pm","modified":"Actualizado el noviembre 3, 2025 6:11 pm"},"featured_img_caption":"","tax_additional":[],"series_order":"","_links":{"self":[{"href":"https:\/\/www.vocationministry.com\/es\/wp-json\/wp\/v2\/education-resource\/55","targetHints":{"allow":["GET"]}}],"collection":[{"href":"https:\/\/www.vocationministry.com\/es\/wp-json\/wp\/v2\/education-resource"}],"about":[{"href":"https:\/\/www.vocationministry.com\/es\/wp-json\/wp\/v2\/types\/education-resource"}],"version-history":[{"count":4,"href":"https:\/\/www.vocationministry.com\/es\/wp-json\/wp\/v2\/education-resource\/55\/revisions"}],"predecessor-version":[{"id":11107,"href":"https:\/\/www.vocationministry.com\/es\/wp-json\/wp\/v2\/education-resource\/55\/revisions\/11107"}],"up":[{"embeddable":true,"href":"https:\/\/www.vocationministry.com\/es\/wp-json\/wp\/v2\/education-resource\/53"}],"wp:attachment":[{"href":"https:\/\/www.vocationministry.com\/es\/wp-json\/wp\/v2\/media?parent=55"}],"curies":[{"name":"Gracias","href":"https:\/\/api.w.org\/{rel}","templated":true}]}}