{"id":443,"date":"2024-02-15T09:21:48","date_gmt":"2024-02-15T14:21:48","guid":{"rendered":"https:\/\/www.vocationministry.com\/par\/extra-resources\/altar-servers\/"},"modified":"2024-12-09T15:16:41","modified_gmt":"2024-12-09T21:16:41","slug":"altar-servers","status":"publish","type":"extra-resource","link":"https:\/\/www.vocationministry.com\/es\/extra-resource\/extra-resources\/altar-servers\/","title":{"rendered":"Ac\u00f3litos"},"content":{"rendered":"<div class=\"wp-block-media-text has-media-on-the-right is-stacked-on-mobile is-vertically-aligned-top\"><div class=\"wp-block-media-text__content\">\n<p>Los primeros recuerdos de la mayor\u00eda de los sacerdotes de su servicio al Se\u00f1or son como monaguillos. Una encuesta nacional de hombres que estaban siendo ordenados sacerdotes encontr\u00f3 que tres cuartas partes de los nuevos sacerdotes fueron en alg\u00fan momento monaguillos. Una parroquia puede crear una atm\u00f3sfera de reverencia y deber en la Misa que refuerce en los j\u00f3venes el gozo de servir al Se\u00f1or. A continuaci\u00f3n se presentan algunos recursos para que pueda crear esa atm\u00f3sfera en su parroquia, especialmente entre sus monaguillos.<\/p>\n\n\n\n<div class=\"wp-block-buttons is-content-justification-center is-layout-flex wp-container-core-buttons-is-layout-16018d1d wp-block-buttons-is-layout-flex\">\n<div class=\"wp-block-button\"><a class=\"wp-block-button__link wp-element-button\" href=\"https:\/\/dwightlongenecker.com\/what-i-tell-my-altar-servers-2\/\"> Leer: Art\u00edculo Lo que le digo a mis Ac\u00f3litos<\/a><\/div>\n<\/div>\n<\/div><figure class=\"wp-block-media-text__media\"><img loading=\"lazy\" decoding=\"async\" width=\"1024\" height=\"673\" src=\"https:\/\/www.vocationministry.com\/wp-content\/uploads\/2024\/03\/altarservers-1024x673.png\" alt=\"\" class=\"wp-image-1424 size-full\" srcset=\"https:\/\/www.vocationministry.com\/wp-content\/uploads\/2024\/03\/altarservers-980x644.png 980w, https:\/\/www.vocationministry.com\/wp-content\/uploads\/2024\/03\/altarservers-480x315.png 480w\" sizes=\"(min-width: 0px) and (max-width: 480px) 480px, (min-width: 481px) and (max-width: 980px) 980px, (min-width: 981px) 1024px, 100vw\" \/><\/figure><\/div>\n\n\n\n<div style=\"height:40px\" aria-hidden=\"true\" class=\"wp-block-spacer\"><\/div>\n\n\n\n<p>Aqu\u00ed hay una entrevista en video con el padre Preston Quintela, un sacerdote de la Arquidi\u00f3cesis de Galveston-Houston, quien ayud\u00f3 a crear los Caballeros del Altar, que es un programa jer\u00e1rquico que alienta a los j\u00f3venes de la parroquia a esforzarse por alcanzar la excelencia mientras prestan servicio. Han visto un aumento en su parroquia de 3 monaguillos que sirven por Misa a 6-10 monaguillos que sirven por Misa.<\/p>\n\n\n\n<figure class=\"wp-block-embed is-type-video is-provider-youtube wp-block-embed-youtube wp-embed-aspect-16-9 wp-has-aspect-ratio\"><div class=\"wp-block-embed__wrapper\">\n<iframe loading=\"lazy\" title=\"\u00a1Creando una cultura de vocaciones entre los monaguillos!\" width=\"1080\" height=\"608\" src=\"https:\/\/www.youtube.com\/embed\/TmdLWiTtsr8?feature=oembed\"  allow=\"accelerometer; autoplay; clipboard-write; encrypted-media; gyroscope; picture-in-picture; web-share\" referrerpolicy=\"strict-origin-when-cross-origin\" allowfullscreen><\/iframe>\n<\/div><\/figure>\n\n\n\n<h4 class=\"wp-block-heading\" id=\"h-templars-holy-knights-of-the-temple\">Templarios-Caballeros Sagrados del Templo<\/h4>\n\n\n\n<div class=\"wp-block-columns is-layout-flex wp-container-core-columns-is-layout-9d6595d7 wp-block-columns-is-layout-flex\">\n<div class=\"wp-block-column is-layout-flow wp-block-column-is-layout-flow\">\n<figure class=\"wp-block-image size-full\"><img loading=\"lazy\" decoding=\"async\" width=\"824\" height=\"910\" src=\"https:\/\/www.vocationministry.com\/wp-content\/uploads\/2024\/02\/templars.png\" alt=\"\" class=\"wp-image-9160\" srcset=\"https:\/\/www.vocationministry.com\/wp-content\/uploads\/2024\/02\/templars.png 824w, https:\/\/www.vocationministry.com\/wp-content\/uploads\/2024\/02\/templars-480x530.png 480w\" sizes=\"(min-width: 0px) and (max-width: 480px) 480px, (min-width: 481px) 824px, 100vw\" \/><\/figure>\n<\/div>\n\n\n\n<div class=\"wp-block-column is-layout-flow wp-block-column-is-layout-flow\">\n<p>\u00bfBusca una manera de inspirar a los adolescentes a crecer como l\u00edderes y profundizar su fe?&nbsp;<em>Templarios \u2013 Caballeros del Santo Templo<\/em>&nbsp;Es una fraternidad de liderazgo cat\u00f3lica que forma hombres j\u00f3venes a trav\u00e9s del servicio del altar y la hermandad centrada en Cristo.<\/p>\n\n\n\n<p>Inspirado en el valiente legado de los Caballeros Templarios y basado en la Eucarist\u00eda, este programa equipa a los adolescentes varones para liderar decisivamente en el servicio a Cristo y a su comunidad parroquial.<\/p>\n\n\n\n<p>Inicie hoy un cap\u00edtulo en su parroquia y capacite a la pr\u00f3xima generaci\u00f3n para convertirse en l\u00edderes fuertes y llenos de fe dedicados a servir a la Iglesia.<\/p>\n\n\n\n<p>Obtenga m\u00e1s informaci\u00f3n y d\u00e9 el primer paso:&nbsp;<\/p>\n\n\n\n<div class=\"wp-block-buttons is-content-justification-center is-layout-flex wp-container-core-buttons-is-layout-16018d1d wp-block-buttons-is-layout-flex\">\n<div class=\"wp-block-button\"><a class=\"wp-block-button__link wp-element-button\" href=\"https:\/\/www.templarsorder.org\/\" target=\"_blank\" rel=\"noreferrer noopener\">Sitio web de los Templarios<\/a><\/div>\n<\/div>\n<\/div>\n<\/div>\n\n\n\n<h4 class=\"wp-block-heading\" id=\"h-knights-of-the-altar-program\">Programa Caballeros del Altar<\/h4>\n\n\n\n<figure class=\"wp-block-image aligncenter size-full is-resized\"><img loading=\"lazy\" decoding=\"async\" width=\"726\" height=\"942\" src=\"https:\/\/www.vocationministry.com\/wp-content\/uploads\/2024\/03\/knightsofthealtarhandbook.png\" alt=\"\" class=\"wp-image-1427\" style=\"width:404px;height:auto\" srcset=\"https:\/\/www.vocationministry.com\/wp-content\/uploads\/2024\/03\/knightsofthealtarhandbook.png 726w, https:\/\/www.vocationministry.com\/wp-content\/uploads\/2024\/03\/knightsofthealtarhandbook-480x623.png 480w\" sizes=\"(min-width: 0px) and (max-width: 480px) 480px, (min-width: 481px) 726px, 100vw\" \/><\/figure>\n\n\n\n<div class=\"wp-block-buttons is-content-justification-center is-layout-flex wp-container-core-buttons-is-layout-16018d1d wp-block-buttons-is-layout-flex\">\n<div class=\"wp-block-button\"><a class=\"wp-block-button__link wp-element-button\" href=\"https:\/\/www.vocationministry.com\/wp-content\/uploads\/2024\/03\/Knights-of-the-Altar-Updated-2.28.22-1-1.pdf\" target=\"_blank\" rel=\"noreferrer noopener\">Manual de los Caballeros del Altar (PDF)<\/a><\/div>\n<\/div>\n\n\n\n<div style=\"height:40px\" aria-hidden=\"true\" class=\"wp-block-spacer\"><\/div>\n\n\n\n<div class=\"wp-block-columns is-layout-flex wp-container-core-columns-is-layout-9d6595d7 wp-block-columns-is-layout-flex\">\n<div class=\"wp-block-column is-layout-flow wp-block-column-is-layout-flow\">\n<p>Nos asociamos con el P. Jonathan Meyer, p\u00e1rroco de la parroquia de Todos los Santos en la Arquidi\u00f3cesis de Indian\u00e1polis, para compartir estos mensajes con los monaguillos y quienes los capacitan.<\/p>\n\n\n\n<p><em>\u201cTodo lo que puedo decir es que cuanto m\u00e1s desaf\u00edes a tu juventud, m\u00e1s responder\u00e1n. Servir es un arte, y los j\u00f3venes que tienes sirviendo para ti son muy inteligentes... s\u00f3lo necesitan ser desafiados y empujados. Personalmente no excluyo a las chicas servidoras, eso no es un problema para m\u00ed. Mire a sus servidores como un mini grupo de j\u00f3venes. Necesitan: catequesis, fraternidad, relaciones y una identidad. Vale la pena dedicar tiempo aqu\u00ed ya que esta es un \u00e1rea que los sacerdotes a menudo no abordan como podr\u00edan\/deber\u00edan y terminan frustrados en la Misa, o frustrados porque no pueden celebrar como desean por no tener buenos servidores. Les digo a mis servidores regularmente que est\u00e1n a la vanguardia de la evangelizaci\u00f3n en la parroquia\u201d. ~ P. Jonathan Meyer, Parroquia de Todos los Santos, P\u00e1rroco<\/em><\/p>\n<\/div>\n\n\n\n<div class=\"wp-block-column is-layout-flow wp-block-column-is-layout-flow\">\n<figure class=\"wp-block-embed is-type-video is-provider-youtube wp-block-embed-youtube wp-embed-aspect-16-9 wp-has-aspect-ratio\"><div class=\"wp-block-embed__wrapper\">\n<iframe loading=\"lazy\" title=\"\u00a1Vocaciones EN VIVO! con el P. Jonathan Meyer\" width=\"1080\" height=\"608\" src=\"https:\/\/www.youtube.com\/embed\/jezIsmZhbHk?feature=oembed\"  allow=\"accelerometer; autoplay; clipboard-write; encrypted-media; gyroscope; picture-in-picture; web-share\" referrerpolicy=\"strict-origin-when-cross-origin\" allowfullscreen><\/iframe>\n<\/div><\/figure>\n<\/div>\n<\/div>\n\n\n\n<div style=\"height:40px\" aria-hidden=\"true\" class=\"wp-block-spacer\"><\/div>\n\n\n\n<div class=\"wp-block-columns is-layout-flex wp-container-core-columns-is-layout-9d6595d7 wp-block-columns-is-layout-flex\">\n<div class=\"wp-block-column is-layout-flow wp-block-column-is-layout-flow\">\n<h4 class=\"wp-block-heading\" id=\"h-altar-boyz-program\">Programa monaguillos<\/h4>\n\n\n\n<p>Esta es una excelente introducci\u00f3n a ser un monaguillo\u2026 Responde preguntas como: \u00bfQu\u00e9 significa servir en el altar? \u00bfPor qu\u00e9 es importante?<\/p>\n\n\n\n<div class=\"wp-block-buttons is-content-justification-center is-layout-flex wp-container-core-buttons-is-layout-16018d1d wp-block-buttons-is-layout-flex\">\n<div class=\"wp-block-button\"><a class=\"wp-block-button__link wp-element-button\" href=\"https:\/\/www.vocationministry.com\/wp-content\/uploads\/2024\/03\/altar-boyz-mission-statement-asp-1.doc\" target=\"_blank\" rel=\"noreferrer noopener\">Ver la misi\u00f3n del programa Altar Boyz<\/a><\/div>\n<\/div>\n<\/div>\n\n\n\n<div class=\"wp-block-column is-layout-flow wp-block-column-is-layout-flow\">\n<figure class=\"wp-block-embed is-type-video is-provider-youtube wp-block-embed-youtube wp-embed-aspect-16-9 wp-has-aspect-ratio\"><div class=\"wp-block-embed__wrapper\">\n<iframe loading=\"lazy\" title=\"Capacitaci\u00f3n para monaguillos - Introducci\u00f3n\" width=\"1080\" height=\"608\" src=\"https:\/\/www.youtube.com\/embed\/cYqQ3km2sbY?feature=oembed\"  allow=\"accelerometer; autoplay; clipboard-write; encrypted-media; gyroscope; picture-in-picture; web-share\" referrerpolicy=\"strict-origin-when-cross-origin\" allowfullscreen><\/iframe>\n<\/div><\/figure>\n<\/div>\n<\/div>","protected":false},"author":1,"featured_media":0,"parent":441,"menu_order":0,"template":"","class_list":["post-443","extra-resource","type-extra-resource","status-publish","hentry"],"acf":[],"yoast_head":"<!-- This site is optimized with the Yoast SEO Premium plugin v24.9 (Yoast SEO v27.4) - https:\/\/yoast.com\/product\/yoast-seo-premium-wordpress\/ -->\n<title>Altar Servers - Vocation Ministry<\/title>\n<meta name=\"description\" content=\"Discover the importance of altar servers in fostering a sense of reverence and duty at Mass. Learn how to create an atmosphere that encourages young people to joyfully serve the Lord.\" \/>\n<meta name=\"robots\" content=\"index, follow, max-snippet:-1, max-image-preview:large, max-video-preview:-1\" \/>\n<link rel=\"canonical\" href=\"https:\/\/www.vocationministry.com\/es\/extra-resource\/extra-resources\/altar-servers\/\" \/>\n<meta property=\"og:locale\" content=\"es_MX\" \/>\n<meta property=\"og:type\" content=\"article\" \/>\n<meta property=\"og:title\" content=\"Altar Servers\" \/>\n<meta property=\"og:description\" content=\"Discover the importance of altar servers in fostering a sense of reverence and duty at Mass. Learn how to create an atmosphere that encourages young people to joyfully serve the Lord.\" \/>\n<meta property=\"og:url\" content=\"https:\/\/www.vocationministry.com\/es\/extra-resource\/extra-resources\/altar-servers\/\" \/>\n<meta property=\"og:site_name\" content=\"Vocation Ministry\" \/>\n<meta property=\"article:publisher\" content=\"https:\/\/www.facebook.com\/VocationMinistry\" \/>\n<meta property=\"article:modified_time\" content=\"2024-12-09T21:16:41+00:00\" \/>\n<meta property=\"og:image\" content=\"https:\/\/www.vocationministry.com\/wp-content\/uploads\/2024\/07\/Blue-VM-Logo-white-Background.png\" \/>\n\t<meta property=\"og:image:width\" content=\"2000\" \/>\n\t<meta property=\"og:image:height\" content=\"1000\" \/>\n\t<meta property=\"og:image:type\" content=\"image\/png\" \/><meta property=\"og:image\" content=\"https:\/\/www.vocationministry.com\/wp-content\/uploads\/2024\/03\/altarservers-1024x673.png\" \/>\n\t<meta property=\"og:image:width\" content=\"1024\" \/>\n\t<meta property=\"og:image:height\" content=\"673\" \/>\n\t<meta property=\"og:image:type\" content=\"image\/png\" \/>\n<meta name=\"twitter:card\" content=\"summary_large_image\" \/>\n<meta name=\"twitter:label1\" content=\"Tiempo de lectura\" \/>\n\t<meta name=\"twitter:data1\" content=\"3 minutos\" \/>\n<script type=\"application\/ld+json\" class=\"yoast-schema-graph\">{\"@context\":\"https:\\\/\\\/schema.org\",\"@graph\":[{\"@type\":\"WebPage\",\"@id\":\"https:\\\/\\\/www.vocationministry.com\\\/extra-resource\\\/extra-resources\\\/altar-servers\\\/\",\"url\":\"https:\\\/\\\/www.vocationministry.com\\\/extra-resource\\\/extra-resources\\\/altar-servers\\\/\",\"name\":\"Altar Servers - Vocation Ministry\",\"isPartOf\":{\"@id\":\"https:\\\/\\\/www.vocationministry.com\\\/es\\\/#website\"},\"primaryImageOfPage\":{\"@id\":\"https:\\\/\\\/www.vocationministry.com\\\/extra-resource\\\/extra-resources\\\/altar-servers\\\/#primaryimage\"},\"image\":{\"@id\":\"https:\\\/\\\/www.vocationministry.com\\\/extra-resource\\\/extra-resources\\\/altar-servers\\\/#primaryimage\"},\"thumbnailUrl\":\"https:\\\/\\\/www.vocationministry.com\\\/wp-content\\\/uploads\\\/2024\\\/03\\\/altarservers-1024x673.png\",\"datePublished\":\"2024-02-15T14:21:48+00:00\",\"dateModified\":\"2024-12-09T21:16:41+00:00\",\"description\":\"Discover the importance of altar servers in fostering a sense of reverence and duty at Mass. Learn how to create an atmosphere that encourages young people to joyfully serve the Lord.\",\"breadcrumb\":{\"@id\":\"https:\\\/\\\/www.vocationministry.com\\\/extra-resource\\\/extra-resources\\\/altar-servers\\\/#breadcrumb\"},\"inLanguage\":\"es\",\"potentialAction\":[{\"@type\":\"ReadAction\",\"target\":[\"https:\\\/\\\/www.vocationministry.com\\\/extra-resource\\\/extra-resources\\\/altar-servers\\\/\"]}]},{\"@type\":\"ImageObject\",\"inLanguage\":\"es\",\"@id\":\"https:\\\/\\\/www.vocationministry.com\\\/extra-resource\\\/extra-resources\\\/altar-servers\\\/#primaryimage\",\"url\":\"https:\\\/\\\/www.vocationministry.com\\\/wp-content\\\/uploads\\\/2024\\\/03\\\/altarservers-1024x673.png\",\"contentUrl\":\"https:\\\/\\\/www.vocationministry.com\\\/wp-content\\\/uploads\\\/2024\\\/03\\\/altarservers-1024x673.png\"},{\"@type\":\"BreadcrumbList\",\"@id\":\"https:\\\/\\\/www.vocationministry.com\\\/extra-resource\\\/extra-resources\\\/altar-servers\\\/#breadcrumb\",\"itemListElement\":[{\"@type\":\"ListItem\",\"position\":1,\"name\":\"Home\",\"item\":\"https:\\\/\\\/www.vocationministry.com\\\/\"},{\"@type\":\"ListItem\",\"position\":2,\"name\":\"Extra Resources\",\"item\":\"https:\\\/\\\/www.vocationministry.com\\\/extra-resource\\\/extra-resources\\\/\"},{\"@type\":\"ListItem\",\"position\":3,\"name\":\"Altar Servers\"}]},{\"@type\":\"WebSite\",\"@id\":\"https:\\\/\\\/www.vocationministry.com\\\/es\\\/#website\",\"url\":\"https:\\\/\\\/www.vocationministry.com\\\/es\\\/\",\"name\":\"Vocation Ministry\",\"description\":\"Creating A Culture of Vocations\",\"publisher\":{\"@id\":\"https:\\\/\\\/www.vocationministry.com\\\/es\\\/#organization\"},\"potentialAction\":[{\"@type\":\"SearchAction\",\"target\":{\"@type\":\"EntryPoint\",\"urlTemplate\":\"https:\\\/\\\/www.vocationministry.com\\\/es\\\/?s={search_term_string}\"},\"query-input\":{\"@type\":\"PropertyValueSpecification\",\"valueRequired\":true,\"valueName\":\"search_term_string\"}}],\"inLanguage\":\"es\"},{\"@type\":\"Organization\",\"@id\":\"https:\\\/\\\/www.vocationministry.com\\\/es\\\/#organization\",\"name\":\"Vocation Ministry\",\"url\":\"https:\\\/\\\/www.vocationministry.com\\\/es\\\/\",\"logo\":{\"@type\":\"ImageObject\",\"inLanguage\":\"es\",\"@id\":\"https:\\\/\\\/www.vocationministry.com\\\/es\\\/#\\\/schema\\\/logo\\\/image\\\/\",\"url\":\"https:\\\/\\\/www.vocationministry.com\\\/wp-content\\\/uploads\\\/2024\\\/02\\\/Blue-VM-Logo-white-Background.png\",\"contentUrl\":\"https:\\\/\\\/www.vocationministry.com\\\/wp-content\\\/uploads\\\/2024\\\/02\\\/Blue-VM-Logo-white-Background.png\",\"width\":2000,\"height\":1000,\"caption\":\"Vocation Ministry\"},\"image\":{\"@id\":\"https:\\\/\\\/www.vocationministry.com\\\/es\\\/#\\\/schema\\\/logo\\\/image\\\/\"},\"sameAs\":[\"https:\\\/\\\/www.facebook.com\\\/VocationMinistry\"]}]}<\/script>\n<!-- \/ Yoast SEO Premium plugin. -->","yoast_head_json":{"title":"Monaguillos - Vocation Ministry","description":"Descubra la importancia de los monaguillos para fomentar un sentido de reverencia y deber en la misa. Aprenda a crear una atm\u00f3sfera que anime a los j\u00f3venes a servir al Se\u00f1or con alegr\u00eda.","robots":{"index":"index","follow":"follow","max-snippet":"max-snippet:-1","max-image-preview":"max-image-preview:large","max-video-preview":"max-video-preview:-1"},"canonical":"https:\/\/www.vocationministry.com\/es\/extra-resource\/extra-resources\/altar-servers\/","og_locale":"es_MX","og_type":"article","og_title":"Altar Servers","og_description":"Discover the importance of altar servers in fostering a sense of reverence and duty at Mass. Learn how to create an atmosphere that encourages young people to joyfully serve the Lord.","og_url":"https:\/\/www.vocationministry.com\/es\/extra-resource\/extra-resources\/altar-servers\/","og_site_name":"Vocation Ministry","article_publisher":"https:\/\/www.facebook.com\/VocationMinistry","article_modified_time":"2024-12-09T21:16:41+00:00","og_image":[{"width":2000,"height":1000,"url":"https:\/\/www.vocationministry.com\/wp-content\/uploads\/2024\/07\/Blue-VM-Logo-white-Background.png","type":"image\/png"},{"width":1024,"height":673,"url":"https:\/\/www.vocationministry.com\/wp-content\/uploads\/2024\/03\/altarservers-1024x673.png","type":"image\/png"}],"twitter_card":"summary_large_image","twitter_misc":{"Tiempo de lectura":"3 minutos"},"schema":{"@context":"https:\/\/schema.org","@graph":[{"@type":"WebPage","@id":"https:\/\/www.vocationministry.com\/extra-resource\/extra-resources\/altar-servers\/","url":"https:\/\/www.vocationministry.com\/extra-resource\/extra-resources\/altar-servers\/","name":"Monaguillos - Vocation Ministry","isPartOf":{"@id":"https:\/\/www.vocationministry.com\/es\/#website"},"primaryImageOfPage":{"@id":"https:\/\/www.vocationministry.com\/extra-resource\/extra-resources\/altar-servers\/#primaryimage"},"image":{"@id":"https:\/\/www.vocationministry.com\/extra-resource\/extra-resources\/altar-servers\/#primaryimage"},"thumbnailUrl":"https:\/\/www.vocationministry.com\/wp-content\/uploads\/2024\/03\/altarservers-1024x673.png","datePublished":"2024-02-15T14:21:48+00:00","dateModified":"2024-12-09T21:16:41+00:00","description":"Descubra la importancia de los monaguillos para fomentar un sentido de reverencia y deber en la misa. Aprenda a crear una atm\u00f3sfera que anime a los j\u00f3venes a servir al Se\u00f1or con alegr\u00eda.","breadcrumb":{"@id":"https:\/\/www.vocationministry.com\/extra-resource\/extra-resources\/altar-servers\/#breadcrumb"},"inLanguage":"es","potentialAction":[{"@type":"ReadAction","target":["https:\/\/www.vocationministry.com\/extra-resource\/extra-resources\/altar-servers\/"]}]},{"@type":"ImageObject","inLanguage":"es","@id":"https:\/\/www.vocationministry.com\/extra-resource\/extra-resources\/altar-servers\/#primaryimage","url":"https:\/\/www.vocationministry.com\/wp-content\/uploads\/2024\/03\/altarservers-1024x673.png","contentUrl":"https:\/\/www.vocationministry.com\/wp-content\/uploads\/2024\/03\/altarservers-1024x673.png"},{"@type":"BreadcrumbList","@id":"https:\/\/www.vocationministry.com\/extra-resource\/extra-resources\/altar-servers\/#breadcrumb","itemListElement":[{"@type":"ListItem","position":1,"name":"Home","item":"https:\/\/www.vocationministry.com\/"},{"@type":"ListItem","position":2,"name":"Extra Resources","item":"https:\/\/www.vocationministry.com\/extra-resource\/extra-resources\/"},{"@type":"ListItem","position":3,"name":"Altar Servers"}]},{"@type":"WebSite","@id":"https:\/\/www.vocationministry.com\/es\/#website","url":"https:\/\/www.vocationministry.com\/es\/","name":"Vocation Ministry","description":"Creando una cultura de vocaciones","publisher":{"@id":"https:\/\/www.vocationministry.com\/es\/#organization"},"potentialAction":[{"@type":"SearchAction","target":{"@type":"EntryPoint","urlTemplate":"https:\/\/www.vocationministry.com\/es\/?s={search_term_string}"},"query-input":{"@type":"PropertyValueSpecification","valueRequired":true,"valueName":"search_term_string"}}],"inLanguage":"es"},{"@type":"Organization","@id":"https:\/\/www.vocationministry.com\/es\/#organization","name":"Vocation Ministry","url":"https:\/\/www.vocationministry.com\/es\/","logo":{"@type":"ImageObject","inLanguage":"es","@id":"https:\/\/www.vocationministry.com\/es\/#\/schema\/logo\/image\/","url":"https:\/\/www.vocationministry.com\/wp-content\/uploads\/2024\/02\/Blue-VM-Logo-white-Background.png","contentUrl":"https:\/\/www.vocationministry.com\/wp-content\/uploads\/2024\/02\/Blue-VM-Logo-white-Background.png","width":2000,"height":1000,"caption":"Vocation Ministry"},"image":{"@id":"https:\/\/www.vocationministry.com\/es\/#\/schema\/logo\/image\/"},"sameAs":["https:\/\/www.facebook.com\/VocationMinistry"]}]}},"featured_img":false,"coauthors":[],"author_meta":{"author_link":"https:\/\/www.vocationministry.com\/es\/author\/impressusart\/","display_name":"impressusart"},"relative_dates":{"created":"Publicado 2 a\u00f1os hace","modified":"Actualizado 1 a\u00f1o hace"},"absolute_dates":{"created":"Publicado el febrero 15, 2024","modified":"Actualizado el diciembre 9, 2024"},"absolute_dates_time":{"created":"Publicado el febrero 15, 2024 9:21 am","modified":"Actualizado el diciembre 9, 2024 3:16 pm"},"featured_img_caption":"","tax_additional":[],"series_order":"","_links":{"self":[{"href":"https:\/\/www.vocationministry.com\/es\/wp-json\/wp\/v2\/extra-resource\/443","targetHints":{"allow":["GET"]}}],"collection":[{"href":"https:\/\/www.vocationministry.com\/es\/wp-json\/wp\/v2\/extra-resource"}],"about":[{"href":"https:\/\/www.vocationministry.com\/es\/wp-json\/wp\/v2\/types\/extra-resource"}],"version-history":[{"count":4,"href":"https:\/\/www.vocationministry.com\/es\/wp-json\/wp\/v2\/extra-resource\/443\/revisions"}],"predecessor-version":[{"id":9164,"href":"https:\/\/www.vocationministry.com\/es\/wp-json\/wp\/v2\/extra-resource\/443\/revisions\/9164"}],"up":[{"embeddable":true,"href":"https:\/\/www.vocationministry.com\/es\/wp-json\/wp\/v2\/extra-resource\/441"}],"wp:attachment":[{"href":"https:\/\/www.vocationministry.com\/es\/wp-json\/wp\/v2\/media?parent=443"}],"curies":[{"name":"Gracias","href":"https:\/\/api.w.org\/{rel}","templated":true}]}}