{"id":1857,"date":"2024-03-15T13:33:40","date_gmt":"2024-03-15T17:33:40","guid":{"rendered":"https:\/\/www.vocationministry.com\/workshops\/workshop-overview\/"},"modified":"2024-10-01T10:56:19","modified_gmt":"2024-10-01T15:56:19","slug":"workshop-overview","status":"publish","type":"page","link":"https:\/\/www.vocationministry.com\/es\/workshops\/workshop-overview\/","title":{"rendered":"Descripci\u00f3n general del taller"},"content":{"rendered":"<h2 class=\"wp-block-heading\" id=\"h-types-of-workshops\"><strong>Tipos de talleres<br><\/strong><\/h2>\n\n\n\n<h4 class=\"wp-block-heading\" id=\"h-diocesan-partners\"><strong>Socios diocesanos<\/strong><\/h4>\n\n\n\n<div class=\"wp-block-columns is-layout-flex wp-container-core-columns-is-layout-9d6595d7 wp-block-columns-is-layout-flex\">\n<div class=\"wp-block-column is-layout-flow wp-block-column-is-layout-flow\">\n<p>Vocation Ministry ha trabajado con estas y otras di\u00f3cesis para ayudar a construir una cultura de vocaciones. \u00a1D\u00e9janos ayudarte a ti tambi\u00e9n!<\/p>\n\n\n\n<p>Ya sean presenciales o virtuales, nuestros talleres exclusivos son r\u00e1pidos e interactivos y cubren una variedad de temas relacionados con la vocaci\u00f3n adaptados a la audiencia.<\/p>\n\n\n\n<div class=\"wp-block-buttons is-content-justification-center is-layout-flex wp-container-core-buttons-is-layout-16018d1d wp-block-buttons-is-layout-flex\">\n<div class=\"wp-block-button\"><a class=\"wp-block-button__link wp-element-button\" href=\"\/es\/contact\/?what=workshop\">As\u00f3ciese con nosotros<\/a><\/div>\n\n\n\n<div class=\"wp-block-button\"><a class=\"wp-block-button__link wp-element-button\" href=\"https:\/\/www.vocationministry.com\/es\/workshops\/vocation-directors\/\">Informaci\u00f3n del director vocacional<\/a><\/div>\n<\/div>\n<\/div>\n\n\n\n<div class=\"wp-block-column is-layout-flow wp-block-column-is-layout-flow\">\n<figure class=\"wp-block-image size-large\"><img loading=\"lazy\" decoding=\"async\" width=\"1024\" height=\"576\" src=\"https:\/\/www.vocationministry.com\/wp-content\/uploads\/2024\/09\/Diocese-Map-updated-8.27.24-1024x576.png\" alt=\"\" class=\"wp-image-8808\" srcset=\"https:\/\/www.vocationministry.com\/wp-content\/uploads\/2024\/09\/Diocese-Map-updated-8.27.24-980x551.png 980w, https:\/\/www.vocationministry.com\/wp-content\/uploads\/2024\/09\/Diocese-Map-updated-8.27.24-480x270.png 480w\" sizes=\"(min-width: 0px) and (max-width: 480px) 480px, (min-width: 481px) and (max-width: 980px) 980px, (min-width: 981px) 1024px, 100vw\" \/><\/figure>\n<\/div>\n<\/div>\n\n\n\n<h4 class=\"wp-block-heading\" id=\"h-what-we-cover\">Qu\u00e9 cubrimos:<\/h4>\n\n\n\n<ul class=\"wp-block-list\">\n<li>\u00bfQu\u00e9 es un Vocation Ministry?<\/li>\n\n\n\n<li>\u00bfPor qu\u00e9 necesitamos uno en cada parroquia y entorno educativo?<\/li>\n\n\n\n<li>\u00bfQu\u00e9 tipo de actividades debe realizar un ministerio\/educador?<\/li>\n\n\n\n<li>C\u00f3mo enfatizar las \u00e1reas de Oraci\u00f3n, Conciencia y Educaci\u00f3n, Juventud y Afirmaci\u00f3n<\/li>\n\n\n\n<li>Invitar a los j\u00f3venes a discernir<\/li>\n<\/ul>\n\n\n\n<h4 class=\"wp-block-heading\" id=\"h-whom-are-they-for\">\u00bfPara qui\u00e9n son?<\/h4>\n\n\n\n<ul class=\"wp-block-list\">\n<li><a href=\"https:\/\/www.vocationministry.com\/es\/workshops\/catechetical-leader\/\">L\u00edderes Catequ\u00e9ticos<\/a><\/li>\n\n\n\n<li><a href=\"https:\/\/www.vocationministry.com\/es\/workshops\/catechists\/\">Catequistas<\/a><\/li>\n\n\n\n<li><a href=\"https:\/\/www.vocationministry.com\/es\/workshops\/catholic-school-principals\/\">Directores de escuelas cat\u00f3licas<\/a><\/li>\n\n\n\n<li><a href=\"https:\/\/www.vocationministry.com\/es\/workshops\/catholic-school-teachers\/\">Maestros de escuelas cat\u00f3licas<\/a><\/li>\n\n\n\n<li><a href=\"https:\/\/www.vocationministry.com\/es\/workshops\/college-campus-ministers\/\">Ministros universitarios<\/a><\/li>\n\n\n\n<li><a href=\"https:\/\/www.vocationministry.com\/es\/workshops\/deacons\/\">di\u00e1conos<\/a><\/li>\n\n\n\n<li><a href=\"https:\/\/www.vocationministry.com\/es\/workshops\/homeschools-co-ops\/\">Escuelas en el hogar\/Cooperativas<\/a><\/li>\n\n\n\n<li><a href=\"https:\/\/www.vocationministry.com\/es\/workshops\/parishioners\/\">Feligreses<\/a><\/li>\n\n\n\n<li><a href=\"https:\/\/www.vocationministry.com\/es\/workshops\/priests\/\">Sacerdotes<\/a><\/li>\n\n\n\n<li><a href=\"https:\/\/www.vocationministry.com\/es\/workshops\/youth-young-adult-ministers\/\">Ministros de j\u00f3venes y adultos j\u00f3venes<\/a><\/li>\n<\/ul>\n\n\n\n<figure class=\"wp-block-image aligncenter size-large is-resized\"><img loading=\"lazy\" decoding=\"async\" width=\"1024\" height=\"1024\" src=\"https:\/\/www.vocationministry.com\/wp-content\/uploads\/2024\/04\/Increases-1024x1024.jpg\" alt=\"\" class=\"wp-image-3389\" style=\"width:451px;height:auto\" srcset=\"https:\/\/www.vocationministry.com\/wp-content\/uploads\/2024\/04\/Increases-980x980.jpg 980w, https:\/\/www.vocationministry.com\/wp-content\/uploads\/2024\/04\/Increases-480x480.jpg 480w\" sizes=\"(min-width: 0px) and (max-width: 480px) 480px, (min-width: 481px) and (max-width: 980px) 980px, (min-width: 981px) 1024px, 100vw\" \/><\/figure>\n\n\n\n<h4 class=\"wp-block-heading\" id=\"h-all-workshops-are-also-offered-in-spanish\">\u00a1Todos los talleres tambi\u00e9n se ofrecen en espa\u00f1ol!<\/h4>\n\n\n\n<div class=\"wp-block-buttons is-content-justification-center is-layout-flex wp-container-core-buttons-is-layout-16018d1d wp-block-buttons-is-layout-flex\">\n<div class=\"wp-block-button\"><a class=\"wp-block-button__link wp-element-button\" href=\"https:\/\/vocationministry.com\/es\/reservar-un-taller\/\">Reservar un Taller en Espa\u00f1ol<\/a><\/div>\n<\/div>\n\n\n\n<h4 class=\"wp-block-heading\" id=\"h-recommendation-letters\">Cartas de recomendaci\u00f3n<\/h4>\n\n\n\n<div class=\"wp-block-buttons is-vertical is-content-justification-center is-layout-flex wp-container-core-buttons-is-layout-9a7cdcfd wp-block-buttons-is-layout-flex\">\n<div class=\"wp-block-button\"><a class=\"wp-block-button__link wp-element-button\" href=\"https:\/\/www.vocationministry.com\/wp-content\/uploads\/2024\/04\/Bishop-Lucia-Recommendation.pdf\">Carta del Reverend\u00edsimo Douglas J. Lucia, Obispo de Siracusa<\/a><\/div>\n\n\n\n<div class=\"wp-block-button\"><a class=\"wp-block-button__link wp-element-button\" href=\"https:\/\/www.vocationministry.com\/wp-content\/uploads\/2024\/04\/William-Crist-Recommendation-compressed-1.pdf\">Carta de William W. Crist, Superintendente<\/a><\/div>\n\n\n\n<div class=\"wp-block-button\"><a class=\"wp-block-button__link wp-element-button\" href=\"https:\/\/www.vocationministry.com\/wp-content\/uploads\/2024\/04\/Letter-of-Recommendation-from-Father-Jason-Hage.pdf\">Carta del P. Jason Hage, director vocacional<\/a><\/div>\n\n\n\n<div class=\"wp-block-button\"><a class=\"wp-block-button__link wp-element-button\" href=\"https:\/\/www.vocationministry.com\/wp-content\/uploads\/2024\/04\/Andrea-Slaven-Recommendation.pdf\">Carta de Andrea Slaven, Directora de Catequesis<\/a><\/div>\n\n\n\n<div class=\"wp-block-button\"><a class=\"wp-block-button__link wp-element-button\" href=\"https:\/\/www.vocationministry.com\/wp-content\/uploads\/2024\/04\/Fr.-John-Manno_Vicar-of-Clergy-Syracuse_Endorsement.pdf\">Carta del Rev. John Manno, Vicario para el Clero<\/a><\/div>\n\n\n\n<div class=\"wp-block-button\"><a class=\"wp-block-button__link wp-element-button\" href=\"https:\/\/www.vocationministry.com\/wp-content\/uploads\/2024\/04\/Fr.-Greg-Gerhart-Recommendation.pdf\">Carta del P. Greg Gerhart, Director de Vocaciones<\/a><\/div>\n<\/div>","protected":false},"excerpt":{"rendered":"<p>Types of Workshops Diocesan Partners Vocation Ministry has worked with these and other dioceses to help build a culture of vocations. Let us help you as well! Whether in-person or virtual, our signature workshops are fast-paced and interactive, covering a variety of vocation-related topics tailored to the audience. What we cover: Whom are they for? [&hellip;]<\/p>\n","protected":false},"author":1,"featured_media":0,"parent":469,"menu_order":0,"comment_status":"closed","ping_status":"closed","template":"","meta":{"_acf_changed":false,"_et_pb_use_builder":"off","_et_pb_old_content":"<!-- wp:heading -->\n<h2 class=\"wp-block-heading\"><strong>Types of Workshops<br><\/strong><\/h2>\n<!-- \/wp:heading -->\n\n<!-- wp:heading {\"level\":3} -->\n<h3 class=\"wp-block-heading\"><strong>Diocesan Partners<\/strong><\/h3>\n<!-- \/wp:heading -->\n\n<!-- wp:paragraph -->\n<p>Vocation Ministry has worked with these and other dioceses to help build a culture of vocations. Let us help you as well!<\/p>\n<!-- \/wp:paragraph -->\n\n<!-- wp:image {\"id\":11549,\"align\":\"right\"} -->\n<figure class=\"wp-block-image alignright\"><img src=\"https:\/\/vocationministry.com\/wp-content\/uploads\/2024\/02\/Diocese-Map-updated-1.27.24-1.png\" alt=\"\" class=\"wp-image-11549\"\/><\/figure>\n<!-- \/wp:image -->\n\n<!-- wp:paragraph -->\n<p>Whether in-person or virtual, our signature workshops are fast-paced and interactive, covering a variety of vocation-related topics tailored to the audience.<\/p>\n<!-- \/wp:paragraph -->\n\n<!-- wp:heading -->\n<h2 class=\"wp-block-heading\">What we cover:<\/h2>\n<!-- \/wp:heading -->\n\n<!-- wp:list -->\n<ul><!-- wp:list-item -->\n<li>What is a Vocation Ministry?<\/li>\n<!-- \/wp:list-item -->\n\n<!-- wp:list-item -->\n<li>Why do we need one at every parish and educational setting?<\/li>\n<!-- \/wp:list-item -->\n\n<!-- wp:list-item -->\n<li>What kind of activities should a ministry\/educator do?<\/li>\n<!-- \/wp:list-item -->\n\n<!-- wp:list-item -->\n<li>How to emphasize the areas of Prayer, Awareness &amp; Education, Youth, and Affirmation<\/li>\n<!-- \/wp:list-item -->\n\n<!-- wp:list-item -->\n<li>Inviting young people to discern<\/li>\n<!-- \/wp:list-item --><\/ul>\n<!-- \/wp:list -->\n\n<!-- wp:heading -->\n<h2 class=\"wp-block-heading\">Whom are they for?<\/h2>\n<!-- \/wp:heading -->\n\n<!-- wp:list -->\n<ul><!-- wp:list-item -->\n<li>Catechetical Leaders<\/li>\n<!-- \/wp:list-item -->\n\n<!-- wp:list-item -->\n<li>Catechists<\/li>\n<!-- \/wp:list-item -->\n\n<!-- wp:list-item -->\n<li>Catholic School Principals<\/li>\n<!-- \/wp:list-item -->\n\n<!-- wp:list-item -->\n<li>Catholic School Teachers<\/li>\n<!-- \/wp:list-item -->\n\n<!-- wp:list-item -->\n<li>College Campus Ministers<\/li>\n<!-- \/wp:list-item -->\n\n<!-- wp:list-item -->\n<li>Deacons<\/li>\n<!-- \/wp:list-item -->\n\n<!-- wp:list-item -->\n<li>Homeschools\/Co-Ops<\/li>\n<!-- \/wp:list-item -->\n\n<!-- wp:list-item -->\n<li>Parishioners<\/li>\n<!-- \/wp:list-item -->\n\n<!-- wp:list-item -->\n<li>Priests<\/li>\n<!-- \/wp:list-item -->\n\n<!-- wp:list-item -->\n<li>Youth and Young Adult Ministers<\/li>\n<!-- \/wp:list-item --><\/ul>\n<!-- \/wp:list -->\n\n<!-- wp:image {\"id\":3389,\"width\":\"451px\",\"height\":\"auto\",\"sizeSlug\":\"large\",\"linkDestination\":\"none\",\"align\":\"center\"} -->\n<figure class=\"wp-block-image aligncenter size-large is-resized\"><img src=\"https:\/\/www.vocationministry.com\/wp-content\/uploads\/2024\/04\/Increases-1024x1024.jpg\" alt=\"\" class=\"wp-image-3389\" style=\"width:451px;height:auto\"\/><\/figure>\n<!-- \/wp:image -->\n\n<!-- wp:heading {\"level\":3} -->\n<h3 class=\"wp-block-heading\"><strong>All workshops are also offered in Spanish!<\/strong><\/h3>\n<!-- \/wp:heading -->\n\n<!-- wp:buttons {\"layout\":{\"type\":\"flex\",\"justifyContent\":\"center\"}} -->\n<div class=\"wp-block-buttons\"><!-- wp:button -->\n<div class=\"wp-block-button\"><a class=\"wp-block-button__link wp-element-button\" href=\"https:\/\/vocationministry.com\/es\/reservar-un-taller\/\">Reservar un Taller en Espa\u00f1ol<\/a><\/div>\n<!-- \/wp:button --><\/div>\n<!-- \/wp:buttons -->\n\n<!-- wp:heading {\"level\":3} -->\n<h3 class=\"wp-block-heading\"><strong>Book A Workshop<\/strong><\/h3>\n<!-- \/wp:heading -->\n\n<!-- wp:paragraph -->\n<p>Please contact Rhonda at <a href=\"mailto:rhonda@vocationministry.com\" target=\"_blank\" rel=\"noreferrer noopener\">rhonda@vocationministry.com<\/a> or <a href=\"mailto:leticia@vocationministry.com\" target=\"_blank\" rel=\"noreferrer noopener\">leticia@vocationministry.com<\/a> in Spanish for schedule information. In your message, please include your organization (and city), requested date(s), what language is preferred for the event (English, Spanish, or both), and the best contact to get back in touch.<\/p>\n<!-- \/wp:paragraph -->\n\n<!-- wp:buttons {\"layout\":{\"type\":\"flex\",\"justifyContent\":\"center\",\"orientation\":\"vertical\"}} -->\n<div class=\"wp-block-buttons\"><!-- wp:button -->\n<div class=\"wp-block-button\"><a class=\"wp-block-button__link wp-element-button\" href=\"https:\/\/www.vocationministry.com\/wp-content\/uploads\/2024\/04\/Bishop-Lucia-Recommendation.pdf\">Letter from Most Rev. Douglas J. Lucia, Bishop of Syracuse<\/a><\/div>\n<!-- \/wp:button -->\n\n<!-- wp:button -->\n<div class=\"wp-block-button\"><a class=\"wp-block-button__link wp-element-button\" href=\"https:\/\/www.vocationministry.com\/wp-content\/uploads\/2024\/04\/William-Crist-Recommendation-compressed-1.pdf\">Letter from William W. Crist, Superintendent<\/a><\/div>\n<!-- \/wp:button -->\n\n<!-- wp:button -->\n<div class=\"wp-block-button\"><a class=\"wp-block-button__link wp-element-button\" href=\"https:\/\/www.vocationministry.com\/wp-content\/uploads\/2024\/04\/Letter-of-Recommendation-from-Father-Jason-Hage.pdf\">Letter from Fr. Jason Hage, Vocation Director<\/a><\/div>\n<!-- \/wp:button -->\n\n<!-- wp:button -->\n<div class=\"wp-block-button\"><a class=\"wp-block-button__link wp-element-button\" href=\"https:\/\/www.vocationministry.com\/wp-content\/uploads\/2024\/04\/Andrea-Slaven-Recommendation.pdf\">Letter from Andrea Slaven, Director of Catechesis<\/a><\/div>\n<!-- \/wp:button -->\n\n<!-- wp:button -->\n<div class=\"wp-block-button\"><a class=\"wp-block-button__link wp-element-button\" href=\"https:\/\/www.vocationministry.com\/wp-content\/uploads\/2024\/04\/Fr.-John-Manno_Vicar-of-Clergy-Syracuse_Endorsement.pdf\">Letter from Rev. John Manno, Vicar for Clergy<\/a><\/div>\n<!-- \/wp:button -->\n\n<!-- wp:button -->\n<div class=\"wp-block-button\"><a class=\"wp-block-button__link wp-element-button\" href=\"https:\/\/www.vocationministry.com\/wp-content\/uploads\/2024\/04\/Fr.-Greg-Gerhart-Recommendation.pdf\">Letter from Fr. Greg Gerhart, Vocations Director<\/a><\/div>\n<!-- \/wp:button --><\/div>\n<!-- \/wp:buttons -->\n\n<!-- wp:paragraph -->\n<p><\/p>\n<!-- \/wp:paragraph -->","_et_gb_content_width":"","advgb_blocks_editor_width":"","advgb_blocks_columns_visual_guide":"","footnotes":""},"class_list":["post-1857","page","type-page","status-publish","hentry"],"acf":[],"yoast_head":"<!-- This site is optimized with the Yoast SEO Premium plugin v24.9 (Yoast SEO v27.5) - https:\/\/yoast.com\/product\/yoast-seo-premium-wordpress\/ -->\n<title>Workshop Overview - Vocation Ministry<\/title>\n<meta name=\"description\" content=\"Whether in-person or virtual, our signature workshops are fast-paced and interactive, covering a variety of vocation-related topics tailored to the audience.\" \/>\n<meta name=\"robots\" content=\"index, follow, max-snippet:-1, max-image-preview:large, max-video-preview:-1\" \/>\n<link rel=\"canonical\" href=\"https:\/\/www.vocationministry.com\/es\/workshops\/workshop-overview\/\" \/>\n<meta property=\"og:locale\" content=\"es_MX\" \/>\n<meta property=\"og:type\" content=\"article\" \/>\n<meta property=\"og:title\" content=\"Workshop Overview\" \/>\n<meta property=\"og:description\" content=\"Whether in-person or virtual, our signature workshops are fast-paced and interactive, covering a variety of vocation-related topics tailored to the audience.\" \/>\n<meta property=\"og:url\" content=\"https:\/\/www.vocationministry.com\/es\/workshops\/workshop-overview\/\" \/>\n<meta property=\"og:site_name\" content=\"Vocation Ministry\" \/>\n<meta property=\"article:publisher\" content=\"https:\/\/www.facebook.com\/VocationMinistry\" \/>\n<meta property=\"article:modified_time\" content=\"2024-10-01T15:56:19+00:00\" \/>\n<meta property=\"og:image\" content=\"https:\/\/www.vocationministry.com\/wp-content\/uploads\/2024\/07\/Blue-VM-Logo-white-Background.png\" \/>\n\t<meta property=\"og:image:width\" content=\"2000\" \/>\n\t<meta property=\"og:image:height\" content=\"1000\" \/>\n\t<meta property=\"og:image:type\" content=\"image\/png\" \/><meta property=\"og:image\" content=\"https:\/\/www.vocationministry.com\/wp-content\/uploads\/2024\/09\/Diocese-Map-updated-8.27.24-1024x576.png\" \/>\n<meta name=\"twitter:card\" content=\"summary_large_image\" \/>\n<meta name=\"twitter:label1\" content=\"Tiempo de lectura\" \/>\n\t<meta name=\"twitter:data1\" content=\"2 minutos\" \/>\n<script type=\"application\/ld+json\" class=\"yoast-schema-graph\">{\"@context\":\"https:\\\/\\\/schema.org\",\"@graph\":[{\"@type\":\"WebPage\",\"@id\":\"https:\\\/\\\/www.vocationministry.com\\\/workshops\\\/workshop-overview\\\/\",\"url\":\"https:\\\/\\\/www.vocationministry.com\\\/workshops\\\/workshop-overview\\\/\",\"name\":\"Workshop Overview - Vocation Ministry\",\"isPartOf\":{\"@id\":\"https:\\\/\\\/www.vocationministry.com\\\/es\\\/#website\"},\"primaryImageOfPage\":{\"@id\":\"https:\\\/\\\/www.vocationministry.com\\\/workshops\\\/workshop-overview\\\/#primaryimage\"},\"image\":{\"@id\":\"https:\\\/\\\/www.vocationministry.com\\\/workshops\\\/workshop-overview\\\/#primaryimage\"},\"thumbnailUrl\":\"https:\\\/\\\/www.vocationministry.com\\\/wp-content\\\/uploads\\\/2024\\\/09\\\/Diocese-Map-updated-8.27.24-1024x576.png\",\"datePublished\":\"2024-03-15T17:33:40+00:00\",\"dateModified\":\"2024-10-01T15:56:19+00:00\",\"description\":\"Whether in-person or virtual, our signature workshops are fast-paced and interactive, covering a variety of vocation-related topics tailored to the audience.\",\"breadcrumb\":{\"@id\":\"https:\\\/\\\/www.vocationministry.com\\\/workshops\\\/workshop-overview\\\/#breadcrumb\"},\"inLanguage\":\"es\",\"potentialAction\":[{\"@type\":\"ReadAction\",\"target\":[\"https:\\\/\\\/www.vocationministry.com\\\/workshops\\\/workshop-overview\\\/\"]}]},{\"@type\":\"ImageObject\",\"inLanguage\":\"es\",\"@id\":\"https:\\\/\\\/www.vocationministry.com\\\/workshops\\\/workshop-overview\\\/#primaryimage\",\"url\":\"https:\\\/\\\/www.vocationministry.com\\\/wp-content\\\/uploads\\\/2024\\\/09\\\/Diocese-Map-updated-8.27.24-1024x576.png\",\"contentUrl\":\"https:\\\/\\\/www.vocationministry.com\\\/wp-content\\\/uploads\\\/2024\\\/09\\\/Diocese-Map-updated-8.27.24-1024x576.png\"},{\"@type\":\"BreadcrumbList\",\"@id\":\"https:\\\/\\\/www.vocationministry.com\\\/workshops\\\/workshop-overview\\\/#breadcrumb\",\"itemListElement\":[{\"@type\":\"ListItem\",\"position\":1,\"name\":\"Home\",\"item\":\"https:\\\/\\\/www.vocationministry.com\\\/\"},{\"@type\":\"ListItem\",\"position\":2,\"name\":\"Workshops\",\"item\":\"https:\\\/\\\/www.vocationministry.com\\\/workshops\\\/\"},{\"@type\":\"ListItem\",\"position\":3,\"name\":\"Workshop Overview\"}]},{\"@type\":\"WebSite\",\"@id\":\"https:\\\/\\\/www.vocationministry.com\\\/es\\\/#website\",\"url\":\"https:\\\/\\\/www.vocationministry.com\\\/es\\\/\",\"name\":\"Vocation Ministry\",\"description\":\"Creating A Culture of Vocations\",\"publisher\":{\"@id\":\"https:\\\/\\\/www.vocationministry.com\\\/es\\\/#organization\"},\"potentialAction\":[{\"@type\":\"SearchAction\",\"target\":{\"@type\":\"EntryPoint\",\"urlTemplate\":\"https:\\\/\\\/www.vocationministry.com\\\/es\\\/?s={search_term_string}\"},\"query-input\":{\"@type\":\"PropertyValueSpecification\",\"valueRequired\":true,\"valueName\":\"search_term_string\"}}],\"inLanguage\":\"es\"},{\"@type\":\"Organization\",\"@id\":\"https:\\\/\\\/www.vocationministry.com\\\/es\\\/#organization\",\"name\":\"Vocation Ministry\",\"url\":\"https:\\\/\\\/www.vocationministry.com\\\/es\\\/\",\"logo\":{\"@type\":\"ImageObject\",\"inLanguage\":\"es\",\"@id\":\"https:\\\/\\\/www.vocationministry.com\\\/es\\\/#\\\/schema\\\/logo\\\/image\\\/\",\"url\":\"https:\\\/\\\/www.vocationministry.com\\\/wp-content\\\/uploads\\\/2024\\\/02\\\/Blue-VM-Logo-white-Background.png\",\"contentUrl\":\"https:\\\/\\\/www.vocationministry.com\\\/wp-content\\\/uploads\\\/2024\\\/02\\\/Blue-VM-Logo-white-Background.png\",\"width\":2000,\"height\":1000,\"caption\":\"Vocation Ministry\"},\"image\":{\"@id\":\"https:\\\/\\\/www.vocationministry.com\\\/es\\\/#\\\/schema\\\/logo\\\/image\\\/\"},\"sameAs\":[\"https:\\\/\\\/www.facebook.com\\\/VocationMinistry\"]}]}<\/script>\n<!-- \/ Yoast SEO Premium plugin. -->","yoast_head_json":{"title":"Descripci\u00f3n general del taller - Vocation Ministry","description":"Ya sean presenciales o virtuales, nuestros talleres exclusivos son r\u00e1pidos e interactivos y cubren una variedad de temas relacionados con la vocaci\u00f3n adaptados a la audiencia.","robots":{"index":"index","follow":"follow","max-snippet":"max-snippet:-1","max-image-preview":"max-image-preview:large","max-video-preview":"max-video-preview:-1"},"canonical":"https:\/\/www.vocationministry.com\/es\/workshops\/workshop-overview\/","og_locale":"es_MX","og_type":"article","og_title":"Workshop Overview","og_description":"Whether in-person or virtual, our signature workshops are fast-paced and interactive, covering a variety of vocation-related topics tailored to the audience.","og_url":"https:\/\/www.vocationministry.com\/es\/workshops\/workshop-overview\/","og_site_name":"Vocation Ministry","article_publisher":"https:\/\/www.facebook.com\/VocationMinistry","article_modified_time":"2024-10-01T15:56:19+00:00","og_image":[{"width":2000,"height":1000,"url":"https:\/\/www.vocationministry.com\/wp-content\/uploads\/2024\/07\/Blue-VM-Logo-white-Background.png","type":"image\/png"},{"url":"https:\/\/www.vocationministry.com\/wp-content\/uploads\/2024\/09\/Diocese-Map-updated-8.27.24-1024x576.png","type":"","width":"","height":""}],"twitter_card":"summary_large_image","twitter_misc":{"Tiempo de lectura":"2 minutos"},"schema":{"@context":"https:\/\/schema.org","@graph":[{"@type":"WebPage","@id":"https:\/\/www.vocationministry.com\/workshops\/workshop-overview\/","url":"https:\/\/www.vocationministry.com\/workshops\/workshop-overview\/","name":"Descripci\u00f3n general del taller - Vocation Ministry","isPartOf":{"@id":"https:\/\/www.vocationministry.com\/es\/#website"},"primaryImageOfPage":{"@id":"https:\/\/www.vocationministry.com\/workshops\/workshop-overview\/#primaryimage"},"image":{"@id":"https:\/\/www.vocationministry.com\/workshops\/workshop-overview\/#primaryimage"},"thumbnailUrl":"https:\/\/www.vocationministry.com\/wp-content\/uploads\/2024\/09\/Diocese-Map-updated-8.27.24-1024x576.png","datePublished":"2024-03-15T17:33:40+00:00","dateModified":"2024-10-01T15:56:19+00:00","description":"Ya sean presenciales o virtuales, nuestros talleres exclusivos son r\u00e1pidos e interactivos y cubren una variedad de temas relacionados con la vocaci\u00f3n adaptados a la audiencia.","breadcrumb":{"@id":"https:\/\/www.vocationministry.com\/workshops\/workshop-overview\/#breadcrumb"},"inLanguage":"es","potentialAction":[{"@type":"ReadAction","target":["https:\/\/www.vocationministry.com\/workshops\/workshop-overview\/"]}]},{"@type":"ImageObject","inLanguage":"es","@id":"https:\/\/www.vocationministry.com\/workshops\/workshop-overview\/#primaryimage","url":"https:\/\/www.vocationministry.com\/wp-content\/uploads\/2024\/09\/Diocese-Map-updated-8.27.24-1024x576.png","contentUrl":"https:\/\/www.vocationministry.com\/wp-content\/uploads\/2024\/09\/Diocese-Map-updated-8.27.24-1024x576.png"},{"@type":"BreadcrumbList","@id":"https:\/\/www.vocationministry.com\/workshops\/workshop-overview\/#breadcrumb","itemListElement":[{"@type":"ListItem","position":1,"name":"Home","item":"https:\/\/www.vocationministry.com\/"},{"@type":"ListItem","position":2,"name":"Workshops","item":"https:\/\/www.vocationministry.com\/workshops\/"},{"@type":"ListItem","position":3,"name":"Workshop Overview"}]},{"@type":"WebSite","@id":"https:\/\/www.vocationministry.com\/es\/#website","url":"https:\/\/www.vocationministry.com\/es\/","name":"Vocation Ministry","description":"Creando una cultura de vocaciones","publisher":{"@id":"https:\/\/www.vocationministry.com\/es\/#organization"},"potentialAction":[{"@type":"SearchAction","target":{"@type":"EntryPoint","urlTemplate":"https:\/\/www.vocationministry.com\/es\/?s={search_term_string}"},"query-input":{"@type":"PropertyValueSpecification","valueRequired":true,"valueName":"search_term_string"}}],"inLanguage":"es"},{"@type":"Organization","@id":"https:\/\/www.vocationministry.com\/es\/#organization","name":"Vocation Ministry","url":"https:\/\/www.vocationministry.com\/es\/","logo":{"@type":"ImageObject","inLanguage":"es","@id":"https:\/\/www.vocationministry.com\/es\/#\/schema\/logo\/image\/","url":"https:\/\/www.vocationministry.com\/wp-content\/uploads\/2024\/02\/Blue-VM-Logo-white-Background.png","contentUrl":"https:\/\/www.vocationministry.com\/wp-content\/uploads\/2024\/02\/Blue-VM-Logo-white-Background.png","width":2000,"height":1000,"caption":"Vocation Ministry"},"image":{"@id":"https:\/\/www.vocationministry.com\/es\/#\/schema\/logo\/image\/"},"sameAs":["https:\/\/www.facebook.com\/VocationMinistry"]}]}},"coauthors":[],"author_meta":{"author_link":"https:\/\/www.vocationministry.com\/es\/author\/impressusart\/","display_name":"impressusart"},"relative_dates":{"created":"Publicado 2 a\u00f1os hace","modified":"Actualizado 2 a\u00f1os hace"},"absolute_dates":{"created":"Publicado el marzo 15, 2024","modified":"Actualizado el octubre 1, 2024"},"absolute_dates_time":{"created":"Publicado el marzo 15, 2024 1:33 pm","modified":"Actualizado el octubre 1, 2024 10:56 am"},"featured_img_caption":"","featured_img":false,"series_order":"","_links":{"self":[{"href":"https:\/\/www.vocationministry.com\/es\/wp-json\/wp\/v2\/pages\/1857","targetHints":{"allow":["GET"]}}],"collection":[{"href":"https:\/\/www.vocationministry.com\/es\/wp-json\/wp\/v2\/pages"}],"about":[{"href":"https:\/\/www.vocationministry.com\/es\/wp-json\/wp\/v2\/types\/page"}],"author":[{"embeddable":true,"href":"https:\/\/www.vocationministry.com\/es\/wp-json\/wp\/v2\/users\/1"}],"replies":[{"embeddable":true,"href":"https:\/\/www.vocationministry.com\/es\/wp-json\/wp\/v2\/comments?post=1857"}],"version-history":[{"count":5,"href":"https:\/\/www.vocationministry.com\/es\/wp-json\/wp\/v2\/pages\/1857\/revisions"}],"predecessor-version":[{"id":8845,"href":"https:\/\/www.vocationministry.com\/es\/wp-json\/wp\/v2\/pages\/1857\/revisions\/8845"}],"up":[{"embeddable":true,"href":"https:\/\/www.vocationministry.com\/es\/wp-json\/wp\/v2\/pages\/469"}],"wp:attachment":[{"href":"https:\/\/www.vocationministry.com\/es\/wp-json\/wp\/v2\/media?parent=1857"}],"curies":[{"name":"Gracias","href":"https:\/\/api.w.org\/{rel}","templated":true}]}}