{"id":1605,"date":"2024-03-15T09:50:30","date_gmt":"2024-03-15T13:50:30","guid":{"rendered":"https:\/\/www.vocationministry.com\/par\/parish\/phase-ii\/youth\/altar-server-recognition\/"},"modified":"2025-07-21T10:03:28","modified_gmt":"2025-07-21T15:03:28","slug":"altar-server-recognition","status":"publish","type":"parish-resource","link":"https:\/\/www.vocationministry.com\/es\/parish-resource\/parish\/phase-i\/affirmation\/altar-server-recognition\/","title":{"rendered":"Reconocimiento del monaguillo en la misa"},"content":{"rendered":"<p>Reconocer a los monaguillos durante la misa es una forma poderosa de reafirmar su servicio y fomentar el discernimiento futuro. Muchos sacerdotes atribuyen su primera sensaci\u00f3n de vocaci\u00f3n al tiempo que dedicaron a servir en el altar. Esta experiencia, marcada por la reverencia, la responsabilidad y la cercan\u00eda a la Eucarist\u00eda, puede sembrar las semillas de una vocaci\u00f3n para toda la vida.<\/p>\n\n\n\n<p>Una parroquia puede celebrar f\u00e1cilmente a estos j\u00f3venes ministros con un breve y emotivo momento durante la misa. Ya sea ofreciendo una bendici\u00f3n especial, un certificado de reconocimiento o un agradecimiento personal del sacerdote, este gesto demuestra a los monaguillos la importancia de su labor. Reconocer p\u00fablicamente su contribuci\u00f3n nutre la confianza espiritual y los invita a seguir sirviendo con alegr\u00eda.<\/p>\n\n\n\n<p>El ministerio de vocaciones de la parroquia puede organizar esta iniciativa, en coordinaci\u00f3n con los organizadores de la liturgia y el p\u00e1rroco. Estos momentos de afirmaci\u00f3n son especialmente significativos en \u00e9pocas clave del a\u00f1o, como la Semana Nacional de Concienciaci\u00f3n Vocacional o un d\u00eda festivo. Cuando los servidores se sienten valorados por su familia parroquial, es m\u00e1s probable que exploren c\u00f3mo podr\u00edan servir a Dios de maneras m\u00e1s profundas.<\/p>\n\n\n\n<p>Este reconocimiento no se trata solo de gratitud, sino de inspirar vocaciones. Honrar a los monaguillos refuerza la conexi\u00f3n entre el servicio en el altar y la vocaci\u00f3n m\u00e1s amplia al sacerdocio o a la vida religiosa. Tambi\u00e9n fortalece la unidad parroquial y resalta la importancia de la participaci\u00f3n de los j\u00f3venes en la Iglesia.<\/p>\n\n\n\n<h4 class=\"wp-block-heading\" id=\"h-resources\">Recursos<\/h4>\n\n\n\n<div class=\"wp-block-columns is-layout-flex wp-container-core-columns-is-layout-9d6595d7 wp-block-columns-is-layout-flex\">\n<div class=\"wp-block-column is-layout-flow wp-block-column-is-layout-flow\">\n<p class=\"has-text-align-center\"><strong>Certificado de monaguillo<\/strong><\/p>\n\n\n\n<figure class=\"wp-block-image aligncenter size-large\"><img loading=\"lazy\" decoding=\"async\" width=\"1024\" height=\"791\" src=\"https:\/\/www.vocationministry.com\/wp-content\/uploads\/2024\/05\/Spanish-Altar-Server-Certificate.png\" alt=\"\" class=\"wp-image-6534\" srcset=\"https:\/\/www.vocationministry.com\/wp-content\/uploads\/2024\/05\/Spanish-Altar-Server-Certificate.png 2200w, https:\/\/www.vocationministry.com\/wp-content\/uploads\/2024\/05\/Spanish-Altar-Server-Certificate-1280x989.png 1280w, https:\/\/www.vocationministry.com\/wp-content\/uploads\/2024\/05\/Spanish-Altar-Server-Certificate-980x757.png 980w, https:\/\/www.vocationministry.com\/wp-content\/uploads\/2024\/05\/Spanish-Altar-Server-Certificate-480x371.png 480w\" sizes=\"(min-width: 0px) and (max-width: 480px) 480px, (min-width: 481px) and (max-width: 980px) 980px, (min-width: 981px) 1024px, 100vw\" \/><\/figure>\n\n\n\n<div class=\"wp-block-buttons is-content-justification-center is-layout-flex wp-container-core-buttons-is-layout-16018d1d wp-block-buttons-is-layout-flex\">\n<div class=\"wp-block-button\"><a class=\"wp-block-button__link wp-element-button\" href=\"https:\/\/www.vocationministry.com\/wp-content\/uploads\/2024\/05\/Altar_Server_Certificate.pdf\">Certificado de monaguillo (PDF)<\/a><\/div>\n\n\n\n<div class=\"wp-block-button\"><a class=\"wp-block-button__link wp-element-button\" href=\"https:\/\/www.vocationministry.com\/wp-content\/uploads\/2024\/05\/Altar_Server_Certificate_Spanish.pdf\">Certificado de Servidor de Altar-Espa\u00f1ol (PDF)<\/a><\/div>\n<\/div>\n<\/div>\n\n\n\n<div class=\"wp-block-column is-layout-flow wp-block-column-is-layout-flow\">\n<p class=\"has-text-align-center\"><strong>Colgante del monaguillo<\/strong><\/p>\n\n\n\n<figure class=\"wp-block-image aligncenter size-full\"><img loading=\"lazy\" decoding=\"async\" width=\"342\" height=\"342\" src=\"https:\/\/www.vocationministry.com\/wp-content\/uploads\/2024\/05\/Altarpendant.jpg\" alt=\"\" class=\"wp-image-6410\" srcset=\"https:\/\/www.vocationministry.com\/wp-content\/uploads\/2024\/05\/Altarpendant.jpg 342w, https:\/\/www.vocationministry.com\/wp-content\/uploads\/2024\/05\/Altarpendant-300x300.jpg 300w, https:\/\/www.vocationministry.com\/wp-content\/uploads\/2024\/05\/Altarpendant-150x150.jpg 150w, https:\/\/www.vocationministry.com\/wp-content\/uploads\/2024\/05\/Altarpendant-12x12.jpg 12w, https:\/\/www.vocationministry.com\/wp-content\/uploads\/2024\/05\/Altarpendant-100x100.jpg 100w\" sizes=\"(max-width: 342px) 100vw, 342px\" \/><\/figure>\n\n\n\n<div class=\"wp-block-buttons is-content-justification-center is-layout-flex wp-container-core-buttons-is-layout-16018d1d wp-block-buttons-is-layout-flex\">\n<div class=\"wp-block-button\"><a class=\"wp-block-button__link wp-element-button\" href=\"https:\/\/www.vianneyvocations.com\/product\/serra-altar-server-award-pendant\/\">Compra aqu\u00ed<\/a><\/div>\n<\/div>\n<\/div>\n<\/div>","protected":false},"author":1,"featured_media":0,"parent":150,"menu_order":0,"template":"","class_list":["post-1605","parish-resource","type-parish-resource","status-publish","hentry"],"acf":[],"yoast_head":"<!-- This site is optimized with the Yoast SEO Premium plugin v24.9 (Yoast SEO v27.5) - https:\/\/yoast.com\/product\/yoast-seo-premium-wordpress\/ -->\n<title>Altar Server Recognition at Mass - Vocation Ministry<\/title>\n<meta name=\"description\" content=\"Celebrate and affirm altar servers at Mass with a special blessing or note of thanks. This simple gesture helps foster vocations and strengthen parish life.\" \/>\n<meta name=\"robots\" content=\"index, follow, max-snippet:-1, max-image-preview:large, max-video-preview:-1\" \/>\n<link rel=\"canonical\" href=\"https:\/\/www.vocationministry.com\/es\/parish-resource\/parish\/phase-i\/affirmation\/altar-server-recognition\/\" \/>\n<meta property=\"og:locale\" content=\"es_MX\" \/>\n<meta property=\"og:type\" content=\"article\" \/>\n<meta property=\"og:title\" content=\"Altar Server Recognition at Mass\" \/>\n<meta property=\"og:description\" content=\"Celebrate and affirm altar servers at Mass with a special blessing or note of thanks. This simple gesture helps foster vocations and strengthen parish life.\" \/>\n<meta property=\"og:url\" content=\"https:\/\/www.vocationministry.com\/es\/parish-resource\/parish\/phase-i\/affirmation\/altar-server-recognition\/\" \/>\n<meta property=\"og:site_name\" content=\"Vocation Ministry\" \/>\n<meta property=\"article:publisher\" content=\"https:\/\/www.facebook.com\/VocationMinistry\" \/>\n<meta property=\"article:modified_time\" content=\"2025-07-21T15:03:28+00:00\" \/>\n<meta property=\"og:image\" content=\"https:\/\/www.vocationministry.com\/wp-content\/uploads\/2024\/07\/Blue-VM-Logo-white-Background.png\" \/>\n\t<meta property=\"og:image:width\" content=\"2000\" \/>\n\t<meta property=\"og:image:height\" content=\"1000\" \/>\n\t<meta property=\"og:image:type\" content=\"image\/png\" \/><meta property=\"og:image\" content=\"https:\/\/www.vocationministry.com\/wp-content\/uploads\/2024\/05\/Altar-Server-Certificate.png\" \/>\n\t<meta property=\"og:image:width\" content=\"2200\" \/>\n\t<meta property=\"og:image:height\" content=\"1700\" \/>\n\t<meta property=\"og:image:type\" content=\"image\/png\" \/>\n<meta name=\"twitter:card\" content=\"summary_large_image\" \/>\n<meta name=\"twitter:label1\" content=\"Tiempo de lectura\" \/>\n\t<meta name=\"twitter:data1\" content=\"2 minutos\" \/>\n<script type=\"application\/ld+json\" class=\"yoast-schema-graph\">{\"@context\":\"https:\\\/\\\/schema.org\",\"@graph\":[{\"@type\":\"WebPage\",\"@id\":\"https:\\\/\\\/www.vocationministry.com\\\/parish-resource\\\/parish\\\/phase-i\\\/affirmation\\\/altar-server-recognition\\\/\",\"url\":\"https:\\\/\\\/www.vocationministry.com\\\/parish-resource\\\/parish\\\/phase-i\\\/affirmation\\\/altar-server-recognition\\\/\",\"name\":\"Altar Server Recognition at Mass - Vocation Ministry\",\"isPartOf\":{\"@id\":\"https:\\\/\\\/www.vocationministry.com\\\/es\\\/#website\"},\"primaryImageOfPage\":{\"@id\":\"https:\\\/\\\/www.vocationministry.com\\\/parish-resource\\\/parish\\\/phase-i\\\/affirmation\\\/altar-server-recognition\\\/#primaryimage\"},\"image\":{\"@id\":\"https:\\\/\\\/www.vocationministry.com\\\/parish-resource\\\/parish\\\/phase-i\\\/affirmation\\\/altar-server-recognition\\\/#primaryimage\"},\"thumbnailUrl\":\"https:\\\/\\\/www.vocationministry.com\\\/wp-content\\\/uploads\\\/2024\\\/05\\\/Altar-Server-Certificate-1024x791.png\",\"datePublished\":\"2024-03-15T13:50:30+00:00\",\"dateModified\":\"2025-07-21T15:03:28+00:00\",\"description\":\"Celebrate and affirm altar servers at Mass with a special blessing or note of thanks. This simple gesture helps foster vocations and strengthen parish life.\",\"breadcrumb\":{\"@id\":\"https:\\\/\\\/www.vocationministry.com\\\/parish-resource\\\/parish\\\/phase-i\\\/affirmation\\\/altar-server-recognition\\\/#breadcrumb\"},\"inLanguage\":\"es\",\"potentialAction\":[{\"@type\":\"ReadAction\",\"target\":[\"https:\\\/\\\/www.vocationministry.com\\\/parish-resource\\\/parish\\\/phase-i\\\/affirmation\\\/altar-server-recognition\\\/\"]}]},{\"@type\":\"ImageObject\",\"inLanguage\":\"es\",\"@id\":\"https:\\\/\\\/www.vocationministry.com\\\/parish-resource\\\/parish\\\/phase-i\\\/affirmation\\\/altar-server-recognition\\\/#primaryimage\",\"url\":\"https:\\\/\\\/www.vocationministry.com\\\/wp-content\\\/uploads\\\/2024\\\/05\\\/Altar-Server-Certificate-1024x791.png\",\"contentUrl\":\"https:\\\/\\\/www.vocationministry.com\\\/wp-content\\\/uploads\\\/2024\\\/05\\\/Altar-Server-Certificate-1024x791.png\"},{\"@type\":\"BreadcrumbList\",\"@id\":\"https:\\\/\\\/www.vocationministry.com\\\/parish-resource\\\/parish\\\/phase-i\\\/affirmation\\\/altar-server-recognition\\\/#breadcrumb\",\"itemListElement\":[{\"@type\":\"ListItem\",\"position\":1,\"name\":\"Home\",\"item\":\"https:\\\/\\\/www.vocationministry.com\\\/\"},{\"@type\":\"ListItem\",\"position\":2,\"name\":\"Parish\",\"item\":\"https:\\\/\\\/www.vocationministry.com\\\/parish-resource\\\/parish\\\/\"},{\"@type\":\"ListItem\",\"position\":3,\"name\":\"Phase I\",\"item\":\"https:\\\/\\\/www.vocationministry.com\\\/parish-resource\\\/parish\\\/phase-i\\\/\"},{\"@type\":\"ListItem\",\"position\":4,\"name\":\"Affirmation\",\"item\":\"https:\\\/\\\/www.vocationministry.com\\\/parish-resource\\\/parish\\\/phase-i\\\/affirmation\\\/\"},{\"@type\":\"ListItem\",\"position\":5,\"name\":\"Altar Server Recognition at Mass\"}]},{\"@type\":\"WebSite\",\"@id\":\"https:\\\/\\\/www.vocationministry.com\\\/es\\\/#website\",\"url\":\"https:\\\/\\\/www.vocationministry.com\\\/es\\\/\",\"name\":\"Vocation Ministry\",\"description\":\"Creating A Culture of Vocations\",\"publisher\":{\"@id\":\"https:\\\/\\\/www.vocationministry.com\\\/es\\\/#organization\"},\"potentialAction\":[{\"@type\":\"SearchAction\",\"target\":{\"@type\":\"EntryPoint\",\"urlTemplate\":\"https:\\\/\\\/www.vocationministry.com\\\/es\\\/?s={search_term_string}\"},\"query-input\":{\"@type\":\"PropertyValueSpecification\",\"valueRequired\":true,\"valueName\":\"search_term_string\"}}],\"inLanguage\":\"es\"},{\"@type\":\"Organization\",\"@id\":\"https:\\\/\\\/www.vocationministry.com\\\/es\\\/#organization\",\"name\":\"Vocation Ministry\",\"url\":\"https:\\\/\\\/www.vocationministry.com\\\/es\\\/\",\"logo\":{\"@type\":\"ImageObject\",\"inLanguage\":\"es\",\"@id\":\"https:\\\/\\\/www.vocationministry.com\\\/es\\\/#\\\/schema\\\/logo\\\/image\\\/\",\"url\":\"https:\\\/\\\/www.vocationministry.com\\\/wp-content\\\/uploads\\\/2024\\\/02\\\/Blue-VM-Logo-white-Background.png\",\"contentUrl\":\"https:\\\/\\\/www.vocationministry.com\\\/wp-content\\\/uploads\\\/2024\\\/02\\\/Blue-VM-Logo-white-Background.png\",\"width\":2000,\"height\":1000,\"caption\":\"Vocation Ministry\"},\"image\":{\"@id\":\"https:\\\/\\\/www.vocationministry.com\\\/es\\\/#\\\/schema\\\/logo\\\/image\\\/\"},\"sameAs\":[\"https:\\\/\\\/www.facebook.com\\\/VocationMinistry\"]}]}<\/script>\n<!-- \/ Yoast SEO Premium plugin. -->","yoast_head_json":{"title":"Reconocimiento del monaguillo en la misa - Vocation Ministry","description":"Celebre y afirme a los monaguillos en la misa con una bendici\u00f3n especial o una nota de agradecimiento. Este sencillo gesto fomenta las vocaciones y fortalece la vida parroquial.","robots":{"index":"index","follow":"follow","max-snippet":"max-snippet:-1","max-image-preview":"max-image-preview:large","max-video-preview":"max-video-preview:-1"},"canonical":"https:\/\/www.vocationministry.com\/es\/parish-resource\/parish\/phase-i\/affirmation\/altar-server-recognition\/","og_locale":"es_MX","og_type":"article","og_title":"Altar Server Recognition at Mass","og_description":"Celebrate and affirm altar servers at Mass with a special blessing or note of thanks. This simple gesture helps foster vocations and strengthen parish life.","og_url":"https:\/\/www.vocationministry.com\/es\/parish-resource\/parish\/phase-i\/affirmation\/altar-server-recognition\/","og_site_name":"Vocation Ministry","article_publisher":"https:\/\/www.facebook.com\/VocationMinistry","article_modified_time":"2025-07-21T15:03:28+00:00","og_image":[{"width":2000,"height":1000,"url":"https:\/\/www.vocationministry.com\/wp-content\/uploads\/2024\/07\/Blue-VM-Logo-white-Background.png","type":"image\/png"},{"width":2200,"height":1700,"url":"https:\/\/www.vocationministry.com\/wp-content\/uploads\/2024\/05\/Altar-Server-Certificate.png","type":"image\/png"}],"twitter_card":"summary_large_image","twitter_misc":{"Tiempo de lectura":"2 minutos"},"schema":{"@context":"https:\/\/schema.org","@graph":[{"@type":"WebPage","@id":"https:\/\/www.vocationministry.com\/parish-resource\/parish\/phase-i\/affirmation\/altar-server-recognition\/","url":"https:\/\/www.vocationministry.com\/parish-resource\/parish\/phase-i\/affirmation\/altar-server-recognition\/","name":"Reconocimiento del monaguillo en la misa - Vocation Ministry","isPartOf":{"@id":"https:\/\/www.vocationministry.com\/es\/#website"},"primaryImageOfPage":{"@id":"https:\/\/www.vocationministry.com\/parish-resource\/parish\/phase-i\/affirmation\/altar-server-recognition\/#primaryimage"},"image":{"@id":"https:\/\/www.vocationministry.com\/parish-resource\/parish\/phase-i\/affirmation\/altar-server-recognition\/#primaryimage"},"thumbnailUrl":"https:\/\/www.vocationministry.com\/wp-content\/uploads\/2024\/05\/Altar-Server-Certificate-1024x791.png","datePublished":"2024-03-15T13:50:30+00:00","dateModified":"2025-07-21T15:03:28+00:00","description":"Celebre y afirme a los monaguillos en la misa con una bendici\u00f3n especial o una nota de agradecimiento. Este sencillo gesto fomenta las vocaciones y fortalece la vida parroquial.","breadcrumb":{"@id":"https:\/\/www.vocationministry.com\/parish-resource\/parish\/phase-i\/affirmation\/altar-server-recognition\/#breadcrumb"},"inLanguage":"es","potentialAction":[{"@type":"ReadAction","target":["https:\/\/www.vocationministry.com\/parish-resource\/parish\/phase-i\/affirmation\/altar-server-recognition\/"]}]},{"@type":"ImageObject","inLanguage":"es","@id":"https:\/\/www.vocationministry.com\/parish-resource\/parish\/phase-i\/affirmation\/altar-server-recognition\/#primaryimage","url":"https:\/\/www.vocationministry.com\/wp-content\/uploads\/2024\/05\/Altar-Server-Certificate-1024x791.png","contentUrl":"https:\/\/www.vocationministry.com\/wp-content\/uploads\/2024\/05\/Altar-Server-Certificate-1024x791.png"},{"@type":"BreadcrumbList","@id":"https:\/\/www.vocationministry.com\/parish-resource\/parish\/phase-i\/affirmation\/altar-server-recognition\/#breadcrumb","itemListElement":[{"@type":"ListItem","position":1,"name":"Home","item":"https:\/\/www.vocationministry.com\/"},{"@type":"ListItem","position":2,"name":"Parish","item":"https:\/\/www.vocationministry.com\/parish-resource\/parish\/"},{"@type":"ListItem","position":3,"name":"Phase I","item":"https:\/\/www.vocationministry.com\/parish-resource\/parish\/phase-i\/"},{"@type":"ListItem","position":4,"name":"Affirmation","item":"https:\/\/www.vocationministry.com\/parish-resource\/parish\/phase-i\/affirmation\/"},{"@type":"ListItem","position":5,"name":"Altar Server Recognition at Mass"}]},{"@type":"WebSite","@id":"https:\/\/www.vocationministry.com\/es\/#website","url":"https:\/\/www.vocationministry.com\/es\/","name":"Vocation Ministry","description":"Creando una cultura de vocaciones","publisher":{"@id":"https:\/\/www.vocationministry.com\/es\/#organization"},"potentialAction":[{"@type":"SearchAction","target":{"@type":"EntryPoint","urlTemplate":"https:\/\/www.vocationministry.com\/es\/?s={search_term_string}"},"query-input":{"@type":"PropertyValueSpecification","valueRequired":true,"valueName":"search_term_string"}}],"inLanguage":"es"},{"@type":"Organization","@id":"https:\/\/www.vocationministry.com\/es\/#organization","name":"Vocation Ministry","url":"https:\/\/www.vocationministry.com\/es\/","logo":{"@type":"ImageObject","inLanguage":"es","@id":"https:\/\/www.vocationministry.com\/es\/#\/schema\/logo\/image\/","url":"https:\/\/www.vocationministry.com\/wp-content\/uploads\/2024\/02\/Blue-VM-Logo-white-Background.png","contentUrl":"https:\/\/www.vocationministry.com\/wp-content\/uploads\/2024\/02\/Blue-VM-Logo-white-Background.png","width":2000,"height":1000,"caption":"Vocation Ministry"},"image":{"@id":"https:\/\/www.vocationministry.com\/es\/#\/schema\/logo\/image\/"},"sameAs":["https:\/\/www.facebook.com\/VocationMinistry"]}]}},"featured_img":false,"coauthors":[],"author_meta":{"author_link":"https:\/\/www.vocationministry.com\/es\/author\/impressusart\/","display_name":"impressusart"},"relative_dates":{"created":"Publicado 2 a\u00f1os hace","modified":"Actualizado 9 meses hace"},"absolute_dates":{"created":"Publicado el marzo 15, 2024","modified":"Actualizado el julio 21, 2025"},"absolute_dates_time":{"created":"Publicado el marzo 15, 2024 9:50 am","modified":"Actualizado el julio 21, 2025 10:03 am"},"featured_img_caption":"","tax_additional":[],"series_order":"","_links":{"self":[{"href":"https:\/\/www.vocationministry.com\/es\/wp-json\/wp\/v2\/parish-resource\/1605","targetHints":{"allow":["GET"]}}],"collection":[{"href":"https:\/\/www.vocationministry.com\/es\/wp-json\/wp\/v2\/parish-resource"}],"about":[{"href":"https:\/\/www.vocationministry.com\/es\/wp-json\/wp\/v2\/types\/parish-resource"}],"version-history":[{"count":4,"href":"https:\/\/www.vocationministry.com\/es\/wp-json\/wp\/v2\/parish-resource\/1605\/revisions"}],"predecessor-version":[{"id":10493,"href":"https:\/\/www.vocationministry.com\/es\/wp-json\/wp\/v2\/parish-resource\/1605\/revisions\/10493"}],"up":[{"embeddable":true,"href":"https:\/\/www.vocationministry.com\/es\/wp-json\/wp\/v2\/parish-resource\/150"}],"wp:attachment":[{"href":"https:\/\/www.vocationministry.com\/es\/wp-json\/wp\/v2\/media?parent=1605"}],"curies":[{"name":"Gracias","href":"https:\/\/api.w.org\/{rel}","templated":true}]}}