{"id":188,"date":"2024-01-15T15:02:13","date_gmt":"2024-01-15T20:02:13","guid":{"rendered":"https:\/\/www.vocationministry.com\/par\/parish\/phase-i\/affirmation\/get-to-know-your-priest-questionnaire\/"},"modified":"2025-07-21T10:16:02","modified_gmt":"2025-07-21T15:16:02","slug":"get-to-know-your-priest-questionnaire","status":"publish","type":"parish-resource","link":"https:\/\/www.vocationministry.com\/es\/parish-resource\/parish\/phase-i\/affirmation\/get-to-know-your-priest-questionnaire\/","title":{"rendered":"Conozca a su clero"},"content":{"rendered":"<p>Conozca a su clero es una forma creativa y atractiva de conectar a los feligreses con quienes les sirven: sacerdotes y di\u00e1conos. Si bien el clero suele dirigir desde el santuario, muchos feligreses conocen poco a la persona que est\u00e1 tras el alzacuellos.<\/p>\n\n\n\n<p>Esta actividad invita a sacerdotes y di\u00e1conos a compartir historias personales, santos favoritos, pasatiempos y datos curiosos mediante un sencillo cuestionario. Compartir esta informaci\u00f3n en el bolet\u00edn, en redes sociales o en carteles fomenta un mayor sentido de familiaridad, aprecio y comunidad.<\/p>\n\n\n\n<p>El ministerio de vocaciones puede ofrecer el mismo conjunto de preguntas a cada cl\u00e9rigo y destacar sus respuestas a lo largo del a\u00f1o, especialmente durante la Semana de las Vocaciones, los aniversarios de ordenaci\u00f3n o los eventos de reconocimiento. Estas miradas a sus vidas recuerdan a la parroquia que los cl\u00e9rigos no solo son l\u00edderes espirituales, sino tambi\u00e9n compa\u00f1eros de camino en la fe.<\/p>\n\n\n\n<p>Como dijo san Agust\u00edn: \u00abCon vosotros soy cristiano; para vosotros soy obispo\u00bb. Compartir historias del clero fortalece las relaciones y ayuda a los fieles a recibir su ministerio con mayor apertura y confianza. Esta actividad tambi\u00e9n anima a los j\u00f3venes a ver a los sacerdotes y di\u00e1conos como modelos de fe accesibles.<\/p>\n\n\n\n<h4 class=\"wp-block-heading\" id=\"h-resources\">Recursos<\/h4>\n\n\n\n<div class=\"wp-block-columns is-layout-flex wp-container-core-columns-is-layout-9d6595d7 wp-block-columns-is-layout-flex\">\n<div class=\"wp-block-column is-layout-flow wp-block-column-is-layout-flow\">\n<p class=\"has-text-align-center\"><strong>Conozca a su sacerdote<\/strong><\/p>\n\n\n\n<figure class=\"wp-block-image aligncenter size-large\"><img loading=\"lazy\" decoding=\"async\" width=\"791\" height=\"1024\" src=\"https:\/\/www.vocationministry.com\/wp-content\/uploads\/2024\/01\/Get-To-Know-Your-Priest-791x1024.png\" alt=\"\" class=\"wp-image-8689\"\/><\/figure>\n\n\n\n<div class=\"wp-block-buttons is-content-justification-center is-layout-flex wp-container-core-buttons-is-layout-16018d1d wp-block-buttons-is-layout-flex\">\n<div class=\"wp-block-button\"><a class=\"wp-block-button__link wp-element-button\" href=\"https:\/\/www.vocationministry.com\/wp-content\/uploads\/2024\/03\/Get-to-Know-Your-Priest.pdf\">Conozca a su sacerdote<\/a><\/div>\n\n\n\n<div class=\"wp-block-button\"><a class=\"wp-block-button__link wp-element-button\" href=\"https:\/\/www.vocationministry.com\/wp-content\/uploads\/2024\/03\/Cuestionario-para-conocer-al-sacerdote-1.pdf\">Conozca a su sacerdote - Espa\u00f1ol<\/a><\/div>\n<\/div>\n<\/div>\n\n\n\n<div class=\"wp-block-column is-layout-flow wp-block-column-is-layout-flow\">\n<p class=\"has-text-align-center\"><strong>Conozca a su di\u00e1cono<\/strong><\/p>\n\n\n\n<figure class=\"wp-block-image size-large\"><img loading=\"lazy\" decoding=\"async\" width=\"791\" height=\"1024\" src=\"https:\/\/www.vocationministry.com\/wp-content\/uploads\/2024\/01\/Deacon-Questionnaire-791x1024.png\" alt=\"\" class=\"wp-image-10497\"\/><\/figure>\n\n\n\n<div class=\"wp-block-buttons is-content-justification-center is-layout-flex wp-container-core-buttons-is-layout-16018d1d wp-block-buttons-is-layout-flex\">\n<div class=\"wp-block-button\"><a class=\"wp-block-button__link wp-element-button\" href=\"https:\/\/www.vocationministry.com\/wp-content\/uploads\/2024\/05\/Get-to-Know-Your-Deacon-questionnaire.pdf\">Conozca a su di\u00e1cono<\/a><\/div>\n\n\n\n<div class=\"wp-block-button\"><a class=\"wp-block-button__link wp-element-button\" href=\"https:\/\/www.vocationministry.com\/wp-content\/uploads\/2024\/05\/Deacon-Questionnaire-Spanish.pdf\">Conozca a su di\u00e1cono - Espa\u00f1ol<\/a><\/div>\n<\/div>\n<\/div>\n<\/div>\n\n\n\n<div style=\"height:30px\" aria-hidden=\"true\" class=\"wp-block-spacer\"><\/div>\n\n\n\n<div class=\"wp-block-columns is-layout-flex wp-container-core-columns-is-layout-9d6595d7 wp-block-columns-is-layout-flex\">\n<div class=\"wp-block-column is-layout-flow wp-block-column-is-layout-flow\">\n<figure class=\"wp-block-image aligncenter size-large\"><img loading=\"lazy\" decoding=\"async\" width=\"1024\" height=\"1024\" src=\"https:\/\/www.vocationministry.com\/wp-content\/uploads\/2024\/03\/get-to-know-your-priest-1024x1024.png\" alt=\"\" class=\"wp-image-1348\" srcset=\"https:\/\/www.vocationministry.com\/wp-content\/uploads\/2024\/03\/get-to-know-your-priest-1024x1024.png 1024w, https:\/\/www.vocationministry.com\/wp-content\/uploads\/2024\/03\/get-to-know-your-priest-980x980.png 980w, https:\/\/www.vocationministry.com\/wp-content\/uploads\/2024\/03\/get-to-know-your-priest-480x480.png 480w\" sizes=\"(min-width: 0px) and (max-width: 480px) 480px, (min-width: 481px) and (max-width: 980px) 980px, (min-width: 981px) 1024px, 100vw\" \/><\/figure>\n<\/div>\n\n\n\n<div class=\"wp-block-column is-layout-flow wp-block-column-is-layout-flow\">\n<p>A continuaci\u00f3n se muestran algunos ejemplos de algunas preguntas:<\/p>\n\n\n\n<ul class=\"wp-block-list\">\n<li>\u00bfQui\u00e9n te ense\u00f1\u00f3 tu fe?<\/li>\n\n\n\n<li>\u00bfQui\u00e9n es tu santo favorito?<\/li>\n\n\n\n<li>\u00bfQu\u00e9 te atrajo del sacerdocio?<\/li>\n\n\n\n<li>\u00bfCu\u00e1ndo es su aniversario de ordenaci\u00f3n?<\/li>\n\n\n\n<li>\u00bfCu\u00e1ndo es su aniversario con nuestra parroquia?<\/li>\n\n\n\n<li>\u00bfCu\u00e1l es tu himno de la iglesia favorito?<\/li>\n\n\n\n<li>\u00bfCu\u00e1l es tu pasatiempo favorito?<\/li>\n\n\n\n<li>\u00bfQu\u00e9 dato curioso que la gente tal vez no sepa sobre ti?<\/li>\n<\/ul>\n<\/div>\n<\/div>","protected":false},"author":1,"featured_media":0,"parent":150,"menu_order":2,"template":"","class_list":["post-188","parish-resource","type-parish-resource","status-publish","hentry"],"acf":[],"yoast_head":"<!-- This site is optimized with the Yoast SEO Premium plugin v24.9 (Yoast SEO v27.5) - https:\/\/yoast.com\/product\/yoast-seo-premium-wordpress\/ -->\n<title>Get to Know Your Clergy - Vocation Ministry<\/title>\n<meta name=\"description\" content=\"Help your parish connect with priests and deacons through fun and heartfelt profiles. Build community and highlight the humanity behind each vocation.\" \/>\n<meta name=\"robots\" content=\"index, follow, max-snippet:-1, max-image-preview:large, max-video-preview:-1\" \/>\n<link rel=\"canonical\" href=\"https:\/\/www.vocationministry.com\/es\/parish-resource\/parish\/phase-i\/affirmation\/get-to-know-your-priest-questionnaire\/\" \/>\n<meta property=\"og:locale\" content=\"es_MX\" \/>\n<meta property=\"og:type\" content=\"article\" \/>\n<meta property=\"og:title\" content=\"Get to Know Your Clergy\" \/>\n<meta property=\"og:description\" content=\"Help your parish connect with priests and deacons through fun and heartfelt profiles. Build community and highlight the humanity behind each vocation.\" \/>\n<meta property=\"og:url\" content=\"https:\/\/www.vocationministry.com\/es\/parish-resource\/parish\/phase-i\/affirmation\/get-to-know-your-priest-questionnaire\/\" \/>\n<meta property=\"og:site_name\" content=\"Vocation Ministry\" \/>\n<meta property=\"article:publisher\" content=\"https:\/\/www.facebook.com\/VocationMinistry\" \/>\n<meta property=\"article:modified_time\" content=\"2025-07-21T15:16:02+00:00\" \/>\n<meta property=\"og:image\" content=\"https:\/\/www.vocationministry.com\/wp-content\/uploads\/2024\/07\/Blue-VM-Logo-white-Background.png\" \/>\n\t<meta property=\"og:image:width\" content=\"2000\" \/>\n\t<meta property=\"og:image:height\" content=\"1000\" \/>\n\t<meta property=\"og:image:type\" content=\"image\/png\" \/><meta property=\"og:image\" content=\"https:\/\/www.vocationministry.com\/wp-content\/uploads\/2024\/01\/Get-To-Know-Your-Priest.png\" \/>\n\t<meta property=\"og:image:width\" content=\"1700\" \/>\n\t<meta property=\"og:image:height\" content=\"2200\" \/>\n\t<meta property=\"og:image:type\" content=\"image\/png\" \/>\n<meta name=\"twitter:card\" content=\"summary_large_image\" \/>\n<meta name=\"twitter:label1\" content=\"Tiempo de lectura\" \/>\n\t<meta name=\"twitter:data1\" content=\"2 minutos\" \/>\n<script type=\"application\/ld+json\" class=\"yoast-schema-graph\">{\"@context\":\"https:\\\/\\\/schema.org\",\"@graph\":[{\"@type\":\"WebPage\",\"@id\":\"https:\\\/\\\/www.vocationministry.com\\\/parish-resource\\\/parish\\\/phase-i\\\/affirmation\\\/get-to-know-your-priest-questionnaire\\\/\",\"url\":\"https:\\\/\\\/www.vocationministry.com\\\/parish-resource\\\/parish\\\/phase-i\\\/affirmation\\\/get-to-know-your-priest-questionnaire\\\/\",\"name\":\"Get to Know Your Clergy - Vocation Ministry\",\"isPartOf\":{\"@id\":\"https:\\\/\\\/www.vocationministry.com\\\/es\\\/#website\"},\"primaryImageOfPage\":{\"@id\":\"https:\\\/\\\/www.vocationministry.com\\\/parish-resource\\\/parish\\\/phase-i\\\/affirmation\\\/get-to-know-your-priest-questionnaire\\\/#primaryimage\"},\"image\":{\"@id\":\"https:\\\/\\\/www.vocationministry.com\\\/parish-resource\\\/parish\\\/phase-i\\\/affirmation\\\/get-to-know-your-priest-questionnaire\\\/#primaryimage\"},\"thumbnailUrl\":\"https:\\\/\\\/www.vocationministry.com\\\/wp-content\\\/uploads\\\/2024\\\/01\\\/Get-To-Know-Your-Priest-791x1024.png\",\"datePublished\":\"2024-01-15T20:02:13+00:00\",\"dateModified\":\"2025-07-21T15:16:02+00:00\",\"description\":\"Help your parish connect with priests and deacons through fun and heartfelt profiles. Build community and highlight the humanity behind each vocation.\",\"breadcrumb\":{\"@id\":\"https:\\\/\\\/www.vocationministry.com\\\/parish-resource\\\/parish\\\/phase-i\\\/affirmation\\\/get-to-know-your-priest-questionnaire\\\/#breadcrumb\"},\"inLanguage\":\"es\",\"potentialAction\":[{\"@type\":\"ReadAction\",\"target\":[\"https:\\\/\\\/www.vocationministry.com\\\/parish-resource\\\/parish\\\/phase-i\\\/affirmation\\\/get-to-know-your-priest-questionnaire\\\/\"]}]},{\"@type\":\"ImageObject\",\"inLanguage\":\"es\",\"@id\":\"https:\\\/\\\/www.vocationministry.com\\\/parish-resource\\\/parish\\\/phase-i\\\/affirmation\\\/get-to-know-your-priest-questionnaire\\\/#primaryimage\",\"url\":\"https:\\\/\\\/www.vocationministry.com\\\/wp-content\\\/uploads\\\/2024\\\/01\\\/Get-To-Know-Your-Priest-791x1024.png\",\"contentUrl\":\"https:\\\/\\\/www.vocationministry.com\\\/wp-content\\\/uploads\\\/2024\\\/01\\\/Get-To-Know-Your-Priest-791x1024.png\"},{\"@type\":\"BreadcrumbList\",\"@id\":\"https:\\\/\\\/www.vocationministry.com\\\/parish-resource\\\/parish\\\/phase-i\\\/affirmation\\\/get-to-know-your-priest-questionnaire\\\/#breadcrumb\",\"itemListElement\":[{\"@type\":\"ListItem\",\"position\":1,\"name\":\"Home\",\"item\":\"https:\\\/\\\/www.vocationministry.com\\\/\"},{\"@type\":\"ListItem\",\"position\":2,\"name\":\"Parish\",\"item\":\"https:\\\/\\\/www.vocationministry.com\\\/parish-resource\\\/parish\\\/\"},{\"@type\":\"ListItem\",\"position\":3,\"name\":\"Phase I\",\"item\":\"https:\\\/\\\/www.vocationministry.com\\\/parish-resource\\\/parish\\\/phase-i\\\/\"},{\"@type\":\"ListItem\",\"position\":4,\"name\":\"Affirmation\",\"item\":\"https:\\\/\\\/www.vocationministry.com\\\/parish-resource\\\/parish\\\/phase-i\\\/affirmation\\\/\"},{\"@type\":\"ListItem\",\"position\":5,\"name\":\"Get to Know Your Clergy\"}]},{\"@type\":\"WebSite\",\"@id\":\"https:\\\/\\\/www.vocationministry.com\\\/es\\\/#website\",\"url\":\"https:\\\/\\\/www.vocationministry.com\\\/es\\\/\",\"name\":\"Vocation Ministry\",\"description\":\"Creating A Culture of Vocations\",\"publisher\":{\"@id\":\"https:\\\/\\\/www.vocationministry.com\\\/es\\\/#organization\"},\"potentialAction\":[{\"@type\":\"SearchAction\",\"target\":{\"@type\":\"EntryPoint\",\"urlTemplate\":\"https:\\\/\\\/www.vocationministry.com\\\/es\\\/?s={search_term_string}\"},\"query-input\":{\"@type\":\"PropertyValueSpecification\",\"valueRequired\":true,\"valueName\":\"search_term_string\"}}],\"inLanguage\":\"es\"},{\"@type\":\"Organization\",\"@id\":\"https:\\\/\\\/www.vocationministry.com\\\/es\\\/#organization\",\"name\":\"Vocation Ministry\",\"url\":\"https:\\\/\\\/www.vocationministry.com\\\/es\\\/\",\"logo\":{\"@type\":\"ImageObject\",\"inLanguage\":\"es\",\"@id\":\"https:\\\/\\\/www.vocationministry.com\\\/es\\\/#\\\/schema\\\/logo\\\/image\\\/\",\"url\":\"https:\\\/\\\/www.vocationministry.com\\\/wp-content\\\/uploads\\\/2024\\\/02\\\/Blue-VM-Logo-white-Background.png\",\"contentUrl\":\"https:\\\/\\\/www.vocationministry.com\\\/wp-content\\\/uploads\\\/2024\\\/02\\\/Blue-VM-Logo-white-Background.png\",\"width\":2000,\"height\":1000,\"caption\":\"Vocation Ministry\"},\"image\":{\"@id\":\"https:\\\/\\\/www.vocationministry.com\\\/es\\\/#\\\/schema\\\/logo\\\/image\\\/\"},\"sameAs\":[\"https:\\\/\\\/www.facebook.com\\\/VocationMinistry\"]}]}<\/script>\n<!-- \/ Yoast SEO Premium plugin. -->","yoast_head_json":{"title":"Conozca a su clero - Vocation Ministry","description":"Ayude a su parroquia a conectar con sacerdotes y di\u00e1conos mediante perfiles divertidos y conmovedores. Fortalezca su comunidad y destaque la humanidad detr\u00e1s de cada vocaci\u00f3n.","robots":{"index":"index","follow":"follow","max-snippet":"max-snippet:-1","max-image-preview":"max-image-preview:large","max-video-preview":"max-video-preview:-1"},"canonical":"https:\/\/www.vocationministry.com\/es\/parish-resource\/parish\/phase-i\/affirmation\/get-to-know-your-priest-questionnaire\/","og_locale":"es_MX","og_type":"article","og_title":"Get to Know Your Clergy","og_description":"Help your parish connect with priests and deacons through fun and heartfelt profiles. Build community and highlight the humanity behind each vocation.","og_url":"https:\/\/www.vocationministry.com\/es\/parish-resource\/parish\/phase-i\/affirmation\/get-to-know-your-priest-questionnaire\/","og_site_name":"Vocation Ministry","article_publisher":"https:\/\/www.facebook.com\/VocationMinistry","article_modified_time":"2025-07-21T15:16:02+00:00","og_image":[{"width":2000,"height":1000,"url":"https:\/\/www.vocationministry.com\/wp-content\/uploads\/2024\/07\/Blue-VM-Logo-white-Background.png","type":"image\/png"},{"width":1700,"height":2200,"url":"https:\/\/www.vocationministry.com\/wp-content\/uploads\/2024\/01\/Get-To-Know-Your-Priest.png","type":"image\/png"}],"twitter_card":"summary_large_image","twitter_misc":{"Tiempo de lectura":"2 minutos"},"schema":{"@context":"https:\/\/schema.org","@graph":[{"@type":"WebPage","@id":"https:\/\/www.vocationministry.com\/parish-resource\/parish\/phase-i\/affirmation\/get-to-know-your-priest-questionnaire\/","url":"https:\/\/www.vocationministry.com\/parish-resource\/parish\/phase-i\/affirmation\/get-to-know-your-priest-questionnaire\/","name":"Conozca a su clero - Vocation Ministry","isPartOf":{"@id":"https:\/\/www.vocationministry.com\/es\/#website"},"primaryImageOfPage":{"@id":"https:\/\/www.vocationministry.com\/parish-resource\/parish\/phase-i\/affirmation\/get-to-know-your-priest-questionnaire\/#primaryimage"},"image":{"@id":"https:\/\/www.vocationministry.com\/parish-resource\/parish\/phase-i\/affirmation\/get-to-know-your-priest-questionnaire\/#primaryimage"},"thumbnailUrl":"https:\/\/www.vocationministry.com\/wp-content\/uploads\/2024\/01\/Get-To-Know-Your-Priest-791x1024.png","datePublished":"2024-01-15T20:02:13+00:00","dateModified":"2025-07-21T15:16:02+00:00","description":"Ayude a su parroquia a conectar con sacerdotes y di\u00e1conos mediante perfiles divertidos y conmovedores. Fortalezca su comunidad y destaque la humanidad detr\u00e1s de cada vocaci\u00f3n.","breadcrumb":{"@id":"https:\/\/www.vocationministry.com\/parish-resource\/parish\/phase-i\/affirmation\/get-to-know-your-priest-questionnaire\/#breadcrumb"},"inLanguage":"es","potentialAction":[{"@type":"ReadAction","target":["https:\/\/www.vocationministry.com\/parish-resource\/parish\/phase-i\/affirmation\/get-to-know-your-priest-questionnaire\/"]}]},{"@type":"ImageObject","inLanguage":"es","@id":"https:\/\/www.vocationministry.com\/parish-resource\/parish\/phase-i\/affirmation\/get-to-know-your-priest-questionnaire\/#primaryimage","url":"https:\/\/www.vocationministry.com\/wp-content\/uploads\/2024\/01\/Get-To-Know-Your-Priest-791x1024.png","contentUrl":"https:\/\/www.vocationministry.com\/wp-content\/uploads\/2024\/01\/Get-To-Know-Your-Priest-791x1024.png"},{"@type":"BreadcrumbList","@id":"https:\/\/www.vocationministry.com\/parish-resource\/parish\/phase-i\/affirmation\/get-to-know-your-priest-questionnaire\/#breadcrumb","itemListElement":[{"@type":"ListItem","position":1,"name":"Home","item":"https:\/\/www.vocationministry.com\/"},{"@type":"ListItem","position":2,"name":"Parish","item":"https:\/\/www.vocationministry.com\/parish-resource\/parish\/"},{"@type":"ListItem","position":3,"name":"Phase I","item":"https:\/\/www.vocationministry.com\/parish-resource\/parish\/phase-i\/"},{"@type":"ListItem","position":4,"name":"Affirmation","item":"https:\/\/www.vocationministry.com\/parish-resource\/parish\/phase-i\/affirmation\/"},{"@type":"ListItem","position":5,"name":"Get to Know Your Clergy"}]},{"@type":"WebSite","@id":"https:\/\/www.vocationministry.com\/es\/#website","url":"https:\/\/www.vocationministry.com\/es\/","name":"Vocation Ministry","description":"Creando una cultura de vocaciones","publisher":{"@id":"https:\/\/www.vocationministry.com\/es\/#organization"},"potentialAction":[{"@type":"SearchAction","target":{"@type":"EntryPoint","urlTemplate":"https:\/\/www.vocationministry.com\/es\/?s={search_term_string}"},"query-input":{"@type":"PropertyValueSpecification","valueRequired":true,"valueName":"search_term_string"}}],"inLanguage":"es"},{"@type":"Organization","@id":"https:\/\/www.vocationministry.com\/es\/#organization","name":"Vocation Ministry","url":"https:\/\/www.vocationministry.com\/es\/","logo":{"@type":"ImageObject","inLanguage":"es","@id":"https:\/\/www.vocationministry.com\/es\/#\/schema\/logo\/image\/","url":"https:\/\/www.vocationministry.com\/wp-content\/uploads\/2024\/02\/Blue-VM-Logo-white-Background.png","contentUrl":"https:\/\/www.vocationministry.com\/wp-content\/uploads\/2024\/02\/Blue-VM-Logo-white-Background.png","width":2000,"height":1000,"caption":"Vocation Ministry"},"image":{"@id":"https:\/\/www.vocationministry.com\/es\/#\/schema\/logo\/image\/"},"sameAs":["https:\/\/www.facebook.com\/VocationMinistry"]}]}},"featured_img":false,"coauthors":[],"author_meta":{"author_link":"https:\/\/www.vocationministry.com\/es\/author\/impressusart\/","display_name":"impressusart"},"relative_dates":{"created":"Publicado 2 a\u00f1os hace","modified":"Actualizado 10 meses hace"},"absolute_dates":{"created":"Publicado el enero 15, 2024","modified":"Actualizado el julio 21, 2025"},"absolute_dates_time":{"created":"Publicado el enero 15, 2024 3:02 pm","modified":"Actualizado el julio 21, 2025 10:16 am"},"featured_img_caption":"","tax_additional":[],"series_order":"","_links":{"self":[{"href":"https:\/\/www.vocationministry.com\/es\/wp-json\/wp\/v2\/parish-resource\/188","targetHints":{"allow":["GET"]}}],"collection":[{"href":"https:\/\/www.vocationministry.com\/es\/wp-json\/wp\/v2\/parish-resource"}],"about":[{"href":"https:\/\/www.vocationministry.com\/es\/wp-json\/wp\/v2\/types\/parish-resource"}],"version-history":[{"count":4,"href":"https:\/\/www.vocationministry.com\/es\/wp-json\/wp\/v2\/parish-resource\/188\/revisions"}],"predecessor-version":[{"id":10498,"href":"https:\/\/www.vocationministry.com\/es\/wp-json\/wp\/v2\/parish-resource\/188\/revisions\/10498"}],"up":[{"embeddable":true,"href":"https:\/\/www.vocationministry.com\/es\/wp-json\/wp\/v2\/parish-resource\/150"}],"wp:attachment":[{"href":"https:\/\/www.vocationministry.com\/es\/wp-json\/wp\/v2\/media?parent=188"}],"curies":[{"name":"Gracias","href":"https:\/\/api.w.org\/{rel}","templated":true}]}}