{"id":9546,"date":"2025-03-03T15:58:56","date_gmt":"2025-03-03T21:58:56","guid":{"rendered":"https:\/\/www.vocationministry.com\/?post_type=parish-resource&#038;p=9546"},"modified":"2026-02-20T14:51:42","modified_gmt":"2026-02-20T20:51:42","slug":"lenten-vocation-ideas-resources","status":"publish","type":"parish-resource","link":"https:\/\/www.vocationministry.com\/es\/parish-resource\/parish\/phase-i\/awareness-and-education\/lenten-vocation-ideas-resources\/","title":{"rendered":"Ideas y recursos para las vocaciones de Cuaresma"},"content":{"rendered":"<p>La Cuaresma es un tiempo de oraci\u00f3n, sacrificio y renovaci\u00f3n, un momento ideal para reflexionar sobre el llamado de Dios en nuestras vidas. A medida que avanzamos hacia la Pascua, se nos invita a profundizar nuestra fe y alentar a otros a hacer lo mismo. Promover las vocaciones durante la Cuaresma permite a los fieles orar y apoyar a quienes est\u00e1n discerniendo el sacerdocio, la vida consagrada y el matrimonio sacramental.<\/p>\n\n\n\n<p>Estos recursos ayudar\u00e1n a las parroquias a incorporar sin problemas las vocaciones en su camino cuaresmal a trav\u00e9s de oraciones, reflexiones para homil\u00edas, folletos y actividades pr\u00e1cticas. Al integrar la conciencia de las vocaciones en las devociones cuaresmales y en la vida parroquial, creamos una cultura en la que m\u00e1s hombres y mujeres est\u00e1n abiertos a escuchar y responder al llamado de Dios.<\/p>\n\n\n\n<h4 class=\"wp-block-heading\" id=\"h-lenten-homily-ideas\">Ideas para la homil\u00eda de Cuaresma<\/h4>\n\n\n\n<div class=\"wp-block-columns is-layout-flex wp-container-core-columns-is-layout-9d6595d7 wp-block-columns-is-layout-flex\">\n<div class=\"wp-block-column is-layout-flow wp-block-column-is-layout-flow\">\n<p>Esta gu\u00eda para la homil\u00eda ofrece a los sacerdotes reflexiones y temas clave de las lecturas dominicales de Cuaresma, conect\u00e1ndolos con el llamado al sacerdocio, la vida consagrada y el matrimonio sacramental. Ofrece ideas, conexiones con las Escrituras y formas pr\u00e1cticas de inspirar a los fieles a orar por las vocaciones y promoverlas durante la Cuaresma.<\/p>\n\n\n\n<div class=\"wp-block-buttons is-content-justification-center is-layout-flex wp-container-core-buttons-is-layout-16018d1d wp-block-buttons-is-layout-flex\">\n<div class=\"wp-block-button\"><a class=\"wp-block-button__link wp-element-button\" href=\"https:\/\/www.vocationministry.com\/wp-content\/uploads\/2026\/02\/Lenten-Homily-Resource-for-Promoting-Vocations-Cycle-A.pdf\" target=\"_blank\" rel=\"noreferrer noopener\">Descarga aqu\u00ed<\/a><\/div>\n<\/div>\n<\/div>\n\n\n\n<div class=\"wp-block-column is-layout-flow wp-block-column-is-layout-flow\">\n<figure class=\"wp-block-image aligncenter size-large is-resized\"><img loading=\"lazy\" decoding=\"async\" width=\"791\" height=\"1024\" src=\"https:\/\/www.vocationministry.com\/wp-content\/uploads\/2025\/03\/Lenten-Homily-1-791x1024.png\" alt=\"\" class=\"wp-image-11439\" style=\"width:345px;height:auto\"\/><\/figure>\n<\/div>\n<\/div>\n\n\n\n<h4 class=\"wp-block-heading\" id=\"h-stations-of-the-cross\">Estaciones de la Cruz<\/h4>\n\n\n\n<div class=\"wp-block-columns is-layout-flex wp-container-core-columns-is-layout-9d6595d7 wp-block-columns-is-layout-flex\">\n<div class=\"wp-block-column is-layout-flow wp-block-column-is-layout-flow\">\n<p class=\"has-text-align-center\"><strong>V\u00eda Crucis<\/strong><\/p>\n\n\n\n<figure class=\"wp-block-image aligncenter size-full\"><img loading=\"lazy\" decoding=\"async\" width=\"396\" height=\"611\" src=\"https:\/\/www.vocationministry.com\/wp-content\/uploads\/2024\/03\/wayofthecross.png\" alt=\"\" class=\"wp-image-11427\" srcset=\"https:\/\/www.vocationministry.com\/wp-content\/uploads\/2024\/03\/wayofthecross.png 396w, https:\/\/www.vocationministry.com\/wp-content\/uploads\/2024\/03\/wayofthecross-194x300.png 194w, https:\/\/www.vocationministry.com\/wp-content\/uploads\/2024\/03\/wayofthecross-8x12.png 8w\" sizes=\"(max-width: 396px) 100vw, 396px\" \/><\/figure>\n\n\n\n<div class=\"wp-block-columns is-layout-flex wp-container-core-columns-is-layout-9d6595d7 wp-block-columns-is-layout-flex\">\n<div class=\"wp-block-column is-layout-flow wp-block-column-is-layout-flow\">\n<p class=\"has-text-align-center\"><strong>Ingl\u00e9s<\/strong><\/p>\n\n\n\n<div class=\"wp-block-buttons is-content-justification-center is-layout-flex wp-container-core-buttons-is-layout-16018d1d wp-block-buttons-is-layout-flex\">\n<div class=\"wp-block-button\"><a class=\"wp-block-button__link wp-element-button\" href=\"https:\/\/www.vocationministry.com\/wp-content\/uploads\/2024\/02\/WCVFull-Engl-17-088A.pdf\" target=\"_blank\" rel=\"noreferrer noopener\">P\u00e1gina completa<\/a><\/div>\n\n\n\n<div class=\"wp-block-button\"><a class=\"wp-block-button__link wp-element-button\" href=\"https:\/\/www.vocationministry.com\/wp-content\/uploads\/2024\/02\/WCVBooklet-Engl-17-088B.pdf\" target=\"_blank\" rel=\"noreferrer noopener\">Folleto<\/a><\/div>\n<\/div>\n<\/div>\n\n\n\n<div class=\"wp-block-column is-layout-flow wp-block-column-is-layout-flow\">\n<p class=\"has-text-align-center\"><strong>Espa\u00f1ol<\/strong><\/p>\n\n\n\n<div class=\"wp-block-buttons is-content-justification-center is-layout-flex wp-container-core-buttons-is-layout-16018d1d wp-block-buttons-is-layout-flex\">\n<div class=\"wp-block-button\"><a class=\"wp-block-button__link wp-element-button\" href=\"https:\/\/www.vocationministry.com\/wp-content\/uploads\/2024\/02\/WCVFull-Spanish-17-088C.pdf\" target=\"_blank\" rel=\"noreferrer noopener\">P\u00e1gina completa<\/a><\/div>\n\n\n\n<div class=\"wp-block-button\"><a class=\"wp-block-button__link wp-element-button\" href=\"https:\/\/www.vocationministry.com\/wp-content\/uploads\/2024\/02\/WCVBooklet-Spanish-17-088D.pdf\" target=\"_blank\" rel=\"noreferrer noopener\">Folleto<\/a><\/div>\n<\/div>\n<\/div>\n\n\n\n<div class=\"wp-block-column is-layout-flow wp-block-column-is-layout-flow\">\n<p class=\"has-text-align-center\"><strong>Biling\u00fce<\/strong><\/p>\n\n\n\n<div class=\"wp-block-buttons is-content-justification-center is-layout-flex wp-container-core-buttons-is-layout-16018d1d wp-block-buttons-is-layout-flex\">\n<div class=\"wp-block-button\"><a class=\"wp-block-button__link wp-element-button\" href=\"https:\/\/www.vocationministry.com\/wp-content\/uploads\/2024\/02\/WCVFull-Bilingual-17-088E.pdf\" target=\"_blank\" rel=\"noreferrer noopener\">Hoja completa<\/a><\/div>\n\n\n\n<div class=\"wp-block-button\"><a class=\"wp-block-button__link wp-element-button\" href=\"https:\/\/www.vocationministry.com\/wp-content\/uploads\/2024\/02\/WCVBooklet-Bilingual-17-088F.pdf\" target=\"_blank\" rel=\"noreferrer noopener\">Folleto<\/a><\/div>\n<\/div>\n<\/div>\n<\/div>\n<\/div>\n<\/div>\n\n\n\n<h4 class=\"wp-block-heading\" id=\"h-kids-activities\">Actividades para ni\u00f1os<\/h4>\n\n\n\n<div class=\"wp-block-columns is-layout-flex wp-container-core-columns-is-layout-9d6595d7 wp-block-columns-is-layout-flex\">\n<div class=\"wp-block-column is-layout-flow wp-block-column-is-layout-flow\">\n<p><strong>Mi diario de cuaresma<\/strong><\/p>\n\n\n\n<figure class=\"wp-block-image aligncenter size-full is-resized\"><img loading=\"lazy\" decoding=\"async\" width=\"945\" height=\"945\" src=\"https:\/\/www.vocationministry.com\/wp-content\/uploads\/2025\/03\/mylentenjournal.png\" alt=\"\" class=\"wp-image-9549\" style=\"width:326px;height:auto\" srcset=\"https:\/\/www.vocationministry.com\/wp-content\/uploads\/2025\/03\/mylentenjournal.png 945w, https:\/\/www.vocationministry.com\/wp-content\/uploads\/2025\/03\/mylentenjournal-480x480.png 480w\" sizes=\"(min-width: 0px) and (max-width: 480px) 480px, (min-width: 481px) 945px, 100vw\" \/><\/figure>\n\n\n\n<p>Inspirar a los ni\u00f1os a seguir el ejemplo de discernimiento vocacional de Jes\u00fas en el desierto reflexionando sobre su propio llamado. <em>Mi viaje de Cuaresma<\/em> Gu\u00eda a los estudiantes a abrir sus corazones a Cristo y descubrir el plan de Dios a trav\u00e9s de la oraci\u00f3n, la reflexi\u00f3n y actividades significativas, haciendo de la Cuaresma un tiempo de crecimiento espiritual y una conexi\u00f3n m\u00e1s profunda con su fe.<\/p>\n\n\n\n<div class=\"wp-block-buttons is-content-justification-center is-layout-flex wp-container-core-buttons-is-layout-16018d1d wp-block-buttons-is-layout-flex\">\n<div class=\"wp-block-button\"><a class=\"wp-block-button__link wp-element-button\" href=\"https:\/\/www.vocationministry.com\/wp-content\/uploads\/2025\/03\/My-Lenten-Journal.pdf\" target=\"_blank\" rel=\"noreferrer noopener\">Descarga aqu\u00ed<\/a><\/div>\n<\/div>\n\n\n\n<p><strong>Estaciones del V\u00eda Crucis para Ni\u00f1os<\/strong><\/p>\n\n\n\n<figure class=\"wp-block-image aligncenter size-large\"><img loading=\"lazy\" decoding=\"async\" width=\"1024\" height=\"791\" src=\"https:\/\/www.vocationministry.com\/wp-content\/uploads\/2026\/01\/Stations-of-the-Cross-for-Kids-1024x791.png\" alt=\"\" class=\"wp-image-11422\" srcset=\"https:\/\/www.vocationministry.com\/wp-content\/uploads\/2026\/01\/Stations-of-the-Cross-for-Kids-980x757.png 980w, https:\/\/www.vocationministry.com\/wp-content\/uploads\/2026\/01\/Stations-of-the-Cross-for-Kids-480x371.png 480w\" sizes=\"(min-width: 0px) and (max-width: 480px) 480px, (min-width: 481px) and (max-width: 980px) 980px, (min-width: 981px) 1024px, 100vw\" \/><\/figure>\n\n\n\n<div class=\"wp-block-buttons is-content-justification-center is-layout-flex wp-container-core-buttons-is-layout-16018d1d wp-block-buttons-is-layout-flex\">\n<div class=\"wp-block-button\"><a class=\"wp-block-button__link wp-element-button\" href=\"https:\/\/www.vocationministry.com\/wp-content\/uploads\/2026\/01\/Stations-of-the-Cross-Coloring-Book-11-x-8.5-in.pdf\">Descargar aqu\u00ed<\/a><\/div>\n<\/div>\n<\/div>\n\n\n\n<div class=\"wp-block-column is-layout-flow wp-block-column-is-layout-flow\">\n<p><strong>Mantel individual de pescado frito<\/strong><\/p>\n\n\n\n<figure class=\"wp-block-image size-large\"><img loading=\"lazy\" decoding=\"async\" width=\"1024\" height=\"663\" src=\"https:\/\/www.vocationministry.com\/wp-content\/uploads\/2024\/05\/Fish-Fry-Placemat-spanish.png\" alt=\"\" class=\"wp-image-6790\" srcset=\"https:\/\/www.vocationministry.com\/wp-content\/uploads\/2024\/05\/Fish-Fry-Placemat-spanish.png 2000w, https:\/\/www.vocationministry.com\/wp-content\/uploads\/2024\/05\/Fish-Fry-Placemat-spanish-1280x828.png 1280w, https:\/\/www.vocationministry.com\/wp-content\/uploads\/2024\/05\/Fish-Fry-Placemat-spanish-980x634.png 980w, https:\/\/www.vocationministry.com\/wp-content\/uploads\/2024\/05\/Fish-Fry-Placemat-spanish-480x311.png 480w\" sizes=\"(min-width: 0px) and (max-width: 480px) 480px, (min-width: 481px) and (max-width: 980px) 980px, (min-width: 981px) 1024px, 100vw\" \/><\/figure>\n\n\n\n<p>\u00a1Convierta la cena de pescado de su parroquia en algo m\u00e1s que una simple comida, convi\u00e9rtala en una oportunidad para inspirar vocaciones! Este atractivo mantel para ni\u00f1os incluye actividades divertidas, oraciones y preguntas de reflexi\u00f3n que los animan a pensar en el llamado de Dios en sus vidas. Es una manera f\u00e1cil de iniciar conversaciones llenas de fe sobre el sacerdocio, la vida consagrada y el matrimonio sacramental, al mismo tiempo que une a las familias durante la Cuaresma.<\/p>\n\n\n\n<div class=\"wp-block-buttons is-content-justification-center is-layout-flex wp-container-core-buttons-is-layout-16018d1d wp-block-buttons-is-layout-flex\">\n<div class=\"wp-block-button\"><a class=\"wp-block-button__link wp-element-button\" href=\"https:\/\/www.vocationministry.com\/es\/parish-resource\/parish\/phase-iii\/awareness-and-education\/fish-fry-for-vocations\/\">M\u00e1s informaci\u00f3n<\/a><\/div>\n<\/div>\n<\/div>\n<\/div>","protected":false},"author":2,"featured_media":0,"parent":154,"menu_order":3,"template":"","class_list":["post-9546","parish-resource","type-parish-resource","status-publish","hentry"],"acf":[],"yoast_head":"<!-- This site is optimized with the Yoast SEO Premium plugin v24.9 (Yoast SEO v27.4) - https:\/\/yoast.com\/product\/yoast-seo-premium-wordpress\/ -->\n<title>Lenten Vocation Ideas &amp; Resources - Vocation Ministry<\/title>\n<meta name=\"robots\" content=\"index, follow, max-snippet:-1, max-image-preview:large, max-video-preview:-1\" \/>\n<link rel=\"canonical\" href=\"https:\/\/www.vocationministry.com\/es\/parish-resource\/parish\/phase-i\/awareness-and-education\/lenten-vocation-ideas-resources\/\" \/>\n<meta property=\"og:locale\" content=\"es_MX\" \/>\n<meta property=\"og:type\" content=\"article\" \/>\n<meta property=\"og:title\" content=\"Lenten Vocation Ideas &amp; Resources\" \/>\n<meta property=\"og:description\" content=\"Lent is a season of prayer, sacrifice, and renewal\u2014an ideal time to reflect on God\u2019s call in our lives. As we journey toward Easter, we are invited to deepen our faith and encourage others to do the same. Promoting vocations during Lent allows the faithful to pray for and support those discerning priesthood, consecrated life, [&hellip;]\" \/>\n<meta property=\"og:url\" content=\"https:\/\/www.vocationministry.com\/es\/parish-resource\/parish\/phase-i\/awareness-and-education\/lenten-vocation-ideas-resources\/\" \/>\n<meta property=\"og:site_name\" content=\"Vocation Ministry\" \/>\n<meta property=\"article:publisher\" content=\"https:\/\/www.facebook.com\/VocationMinistry\" \/>\n<meta property=\"article:modified_time\" content=\"2026-02-20T20:51:42+00:00\" \/>\n<meta property=\"og:image\" content=\"https:\/\/www.vocationministry.com\/wp-content\/uploads\/2024\/07\/Blue-VM-Logo-white-Background.png\" \/>\n\t<meta property=\"og:image:width\" content=\"2000\" \/>\n\t<meta property=\"og:image:height\" content=\"1000\" \/>\n\t<meta property=\"og:image:type\" content=\"image\/png\" \/><meta property=\"og:image\" content=\"https:\/\/www.vocationministry.com\/wp-content\/uploads\/2025\/03\/Lenten-Homily-1.png\" \/>\n\t<meta property=\"og:image:width\" content=\"1700\" \/>\n\t<meta property=\"og:image:height\" content=\"2200\" \/>\n\t<meta property=\"og:image:type\" content=\"image\/png\" \/>\n<meta name=\"twitter:card\" content=\"summary_large_image\" \/>\n<meta name=\"twitter:label1\" content=\"Tiempo de lectura\" \/>\n\t<meta name=\"twitter:data1\" content=\"3 minutos\" \/>\n<script type=\"application\/ld+json\" class=\"yoast-schema-graph\">{\"@context\":\"https:\\\/\\\/schema.org\",\"@graph\":[{\"@type\":\"WebPage\",\"@id\":\"https:\\\/\\\/www.vocationministry.com\\\/parish-resource\\\/parish\\\/phase-i\\\/awareness-and-education\\\/lenten-vocation-ideas-resources\\\/\",\"url\":\"https:\\\/\\\/www.vocationministry.com\\\/parish-resource\\\/parish\\\/phase-i\\\/awareness-and-education\\\/lenten-vocation-ideas-resources\\\/\",\"name\":\"Lenten Vocation Ideas &amp; Resources - Vocation Ministry\",\"isPartOf\":{\"@id\":\"https:\\\/\\\/www.vocationministry.com\\\/es\\\/#website\"},\"primaryImageOfPage\":{\"@id\":\"https:\\\/\\\/www.vocationministry.com\\\/parish-resource\\\/parish\\\/phase-i\\\/awareness-and-education\\\/lenten-vocation-ideas-resources\\\/#primaryimage\"},\"image\":{\"@id\":\"https:\\\/\\\/www.vocationministry.com\\\/parish-resource\\\/parish\\\/phase-i\\\/awareness-and-education\\\/lenten-vocation-ideas-resources\\\/#primaryimage\"},\"thumbnailUrl\":\"https:\\\/\\\/www.vocationministry.com\\\/wp-content\\\/uploads\\\/2025\\\/03\\\/Lenten-Homily-1-791x1024.png\",\"datePublished\":\"2025-03-03T21:58:56+00:00\",\"dateModified\":\"2026-02-20T20:51:42+00:00\",\"breadcrumb\":{\"@id\":\"https:\\\/\\\/www.vocationministry.com\\\/parish-resource\\\/parish\\\/phase-i\\\/awareness-and-education\\\/lenten-vocation-ideas-resources\\\/#breadcrumb\"},\"inLanguage\":\"es\",\"potentialAction\":[{\"@type\":\"ReadAction\",\"target\":[\"https:\\\/\\\/www.vocationministry.com\\\/parish-resource\\\/parish\\\/phase-i\\\/awareness-and-education\\\/lenten-vocation-ideas-resources\\\/\"]}]},{\"@type\":\"ImageObject\",\"inLanguage\":\"es\",\"@id\":\"https:\\\/\\\/www.vocationministry.com\\\/parish-resource\\\/parish\\\/phase-i\\\/awareness-and-education\\\/lenten-vocation-ideas-resources\\\/#primaryimage\",\"url\":\"https:\\\/\\\/www.vocationministry.com\\\/wp-content\\\/uploads\\\/2025\\\/03\\\/Lenten-Homily-1-791x1024.png\",\"contentUrl\":\"https:\\\/\\\/www.vocationministry.com\\\/wp-content\\\/uploads\\\/2025\\\/03\\\/Lenten-Homily-1-791x1024.png\"},{\"@type\":\"BreadcrumbList\",\"@id\":\"https:\\\/\\\/www.vocationministry.com\\\/parish-resource\\\/parish\\\/phase-i\\\/awareness-and-education\\\/lenten-vocation-ideas-resources\\\/#breadcrumb\",\"itemListElement\":[{\"@type\":\"ListItem\",\"position\":1,\"name\":\"Home\",\"item\":\"https:\\\/\\\/www.vocationministry.com\\\/\"},{\"@type\":\"ListItem\",\"position\":2,\"name\":\"Parish\",\"item\":\"https:\\\/\\\/www.vocationministry.com\\\/parish-resource\\\/parish\\\/\"},{\"@type\":\"ListItem\",\"position\":3,\"name\":\"Phase I\",\"item\":\"https:\\\/\\\/www.vocationministry.com\\\/parish-resource\\\/parish\\\/phase-i\\\/\"},{\"@type\":\"ListItem\",\"position\":4,\"name\":\"Awareness and Education\",\"item\":\"https:\\\/\\\/www.vocationministry.com\\\/parish-resource\\\/parish\\\/phase-i\\\/awareness-and-education\\\/\"},{\"@type\":\"ListItem\",\"position\":5,\"name\":\"Lenten Vocation Ideas &amp; Resources\"}]},{\"@type\":\"WebSite\",\"@id\":\"https:\\\/\\\/www.vocationministry.com\\\/es\\\/#website\",\"url\":\"https:\\\/\\\/www.vocationministry.com\\\/es\\\/\",\"name\":\"Vocation Ministry\",\"description\":\"Creating A Culture of Vocations\",\"publisher\":{\"@id\":\"https:\\\/\\\/www.vocationministry.com\\\/es\\\/#organization\"},\"potentialAction\":[{\"@type\":\"SearchAction\",\"target\":{\"@type\":\"EntryPoint\",\"urlTemplate\":\"https:\\\/\\\/www.vocationministry.com\\\/es\\\/?s={search_term_string}\"},\"query-input\":{\"@type\":\"PropertyValueSpecification\",\"valueRequired\":true,\"valueName\":\"search_term_string\"}}],\"inLanguage\":\"es\"},{\"@type\":\"Organization\",\"@id\":\"https:\\\/\\\/www.vocationministry.com\\\/es\\\/#organization\",\"name\":\"Vocation Ministry\",\"url\":\"https:\\\/\\\/www.vocationministry.com\\\/es\\\/\",\"logo\":{\"@type\":\"ImageObject\",\"inLanguage\":\"es\",\"@id\":\"https:\\\/\\\/www.vocationministry.com\\\/es\\\/#\\\/schema\\\/logo\\\/image\\\/\",\"url\":\"https:\\\/\\\/www.vocationministry.com\\\/wp-content\\\/uploads\\\/2024\\\/02\\\/Blue-VM-Logo-white-Background.png\",\"contentUrl\":\"https:\\\/\\\/www.vocationministry.com\\\/wp-content\\\/uploads\\\/2024\\\/02\\\/Blue-VM-Logo-white-Background.png\",\"width\":2000,\"height\":1000,\"caption\":\"Vocation Ministry\"},\"image\":{\"@id\":\"https:\\\/\\\/www.vocationministry.com\\\/es\\\/#\\\/schema\\\/logo\\\/image\\\/\"},\"sameAs\":[\"https:\\\/\\\/www.facebook.com\\\/VocationMinistry\"]}]}<\/script>\n<!-- \/ Yoast SEO Premium plugin. -->","yoast_head_json":{"title":"Ideas y recursos vocacionales para la Cuaresma - Vocation Ministry","robots":{"index":"index","follow":"follow","max-snippet":"max-snippet:-1","max-image-preview":"max-image-preview:large","max-video-preview":"max-video-preview:-1"},"canonical":"https:\/\/www.vocationministry.com\/es\/parish-resource\/parish\/phase-i\/awareness-and-education\/lenten-vocation-ideas-resources\/","og_locale":"es_MX","og_type":"article","og_title":"Lenten Vocation Ideas &amp; Resources","og_description":"Lent is a season of prayer, sacrifice, and renewal\u2014an ideal time to reflect on God\u2019s call in our lives. As we journey toward Easter, we are invited to deepen our faith and encourage others to do the same. Promoting vocations during Lent allows the faithful to pray for and support those discerning priesthood, consecrated life, [&hellip;]","og_url":"https:\/\/www.vocationministry.com\/es\/parish-resource\/parish\/phase-i\/awareness-and-education\/lenten-vocation-ideas-resources\/","og_site_name":"Vocation Ministry","article_publisher":"https:\/\/www.facebook.com\/VocationMinistry","article_modified_time":"2026-02-20T20:51:42+00:00","og_image":[{"width":2000,"height":1000,"url":"https:\/\/www.vocationministry.com\/wp-content\/uploads\/2024\/07\/Blue-VM-Logo-white-Background.png","type":"image\/png"},{"width":1700,"height":2200,"url":"https:\/\/www.vocationministry.com\/wp-content\/uploads\/2025\/03\/Lenten-Homily-1.png","type":"image\/png"}],"twitter_card":"summary_large_image","twitter_misc":{"Tiempo de lectura":"3 minutos"},"schema":{"@context":"https:\/\/schema.org","@graph":[{"@type":"WebPage","@id":"https:\/\/www.vocationministry.com\/parish-resource\/parish\/phase-i\/awareness-and-education\/lenten-vocation-ideas-resources\/","url":"https:\/\/www.vocationministry.com\/parish-resource\/parish\/phase-i\/awareness-and-education\/lenten-vocation-ideas-resources\/","name":"Ideas y recursos vocacionales para la Cuaresma - Vocation Ministry","isPartOf":{"@id":"https:\/\/www.vocationministry.com\/es\/#website"},"primaryImageOfPage":{"@id":"https:\/\/www.vocationministry.com\/parish-resource\/parish\/phase-i\/awareness-and-education\/lenten-vocation-ideas-resources\/#primaryimage"},"image":{"@id":"https:\/\/www.vocationministry.com\/parish-resource\/parish\/phase-i\/awareness-and-education\/lenten-vocation-ideas-resources\/#primaryimage"},"thumbnailUrl":"https:\/\/www.vocationministry.com\/wp-content\/uploads\/2025\/03\/Lenten-Homily-1-791x1024.png","datePublished":"2025-03-03T21:58:56+00:00","dateModified":"2026-02-20T20:51:42+00:00","breadcrumb":{"@id":"https:\/\/www.vocationministry.com\/parish-resource\/parish\/phase-i\/awareness-and-education\/lenten-vocation-ideas-resources\/#breadcrumb"},"inLanguage":"es","potentialAction":[{"@type":"ReadAction","target":["https:\/\/www.vocationministry.com\/parish-resource\/parish\/phase-i\/awareness-and-education\/lenten-vocation-ideas-resources\/"]}]},{"@type":"ImageObject","inLanguage":"es","@id":"https:\/\/www.vocationministry.com\/parish-resource\/parish\/phase-i\/awareness-and-education\/lenten-vocation-ideas-resources\/#primaryimage","url":"https:\/\/www.vocationministry.com\/wp-content\/uploads\/2025\/03\/Lenten-Homily-1-791x1024.png","contentUrl":"https:\/\/www.vocationministry.com\/wp-content\/uploads\/2025\/03\/Lenten-Homily-1-791x1024.png"},{"@type":"BreadcrumbList","@id":"https:\/\/www.vocationministry.com\/parish-resource\/parish\/phase-i\/awareness-and-education\/lenten-vocation-ideas-resources\/#breadcrumb","itemListElement":[{"@type":"ListItem","position":1,"name":"Home","item":"https:\/\/www.vocationministry.com\/"},{"@type":"ListItem","position":2,"name":"Parish","item":"https:\/\/www.vocationministry.com\/parish-resource\/parish\/"},{"@type":"ListItem","position":3,"name":"Phase I","item":"https:\/\/www.vocationministry.com\/parish-resource\/parish\/phase-i\/"},{"@type":"ListItem","position":4,"name":"Awareness and Education","item":"https:\/\/www.vocationministry.com\/parish-resource\/parish\/phase-i\/awareness-and-education\/"},{"@type":"ListItem","position":5,"name":"Lenten Vocation Ideas &amp; Resources"}]},{"@type":"WebSite","@id":"https:\/\/www.vocationministry.com\/es\/#website","url":"https:\/\/www.vocationministry.com\/es\/","name":"Vocation Ministry","description":"Creando una cultura de vocaciones","publisher":{"@id":"https:\/\/www.vocationministry.com\/es\/#organization"},"potentialAction":[{"@type":"SearchAction","target":{"@type":"EntryPoint","urlTemplate":"https:\/\/www.vocationministry.com\/es\/?s={search_term_string}"},"query-input":{"@type":"PropertyValueSpecification","valueRequired":true,"valueName":"search_term_string"}}],"inLanguage":"es"},{"@type":"Organization","@id":"https:\/\/www.vocationministry.com\/es\/#organization","name":"Vocation Ministry","url":"https:\/\/www.vocationministry.com\/es\/","logo":{"@type":"ImageObject","inLanguage":"es","@id":"https:\/\/www.vocationministry.com\/es\/#\/schema\/logo\/image\/","url":"https:\/\/www.vocationministry.com\/wp-content\/uploads\/2024\/02\/Blue-VM-Logo-white-Background.png","contentUrl":"https:\/\/www.vocationministry.com\/wp-content\/uploads\/2024\/02\/Blue-VM-Logo-white-Background.png","width":2000,"height":1000,"caption":"Vocation Ministry"},"image":{"@id":"https:\/\/www.vocationministry.com\/es\/#\/schema\/logo\/image\/"},"sameAs":["https:\/\/www.facebook.com\/VocationMinistry"]}]}},"featured_img":false,"coauthors":[],"author_meta":{"author_link":"https:\/\/www.vocationministry.com\/es\/author\/marketing\/","display_name":"McKinsey Ogle"},"relative_dates":{"created":"Publicado 1 a\u00f1o hace","modified":"Actualizado 2 meses hace"},"absolute_dates":{"created":"Publicado el marzo 3, 2025","modified":"Actualizado el febrero 20, 2026"},"absolute_dates_time":{"created":"Publicado el marzo 3, 2025 3:58 pm","modified":"Actualizado el febrero 20, 2026 2:51 pm"},"featured_img_caption":"","tax_additional":[],"series_order":"","_links":{"self":[{"href":"https:\/\/www.vocationministry.com\/es\/wp-json\/wp\/v2\/parish-resource\/9546","targetHints":{"allow":["GET"]}}],"collection":[{"href":"https:\/\/www.vocationministry.com\/es\/wp-json\/wp\/v2\/parish-resource"}],"about":[{"href":"https:\/\/www.vocationministry.com\/es\/wp-json\/wp\/v2\/types\/parish-resource"}],"version-history":[{"count":4,"href":"https:\/\/www.vocationministry.com\/es\/wp-json\/wp\/v2\/parish-resource\/9546\/revisions"}],"predecessor-version":[{"id":11520,"href":"https:\/\/www.vocationministry.com\/es\/wp-json\/wp\/v2\/parish-resource\/9546\/revisions\/11520"}],"up":[{"embeddable":true,"href":"https:\/\/www.vocationministry.com\/es\/wp-json\/wp\/v2\/parish-resource\/154"}],"wp:attachment":[{"href":"https:\/\/www.vocationministry.com\/es\/wp-json\/wp\/v2\/media?parent=9546"}],"curies":[{"name":"Gracias","href":"https:\/\/api.w.org\/{rel}","templated":true}]}}