{"id":61,"date":"2024-01-09T17:14:28","date_gmt":"2024-01-09T22:14:28","guid":{"rendered":"https:\/\/www.vocationministry.com\/par\/parish\/phase-i\/world-day-for-consecrated-life\/"},"modified":"2026-02-10T09:48:12","modified_gmt":"2026-02-10T15:48:12","slug":"world-day-for-consecrated-life","status":"publish","type":"vocation-day","link":"https:\/\/www.vocationministry.com\/es\/vocation-day\/vocation-days\/world-day-for-consecrated-life\/","title":{"rendered":"Jornada Mundial de la Vida Consagrada"},"content":{"rendered":"<h2 class=\"wp-block-heading has-text-align-center\" id=\"h-world-day-for-consecrated-life\">Jornada Mundial de la Vida Consagrada <\/h2>\n\n\n\n<p class=\"has-text-align-center\"><strong>2 de febrero | Fiesta de la Presentaci\u00f3n de Nuestro Se\u00f1or<\/strong><\/p>\n\n\n\n<div class=\"wp-block-advgb-adv-tabs advgb-tabs-wrapper advgb-tab-horz-desktop advgb-tab-vert-tablet advgb-tab-stack-mobile advgb-tabs-c27b02c0-da90-4cd7-86a5-49239e29a7b2\" data-tab-active=\"0\"><ul class=\"advgb-tabs-panel\" role=\"tablist\"><li class=\"advgb-tab advgb-tab-active\" role=\"presentation\" style=\"background-color:#9fc9eb;border-style:solid;border-width:1px;border-color:#abb8c3;border-radius:0px\"><button class=\"advgb-tab-button\" id=\"advgb-tab-_4f3fb9-ce-0\" aria-controls=\"advgb-tab-panel-_4f3fb9-ce-0\" role=\"tab\" aria-selected=\"true\" tabindex=\"0\" style=\"color:#29538b;background:none;border:none;width:100%;text-align:inherit;cursor:pointer;padding:8px 16px;font:inherit\"><span>Parroquia<\/span><\/button><\/li><li class=\"advgb-tab\" role=\"presentation\" style=\"background-color:#9fc9eb;border-style:solid;border-width:1px;border-color:#abb8c3;border-radius:0px\"><button class=\"advgb-tab-button\" id=\"advgb-tab-_4f3fb9-ce-1\" aria-controls=\"advgb-tab-panel-_4f3fb9-ce-1\" role=\"tab\" aria-selected=\"false\" tabindex=\"0\" style=\"color:#29538b;background:none;border:none;width:100%;text-align:inherit;cursor:pointer;padding:8px 16px;font:inherit\"><span>Educaci\u00f3n<\/span><\/button><\/li><\/ul><div class=\"advgb-tab-body-wrapper\" style=\"background-color:#f3f3f3;border-style:solid;border-width:1px;border-color:#abb8c3;border-radius:0px\">\n<div class=\"wp-block-advgb-tab advgb-tab-body-container\"><div class=\"advgb-tab-body-header advgb-tab-class-\" id=\"advgb-tab-panel-_4f3fb9-ce-0\" role=\"tabpanel\" aria-labelledby=\"advgb-tab-_4f3fb9-ce-0\" tabindex=\"0\"><span>Parroquia<\/span><\/div><div class=\"advgb-tab-_4f3fb9-ce advgb-tab-body\" aria-labelledby=\"advgb-tab-panel-_4f3fb9-ce-0\" style=\"display:none\">\n<div class=\"wp-block-columns is-layout-flex wp-container-core-columns-is-layout-9d6595d7 wp-block-columns-is-layout-flex\">\n<div class=\"wp-block-column is-layout-flow wp-block-column-is-layout-flow\">\n<div class=\"wp-block-buttons is-content-justification-center is-layout-flex wp-container-core-buttons-is-layout-16018d1d wp-block-buttons-is-layout-flex\">\n<div class=\"wp-block-button\"><a class=\"wp-block-button__link wp-element-button\" href=\"https:\/\/www.vocationministry.com\/wp-content\/uploads\/2024\/03\/World-Day-for-Consecrated-Life-Mass-Announcements.pdf\" target=\"_blank\" rel=\"noreferrer noopener\">Anuncios masivos<\/a><\/div>\n<\/div>\n<\/div>\n\n\n\n<div class=\"wp-block-column is-layout-flow wp-block-column-is-layout-flow\">\n<div class=\"wp-block-buttons is-content-justification-center is-layout-flex wp-container-core-buttons-is-layout-16018d1d wp-block-buttons-is-layout-flex\">\n<div class=\"wp-block-button\"><a class=\"wp-block-button__link wp-element-button\" href=\"https:\/\/www.vocationministry.com\/wp-content\/uploads\/2024\/01\/Intercessions-for-Consecrated-Life.pdf\" target=\"_blank\" rel=\"noreferrer noopener\">Intercesiones generales<\/a><\/div>\n<\/div>\n<\/div>\n\n\n\n<div class=\"wp-block-column is-layout-flow wp-block-column-is-layout-flow\">\n<div class=\"wp-block-buttons is-content-justification-center is-layout-flex wp-container-core-buttons-is-layout-16018d1d wp-block-buttons-is-layout-flex\">\n<div class=\"wp-block-button\"><a class=\"wp-block-button__link wp-element-button\" href=\"https:\/\/www.vocationministry.com\/wp-content\/uploads\/2024\/04\/World-Day-for-Consecrated-Life-Bulletin-Blurbs-1.pdf\" target=\"_blank\" rel=\"noreferrer noopener\">Anuncios de boletines<\/a><\/div>\n<\/div>\n<\/div>\n<\/div>\n\n\n\n<div class=\"wp-block-columns is-layout-flex wp-container-core-columns-is-layout-9d6595d7 wp-block-columns-is-layout-flex\">\n<div class=\"wp-block-column is-layout-flow wp-block-column-is-layout-flow\"><\/div>\n\n\n\n<div class=\"wp-block-column is-layout-flow wp-block-column-is-layout-flow\"><\/div>\n\n\n\n<div class=\"wp-block-column is-layout-flow wp-block-column-is-layout-flow\"><\/div>\n<\/div>\n\n\n\n<div class=\"wp-block-media-text has-media-on-the-right is-stacked-on-mobile\"><div class=\"wp-block-media-text__content\">\n<p>La vida consagrada es un don bendito dado por Jesucristo, que elige a una persona para responder de manera distinta y especial a su gran llamada de amor. Pide que la persona deje atr\u00e1s aspectos del mundo como el matrimonio y la riqueza para servir a sus hermanos y hermanas. Sensibilizar y orar por los consagrados a Cristo es un objetivo fundamental de este ministerio.<\/p>\n<\/div><figure class=\"wp-block-media-text__media\"><img loading=\"lazy\" decoding=\"async\" width=\"720\" height=\"480\" src=\"https:\/\/www.vocationministry.com\/wp-content\/uploads\/2024\/01\/Consecrated-Life.jpg\" alt=\"\" class=\"wp-image-226 size-full\" srcset=\"https:\/\/www.vocationministry.com\/wp-content\/uploads\/2024\/01\/Consecrated-Life.jpg 720w, https:\/\/www.vocationministry.com\/wp-content\/uploads\/2024\/01\/Consecrated-Life-480x320.jpg 480w\" sizes=\"(min-width: 0px) and (max-width: 480px) 480px, (min-width: 481px) 720px, 100vw\" \/><\/figure><\/div>\n\n\n\n<h4 class=\"wp-block-heading\" id=\"h-ideas\"><strong>Ideas:<\/strong><\/h4>\n\n\n\n<p>Considere una de estas actividades en su parroquia para este evento que celebra a los hombres y mujeres que han dicho s\u00ed a servir a Cristo con sus vidas:<\/p>\n\n\n\n<ol class=\"wp-block-list\">\n<li>P\u00eddale al coordinador de liturgia de la parroquia que incluya una petici\u00f3n de oraci\u00f3n por hombres y mujeres consagrados en las Oraciones de los Fieles (ver Intercesiones Generales arriba).<\/li>\n\n\n\n<li>Realice una colecta de tarjetas de regalo y env\u00edelas junto con una tarjeta a aquellos hombres y mujeres consagrados de su propia parroquia. Si no tienes ninguno, env\u00edalos a alg\u00fan convento o monasterio cercano.<\/li>\n\n\n\n<li>Mostrar esto un <a href=\"https:\/\/www.vocationministry.com\/es\/vocation-day\/vocation-days\/banners\/\">Pancarta de la Jornada Mundial de la Vida Consagrada.<\/a><\/li>\n\n\n\n<li>Obtener carteles de los consagrados en formaci\u00f3n en la Oficina de Vocaciones, para colocarlos en la entrada de cada parroquia. Si no los producen, considere exhibir&nbsp;<a href=\"https:\/\/www.vocationministry.com\/es\/vocation-day\/vocation-days\/posters\/\" target=\"_blank\" rel=\"noreferrer noopener\">un p\u00f3ster<\/a>.<\/li>\n\n\n\n<li>Pida a hombres o mujeres consagrados, lo que incluye hermanas y hermanos religiosos, que hablen despu\u00e9s de la Misa, en una recepci\u00f3n, en una asamblea escolar y\/o en un evento de ministerio juvenil.<\/li>\n\n\n\n<li>Si no tienes ning\u00fan hombre o mujer consagrados en tu \u00e1rea que pueda visitarte, considera jugar en uno de los muchos <a href=\"https:\/\/www.vocationministry.com\/es\/parish-resource\/parish\/phase-ii\/youth\/vocation-video\/\">V\u00eddeos vocacionales<\/a> en la Fase II, que muestran la vida consagrada de una manera hermosa, inspiradora e instructiva.<\/li>\n\n\n\n<li>Pida a los feligreses que oren por cada uno de los hombres y mujeres consagrados, utilizando estas tarjetas de oraci\u00f3n (<a href=\"https:\/\/www.vocationministry.com\/wp-content\/uploads\/2024\/01\/Prayer-for-Consecrated-Life-cards-ENG.pdf\" target=\"_blank\" rel=\"noreferrer noopener\">Ingl\u00e9s<\/a> | <a href=\"https:\/\/www.vocationministry.com\/wp-content\/uploads\/2024\/01\/Prayer-for-Consecrated-Life-cards-SPA.pdf\" data-type=\"link\" data-id=\"https:\/\/www.vocationministry.com\/wp-content\/uploads\/2024\/01\/Prayer-for-Consecrated-Life-cards-SPA.pdf\">Espa\u00f1ol<\/a>).<\/li>\n\n\n\n<li>Si su ministerio vocacional parroquial est\u00e1 operando en la Fase III o IV, considere ejecutar <a href=\"https:\/\/www.vocationministry.com\/es\/parish-resource\/parish\/phase-iii\/awareness-and-education\/called-by-name\/\" target=\"_blank\" rel=\"noreferrer noopener\">Llamado por nombre<\/a>.<\/li>\n\n\n\n<li>hacer un <a href=\"https:\/\/www.vocationministry.com\/wp-content\/uploads\/2024\/01\/Consecrated-Life-Bulletin-Series.docx\">serie de boletines<\/a> que pone de relieve una vida consagrada.<\/li>\n<\/ol>\n\n\n\n<div class=\"wp-block-columns is-layout-flex wp-container-core-columns-is-layout-9d6595d7 wp-block-columns-is-layout-flex\">\n<div class=\"wp-block-column is-layout-flow wp-block-column-is-layout-flow\"><\/div>\n\n\n\n<div class=\"wp-block-column is-layout-flow wp-block-column-is-layout-flow\"><\/div>\n\n\n\n<div class=\"wp-block-column is-layout-flow wp-block-column-is-layout-flow\"><\/div>\n<\/div>\n<\/div><\/div>\n\n\n\n<div class=\"wp-block-advgb-tab advgb-tab-body-container\"><div class=\"advgb-tab-body-header advgb-tab-class- header-active\" id=\"advgb-tab-panel-_4f3fb9-ce-1\" role=\"tabpanel\" aria-labelledby=\"advgb-tab-_4f3fb9-ce-1\" tabindex=\"0\"><span>Educaci\u00f3n<\/span><\/div><div class=\"advgb-tab-_4f3fb9-ce advgb-tab-body\" aria-labelledby=\"advgb-tab-panel-_4f3fb9-ce-1\" style=\"display:block\">\n<div class=\"wp-block-buttons is-content-justification-center is-layout-flex wp-container-core-buttons-is-layout-16018d1d wp-block-buttons-is-layout-flex\">\n<div class=\"wp-block-button is-style-default\"><a class=\"wp-block-button__link wp-element-button\">Anuncios<\/a><\/div>\n\n\n\n<div class=\"wp-block-button\"><a class=\"wp-block-button__link wp-element-button\">Intercesiones generales<\/a><\/div>\n\n\n\n<div class=\"wp-block-button\"><a class=\"wp-block-button__link wp-element-button\">Anuncios del bolet\u00edn<\/a><\/div>\n<\/div>\n\n\n\n<div class=\"wp-block-media-text has-media-on-the-right is-stacked-on-mobile\"><div class=\"wp-block-media-text__content\">\n<p>La vida consagrada es un don bendito dado por Jesucristo, que elige a una persona para responder de manera distinta y especial a su gran llamada de amor. Pide que la persona deje atr\u00e1s aspectos del mundo como el matrimonio y la riqueza para servir a sus hermanos y hermanas. Sensibilizar y orar por los consagrados a Cristo es un objetivo fundamental de este ministerio.<\/p>\n<\/div><figure class=\"wp-block-media-text__media\"><img loading=\"lazy\" decoding=\"async\" width=\"720\" height=\"480\" src=\"https:\/\/www.vocationministry.com\/wp-content\/uploads\/2024\/01\/Consecrated-Life.jpg\" alt=\"\" class=\"wp-image-226 size-full\" srcset=\"https:\/\/www.vocationministry.com\/wp-content\/uploads\/2024\/01\/Consecrated-Life.jpg 720w, https:\/\/www.vocationministry.com\/wp-content\/uploads\/2024\/01\/Consecrated-Life-480x320.jpg 480w\" sizes=\"(min-width: 0px) and (max-width: 480px) 480px, (min-width: 481px) 720px, 100vw\" \/><\/figure><\/div>\n\n\n\n<h4 class=\"wp-block-heading\" id=\"h-ideas-0\"><strong>Ideas:<\/strong><\/h4>\n\n\n\n<p>Considere una de estas actividades en su escuela para este evento que celebra a los hombres y mujeres que han dicho s\u00ed a servir a Cristo con sus vidas:<\/p>\n\n\n\n<ol class=\"wp-block-list\">\n<li>Coloque una petici\u00f3n de oraci\u00f3n por hombres y mujeres consagrados en las Oraciones de los Fieles en la Misa escolar.<\/li>\n\n\n\n<li>Haz una colecta de tarjetas regalo y env\u00edalas junto con una tarjeta a aquellos consagrados y consagradas de tu propio colegio. Si no tienes ninguno, env\u00edalos a alg\u00fan convento o monasterio cercano.<\/li>\n\n\n\n<li>Mostrar un <a href=\"https:\/\/www.vocationministry.com\/es\/vocation-day\/vocation-days\/banners\/\">Pancarta de la Jornada Mundial de la Vida Consagrada.<\/a><\/li>\n\n\n\n<li>Obtener carteles de los consagrados en formaci\u00f3n en la Oficina de Vocaciones, para colocarlos en la entrada de cada escuela. Si no los producen, considere exhibir&nbsp;<a href=\"https:\/\/www.vocationministry.com\/es\/vocation-day\/vocation-days\/posters\/\" target=\"_blank\" rel=\"noreferrer noopener\">un p\u00f3ster<\/a>.<\/li>\n\n\n\n<li>Pida a hombres o mujeres consagrados, lo que incluye a hermanas y hermanos religiosos, que hablen en una asamblea escolar o visiten las aulas.<\/li>\n\n\n\n<li>Si no tienes ning\u00fan hombre o mujer consagrados en tu \u00e1rea que pueda visitarte, considera jugar en uno de los muchos <a href=\"https:\/\/www.vocationministry.com\/es\/education-resource\/education\/phase-ii\/awareness-and-education\/vocation-videos\/\">V\u00eddeos vocacionales<\/a> en la Fase II, que muestran la vida consagrada de una manera hermosa, inspiradora e instructiva.<\/li>\n\n\n\n<li>Pida a los estudiantes que oren por cada uno de los hombres y mujeres consagrados de su escuela. Pida a cada estudiante que complete una <a href=\"https:\/\/www.vocationministry.com\/es\/education-resource\/education\/phase-ii\/prayer\/spiritual-bouquets\/\">ramo espiritual<\/a> que se encuentran en la Fase II y ofrecerles sus oraciones como obsequio.<\/li>\n<\/ol>\n<\/div><\/div>\n<\/div><\/div>\n\n\n\n<h4 class=\"wp-block-heading\" id=\"h-resources\"><strong>Recursos:<\/strong><\/h4>\n\n\n\n<div class=\"wp-block-columns is-layout-flex wp-container-core-columns-is-layout-9d6595d7 wp-block-columns-is-layout-flex\">\n<div class=\"wp-block-column is-layout-flow wp-block-column-is-layout-flow\">\n<figure class=\"wp-block-image aligncenter size-large\"><img loading=\"lazy\" decoding=\"async\" width=\"791\" height=\"1024\" src=\"https:\/\/www.vocationministry.com\/wp-content\/uploads\/2024\/05\/consecrated-life-bulletin-series-spanish.png\" alt=\"\" class=\"wp-image-6138\"\/><\/figure>\n\n\n\n<div class=\"wp-block-buttons is-content-justification-center is-layout-flex wp-container-core-buttons-is-layout-16018d1d wp-block-buttons-is-layout-flex\">\n<div class=\"wp-block-button\"><a class=\"wp-block-button__link wp-element-button\" href=\"https:\/\/www.vocationministry.com\/wp-content\/uploads\/2024\/01\/Consecrated-Life-Bulletin-Series.docx\">Serie de boletines de vida consagrada<\/a><\/div>\n\n\n\n<div class=\"wp-block-button\"><a class=\"wp-block-button__link wp-element-button\" href=\"https:\/\/www.vocationministry.com\/wp-content\/uploads\/2024\/05\/Consecreated-Life-Bulletin-Series-Spanish.docx\">Serie de Boletines de Vida Consagrada-Espa\u00f1ol<\/a><\/div>\n<\/div>\n<\/div>\n\n\n\n<div class=\"wp-block-column is-layout-flow wp-block-column-is-layout-flow\">\n<figure class=\"wp-block-image size-large\"><img loading=\"lazy\" decoding=\"async\" width=\"791\" height=\"1024\" src=\"https:\/\/www.vocationministry.com\/wp-content\/uploads\/2024\/05\/Prayer-for-Consecrated-Life-Cards-1-791x1024.png\" alt=\"\" class=\"wp-image-6140\"\/><\/figure>\n\n\n\n<div class=\"wp-block-buttons is-content-justification-center is-layout-flex wp-container-core-buttons-is-layout-16018d1d wp-block-buttons-is-layout-flex\">\n<div class=\"wp-block-button\"><a class=\"wp-block-button__link wp-element-button\" href=\"https:\/\/www.vocationministry.com\/wp-content\/uploads\/2024\/01\/Prayer-for-Consecrated-Life-cards-ENG.pdf\">Tarjeta de oraci\u00f3n de la vida consagrada<\/a><\/div>\n\n\n\n<div class=\"wp-block-button\"><a class=\"wp-block-button__link wp-element-button\" href=\"https:\/\/www.vocationministry.com\/wp-content\/uploads\/2024\/01\/Prayer-for-Consecrated-Life-cards-SPA.pdf\">Estampa de Oraci\u00f3n por la Vida Consagrada<\/a><\/div>\n<\/div>\n<\/div>\n<\/div>\n\n\n\n<p class=\"has-text-align-center\"><strong>Actividades para ni\u00f1os<\/strong><\/p>\n\n\n\n<div class=\"wp-block-columns is-layout-flex wp-container-core-columns-is-layout-9d6595d7 wp-block-columns-is-layout-flex\">\n<div class=\"wp-block-column is-layout-flow wp-block-column-is-layout-flow\">\n<figure class=\"wp-block-image aligncenter size-large is-resized\"><img loading=\"lazy\" decoding=\"async\" width=\"791\" height=\"1024\" src=\"https:\/\/www.vocationministry.com\/wp-content\/uploads\/2024\/01\/Brother-Coloring-Page-Spanish.png\" alt=\"\" class=\"wp-image-5549\" style=\"width:438px;height:auto\"\/><\/figure>\n\n\n\n<div class=\"wp-block-buttons is-content-justification-center is-layout-flex wp-container-core-buttons-is-layout-16018d1d wp-block-buttons-is-layout-flex\">\n<div class=\"wp-block-button\"><a class=\"wp-block-button__link wp-element-button\" href=\"https:\/\/www.vocationministry.com\/wp-content\/uploads\/2024\/04\/brother-coloring-page-spanish.pdf\" target=\"_blank\" rel=\"noreferrer noopener\">P\u00e1gina para colorear de hermano (PDF)<\/a><\/div>\n\n\n\n<div class=\"wp-block-button\"><a class=\"wp-block-button__link wp-element-button\" href=\"https:\/\/www.vocationministry.com\/wp-content\/uploads\/2024\/03\/priest-coloring-page-spanish.pdf\" target=\"_blank\" rel=\"noreferrer noopener\">P\u00e1gina para colorear de sacerdote (PDF)<\/a><\/div>\n\n\n\n<div class=\"wp-block-button\"><a class=\"wp-block-button__link wp-element-button\" href=\"https:\/\/www.vocationministry.com\/wp-content\/uploads\/2024\/05\/sister-coloring-page-spanish.pdf\" target=\"_blank\" rel=\"noreferrer noopener\">P\u00e1gina para colorear de hermana (PDF)<\/a><\/div>\n<\/div>\n<\/div>\n\n\n\n<div class=\"wp-block-column is-layout-flow wp-block-column-is-layout-flow\">\n<figure class=\"wp-block-image aligncenter size-full is-resized\"><img loading=\"lazy\" decoding=\"async\" width=\"1700\" height=\"2200\" src=\"https:\/\/www.vocationministry.com\/wp-content\/uploads\/2024\/05\/Dear-Father-letter-spanish.png\" alt=\"\" class=\"wp-image-859\" style=\"width:437px;height:auto\" srcset=\"https:\/\/www.vocationministry.com\/wp-content\/uploads\/2024\/05\/Dear-Father-letter-spanish.png 1545w, https:\/\/www.vocationministry.com\/wp-content\/uploads\/2024\/05\/Dear-Father-letter-spanish-1280x1657.png 1280w, https:\/\/www.vocationministry.com\/wp-content\/uploads\/2024\/05\/Dear-Father-letter-spanish-980x1269.png 980w, https:\/\/www.vocationministry.com\/wp-content\/uploads\/2024\/05\/Dear-Father-letter-spanish-480x621.png 480w\" sizes=\"(min-width: 0px) and (max-width: 480px) 480px, (min-width: 481px) and (max-width: 980px) 980px, (min-width: 981px) and (max-width: 1280px) 1280px, (min-width: 1281px) 1700px, 100vw\" \/><\/figure>\n\n\n\n<div class=\"wp-block-buttons is-content-justification-center is-layout-flex wp-container-core-buttons-is-layout-16018d1d wp-block-buttons-is-layout-flex\">\n<div class=\"wp-block-button\"><a class=\"wp-block-button__link wp-element-button\" href=\"https:\/\/www.vocationministry.com\/wp-content\/uploads\/2024\/04\/Dear-father-spanish.pdf\" target=\"_blank\" rel=\"noreferrer noopener\">Carta al querido padre (PDF)<\/a><\/div>\n\n\n\n<div class=\"wp-block-button\"><a class=\"wp-block-button__link wp-element-button\" href=\"https:\/\/www.vocationministry.com\/wp-content\/uploads\/2024\/05\/Dear-sister-spanish.pdf\" target=\"_blank\" rel=\"noreferrer noopener\"> Carta querida hermana (PDF)<\/a><\/div>\n\n\n\n<div class=\"wp-block-button\"><a class=\"wp-block-button__link wp-element-button\" href=\"https:\/\/www.vocationministry.com\/wp-content\/uploads\/2024\/04\/Dear-brother-spanish.pdf\" target=\"_blank\" rel=\"noreferrer noopener\">Carta al querido hermano (PDF)<\/a><\/div>\n<\/div>\n<\/div>\n<\/div>\n\n\n\n<figure class=\"wp-block-image aligncenter size-full is-resized\"><img loading=\"lazy\" decoding=\"async\" width=\"650\" height=\"839\" src=\"https:\/\/www.vocationministry.com\/wp-content\/uploads\/2024\/05\/consecrated-life-sheet-spanish-1.png\" alt=\"\" class=\"wp-image-833\" style=\"width:465px;height:auto\" srcset=\"https:\/\/www.vocationministry.com\/wp-content\/uploads\/2024\/05\/consecrated-life-sheet-spanish-1.png 1700w, https:\/\/www.vocationministry.com\/wp-content\/uploads\/2024\/05\/consecrated-life-sheet-spanish-1-1280x1656.png 1280w, https:\/\/www.vocationministry.com\/wp-content\/uploads\/2024\/05\/consecrated-life-sheet-spanish-1-980x1268.png 980w, https:\/\/www.vocationministry.com\/wp-content\/uploads\/2024\/05\/consecrated-life-sheet-spanish-1-480x621.png 480w\" sizes=\"(min-width: 0px) and (max-width: 480px) 480px, (min-width: 481px) 650px, 100vw\" \/><\/figure>\n\n\n\n<div class=\"wp-block-buttons is-vertical is-content-justification-center is-layout-flex wp-container-core-buttons-is-layout-9a7cdcfd wp-block-buttons-is-layout-flex\">\n<div class=\"wp-block-button\"><a class=\"wp-block-button__link wp-element-button\" href=\"https:\/\/www.vocationministry.com\/wp-content\/uploads\/2024\/03\/consecrated-life-sheet-1.pdf\" target=\"_blank\" rel=\"noreferrer noopener\">\u00c1rbol de la Vida Consagrada (PDF)<\/a><\/div>\n\n\n\n<div class=\"wp-block-button\"><a class=\"wp-block-button__link wp-element-button\" href=\"https:\/\/www.vocationministry.com\/wp-content\/uploads\/2024\/03\/consecrated-life-sheet-spanish-1.pdf\" target=\"_blank\" rel=\"noreferrer noopener\">\u00c1rbol de la Vida Consagrada-Espa\u00f1ol (PDF)<\/a><\/div>\n<\/div>\n<style class=\"advgb-styles-renderer\">.advgb-tabs-c27b02c0-da90-4cd7-86a5-49239e29a7b2 ul.advgb-tabs-panel li.advgb-tab.advgb-tab-active {background-color:#29538b !important;color:#9fc9eb !important;}#advgb-tabs-c27b02c0-da90-4cd7-86a5-49239e29a7b2 .advgb-tab-body-header.header-active, .advgb-tabs-c27b02c0-da90-4cd7-86a5-49239e29a7b2 .advgb-tab-body-header.header-active{background-color:#29538b !important;color:#9fc9eb !important;}<\/style>","protected":false},"author":2,"featured_media":7313,"parent":140,"menu_order":1,"template":"","class_list":["post-61","vocation-day","type-vocation-day","status-publish","has-post-thumbnail","hentry"],"acf":[],"yoast_head":"<!-- This site is optimized with the Yoast SEO Premium plugin v24.9 (Yoast SEO v27.5) - https:\/\/yoast.com\/product\/yoast-seo-premium-wordpress\/ -->\n<title>World Day for Consecrated Life - Vocation Ministry<\/title>\n<meta name=\"description\" content=\"Join us on February 2 to recognize the world day of consecrated life. Learn how to support and pray for those who serve Christ.\" \/>\n<meta name=\"robots\" content=\"index, follow, max-snippet:-1, max-image-preview:large, max-video-preview:-1\" \/>\n<link rel=\"canonical\" href=\"https:\/\/www.vocationministry.com\/es\/vocation-day\/vocation-days\/world-day-for-consecrated-life\/\" \/>\n<meta property=\"og:locale\" content=\"es_MX\" \/>\n<meta property=\"og:type\" content=\"article\" \/>\n<meta property=\"og:title\" content=\"World Day for Consecrated Life\" \/>\n<meta property=\"og:description\" content=\"Join us on February 2 to recognize the world day of consecrated life. Learn how to support and pray for those who serve Christ.\" \/>\n<meta property=\"og:url\" content=\"https:\/\/www.vocationministry.com\/es\/vocation-day\/vocation-days\/world-day-for-consecrated-life\/\" \/>\n<meta property=\"og:site_name\" content=\"Vocation Ministry\" \/>\n<meta property=\"article:publisher\" content=\"https:\/\/www.facebook.com\/VocationMinistry\" \/>\n<meta property=\"article:modified_time\" content=\"2026-02-10T15:48:12+00:00\" \/>\n<meta property=\"og:image\" content=\"https:\/\/www.vocationministry.com\/wp-content\/uploads\/2024\/07\/Blue-VM-Logo-white-Background.png\" \/>\n\t<meta property=\"og:image:width\" content=\"2000\" \/>\n\t<meta property=\"og:image:height\" content=\"1000\" \/>\n\t<meta property=\"og:image:type\" content=\"image\/png\" \/><meta property=\"og:image\" content=\"https:\/\/www.vocationministry.com\/wp-content\/uploads\/2024\/05\/sistercandle.jpg\" \/>\n\t<meta property=\"og:image:width\" content=\"1773\" \/>\n\t<meta property=\"og:image:height\" content=\"1182\" \/>\n\t<meta property=\"og:image:type\" content=\"image\/jpeg\" \/>\n<meta name=\"twitter:card\" content=\"summary_large_image\" \/>\n<meta name=\"twitter:label1\" content=\"Tiempo de lectura\" \/>\n\t<meta name=\"twitter:data1\" content=\"5 minutos\" \/>\n<script type=\"application\/ld+json\" class=\"yoast-schema-graph\">{\"@context\":\"https:\\\/\\\/schema.org\",\"@graph\":[{\"@type\":\"WebPage\",\"@id\":\"https:\\\/\\\/www.vocationministry.com\\\/vocation-day\\\/vocation-days\\\/world-day-for-consecrated-life\\\/\",\"url\":\"https:\\\/\\\/www.vocationministry.com\\\/vocation-day\\\/vocation-days\\\/world-day-for-consecrated-life\\\/\",\"name\":\"World Day for Consecrated Life - Vocation Ministry\",\"isPartOf\":{\"@id\":\"https:\\\/\\\/www.vocationministry.com\\\/es\\\/#website\"},\"primaryImageOfPage\":{\"@id\":\"https:\\\/\\\/www.vocationministry.com\\\/vocation-day\\\/vocation-days\\\/world-day-for-consecrated-life\\\/#primaryimage\"},\"image\":{\"@id\":\"https:\\\/\\\/www.vocationministry.com\\\/vocation-day\\\/vocation-days\\\/world-day-for-consecrated-life\\\/#primaryimage\"},\"thumbnailUrl\":\"https:\\\/\\\/www.vocationministry.com\\\/wp-content\\\/uploads\\\/2024\\\/05\\\/sistercandle.jpg\",\"datePublished\":\"2024-01-09T22:14:28+00:00\",\"dateModified\":\"2026-02-10T15:48:12+00:00\",\"description\":\"Join us on February 2 to recognize the world day of consecrated life. Learn how to support and pray for those who serve Christ.\",\"breadcrumb\":{\"@id\":\"https:\\\/\\\/www.vocationministry.com\\\/vocation-day\\\/vocation-days\\\/world-day-for-consecrated-life\\\/#breadcrumb\"},\"inLanguage\":\"es\",\"potentialAction\":[{\"@type\":\"ReadAction\",\"target\":[\"https:\\\/\\\/www.vocationministry.com\\\/vocation-day\\\/vocation-days\\\/world-day-for-consecrated-life\\\/\"]}]},{\"@type\":\"ImageObject\",\"inLanguage\":\"es\",\"@id\":\"https:\\\/\\\/www.vocationministry.com\\\/vocation-day\\\/vocation-days\\\/world-day-for-consecrated-life\\\/#primaryimage\",\"url\":\"https:\\\/\\\/www.vocationministry.com\\\/wp-content\\\/uploads\\\/2024\\\/05\\\/sistercandle.jpg\",\"contentUrl\":\"https:\\\/\\\/www.vocationministry.com\\\/wp-content\\\/uploads\\\/2024\\\/05\\\/sistercandle.jpg\",\"width\":1773,\"height\":1182},{\"@type\":\"BreadcrumbList\",\"@id\":\"https:\\\/\\\/www.vocationministry.com\\\/vocation-day\\\/vocation-days\\\/world-day-for-consecrated-life\\\/#breadcrumb\",\"itemListElement\":[{\"@type\":\"ListItem\",\"position\":1,\"name\":\"Home\",\"item\":\"https:\\\/\\\/www.vocationministry.com\\\/\"},{\"@type\":\"ListItem\",\"position\":2,\"name\":\"Vocation Days\",\"item\":\"https:\\\/\\\/www.vocationministry.com\\\/vocation-day\\\/vocation-days\\\/\"},{\"@type\":\"ListItem\",\"position\":3,\"name\":\"World Day for Consecrated Life\"}]},{\"@type\":\"WebSite\",\"@id\":\"https:\\\/\\\/www.vocationministry.com\\\/es\\\/#website\",\"url\":\"https:\\\/\\\/www.vocationministry.com\\\/es\\\/\",\"name\":\"Vocation Ministry\",\"description\":\"Creating A Culture of Vocations\",\"publisher\":{\"@id\":\"https:\\\/\\\/www.vocationministry.com\\\/es\\\/#organization\"},\"potentialAction\":[{\"@type\":\"SearchAction\",\"target\":{\"@type\":\"EntryPoint\",\"urlTemplate\":\"https:\\\/\\\/www.vocationministry.com\\\/es\\\/?s={search_term_string}\"},\"query-input\":{\"@type\":\"PropertyValueSpecification\",\"valueRequired\":true,\"valueName\":\"search_term_string\"}}],\"inLanguage\":\"es\"},{\"@type\":\"Organization\",\"@id\":\"https:\\\/\\\/www.vocationministry.com\\\/es\\\/#organization\",\"name\":\"Vocation Ministry\",\"url\":\"https:\\\/\\\/www.vocationministry.com\\\/es\\\/\",\"logo\":{\"@type\":\"ImageObject\",\"inLanguage\":\"es\",\"@id\":\"https:\\\/\\\/www.vocationministry.com\\\/es\\\/#\\\/schema\\\/logo\\\/image\\\/\",\"url\":\"https:\\\/\\\/www.vocationministry.com\\\/wp-content\\\/uploads\\\/2024\\\/02\\\/Blue-VM-Logo-white-Background.png\",\"contentUrl\":\"https:\\\/\\\/www.vocationministry.com\\\/wp-content\\\/uploads\\\/2024\\\/02\\\/Blue-VM-Logo-white-Background.png\",\"width\":2000,\"height\":1000,\"caption\":\"Vocation Ministry\"},\"image\":{\"@id\":\"https:\\\/\\\/www.vocationministry.com\\\/es\\\/#\\\/schema\\\/logo\\\/image\\\/\"},\"sameAs\":[\"https:\\\/\\\/www.facebook.com\\\/VocationMinistry\"]}]}<\/script>\n<!-- \/ Yoast SEO Premium plugin. -->","yoast_head_json":{"title":"Jornada Mundial de la Vida Consagrada - Vocation Ministry","description":"Acomp\u00e1\u00f1enos el 2 de febrero para celebrar el D\u00eda Mundial de la Vida Consagrada. Aprenda a apoyar y orar por quienes sirven a Cristo.","robots":{"index":"index","follow":"follow","max-snippet":"max-snippet:-1","max-image-preview":"max-image-preview:large","max-video-preview":"max-video-preview:-1"},"canonical":"https:\/\/www.vocationministry.com\/es\/vocation-day\/vocation-days\/world-day-for-consecrated-life\/","og_locale":"es_MX","og_type":"article","og_title":"World Day for Consecrated Life","og_description":"Join us on February 2 to recognize the world day of consecrated life. Learn how to support and pray for those who serve Christ.","og_url":"https:\/\/www.vocationministry.com\/es\/vocation-day\/vocation-days\/world-day-for-consecrated-life\/","og_site_name":"Vocation Ministry","article_publisher":"https:\/\/www.facebook.com\/VocationMinistry","article_modified_time":"2026-02-10T15:48:12+00:00","og_image":[{"width":2000,"height":1000,"url":"https:\/\/www.vocationministry.com\/wp-content\/uploads\/2024\/07\/Blue-VM-Logo-white-Background.png","type":"image\/png"},{"width":1773,"height":1182,"url":"https:\/\/www.vocationministry.com\/wp-content\/uploads\/2024\/05\/sistercandle.jpg","type":"image\/jpeg"}],"twitter_card":"summary_large_image","twitter_misc":{"Tiempo de lectura":"5 minutos"},"schema":{"@context":"https:\/\/schema.org","@graph":[{"@type":"WebPage","@id":"https:\/\/www.vocationministry.com\/vocation-day\/vocation-days\/world-day-for-consecrated-life\/","url":"https:\/\/www.vocationministry.com\/vocation-day\/vocation-days\/world-day-for-consecrated-life\/","name":"Jornada Mundial de la Vida Consagrada - Vocation Ministry","isPartOf":{"@id":"https:\/\/www.vocationministry.com\/es\/#website"},"primaryImageOfPage":{"@id":"https:\/\/www.vocationministry.com\/vocation-day\/vocation-days\/world-day-for-consecrated-life\/#primaryimage"},"image":{"@id":"https:\/\/www.vocationministry.com\/vocation-day\/vocation-days\/world-day-for-consecrated-life\/#primaryimage"},"thumbnailUrl":"https:\/\/www.vocationministry.com\/wp-content\/uploads\/2024\/05\/sistercandle.jpg","datePublished":"2024-01-09T22:14:28+00:00","dateModified":"2026-02-10T15:48:12+00:00","description":"Acomp\u00e1\u00f1enos el 2 de febrero para celebrar el D\u00eda Mundial de la Vida Consagrada. Aprenda a apoyar y orar por quienes sirven a Cristo.","breadcrumb":{"@id":"https:\/\/www.vocationministry.com\/vocation-day\/vocation-days\/world-day-for-consecrated-life\/#breadcrumb"},"inLanguage":"es","potentialAction":[{"@type":"ReadAction","target":["https:\/\/www.vocationministry.com\/vocation-day\/vocation-days\/world-day-for-consecrated-life\/"]}]},{"@type":"ImageObject","inLanguage":"es","@id":"https:\/\/www.vocationministry.com\/vocation-day\/vocation-days\/world-day-for-consecrated-life\/#primaryimage","url":"https:\/\/www.vocationministry.com\/wp-content\/uploads\/2024\/05\/sistercandle.jpg","contentUrl":"https:\/\/www.vocationministry.com\/wp-content\/uploads\/2024\/05\/sistercandle.jpg","width":1773,"height":1182},{"@type":"BreadcrumbList","@id":"https:\/\/www.vocationministry.com\/vocation-day\/vocation-days\/world-day-for-consecrated-life\/#breadcrumb","itemListElement":[{"@type":"ListItem","position":1,"name":"Home","item":"https:\/\/www.vocationministry.com\/"},{"@type":"ListItem","position":2,"name":"Vocation Days","item":"https:\/\/www.vocationministry.com\/vocation-day\/vocation-days\/"},{"@type":"ListItem","position":3,"name":"World Day for Consecrated Life"}]},{"@type":"WebSite","@id":"https:\/\/www.vocationministry.com\/es\/#website","url":"https:\/\/www.vocationministry.com\/es\/","name":"Vocation Ministry","description":"Creando una cultura de vocaciones","publisher":{"@id":"https:\/\/www.vocationministry.com\/es\/#organization"},"potentialAction":[{"@type":"SearchAction","target":{"@type":"EntryPoint","urlTemplate":"https:\/\/www.vocationministry.com\/es\/?s={search_term_string}"},"query-input":{"@type":"PropertyValueSpecification","valueRequired":true,"valueName":"search_term_string"}}],"inLanguage":"es"},{"@type":"Organization","@id":"https:\/\/www.vocationministry.com\/es\/#organization","name":"Vocation Ministry","url":"https:\/\/www.vocationministry.com\/es\/","logo":{"@type":"ImageObject","inLanguage":"es","@id":"https:\/\/www.vocationministry.com\/es\/#\/schema\/logo\/image\/","url":"https:\/\/www.vocationministry.com\/wp-content\/uploads\/2024\/02\/Blue-VM-Logo-white-Background.png","contentUrl":"https:\/\/www.vocationministry.com\/wp-content\/uploads\/2024\/02\/Blue-VM-Logo-white-Background.png","width":2000,"height":1000,"caption":"Vocation Ministry"},"image":{"@id":"https:\/\/www.vocationministry.com\/es\/#\/schema\/logo\/image\/"},"sameAs":["https:\/\/www.facebook.com\/VocationMinistry"]}]}},"featured_img":"https:\/\/www.vocationministry.com\/wp-content\/uploads\/2024\/05\/sistercandle.jpg","coauthors":[],"author_meta":{"author_link":"https:\/\/www.vocationministry.com\/es\/author\/marketing\/","display_name":"McKinsey Ogle"},"relative_dates":{"created":"Publicado 2 a\u00f1os hace","modified":"Actualizado 3 meses hace"},"absolute_dates":{"created":"Publicado el enero 9, 2024","modified":"Actualizado el febrero 10, 2026"},"absolute_dates_time":{"created":"Publicado el enero 9, 2024 5:14 pm","modified":"Actualizado el febrero 10, 2026 9:48 am"},"featured_img_caption":"","tax_additional":[],"series_order":"","_links":{"self":[{"href":"https:\/\/www.vocationministry.com\/es\/wp-json\/wp\/v2\/vocation-day\/61","targetHints":{"allow":["GET"]}}],"collection":[{"href":"https:\/\/www.vocationministry.com\/es\/wp-json\/wp\/v2\/vocation-day"}],"about":[{"href":"https:\/\/www.vocationministry.com\/es\/wp-json\/wp\/v2\/types\/vocation-day"}],"version-history":[{"count":5,"href":"https:\/\/www.vocationministry.com\/es\/wp-json\/wp\/v2\/vocation-day\/61\/revisions"}],"predecessor-version":[{"id":11481,"href":"https:\/\/www.vocationministry.com\/es\/wp-json\/wp\/v2\/vocation-day\/61\/revisions\/11481"}],"up":[{"embeddable":true,"href":"https:\/\/www.vocationministry.com\/es\/wp-json\/wp\/v2\/vocation-day\/140"}],"wp:featuredmedia":[{"embeddable":true,"href":"https:\/\/www.vocationministry.com\/es\/wp-json\/wp\/v2\/media\/7313"}],"wp:attachment":[{"href":"https:\/\/www.vocationministry.com\/es\/wp-json\/wp\/v2\/media?parent=61"}],"curies":[{"name":"Gracias","href":"https:\/\/api.w.org\/{rel}","templated":true}]}}