{"id":6271,"date":"2024-05-06T13:14:07","date_gmt":"2024-05-06T17:14:07","guid":{"rendered":"https:\/\/www.vocationministry.com\/?post_type=vocation-day&#038;p=6271"},"modified":"2025-05-07T10:51:11","modified_gmt":"2025-05-07T15:51:11","slug":"banners","status":"publish","type":"vocation-day","link":"https:\/\/www.vocationministry.com\/es\/vocation-day\/vocation-days\/banners\/","title":{"rendered":"pancartas"},"content":{"rendered":"<h2 class=\"wp-block-heading\" id=\"h-banners\">pancartas<\/h2>\n\n\n\n<h4 class=\"wp-block-heading\" id=\"h-download-banners-to-print-and-promote-each-of-the-vocation-days\">Descarga banners para imprimir y promocionar cada una de las Jornadas Vocacionales.<\/h4>\n\n\n\n<p>Estos carteles fueron dise\u00f1ados para ser retr\u00e1ctiles (33,5 x 78,5 pulgadas). Puedes descargar f\u00e1cilmente la imagen y pedir el cartel en <a href=\"https:\/\/www.canva.com\/design?create&amp;type=TAEYIXsZ7zc&amp;category=tAEbDzLQuBo&amp;analyticsCorrelationId=0d4f7b69-9e44-41b5-a40e-80d335016e82\">Lienzo<\/a> o VistaPrint. <\/p>\n\n\n\n<div class=\"wp-block-columns is-layout-flex wp-container-core-columns-is-layout-9d6595d7 wp-block-columns-is-layout-flex\">\n<div class=\"wp-block-column is-layout-flow wp-block-column-is-layout-flow\">\n<figure class=\"wp-block-image aligncenter size-full is-resized\"><img loading=\"lazy\" decoding=\"async\" width=\"315\" height=\"739\" src=\"https:\/\/www.vocationministry.com\/wp-content\/uploads\/2024\/06\/World-Day-for-Consecrated-Life-Spanish.png\" alt=\"\" class=\"wp-image-8115\" style=\"width:180px;height:auto\" srcset=\"https:\/\/www.vocationministry.com\/wp-content\/uploads\/2024\/06\/World-Day-for-Consecrated-Life-Spanish.png 315w, https:\/\/www.vocationministry.com\/wp-content\/uploads\/2024\/06\/World-Day-for-Consecrated-Life-Spanish-128x300.png 128w, https:\/\/www.vocationministry.com\/wp-content\/uploads\/2024\/06\/World-Day-for-Consecrated-Life-Spanish-5x12.png 5w\" sizes=\"(max-width: 315px) 100vw, 315px\" \/><\/figure>\n\n\n\n<div class=\"wp-block-buttons is-content-justification-center is-layout-flex wp-container-core-buttons-is-layout-16018d1d wp-block-buttons-is-layout-flex\">\n<div class=\"wp-block-button\"><a class=\"wp-block-button__link wp-element-button\" href=\"https:\/\/www.vocationministry.com\/wp-content\/uploads\/2024\/05\/Jornada-Mundial-de-la-Vida-Consagrada-Day-for-Consecrated-Life.png\" target=\"_blank\" rel=\"noreferrer noopener\">Descargar PNG<\/a><\/div>\n\n\n\n<div class=\"wp-block-button\"><a class=\"wp-block-button__link wp-element-button\" href=\"https:\/\/www.vocationministry.com\/wp-content\/uploads\/2024\/05\/Jornada-Mundial-de-la-Vida-Consagrada.pdf\" target=\"_blank\" rel=\"noreferrer noopener\">Descargar PDF<\/a><\/div>\n<\/div>\n<\/div>\n\n\n\n<div class=\"wp-block-column is-layout-flow wp-block-column-is-layout-flow\">\n<figure class=\"wp-block-image aligncenter size-full is-resized\"><img loading=\"lazy\" decoding=\"async\" width=\"315\" height=\"739\" src=\"https:\/\/www.vocationministry.com\/wp-content\/uploads\/2024\/11\/World-Marriage-Day-Spanish-Display.png\" alt=\"\" class=\"wp-image-8118\" style=\"width:180px\" srcset=\"https:\/\/www.vocationministry.com\/wp-content\/uploads\/2024\/11\/World-Marriage-Day-Spanish-Display.png 360w, https:\/\/www.vocationministry.com\/wp-content\/uploads\/2024\/11\/World-Marriage-Day-Spanish-Display-128x300.png 128w, https:\/\/www.vocationministry.com\/wp-content\/uploads\/2024\/11\/World-Marriage-Day-Spanish-Display-5x12.png 5w\" sizes=\"(max-width: 315px) 100vw, 315px\" \/><\/figure>\n\n\n\n<div class=\"wp-block-buttons is-content-justification-center is-layout-flex wp-container-core-buttons-is-layout-16018d1d wp-block-buttons-is-layout-flex\">\n<div class=\"wp-block-button\"><a class=\"wp-block-button__link wp-element-button\" href=\"https:\/\/www.vocationministry.com\/wp-content\/uploads\/2024\/11\/World-Marriage-Day-Spanish.png\" target=\"_blank\" rel=\"noreferrer noopener\">Descargar PNG<\/a><\/div>\n\n\n\n<div class=\"wp-block-button\"><a class=\"wp-block-button__link wp-element-button\" href=\"https:\/\/www.vocationministry.com\/wp-content\/uploads\/2024\/11\/World-Marriage-Day-Spanish-1.pdf\" target=\"_blank\" rel=\"noreferrer noopener\">Descargar PDF<\/a><\/div>\n<\/div>\n<\/div>\n\n\n\n<div class=\"wp-block-column is-layout-flow wp-block-column-is-layout-flow\">\n<figure class=\"wp-block-image aligncenter size-full is-resized\"><img loading=\"lazy\" decoding=\"async\" width=\"315\" height=\"739\" src=\"https:\/\/www.vocationministry.com\/wp-content\/uploads\/2024\/06\/WDPV-Spanish.png\" alt=\"\" class=\"wp-image-8114\" style=\"width:180px\" srcset=\"https:\/\/www.vocationministry.com\/wp-content\/uploads\/2024\/06\/WDPV-Spanish.png 315w, https:\/\/www.vocationministry.com\/wp-content\/uploads\/2024\/06\/WDPV-Spanish-128x300.png 128w, https:\/\/www.vocationministry.com\/wp-content\/uploads\/2024\/06\/WDPV-Spanish-5x12.png 5w\" sizes=\"(max-width: 315px) 100vw, 315px\" \/><\/figure>\n\n\n\n<div class=\"wp-block-buttons is-content-justification-center is-layout-flex wp-container-core-buttons-is-layout-16018d1d wp-block-buttons-is-layout-flex\">\n<div class=\"wp-block-button\"><a class=\"wp-block-button__link wp-element-button\" href=\"https:\/\/www.vocationministry.com\/wp-content\/uploads\/2024\/05\/WDPV.png\" target=\"_blank\" rel=\"noreferrer noopener\">descargar png<\/a><\/div>\n\n\n\n<div class=\"wp-block-button\"><a class=\"wp-block-button__link wp-element-button\" href=\"https:\/\/www.vocationministry.com\/wp-content\/uploads\/2024\/05\/Jornada-Mundial-de-Oracion-por-las-Vocacione.pdf\" target=\"_blank\" rel=\"noreferrer noopener\">Descargar PDF<\/a><\/div>\n<\/div>\n<\/div>\n<\/div>\n\n\n\n<div class=\"wp-block-columns is-layout-flex wp-container-core-columns-is-layout-9d6595d7 wp-block-columns-is-layout-flex\">\n<div class=\"wp-block-column is-layout-flow wp-block-column-is-layout-flow\">\n<figure class=\"wp-block-image aligncenter size-full is-resized\"><img loading=\"lazy\" decoding=\"async\" width=\"315\" height=\"739\" src=\"https:\/\/www.vocationministry.com\/wp-content\/uploads\/2024\/06\/Uplift-Your-Priest-Spanish.png\" alt=\"\" class=\"wp-image-8113\" style=\"width:180px\" srcset=\"\" sizes=\"(max-width: 315px) 100vw, 315px\" data-srcset=\"\" \/><\/figure>\n\n\n\n<div class=\"wp-block-buttons is-content-justification-center is-layout-flex wp-container-core-buttons-is-layout-16018d1d wp-block-buttons-is-layout-flex\">\n<div class=\"wp-block-button\"><a class=\"wp-block-button__link wp-element-button\" href=\"https:\/\/www.vocationministry.com\/wp-content\/uploads\/2024\/11\/Uplift-Your-Priest-Spanish.png\" target=\"_blank\" rel=\"noreferrer noopener\">descargar png<\/a><\/div>\n\n\n\n<div class=\"wp-block-button\"><a class=\"wp-block-button__link wp-element-button\" href=\"https:\/\/www.vocationministry.com\/wp-content\/uploads\/2024\/11\/Uplift-Your-Priest-Spanish.pdf\" target=\"_blank\" rel=\"noreferrer noopener\">Descargar PDF<\/a><\/div>\n<\/div>\n<\/div>\n\n\n\n<div class=\"wp-block-column is-layout-flow wp-block-column-is-layout-flow\">\n<figure class=\"wp-block-image aligncenter size-full is-resized\"><img loading=\"lazy\" decoding=\"async\" width=\"315\" height=\"739\" src=\"https:\/\/www.vocationministry.com\/wp-content\/uploads\/2024\/11\/Religious-Brothers-Day-spanishDisplay.png\" alt=\"\" class=\"wp-image-8112\" style=\"width:180px\" srcset=\"https:\/\/www.vocationministry.com\/wp-content\/uploads\/2024\/11\/Religious-Brothers-Day-spanishDisplay.png 360w, https:\/\/www.vocationministry.com\/wp-content\/uploads\/2024\/11\/Religious-Brothers-Day-spanishDisplay-128x300.png 128w, https:\/\/www.vocationministry.com\/wp-content\/uploads\/2024\/11\/Religious-Brothers-Day-spanishDisplay-5x12.png 5w\" sizes=\"(max-width: 315px) 100vw, 315px\" \/><\/figure>\n\n\n\n<div class=\"wp-block-buttons is-content-justification-center is-layout-flex wp-container-core-buttons-is-layout-16018d1d wp-block-buttons-is-layout-flex\">\n<div class=\"wp-block-button\"><a class=\"wp-block-button__link wp-element-button\" href=\"https:\/\/www.vocationministry.com\/wp-content\/uploads\/2024\/11\/Religious-Brothers-Day-spanish.png\" target=\"_blank\" rel=\"noreferrer noopener\">descargar png<\/a><\/div>\n\n\n\n<div class=\"wp-block-button\"><a class=\"wp-block-button__link wp-element-button\" href=\"https:\/\/www.vocationministry.com\/wp-content\/uploads\/2024\/11\/Religious-Brothers-Day-spanish.pdf\" target=\"_blank\" rel=\"noreferrer noopener\">Descargar PDF<\/a><\/div>\n<\/div>\n<\/div>\n\n\n\n<div class=\"wp-block-column is-layout-flow wp-block-column-is-layout-flow\">\n<figure class=\"wp-block-image aligncenter size-full is-resized\"><img loading=\"lazy\" decoding=\"async\" width=\"315\" height=\"739\" src=\"https:\/\/www.vocationministry.com\/wp-content\/uploads\/2024\/11\/World-Priest-Day-spanish-Display.png\" alt=\"\" class=\"wp-image-8119\" style=\"width:180px\" srcset=\"https:\/\/www.vocationministry.com\/wp-content\/uploads\/2024\/11\/World-Priest-Day-spanish-Display.png 360w, https:\/\/www.vocationministry.com\/wp-content\/uploads\/2024\/11\/World-Priest-Day-spanish-Display-128x300.png 128w, https:\/\/www.vocationministry.com\/wp-content\/uploads\/2024\/11\/World-Priest-Day-spanish-Display-5x12.png 5w\" sizes=\"(max-width: 315px) 100vw, 315px\" \/><\/figure>\n\n\n\n<div class=\"wp-block-buttons is-content-justification-center is-layout-flex wp-container-core-buttons-is-layout-16018d1d wp-block-buttons-is-layout-flex\">\n<div class=\"wp-block-button\"><a class=\"wp-block-button__link wp-element-button\" href=\"https:\/\/www.vocationministry.com\/wp-content\/uploads\/2024\/11\/Priesthood-Sunday-Spanish.png\" target=\"_blank\" rel=\"noreferrer noopener\">descargar png<\/a><\/div>\n\n\n\n<div class=\"wp-block-button\"><a class=\"wp-block-button__link wp-element-button\" href=\"https:\/\/www.vocationministry.com\/wp-content\/uploads\/2024\/11\/World-Priest-Day-spanish.pdf\" target=\"_blank\" rel=\"noreferrer noopener\">Descargar PDF<\/a><\/div>\n<\/div>\n<\/div>\n<\/div>\n\n\n\n<div class=\"wp-block-columns is-layout-flex wp-container-core-columns-is-layout-9d6595d7 wp-block-columns-is-layout-flex\">\n<div class=\"wp-block-column is-layout-flow wp-block-column-is-layout-flow\">\n<figure class=\"wp-block-image aligncenter size-full is-resized\"><img loading=\"lazy\" decoding=\"async\" width=\"315\" height=\"739\" src=\"https:\/\/www.vocationministry.com\/wp-content\/uploads\/2024\/11\/Priesthood-Sunday-SpanishDisplay.png\" alt=\"\" class=\"wp-image-8111\" style=\"width:180px\" srcset=\"https:\/\/www.vocationministry.com\/wp-content\/uploads\/2024\/11\/Priesthood-Sunday-SpanishDisplay.png 360w, https:\/\/www.vocationministry.com\/wp-content\/uploads\/2024\/11\/Priesthood-Sunday-SpanishDisplay-128x300.png 128w, https:\/\/www.vocationministry.com\/wp-content\/uploads\/2024\/11\/Priesthood-Sunday-SpanishDisplay-5x12.png 5w\" sizes=\"(max-width: 315px) 100vw, 315px\" \/><\/figure>\n\n\n\n<div class=\"wp-block-buttons is-content-justification-center is-layout-flex wp-container-core-buttons-is-layout-16018d1d wp-block-buttons-is-layout-flex\">\n<div class=\"wp-block-button\"><a class=\"wp-block-button__link wp-element-button\" href=\"https:\/\/www.vocationministry.com\/wp-content\/uploads\/2024\/05\/Priesthood-Sunday.png\">descargar png<\/a><\/div>\n\n\n\n<div class=\"wp-block-button\"><a class=\"wp-block-button__link wp-element-button\" href=\"https:\/\/www.vocationministry.com\/wp-content\/uploads\/2024\/11\/Priesthood-Sunday-Spanish.pdf\">Descargar PDF<\/a><\/div>\n<\/div>\n<\/div>\n\n\n\n<div class=\"wp-block-column is-layout-flow wp-block-column-is-layout-flow\">\n<figure class=\"wp-block-image aligncenter size-medium is-resized\"><img loading=\"lazy\" decoding=\"async\" width=\"128\" height=\"300\" src=\"https:\/\/www.vocationministry.com\/wp-content\/uploads\/2024\/02\/We-Love-our-Priests-Banner-Updated-128x300.png\" alt=\"\" class=\"wp-image-628\" style=\"width:180px\" srcset=\"https:\/\/www.vocationministry.com\/wp-content\/uploads\/2024\/02\/We-Love-our-Priests-Banner-Updated-128x300.png 128w, https:\/\/www.vocationministry.com\/wp-content\/uploads\/2024\/02\/We-Love-our-Priests-Banner-Updated-600x1406.png 600w, https:\/\/www.vocationministry.com\/wp-content\/uploads\/2024\/02\/We-Love-our-Priests-Banner-Updated-437x1024.png 437w, https:\/\/www.vocationministry.com\/wp-content\/uploads\/2024\/02\/We-Love-our-Priests-Banner-Updated-768x1800.png 768w, https:\/\/www.vocationministry.com\/wp-content\/uploads\/2024\/02\/We-Love-our-Priests-Banner-Updated-655x1536.png 655w, https:\/\/www.vocationministry.com\/wp-content\/uploads\/2024\/02\/We-Love-our-Priests-Banner-Updated-874x2048.png 874w, https:\/\/www.vocationministry.com\/wp-content\/uploads\/2024\/02\/We-Love-our-Priests-Banner-Updated-5x12.png 5w, https:\/\/www.vocationministry.com\/wp-content\/uploads\/2024\/02\/We-Love-our-Priests-Banner-Updated-1080x2531.png 1080w\" sizes=\"(max-width: 128px) 100vw, 128px\" \/><\/figure>\n\n\n\n<div class=\"wp-block-buttons is-content-justification-center is-layout-flex wp-container-core-buttons-is-layout-16018d1d wp-block-buttons-is-layout-flex\">\n<div class=\"wp-block-button\"><a class=\"wp-block-button__link wp-element-button\" href=\"https:\/\/www.vocationministry.com\/wp-content\/uploads\/2024\/02\/We-Love-our-Priests-Banner-Updated.png\" target=\"_blank\" rel=\"noreferrer noopener\">descargar png<\/a><\/div>\n\n\n\n<div class=\"wp-block-button\"><a class=\"wp-block-button__link wp-element-button\" href=\"https:\/\/www.vocationministry.com\/wp-content\/uploads\/2024\/02\/We-Love-our-Priests-Banner-Updated-.pdf\" target=\"_blank\" rel=\"noreferrer noopener\">Descargar PDF<\/a><\/div>\n<\/div>\n<\/div>\n\n\n\n<div class=\"wp-block-column is-layout-flow wp-block-column-is-layout-flow\">\n<figure class=\"wp-block-image aligncenter size-full is-resized\"><img loading=\"lazy\" decoding=\"async\" width=\"315\" height=\"739\" src=\"https:\/\/www.vocationministry.com\/wp-content\/uploads\/2024\/11\/Deacon-Sunday-Spanish-Display.png\" alt=\"\" class=\"wp-image-8109\" style=\"width:180px\" srcset=\"https:\/\/www.vocationministry.com\/wp-content\/uploads\/2024\/11\/Deacon-Sunday-Spanish-Display.png 360w, https:\/\/www.vocationministry.com\/wp-content\/uploads\/2024\/11\/Deacon-Sunday-Spanish-Display-128x300.png 128w, https:\/\/www.vocationministry.com\/wp-content\/uploads\/2024\/11\/Deacon-Sunday-Spanish-Display-5x12.png 5w\" sizes=\"(max-width: 315px) 100vw, 315px\" \/><\/figure>\n\n\n\n<div class=\"wp-block-buttons is-content-justification-center is-layout-flex wp-container-core-buttons-is-layout-16018d1d wp-block-buttons-is-layout-flex\">\n<div class=\"wp-block-button\"><a class=\"wp-block-button__link wp-element-button\" href=\"https:\/\/www.vocationministry.com\/wp-content\/uploads\/2024\/11\/Deacon-Sunday-Spanish.png\" target=\"_blank\" rel=\"noreferrer noopener\">descargar png<\/a><\/div>\n\n\n\n<div class=\"wp-block-button\"><a class=\"wp-block-button__link wp-element-button\" href=\"https:\/\/www.vocationministry.com\/wp-content\/uploads\/2024\/11\/Deacon-Sunday-Spanish.pdf\" target=\"_blank\" rel=\"noreferrer noopener\">Descargar PDF<\/a><\/div>\n<\/div>\n<\/div>\n<\/div>\n\n\n\n<div class=\"wp-block-columns is-layout-flex wp-container-core-columns-is-layout-9d6595d7 wp-block-columns-is-layout-flex\">\n<div class=\"wp-block-column is-layout-flow wp-block-column-is-layout-flow\">\n<figure class=\"wp-block-image aligncenter size-full is-resized\"><img loading=\"lazy\" decoding=\"async\" width=\"315\" height=\"739\" src=\"https:\/\/www.vocationministry.com\/wp-content\/uploads\/2024\/06\/NVAW-Spanish-3.png\" alt=\"\" class=\"wp-image-8110\" style=\"width:180px\" srcset=\"https:\/\/www.vocationministry.com\/wp-content\/uploads\/2024\/06\/NVAW-Spanish-3.png 315w, https:\/\/www.vocationministry.com\/wp-content\/uploads\/2024\/06\/NVAW-Spanish-3-128x300.png 128w, https:\/\/www.vocationministry.com\/wp-content\/uploads\/2024\/06\/NVAW-Spanish-3-5x12.png 5w\" sizes=\"(max-width: 315px) 100vw, 315px\" \/><\/figure>\n\n\n\n<div class=\"wp-block-buttons is-content-justification-center is-layout-flex wp-container-core-buttons-is-layout-16018d1d wp-block-buttons-is-layout-flex\">\n<div class=\"wp-block-button\"><a class=\"wp-block-button__link wp-element-button\" href=\"https:\/\/www.vocationministry.com\/wp-content\/uploads\/2024\/06\/NVAW-Spanish-2.png\" target=\"_blank\" rel=\"noreferrer noopener\">descargar png<\/a><\/div>\n\n\n\n<div class=\"wp-block-button\"><a class=\"wp-block-button__link wp-element-button\" href=\"https:\/\/www.vocationministry.com\/wp-content\/uploads\/2024\/06\/NVAW-Spanish.pdf\" target=\"_blank\" rel=\"noreferrer noopener\">Descargar PDF<\/a><\/div>\n<\/div>\n<\/div>\n\n\n\n<div class=\"wp-block-column is-layout-flow wp-block-column-is-layout-flow\">\n<figure class=\"wp-block-image aligncenter size-full is-resized\"><img loading=\"lazy\" decoding=\"async\" width=\"315\" height=\"739\" src=\"https:\/\/www.vocationministry.com\/wp-content\/uploads\/2024\/06\/World-Day-of-Cloistered-Life-1-Spanish.png\" alt=\"\" class=\"wp-image-8117\" style=\"width:180px;height:auto\" srcset=\"https:\/\/www.vocationministry.com\/wp-content\/uploads\/2024\/06\/World-Day-of-Cloistered-Life-1-Spanish.png 315w, https:\/\/www.vocationministry.com\/wp-content\/uploads\/2024\/06\/World-Day-of-Cloistered-Life-1-Spanish-128x300.png 128w, https:\/\/www.vocationministry.com\/wp-content\/uploads\/2024\/06\/World-Day-of-Cloistered-Life-1-Spanish-5x12.png 5w\" sizes=\"(max-width: 315px) 100vw, 315px\" \/><\/figure>\n\n\n\n<div class=\"wp-block-buttons is-content-justification-center is-layout-flex wp-container-core-buttons-is-layout-16018d1d wp-block-buttons-is-layout-flex\">\n<div class=\"wp-block-button\"><a class=\"wp-block-button__link wp-element-button\" href=\"https:\/\/www.vocationministry.com\/wp-content\/uploads\/2024\/05\/World-Day-of-Cloistered-Life.png\" target=\"_blank\" rel=\"noreferrer noopener\">descargar png<\/a><\/div>\n\n\n\n<div class=\"wp-block-button\"><a class=\"wp-block-button__link wp-element-button\" href=\"https:\/\/www.vocationministry.com\/wp-content\/uploads\/2024\/05\/Jornada-Mundial-de-la-Vida-en-Clausura-2.pdf\" target=\"_blank\" rel=\"noreferrer noopener\">Descargar PDF<\/a><\/div>\n<\/div>\n<\/div>\n\n\n\n<div class=\"wp-block-column is-layout-flow wp-block-column-is-layout-flow\">\n<figure class=\"wp-block-image aligncenter size-full is-resized\"><img loading=\"lazy\" decoding=\"async\" width=\"315\" height=\"739\" src=\"https:\/\/www.vocationministry.com\/wp-content\/uploads\/2024\/06\/World-Day-of-Cloistered-Life-2-Spanish-2.png\" alt=\"\" class=\"wp-image-8116\" style=\"width:180px\" srcset=\"https:\/\/www.vocationministry.com\/wp-content\/uploads\/2024\/06\/World-Day-of-Cloistered-Life-2-Spanish-2.png 315w, https:\/\/www.vocationministry.com\/wp-content\/uploads\/2024\/06\/World-Day-of-Cloistered-Life-2-Spanish-2-128x300.png 128w, https:\/\/www.vocationministry.com\/wp-content\/uploads\/2024\/06\/World-Day-of-Cloistered-Life-2-Spanish-2-5x12.png 5w\" sizes=\"(max-width: 315px) 100vw, 315px\" \/><\/figure>\n\n\n\n<div class=\"wp-block-buttons is-content-justification-center is-layout-flex wp-container-core-buttons-is-layout-16018d1d wp-block-buttons-is-layout-flex\">\n<div class=\"wp-block-button\"><a class=\"wp-block-button__link wp-element-button\" href=\"https:\/\/www.vocationministry.com\/wp-content\/uploads\/2024\/06\/World-Day-of-Cloistered-Life-2-Spanish-1.png\" target=\"_blank\" rel=\"noreferrer noopener\">descargar png<\/a><\/div>\n\n\n\n<div class=\"wp-block-button\"><a class=\"wp-block-button__link wp-element-button\" href=\"https:\/\/www.vocationministry.com\/wp-content\/uploads\/2024\/05\/Jornada-Mundial-de-la-Vida-en-Clausura-1.pdf\" target=\"_blank\" rel=\"noreferrer noopener\">Descargar PDF<\/a><\/div>\n<\/div>\n<\/div>\n<\/div>","protected":false},"author":1,"featured_media":0,"parent":140,"menu_order":11,"template":"","class_list":["post-6271","vocation-day","type-vocation-day","status-publish","hentry"],"acf":[],"yoast_head":"<!-- This site is optimized with the Yoast SEO Premium plugin v24.9 (Yoast SEO v27.5) - https:\/\/yoast.com\/product\/yoast-seo-premium-wordpress\/ -->\n<title>Banners - Vocation Ministry<\/title>\n<meta name=\"description\" content=\"Explore our retractable Vocation Day banners designed for easy download and printing in Canva or VistaPrint.\" \/>\n<meta name=\"robots\" content=\"index, follow, max-snippet:-1, max-image-preview:large, max-video-preview:-1\" \/>\n<link rel=\"canonical\" href=\"https:\/\/www.vocationministry.com\/es\/vocation-day\/vocation-days\/banners\/\" \/>\n<meta property=\"og:locale\" content=\"es_MX\" \/>\n<meta property=\"og:type\" content=\"article\" \/>\n<meta property=\"og:title\" content=\"Banners\" \/>\n<meta property=\"og:description\" content=\"Explore our retractable Vocation Day banners designed for easy download and printing in Canva or VistaPrint.\" \/>\n<meta property=\"og:url\" content=\"https:\/\/www.vocationministry.com\/es\/vocation-day\/vocation-days\/banners\/\" \/>\n<meta property=\"og:site_name\" content=\"Vocation Ministry\" \/>\n<meta property=\"article:publisher\" content=\"https:\/\/www.facebook.com\/VocationMinistry\" \/>\n<meta property=\"article:modified_time\" content=\"2025-05-07T15:51:11+00:00\" \/>\n<meta property=\"og:image\" content=\"https:\/\/www.vocationministry.com\/wp-content\/uploads\/2024\/07\/Blue-VM-Logo-white-Background.png\" \/>\n\t<meta property=\"og:image:width\" content=\"2000\" \/>\n\t<meta property=\"og:image:height\" content=\"1000\" \/>\n\t<meta property=\"og:image:type\" content=\"image\/png\" \/><meta property=\"og:image\" content=\"https:\/\/www.vocationministry.com\/wp-content\/uploads\/2024\/06\/World-Day-for-Consecrated-Life.png\" \/>\n\t<meta property=\"og:image:width\" content=\"315\" \/>\n\t<meta property=\"og:image:height\" content=\"739\" \/>\n\t<meta property=\"og:image:type\" content=\"image\/png\" \/>\n<meta name=\"twitter:card\" content=\"summary_large_image\" \/>\n<meta name=\"twitter:label1\" content=\"Tiempo de lectura\" \/>\n\t<meta name=\"twitter:data1\" content=\"3 minutos\" \/>\n<script type=\"application\/ld+json\" class=\"yoast-schema-graph\">{\"@context\":\"https:\\\/\\\/schema.org\",\"@graph\":[{\"@type\":\"WebPage\",\"@id\":\"https:\\\/\\\/www.vocationministry.com\\\/vocation-day\\\/vocation-days\\\/banners\\\/\",\"url\":\"https:\\\/\\\/www.vocationministry.com\\\/vocation-day\\\/vocation-days\\\/banners\\\/\",\"name\":\"Banners - Vocation Ministry\",\"isPartOf\":{\"@id\":\"https:\\\/\\\/www.vocationministry.com\\\/es\\\/#website\"},\"primaryImageOfPage\":{\"@id\":\"https:\\\/\\\/www.vocationministry.com\\\/vocation-day\\\/vocation-days\\\/banners\\\/#primaryimage\"},\"image\":{\"@id\":\"https:\\\/\\\/www.vocationministry.com\\\/vocation-day\\\/vocation-days\\\/banners\\\/#primaryimage\"},\"thumbnailUrl\":\"https:\\\/\\\/www.vocationministry.com\\\/wp-content\\\/uploads\\\/2024\\\/06\\\/World-Day-for-Consecrated-Life.png\",\"datePublished\":\"2024-05-06T17:14:07+00:00\",\"dateModified\":\"2025-05-07T15:51:11+00:00\",\"description\":\"Explore our retractable Vocation Day banners designed for easy download and printing in Canva or VistaPrint.\",\"breadcrumb\":{\"@id\":\"https:\\\/\\\/www.vocationministry.com\\\/vocation-day\\\/vocation-days\\\/banners\\\/#breadcrumb\"},\"inLanguage\":\"es\",\"potentialAction\":[{\"@type\":\"ReadAction\",\"target\":[\"https:\\\/\\\/www.vocationministry.com\\\/vocation-day\\\/vocation-days\\\/banners\\\/\"]}]},{\"@type\":\"ImageObject\",\"inLanguage\":\"es\",\"@id\":\"https:\\\/\\\/www.vocationministry.com\\\/vocation-day\\\/vocation-days\\\/banners\\\/#primaryimage\",\"url\":\"https:\\\/\\\/www.vocationministry.com\\\/wp-content\\\/uploads\\\/2024\\\/06\\\/World-Day-for-Consecrated-Life.png\",\"contentUrl\":\"https:\\\/\\\/www.vocationministry.com\\\/wp-content\\\/uploads\\\/2024\\\/06\\\/World-Day-for-Consecrated-Life.png\"},{\"@type\":\"BreadcrumbList\",\"@id\":\"https:\\\/\\\/www.vocationministry.com\\\/vocation-day\\\/vocation-days\\\/banners\\\/#breadcrumb\",\"itemListElement\":[{\"@type\":\"ListItem\",\"position\":1,\"name\":\"Home\",\"item\":\"https:\\\/\\\/www.vocationministry.com\\\/\"},{\"@type\":\"ListItem\",\"position\":2,\"name\":\"Vocation Days\",\"item\":\"https:\\\/\\\/www.vocationministry.com\\\/vocation-day\\\/vocation-days\\\/\"},{\"@type\":\"ListItem\",\"position\":3,\"name\":\"Banners\"}]},{\"@type\":\"WebSite\",\"@id\":\"https:\\\/\\\/www.vocationministry.com\\\/es\\\/#website\",\"url\":\"https:\\\/\\\/www.vocationministry.com\\\/es\\\/\",\"name\":\"Vocation Ministry\",\"description\":\"Creating A Culture of Vocations\",\"publisher\":{\"@id\":\"https:\\\/\\\/www.vocationministry.com\\\/es\\\/#organization\"},\"potentialAction\":[{\"@type\":\"SearchAction\",\"target\":{\"@type\":\"EntryPoint\",\"urlTemplate\":\"https:\\\/\\\/www.vocationministry.com\\\/es\\\/?s={search_term_string}\"},\"query-input\":{\"@type\":\"PropertyValueSpecification\",\"valueRequired\":true,\"valueName\":\"search_term_string\"}}],\"inLanguage\":\"es\"},{\"@type\":\"Organization\",\"@id\":\"https:\\\/\\\/www.vocationministry.com\\\/es\\\/#organization\",\"name\":\"Vocation Ministry\",\"url\":\"https:\\\/\\\/www.vocationministry.com\\\/es\\\/\",\"logo\":{\"@type\":\"ImageObject\",\"inLanguage\":\"es\",\"@id\":\"https:\\\/\\\/www.vocationministry.com\\\/es\\\/#\\\/schema\\\/logo\\\/image\\\/\",\"url\":\"https:\\\/\\\/www.vocationministry.com\\\/wp-content\\\/uploads\\\/2024\\\/02\\\/Blue-VM-Logo-white-Background.png\",\"contentUrl\":\"https:\\\/\\\/www.vocationministry.com\\\/wp-content\\\/uploads\\\/2024\\\/02\\\/Blue-VM-Logo-white-Background.png\",\"width\":2000,\"height\":1000,\"caption\":\"Vocation Ministry\"},\"image\":{\"@id\":\"https:\\\/\\\/www.vocationministry.com\\\/es\\\/#\\\/schema\\\/logo\\\/image\\\/\"},\"sameAs\":[\"https:\\\/\\\/www.facebook.com\\\/VocationMinistry\"]}]}<\/script>\n<!-- \/ Yoast SEO Premium plugin. -->","yoast_head_json":{"title":"Banners - Vocation Ministry","description":"Explore nuestros banners retr\u00e1ctiles del D\u00eda de las Vocaciones dise\u00f1ados para descargarse e imprimirse f\u00e1cilmente en Canva o VistaPrint.","robots":{"index":"index","follow":"follow","max-snippet":"max-snippet:-1","max-image-preview":"max-image-preview:large","max-video-preview":"max-video-preview:-1"},"canonical":"https:\/\/www.vocationministry.com\/es\/vocation-day\/vocation-days\/banners\/","og_locale":"es_MX","og_type":"article","og_title":"Banners","og_description":"Explore our retractable Vocation Day banners designed for easy download and printing in Canva or VistaPrint.","og_url":"https:\/\/www.vocationministry.com\/es\/vocation-day\/vocation-days\/banners\/","og_site_name":"Vocation Ministry","article_publisher":"https:\/\/www.facebook.com\/VocationMinistry","article_modified_time":"2025-05-07T15:51:11+00:00","og_image":[{"width":2000,"height":1000,"url":"https:\/\/www.vocationministry.com\/wp-content\/uploads\/2024\/07\/Blue-VM-Logo-white-Background.png","type":"image\/png"},{"width":315,"height":739,"url":"https:\/\/www.vocationministry.com\/wp-content\/uploads\/2024\/06\/World-Day-for-Consecrated-Life.png","type":"image\/png"}],"twitter_card":"summary_large_image","twitter_misc":{"Tiempo de lectura":"3 minutos"},"schema":{"@context":"https:\/\/schema.org","@graph":[{"@type":"WebPage","@id":"https:\/\/www.vocationministry.com\/vocation-day\/vocation-days\/banners\/","url":"https:\/\/www.vocationministry.com\/vocation-day\/vocation-days\/banners\/","name":"Banners - Vocation Ministry","isPartOf":{"@id":"https:\/\/www.vocationministry.com\/es\/#website"},"primaryImageOfPage":{"@id":"https:\/\/www.vocationministry.com\/vocation-day\/vocation-days\/banners\/#primaryimage"},"image":{"@id":"https:\/\/www.vocationministry.com\/vocation-day\/vocation-days\/banners\/#primaryimage"},"thumbnailUrl":"https:\/\/www.vocationministry.com\/wp-content\/uploads\/2024\/06\/World-Day-for-Consecrated-Life.png","datePublished":"2024-05-06T17:14:07+00:00","dateModified":"2025-05-07T15:51:11+00:00","description":"Explore nuestros banners retr\u00e1ctiles del D\u00eda de las Vocaciones dise\u00f1ados para descargarse e imprimirse f\u00e1cilmente en Canva o VistaPrint.","breadcrumb":{"@id":"https:\/\/www.vocationministry.com\/vocation-day\/vocation-days\/banners\/#breadcrumb"},"inLanguage":"es","potentialAction":[{"@type":"ReadAction","target":["https:\/\/www.vocationministry.com\/vocation-day\/vocation-days\/banners\/"]}]},{"@type":"ImageObject","inLanguage":"es","@id":"https:\/\/www.vocationministry.com\/vocation-day\/vocation-days\/banners\/#primaryimage","url":"https:\/\/www.vocationministry.com\/wp-content\/uploads\/2024\/06\/World-Day-for-Consecrated-Life.png","contentUrl":"https:\/\/www.vocationministry.com\/wp-content\/uploads\/2024\/06\/World-Day-for-Consecrated-Life.png"},{"@type":"BreadcrumbList","@id":"https:\/\/www.vocationministry.com\/vocation-day\/vocation-days\/banners\/#breadcrumb","itemListElement":[{"@type":"ListItem","position":1,"name":"Home","item":"https:\/\/www.vocationministry.com\/"},{"@type":"ListItem","position":2,"name":"Vocation Days","item":"https:\/\/www.vocationministry.com\/vocation-day\/vocation-days\/"},{"@type":"ListItem","position":3,"name":"Banners"}]},{"@type":"WebSite","@id":"https:\/\/www.vocationministry.com\/es\/#website","url":"https:\/\/www.vocationministry.com\/es\/","name":"Vocation Ministry","description":"Creando una cultura de vocaciones","publisher":{"@id":"https:\/\/www.vocationministry.com\/es\/#organization"},"potentialAction":[{"@type":"SearchAction","target":{"@type":"EntryPoint","urlTemplate":"https:\/\/www.vocationministry.com\/es\/?s={search_term_string}"},"query-input":{"@type":"PropertyValueSpecification","valueRequired":true,"valueName":"search_term_string"}}],"inLanguage":"es"},{"@type":"Organization","@id":"https:\/\/www.vocationministry.com\/es\/#organization","name":"Vocation Ministry","url":"https:\/\/www.vocationministry.com\/es\/","logo":{"@type":"ImageObject","inLanguage":"es","@id":"https:\/\/www.vocationministry.com\/es\/#\/schema\/logo\/image\/","url":"https:\/\/www.vocationministry.com\/wp-content\/uploads\/2024\/02\/Blue-VM-Logo-white-Background.png","contentUrl":"https:\/\/www.vocationministry.com\/wp-content\/uploads\/2024\/02\/Blue-VM-Logo-white-Background.png","width":2000,"height":1000,"caption":"Vocation Ministry"},"image":{"@id":"https:\/\/www.vocationministry.com\/es\/#\/schema\/logo\/image\/"},"sameAs":["https:\/\/www.facebook.com\/VocationMinistry"]}]}},"featured_img":false,"coauthors":[],"author_meta":{"author_link":"https:\/\/www.vocationministry.com\/es\/author\/impressusart\/","display_name":"impressusart"},"relative_dates":{"created":"Publicado 2 a\u00f1os hace","modified":"Actualizado 12 meses hace"},"absolute_dates":{"created":"Publicado el mayo 6, 2024","modified":"Actualizado el mayo 7, 2025"},"absolute_dates_time":{"created":"Publicado el mayo 6, 2024 1:14 pm","modified":"Actualizado el mayo 7, 2025 10:51 am"},"featured_img_caption":"","tax_additional":[],"series_order":"","_links":{"self":[{"href":"https:\/\/www.vocationministry.com\/es\/wp-json\/wp\/v2\/vocation-day\/6271","targetHints":{"allow":["GET"]}}],"collection":[{"href":"https:\/\/www.vocationministry.com\/es\/wp-json\/wp\/v2\/vocation-day"}],"about":[{"href":"https:\/\/www.vocationministry.com\/es\/wp-json\/wp\/v2\/types\/vocation-day"}],"version-history":[{"count":4,"href":"https:\/\/www.vocationministry.com\/es\/wp-json\/wp\/v2\/vocation-day\/6271\/revisions"}],"predecessor-version":[{"id":8685,"href":"https:\/\/www.vocationministry.com\/es\/wp-json\/wp\/v2\/vocation-day\/6271\/revisions\/8685"}],"up":[{"embeddable":true,"href":"https:\/\/www.vocationministry.com\/es\/wp-json\/wp\/v2\/vocation-day\/140"}],"wp:attachment":[{"href":"https:\/\/www.vocationministry.com\/es\/wp-json\/wp\/v2\/media?parent=6271"}],"curies":[{"name":"Gracias","href":"https:\/\/api.w.org\/{rel}","templated":true}]}}