{"id":67,"date":"2024-01-09T17:14:32","date_gmt":"2024-01-09T22:14:32","guid":{"rendered":"https:\/\/www.vocationministry.com\/par\/parish\/phase-i\/uplift-your-priest\/"},"modified":"2025-05-14T14:43:38","modified_gmt":"2025-05-14T19:43:38","slug":"uplift-your-priest","status":"publish","type":"vocation-day","link":"https:\/\/www.vocationministry.com\/es\/vocation-day\/vocation-days\/uplift-your-priest\/","title":{"rendered":"Eleva a tu sacerdote"},"content":{"rendered":"<h2 class=\"wp-block-heading has-text-align-center\" id=\"h-uplift-your-priest\">Eleva a tu sacerdote<\/h2>\n\n\n\n<p class=\"has-text-align-center\"><strong>2da y 3era Semana de Pascua<\/strong><\/p>\n\n\n\n<div class=\"wp-block-advgb-adv-tabs advgb-tabs-wrapper advgb-tab-horz-desktop advgb-tab-vert-tablet advgb-tab-stack-mobile advgb-tabs-1be17444-fbbe-4676-8955-0598aacf62bc\" data-tab-active=\"0\"><ul class=\"advgb-tabs-panel\" role=\"tablist\"><li class=\"advgb-tab advgb-tab-active\" role=\"presentation\" style=\"background-color:#9fc9eb;border-style:solid;border-width:1px;border-color:#abb8c3;border-radius:0px\"><button class=\"advgb-tab-button\" id=\"advgb-tab-_e76233-80-0\" aria-controls=\"advgb-tab-panel-_e76233-80-0\" role=\"tab\" aria-selected=\"true\" tabindex=\"0\" style=\"color:#29538b;background:none;border:none;width:100%;text-align:inherit;cursor:pointer;padding:8px 16px;font:inherit\"><span>Parroquia<\/span><\/button><\/li><li class=\"advgb-tab\" role=\"presentation\" style=\"background-color:#9fc9eb;border-style:solid;border-width:1px;border-color:#abb8c3;border-radius:0px\"><button class=\"advgb-tab-button\" id=\"advgb-tab-_e76233-80-1\" aria-controls=\"advgb-tab-panel-_e76233-80-1\" role=\"tab\" aria-selected=\"false\" tabindex=\"0\" style=\"color:#29538b;background:none;border:none;width:100%;text-align:inherit;cursor:pointer;padding:8px 16px;font:inherit\"><span>Educaci\u00f3n<\/span><\/button><\/li><\/ul><div class=\"advgb-tab-body-wrapper\" style=\"background-color:#f3f3f3;border-style:solid;border-width:1px;border-color:#abb8c3;border-radius:0px\">\n<div class=\"wp-block-advgb-tab advgb-tab-body-container\" style=\"display:none\"><div class=\"advgb-tab-body-header advgb-tab-class-\" id=\"advgb-tab-panel-_e76233-80-0\" role=\"tabpanel\" aria-labelledby=\"advgb-tab-_e76233-80-0\" tabindex=\"0\">Parroquia<\/div><div class=\"advgb-tab-_e76233-80 advgb-tab-body\" aria-labelledby=\"advgb-tab-panel-_e76233-80-0\">\n<div class=\"wp-block-media-text has-media-on-the-right is-stacked-on-mobile is-vertically-aligned-top\"><div class=\"wp-block-media-text__content\">\n<p>Nuestros sacerdotes est\u00e1n siendo llamados a una gran acci\u00f3n heroica, al mismo tiempo que derraman una cantidad sobreabundante de amor y apoyo para todos nosotros. En 2020 lanzamos el&nbsp;<strong>Campa\u00f1a \u201cEleva a tu sacerdote\u201d<\/strong>&nbsp;sobre el&nbsp;<strong>Lunes despu\u00e9s del segundo domingo de Pascua<\/strong>. La campa\u00f1a inspira a los laicos a afirmar y alentar a sus sacerdotes, especialmente despu\u00e9s de la Cuaresma y la Pascua.<\/p>\n\n\n\n<div class=\"wp-block-buttons is-content-justification-center is-layout-flex wp-container-core-buttons-is-layout-16018d1d wp-block-buttons-is-layout-flex\">\n<div class=\"wp-block-button\"><a class=\"wp-block-button__link wp-element-button\" href=\"https:\/\/www.vocationministry.com\/wp-content\/uploads\/2024\/04\/Uplift-your-priest-bilingual.pdf\" target=\"_blank\" rel=\"noreferrer noopener\">Lista de acciones diarias (PDF)<\/a><\/div>\n<\/div>\n<\/div><figure class=\"wp-block-media-text__media\"><img loading=\"lazy\" decoding=\"async\" width=\"1024\" height=\"1024\" src=\"https:\/\/www.vocationministry.com\/wp-content\/uploads\/2024\/04\/Copy-of-Uplift-your-priest-1.png\" alt=\"\" class=\"wp-image-5992 size-full\" srcset=\"https:\/\/www.vocationministry.com\/wp-content\/uploads\/2024\/04\/Copy-of-Uplift-your-priest-1.png 1080w, https:\/\/www.vocationministry.com\/wp-content\/uploads\/2024\/04\/Copy-of-Uplift-your-priest-1-980x980.png 980w, https:\/\/www.vocationministry.com\/wp-content\/uploads\/2024\/04\/Copy-of-Uplift-your-priest-1-480x480.png 480w\" sizes=\"(min-width: 0px) and (max-width: 480px) 480px, (min-width: 481px) and (max-width: 980px) 980px, (min-width: 981px) 1024px, 100vw\" \/><\/figure><\/div>\n\n\n\n<h4 class=\"wp-block-heading\" id=\"h-daily-deed-ideas\"><strong>Ideas de acciones diarias:<\/strong><\/h4>\n\n\n\n<ol class=\"wp-block-list\">\n<li>Llame, env\u00ede un mensaje de texto o un correo electr\u00f3nico a su sacerdote<\/li>\n\n\n\n<li>Enviar&nbsp;<a href=\"https:\/\/www.vocationministry.com\/es\/parish-resource\/parish\/phase-ii\/prayer\/spiritual-bouquets\/\" target=\"_blank\" rel=\"noreferrer noopener\">ramos espirituales<\/a>&nbsp;a \u00e9l<\/li>\n\n\n\n<li>Deje palomitas de ma\u00edz y bocadillos para la noche de cine.<\/li>\n\n\n\n<li>Env\u00edale dibujos o pinturas de ni\u00f1os.<\/li>\n\n\n\n<li>Ora, ayuna y ofrece sacrificios por \u00e9l.<\/li>\n\n\n\n<li>Env\u00edale una Tarjeta Regalo de Amazon o de un restaurante<\/li>\n\n\n\n<li>Haz un videomensaje familiar o una canci\u00f3n de afirmaci\u00f3n para \u00e9l.<\/li>\n\n\n\n<li>Crear un mensaje en la acera frente a la iglesia\/rector\u00eda<\/li>\n\n\n\n<li>Publica una foto de tu familia con tu sacerdote.<\/li>\n\n\n\n<li>Dejar o recibir la cena o el almuerzo<\/li>\n\n\n\n<li>Enviar apoyo financiero a la parroquia, si es posible.<\/li>\n\n\n\n<li>Realizan un \u201cDesfile del Amor\u201d para \u00e9l<\/li>\n\n\n\n<li>Desaf\u00eda y etiqueta a 3 familias\/individuos para que recen un Rosario por \u00e9l en las redes sociales.<\/li>\n\n\n\n<li>Dale un <a href=\"https:\/\/www.vocationministry.com\/es\/shop\/thank-you-ordination-card\/\" target=\"_blank\" rel=\"noreferrer noopener\">Tarjeta de agradecimiento<\/a> de nuestra tienda<\/li>\n\n\n\n<li>Mostrar un <a href=\"https:\/\/www.vocationministry.com\/es\/vocation-day\/vocation-days\/banners\/\" target=\"_blank\" rel=\"noreferrer noopener\">Levanta el estandarte de tu sacerdote<\/a> o un <a href=\"https:\/\/www.vocationministry.com\/es\/vocation-day\/vocation-days\/posters\/\" target=\"_blank\" rel=\"noreferrer noopener\">P\u00f3ster Eleva a tu sacerdote<\/a>.<\/li>\n\n\n\n<li>Descarga nuestra nueva <a href=\"https:\/\/www.vocationministry.com\/wp-content\/uploads\/2025\/03\/Uplift-Your-Priest.jpg\">Exhibici\u00f3n del D\u00eda de las Vocaciones<\/a>-un <a href=\"https:\/\/www.canva.com\/design\/DAGiYAeqbz0\/AO5aQ_fLEn-wNrU0g75yFA\/view?utm_content=DAGiYAeqbz0&amp;utm_campaign=designshare&amp;utm_medium=link&amp;utm_source=publishsharelink&amp;mode=preview\" target=\"_blank\" rel=\"noreferrer noopener\">Canva editable<\/a> Recurso para que las iglesias muestren anuncios con temas vocacionales en sus televisores.<\/li>\n<\/ol>\n<\/div><\/div>\n\n\n\n<div class=\"wp-block-advgb-tab advgb-tab-body-container\" style=\"display:block\"><div class=\"advgb-tab-body-header advgb-tab-class-\" id=\"advgb-tab-panel-_e76233-80-1\" role=\"tabpanel\" aria-labelledby=\"advgb-tab-_e76233-80-1\" tabindex=\"0\">Educaci\u00f3n<\/div><div class=\"advgb-tab-_e76233-80 advgb-tab-body\" aria-labelledby=\"advgb-tab-panel-_e76233-80-1\">\n<div class=\"wp-block-media-text has-media-on-the-right is-stacked-on-mobile is-vertically-aligned-top\"><div class=\"wp-block-media-text__content\">\n<p>Nuestros sacerdotes est\u00e1n siendo llamados a una gran acci\u00f3n heroica, al mismo tiempo que derraman una cantidad sobreabundante de amor y apoyo para todos nosotros. En 2020 lanzamos el&nbsp;<strong>Campa\u00f1a \u201cEleva a tu sacerdote\u201d<\/strong>&nbsp;sobre el&nbsp;<strong>Lunes despu\u00e9s del segundo domingo de Pascua<\/strong>. La campa\u00f1a inspira a los laicos a afirmar y alentar a sus sacerdotes, especialmente despu\u00e9s de la Cuaresma y la Pascua.<\/p>\n\n\n\n<div class=\"wp-block-buttons is-content-justification-center is-layout-flex wp-container-core-buttons-is-layout-16018d1d wp-block-buttons-is-layout-flex\">\n<div class=\"wp-block-button\"><a class=\"wp-block-button__link wp-element-button\" href=\"https:\/\/www.vocationministry.com\/wp-content\/uploads\/2024\/04\/Daily-Deeds-Parent-Letter.pdf\" target=\"_blank\" rel=\"noreferrer noopener\">Carta para padres de Daily Deeds (PDF)<\/a><\/div>\n<\/div>\n<\/div><figure class=\"wp-block-media-text__media\"><img loading=\"lazy\" decoding=\"async\" width=\"1024\" height=\"1024\" src=\"https:\/\/www.vocationministry.com\/wp-content\/uploads\/2024\/04\/Copy-of-Uplift-your-priest-1.png\" alt=\"\" class=\"wp-image-5992 size-full\" srcset=\"https:\/\/www.vocationministry.com\/wp-content\/uploads\/2024\/04\/Copy-of-Uplift-your-priest-1.png 1080w, https:\/\/www.vocationministry.com\/wp-content\/uploads\/2024\/04\/Copy-of-Uplift-your-priest-1-980x980.png 980w, https:\/\/www.vocationministry.com\/wp-content\/uploads\/2024\/04\/Copy-of-Uplift-your-priest-1-480x480.png 480w\" sizes=\"(min-width: 0px) and (max-width: 480px) 480px, (min-width: 481px) and (max-width: 980px) 980px, (min-width: 981px) 1024px, 100vw\" \/><\/figure><\/div>\n\n\n\n<h4 class=\"wp-block-heading\" id=\"h-classroom-activities\"><strong>Actividades en el aula<\/strong><\/h4>\n\n\n\n<p>Involucre a sus estudiantes en apoyar y orar por su sacerdote a trav\u00e9s de estas actividades en el aula durante la segunda y tercera semana de Pascua.&nbsp;<\/p>\n\n\n\n<p><strong>1. Campa\u00f1a de oraci\u00f3n en el aula<\/strong>&nbsp;<\/p>\n\n\n\n<ul class=\"wp-block-list\">\n<li>Crear una <strong>cadena de oraci\u00f3n<\/strong> donde cada estudiante escribe una breve oraci\u00f3n para su sacerdote en una tira de papel, luego las une y las presenta como regalo.&nbsp;&nbsp;<\/li>\n<\/ul>\n\n\n\n<ul class=\"wp-block-list\">\n<li>Designar un <strong>momento de oraci\u00f3n diario<\/strong> para los sacerdotes durante las oraciones de la ma\u00f1ana o de clausura.&nbsp;&nbsp;<\/li>\n<\/ul>\n\n\n\n<ul class=\"wp-block-list\">\n<li>Asignar diferentes grados para orar por los diferentes sacerdotes de la di\u00f3cesis.&nbsp;<\/li>\n<\/ul>\n\n\n\n<p><strong>2. Cartas y obras de arte de agradecimiento a sacerdotes<\/strong>&nbsp;<\/p>\n\n\n\n<ul class=\"wp-block-list\">\n<li>Pida a los estudiantes que escriban <strong><a href=\"https:\/\/www.vocationministry.com\/es\/education-resource\/education\/phase-i\/affirmation\/cards-and-treats-for-priests-sisters\/\">notas de agradecimiento<\/a> o ramos espirituales<\/strong> expresando gratitud por el servicio de su sacerdote.&nbsp;&nbsp;<\/li>\n<\/ul>\n\n\n\n<ul class=\"wp-block-list\">\n<li>Los estudiantes m\u00e1s j\u00f3venes pueden <strong>dibujar im\u00e1genes<\/strong> de su sacerdote celebrando la misa o interactuando con la comunidad.&nbsp;&nbsp;<\/li>\n<\/ul>\n\n\n\n<ul class=\"wp-block-list\">\n<li>Los estudiantes mayores pueden escribir una <strong>reflexi\u00f3n<\/strong> sobre lo que significa para ellos el sacerdocio.&nbsp;<\/li>\n<\/ul>\n\n\n\n<p><strong>3. Tabl\u00f3n de anuncios de vocaciones o exhibici\u00f3n en el aula<\/strong>&nbsp;<\/p>\n\n\n\n<ul class=\"wp-block-list\">\n<li>Dedica una secci\u00f3n del aula para exhibir <strong>\u201cNuestro Sacerdote en Acci\u00f3n\u201d<\/strong>\u2014Fotograf\u00edas de su sacerdote en la escuela, una breve biograf\u00eda o datos curiosos sobre su trayectoria.&nbsp;&nbsp;<\/li>\n<\/ul>\n\n\n\n<ul class=\"wp-block-list\">\n<li>Crear una <strong>\u00c1rbol de vocaciones<\/strong>, donde los estudiantes agregan hojas con oraciones o palabras amables para los sacerdotes.&nbsp;&nbsp;<\/li>\n<\/ul>\n\n\n\n<ul class=\"wp-block-list\">\n<li>Presenta una <strong>Tablero &quot;\u00bfSab\u00edas qu\u00e9?&quot;<\/strong> con informaci\u00f3n sobre la vida sacerdotal y las vocaciones.&nbsp;<\/li>\n\n\n\n<li>Descarga nuestra nueva <a href=\"https:\/\/www.vocationministry.com\/wp-content\/uploads\/2025\/03\/Uplift-Your-Priest.jpg\">Exhibici\u00f3n del D\u00eda de las Vocaciones<\/a>-un <a href=\"https:\/\/www.canva.com\/design\/DAGiYAeqbz0\/AO5aQ_fLEn-wNrU0g75yFA\/view?utm_content=DAGiYAeqbz0&amp;utm_campaign=designshare&amp;utm_medium=link&amp;utm_source=publishsharelink&amp;mode=preview\" target=\"_blank\" rel=\"noreferrer noopener\">Canva editable<\/a> Recurso para que las escuelas muestren anuncios con temas vocacionales en las pantallas de sus aulas y televisores.<\/li>\n<\/ul>\n\n\n\n<p><strong>4. Regalos de clase para tu sacerdote<\/strong>&nbsp;<\/p>\n\n\n\n<ul class=\"wp-block-list\">\n<li>Montar un <strong><a href=\"https:\/\/www.vocationministry.com\/es\/education-resource\/education\/phase-ii\/prayer\/spiritual-bouquets\/\">ramo espiritual<\/a><\/strong> haciendo que cada estudiante ofrezca una oraci\u00f3n, una intenci\u00f3n de misa o una buena acci\u00f3n.&nbsp;&nbsp;<\/li>\n<\/ul>\n\n\n\n<ul class=\"wp-block-list\">\n<li>Regala un <strong>tarro de oraci\u00f3n<\/strong> con oraciones escritas a mano para que el sacerdote las lea durante todo el a\u00f1o.&nbsp;&nbsp;<\/li>\n<\/ul>\n\n\n\n<ul class=\"wp-block-list\">\n<li>Pida a los estudiantes que hagan <strong>peque\u00f1os paquetes de ayuda<\/strong> con notas y obsequios para sacerdotes.&nbsp;<\/li>\n<\/ul>\n\n\n\n<p><strong>5. Invita a tu sacerdote al aula<\/strong>&nbsp;<\/p>\n\n\n\n<ul class=\"wp-block-list\">\n<li>Organizar un <strong><a href=\"https:\/\/www.vocationministry.com\/es\/education-resource\/education\/phase-i\/affirmation\/get-to-know-your-priest-questionnaire\/\">Sesi\u00f3n de preguntas y respuestas<\/a><\/strong> Donde los estudiantes pueden preguntar sobre la vocaci\u00f3n sacerdotal y su vida diaria.&nbsp;&nbsp;<\/li>\n<\/ul>\n\n\n\n<ul class=\"wp-block-list\">\n<li>P\u00eddale a su sacerdote que comparta una <strong>Reflexi\u00f3n sobre la alegr\u00eda de la Resurrecci\u00f3n y c\u00f3mo los sacerdotes ayudan a llevar a Cristo a los fieles<\/strong> a trav\u00e9s de los sacramentos.&nbsp;&nbsp;<\/li>\n<\/ul>\n\n\n\n<ul class=\"wp-block-list\">\n<li>Organizar una <strong>\u201cAlmuerzo con pap\u00e1\u201d<\/strong> donde los estudiantes pueden interactuar con \u00e9l en un entorno informal.&nbsp;<\/li>\n<\/ul>\n\n\n\n<p><strong>6. Actos de servicio para los sacerdotes<\/strong>&nbsp;<\/p>\n\n\n\n<ul class=\"wp-block-list\">\n<li>Asignar estudiantes a <strong>orar por su sacerdote cada semana<\/strong> y hazle saber mediante una tarjeta o un correo electr\u00f3nico.&nbsp;&nbsp;<\/li>\n<\/ul>\n\n\n\n<ul class=\"wp-block-list\">\n<li>Si es posible, los estudiantes pueden <strong>ayudar a limpiar la iglesia o la sacrist\u00eda<\/strong> como un proyecto de servicio de clase.&nbsp;&nbsp;<\/li>\n<\/ul>\n\n\n\n<ul class=\"wp-block-list\">\n<li>Anime a las familias a invitar al sacerdote a cenar o enviar una comida a la rector\u00eda.&nbsp;<\/li>\n<\/ul>\n\n\n\n<p>Estas actividades ayudar\u00e1n a los estudiantes a reconocer la importancia del sacerdocio y a mostrar su aprecio por la gu\u00eda espiritual que les brinda su sacerdote. \u00a1Apoyemos juntos a nuestros sacerdotes!&nbsp;<\/p>\n<\/div><\/div>\n<\/div><\/div>\n\n\n\n<h4 class=\"wp-block-heading\" id=\"h-marketing-resources\">Recursos de marketing<\/h4>\n\n\n\n<div class=\"wp-block-columns is-layout-flex wp-container-core-columns-is-layout-9d6595d7 wp-block-columns-is-layout-flex\">\n<div class=\"wp-block-column is-layout-flow wp-block-column-is-layout-flow\">\n<figure class=\"wp-block-image aligncenter size-large\"><img loading=\"lazy\" decoding=\"async\" width=\"1024\" height=\"1024\" src=\"https:\/\/www.vocationministry.com\/wp-content\/uploads\/2024\/04\/Copy-of-Uplift-your-priest-1.png\" alt=\"\" class=\"wp-image-5992\" srcset=\"https:\/\/www.vocationministry.com\/wp-content\/uploads\/2024\/04\/Copy-of-Uplift-your-priest-1.png 1080w, https:\/\/www.vocationministry.com\/wp-content\/uploads\/2024\/04\/Copy-of-Uplift-your-priest-1-980x980.png 980w, https:\/\/www.vocationministry.com\/wp-content\/uploads\/2024\/04\/Copy-of-Uplift-your-priest-1-480x480.png 480w\" sizes=\"(min-width: 0px) and (max-width: 480px) 480px, (min-width: 481px) and (max-width: 980px) 980px, (min-width: 981px) 1024px, 100vw\" \/><\/figure>\n\n\n\n<div class=\"wp-block-buttons is-content-justification-center is-layout-flex wp-container-core-buttons-is-layout-16018d1d wp-block-buttons-is-layout-flex\">\n<div class=\"wp-block-button\"><a class=\"wp-block-button__link wp-element-button\" href=\"https:\/\/www.vocationministry.com\/wp-content\/uploads\/2024\/01\/Uplift-Your-Priest-website.png\" target=\"_blank\" rel=\"noreferrer noopener\">Mejora el logotipo de tu sacerdote<\/a><\/div>\n\n\n\n<div class=\"wp-block-button\"><a class=\"wp-block-button__link wp-element-button\" href=\"https:\/\/www.vocationministry.com\/wp-content\/uploads\/2025\/03\/UpliftYourPriestSpanish.png\" target=\"_blank\" rel=\"noreferrer noopener\">Uplift Your Priest Logo-espa\u00f1ol<\/a><\/div>\n<\/div>\n<\/div>\n\n\n\n<div class=\"wp-block-column is-layout-flow wp-block-column-is-layout-flow\">\n<figure class=\"wp-block-image size-large\"><img loading=\"lazy\" decoding=\"async\" width=\"1024\" height=\"1024\" src=\"https:\/\/www.vocationministry.com\/wp-content\/uploads\/2024\/04\/Spanish-Daily-Deeds-1.png\" alt=\"\" class=\"wp-image-5999\" srcset=\"https:\/\/www.vocationministry.com\/wp-content\/uploads\/2024\/04\/Spanish-Daily-Deeds-1.png 1080w, https:\/\/www.vocationministry.com\/wp-content\/uploads\/2024\/04\/Spanish-Daily-Deeds-1-980x980.png 980w, https:\/\/www.vocationministry.com\/wp-content\/uploads\/2024\/04\/Spanish-Daily-Deeds-1-480x480.png 480w\" sizes=\"(min-width: 0px) and (max-width: 480px) 480px, (min-width: 481px) and (max-width: 980px) 980px, (min-width: 981px) 1024px, 100vw\" \/><\/figure>\n\n\n\n<div class=\"wp-block-buttons is-content-justification-center is-layout-flex wp-container-core-buttons-is-layout-16018d1d wp-block-buttons-is-layout-flex\">\n<div class=\"wp-block-button\"><a class=\"wp-block-button__link wp-element-button\" href=\"https:\/\/www.vocationministry.com\/wp-content\/uploads\/2024\/04\/Daily-Deeds.png\" target=\"_blank\" rel=\"noreferrer noopener\">Ideas de acciones diarias<\/a><\/div>\n\n\n\n<div class=\"wp-block-button\"><a class=\"wp-block-button__link wp-element-button\" href=\"https:\/\/www.vocationministry.com\/wp-content\/uploads\/2024\/04\/Spanish-Daily-Deeds-1.png\" target=\"_blank\" rel=\"noreferrer noopener\">Ideas de escritura diaria-espa\u00f1ol<\/a><\/div>\n<\/div>\n<\/div>\n<\/div>\n\n\n\n<h4 class=\"wp-block-heading\" id=\"h-daily-deed-ideas-0\">Ideas de acciones diarias<\/h4>\n\n\n\n<p>\u00a1Si\u00e9ntete libre de descargar y utilizar todas las im\u00e1genes para tu campa\u00f1a Uplift Your Priest! Puede usar im\u00e1genes para sus p\u00e1ginas de redes sociales, sitio web, blog, etc. Considere etiquetarnos como @VocationMinistry y usar #UpliftYourPriest #VocationMinistry.<\/p>\n\n\n\n<div class=\"wp-block-columns is-layout-flex wp-container-core-columns-is-layout-9d6595d7 wp-block-columns-is-layout-flex\">\n<div class=\"wp-block-column is-layout-flow wp-block-column-is-layout-flow\">\n<figure class=\"wp-block-image aligncenter size-large\"><img loading=\"lazy\" decoding=\"async\" width=\"1024\" height=\"1024\" src=\"https:\/\/www.vocationministry.com\/wp-content\/uploads\/2024\/04\/UYPcalltext-1024x1024.png\" alt=\"\" class=\"wp-image-6000\" srcset=\"https:\/\/www.vocationministry.com\/wp-content\/uploads\/2024\/04\/UYPcalltext-1024x1024.png 1024w, https:\/\/www.vocationministry.com\/wp-content\/uploads\/2024\/04\/UYPcalltext-980x980.png 980w, https:\/\/www.vocationministry.com\/wp-content\/uploads\/2024\/04\/UYPcalltext-480x480.png 480w\" sizes=\"(min-width: 0px) and (max-width: 480px) 480px, (min-width: 481px) and (max-width: 980px) 980px, (min-width: 981px) 1024px, 100vw\" \/><\/figure>\n\n\n\n<div class=\"wp-block-buttons is-content-justification-center is-layout-flex wp-container-core-buttons-is-layout-16018d1d wp-block-buttons-is-layout-flex\">\n<div class=\"wp-block-button\"><a class=\"wp-block-button__link wp-element-button\" href=\"https:\/\/www.vocationministry.com\/wp-content\/uploads\/2024\/04\/UYPcalltext.png\" target=\"_blank\" rel=\"noreferrer noopener\">descargar imagen<\/a><\/div>\n<\/div>\n<\/div>\n\n\n\n<div class=\"wp-block-column is-layout-flow wp-block-column-is-layout-flow\">\n<figure class=\"wp-block-image aligncenter size-large\"><img loading=\"lazy\" decoding=\"async\" width=\"1024\" height=\"1024\" src=\"https:\/\/www.vocationministry.com\/wp-content\/uploads\/2024\/04\/UYPchalk-1024x1024.png\" alt=\"\" class=\"wp-image-6001\" srcset=\"https:\/\/www.vocationministry.com\/wp-content\/uploads\/2024\/04\/UYPchalk-1024x1024.png 1024w, https:\/\/www.vocationministry.com\/wp-content\/uploads\/2024\/04\/UYPchalk-980x980.png 980w, https:\/\/www.vocationministry.com\/wp-content\/uploads\/2024\/04\/UYPchalk-480x480.png 480w\" sizes=\"(min-width: 0px) and (max-width: 480px) 480px, (min-width: 481px) and (max-width: 980px) 980px, (min-width: 981px) 1024px, 100vw\" \/><\/figure>\n\n\n\n<div class=\"wp-block-buttons is-content-justification-center is-layout-flex wp-container-core-buttons-is-layout-16018d1d wp-block-buttons-is-layout-flex\">\n<div class=\"wp-block-button\"><a class=\"wp-block-button__link wp-element-button\" href=\"https:\/\/www.vocationministry.com\/wp-content\/uploads\/2024\/04\/UYPchalk.png\" target=\"_blank\" rel=\"noreferrer noopener\">descargar imagen<\/a><\/div>\n<\/div>\n<\/div>\n\n\n\n<div class=\"wp-block-column is-layout-flow wp-block-column-is-layout-flow\">\n<figure class=\"wp-block-image aligncenter size-large\"><img loading=\"lazy\" decoding=\"async\" width=\"1024\" height=\"1024\" src=\"https:\/\/www.vocationministry.com\/wp-content\/uploads\/2024\/04\/UYPdrawings-1024x1024.png\" alt=\"\" class=\"wp-image-6002\" srcset=\"https:\/\/www.vocationministry.com\/wp-content\/uploads\/2024\/04\/UYPdrawings-1024x1024.png 1024w, https:\/\/www.vocationministry.com\/wp-content\/uploads\/2024\/04\/UYPdrawings-980x980.png 980w, https:\/\/www.vocationministry.com\/wp-content\/uploads\/2024\/04\/UYPdrawings-480x480.png 480w\" sizes=\"(min-width: 0px) and (max-width: 480px) 480px, (min-width: 481px) and (max-width: 980px) 980px, (min-width: 981px) 1024px, 100vw\" \/><\/figure>\n\n\n\n<div class=\"wp-block-buttons is-content-justification-center is-layout-flex wp-container-core-buttons-is-layout-16018d1d wp-block-buttons-is-layout-flex\">\n<div class=\"wp-block-button\"><a class=\"wp-block-button__link wp-element-button\" href=\"https:\/\/www.vocationministry.com\/wp-content\/uploads\/2024\/04\/UYPdrawings.png\" target=\"_blank\" rel=\"noreferrer noopener\">descargar imagen<\/a><\/div>\n<\/div>\n<\/div>\n\n\n\n<div class=\"wp-block-column is-layout-flow wp-block-column-is-layout-flow\">\n<figure class=\"wp-block-image aligncenter size-large\"><img loading=\"lazy\" decoding=\"async\" width=\"1024\" height=\"1024\" src=\"https:\/\/www.vocationministry.com\/wp-content\/uploads\/2024\/04\/UYPgiftcard-1024x1024.png\" alt=\"\" class=\"wp-image-6003\" srcset=\"https:\/\/www.vocationministry.com\/wp-content\/uploads\/2024\/04\/UYPgiftcard-1024x1024.png 1024w, https:\/\/www.vocationministry.com\/wp-content\/uploads\/2024\/04\/UYPgiftcard-980x980.png 980w, https:\/\/www.vocationministry.com\/wp-content\/uploads\/2024\/04\/UYPgiftcard-480x480.png 480w\" sizes=\"(min-width: 0px) and (max-width: 480px) 480px, (min-width: 481px) and (max-width: 980px) 980px, (min-width: 981px) 1024px, 100vw\" \/><\/figure>\n\n\n\n<div class=\"wp-block-buttons is-content-justification-center is-layout-flex wp-container-core-buttons-is-layout-16018d1d wp-block-buttons-is-layout-flex\">\n<div class=\"wp-block-button\"><a class=\"wp-block-button__link wp-element-button\" href=\"https:\/\/www.vocationministry.com\/wp-content\/uploads\/2024\/04\/UYPgiftcard.png\" target=\"_blank\" rel=\"noreferrer noopener\">descargar imagen<\/a><\/div>\n<\/div>\n<\/div>\n<\/div>\n\n\n\n<div class=\"wp-block-columns is-layout-flex wp-container-core-columns-is-layout-9d6595d7 wp-block-columns-is-layout-flex\">\n<div class=\"wp-block-column is-layout-flow wp-block-column-is-layout-flow\">\n<figure class=\"wp-block-image aligncenter size-large\"><img loading=\"lazy\" decoding=\"async\" width=\"1024\" height=\"1024\" src=\"https:\/\/www.vocationministry.com\/wp-content\/uploads\/2024\/04\/UYPhastag-1024x1024.png\" alt=\"\" class=\"wp-image-6004\" srcset=\"https:\/\/www.vocationministry.com\/wp-content\/uploads\/2024\/04\/UYPhastag-1024x1024.png 1024w, https:\/\/www.vocationministry.com\/wp-content\/uploads\/2024\/04\/UYPhastag-980x980.png 980w, https:\/\/www.vocationministry.com\/wp-content\/uploads\/2024\/04\/UYPhastag-480x480.png 480w\" sizes=\"(min-width: 0px) and (max-width: 480px) 480px, (min-width: 481px) and (max-width: 980px) 980px, (min-width: 981px) 1024px, 100vw\" \/><\/figure>\n\n\n\n<div class=\"wp-block-buttons is-content-justification-center is-layout-flex wp-container-core-buttons-is-layout-16018d1d wp-block-buttons-is-layout-flex\">\n<div class=\"wp-block-button\"><a class=\"wp-block-button__link wp-element-button\" href=\"https:\/\/www.vocationministry.com\/wp-content\/uploads\/2024\/04\/UYPhastag.png\" target=\"_blank\" rel=\"noreferrer noopener\">descargar imagen<\/a><\/div>\n<\/div>\n<\/div>\n\n\n\n<div class=\"wp-block-column is-layout-flow wp-block-column-is-layout-flow\">\n<figure class=\"wp-block-image aligncenter size-large\"><img loading=\"lazy\" decoding=\"async\" width=\"1024\" height=\"1024\" src=\"https:\/\/www.vocationministry.com\/wp-content\/uploads\/2024\/04\/UYPletters-1024x1024.png\" alt=\"\" class=\"wp-image-6005\" srcset=\"https:\/\/www.vocationministry.com\/wp-content\/uploads\/2024\/04\/UYPletters-1024x1024.png 1024w, https:\/\/www.vocationministry.com\/wp-content\/uploads\/2024\/04\/UYPletters-980x980.png 980w, https:\/\/www.vocationministry.com\/wp-content\/uploads\/2024\/04\/UYPletters-480x480.png 480w\" sizes=\"(min-width: 0px) and (max-width: 480px) 480px, (min-width: 481px) and (max-width: 980px) 980px, (min-width: 981px) 1024px, 100vw\" \/><\/figure>\n\n\n\n<div class=\"wp-block-buttons is-content-justification-center is-layout-flex wp-container-core-buttons-is-layout-16018d1d wp-block-buttons-is-layout-flex\">\n<div class=\"wp-block-button\"><a class=\"wp-block-button__link wp-element-button\" href=\"https:\/\/www.vocationministry.com\/wp-content\/uploads\/2024\/04\/UYPletters.png\" target=\"_blank\" rel=\"noreferrer noopener\">descargar imagen<\/a><\/div>\n<\/div>\n<\/div>\n\n\n\n<div class=\"wp-block-column is-layout-flow wp-block-column-is-layout-flow\">\n<figure class=\"wp-block-image aligncenter size-large\"><img loading=\"lazy\" decoding=\"async\" width=\"1024\" height=\"1024\" src=\"https:\/\/www.vocationministry.com\/wp-content\/uploads\/2024\/04\/UYPlunch-1024x1024.png\" alt=\"\" class=\"wp-image-6006\" srcset=\"https:\/\/www.vocationministry.com\/wp-content\/uploads\/2024\/04\/UYPlunch-1024x1024.png 1024w, https:\/\/www.vocationministry.com\/wp-content\/uploads\/2024\/04\/UYPlunch-980x980.png 980w, https:\/\/www.vocationministry.com\/wp-content\/uploads\/2024\/04\/UYPlunch-480x480.png 480w\" sizes=\"(min-width: 0px) and (max-width: 480px) 480px, (min-width: 481px) and (max-width: 980px) 980px, (min-width: 981px) 1024px, 100vw\" \/><\/figure>\n\n\n\n<div class=\"wp-block-buttons is-content-justification-center is-layout-flex wp-container-core-buttons-is-layout-16018d1d wp-block-buttons-is-layout-flex\">\n<div class=\"wp-block-button\"><a class=\"wp-block-button__link wp-element-button\" href=\"https:\/\/www.vocationministry.com\/wp-content\/uploads\/2024\/04\/UYPlunch.png\" target=\"_blank\" rel=\"noreferrer noopener\">descargar imagen<\/a><\/div>\n<\/div>\n<\/div>\n\n\n\n<div class=\"wp-block-column is-layout-flow wp-block-column-is-layout-flow\">\n<figure class=\"wp-block-image aligncenter size-large\"><img loading=\"lazy\" decoding=\"async\" width=\"1024\" height=\"1024\" src=\"https:\/\/www.vocationministry.com\/wp-content\/uploads\/2024\/04\/UYPmoney-1024x1024.png\" alt=\"\" class=\"wp-image-6007\" srcset=\"https:\/\/www.vocationministry.com\/wp-content\/uploads\/2024\/04\/UYPmoney-1024x1024.png 1024w, https:\/\/www.vocationministry.com\/wp-content\/uploads\/2024\/04\/UYPmoney-980x980.png 980w, https:\/\/www.vocationministry.com\/wp-content\/uploads\/2024\/04\/UYPmoney-480x480.png 480w\" sizes=\"(min-width: 0px) and (max-width: 480px) 480px, (min-width: 481px) and (max-width: 980px) 980px, (min-width: 981px) 1024px, 100vw\" \/><\/figure>\n\n\n\n<div class=\"wp-block-buttons is-content-justification-center is-layout-flex wp-container-core-buttons-is-layout-16018d1d wp-block-buttons-is-layout-flex\">\n<div class=\"wp-block-button\"><a class=\"wp-block-button__link wp-element-button\" href=\"https:\/\/www.vocationministry.com\/wp-content\/uploads\/2024\/04\/UYPmoney.png\" target=\"_blank\" rel=\"noreferrer noopener\">descargar imagen<\/a><\/div>\n<\/div>\n<\/div>\n<\/div>\n\n\n\n<div class=\"wp-block-columns is-layout-flex wp-container-core-columns-is-layout-9d6595d7 wp-block-columns-is-layout-flex\">\n<div class=\"wp-block-column is-layout-flow wp-block-column-is-layout-flow\">\n<figure class=\"wp-block-image aligncenter size-large\"><img loading=\"lazy\" decoding=\"async\" width=\"1024\" height=\"1024\" src=\"https:\/\/www.vocationministry.com\/wp-content\/uploads\/2024\/04\/UYPmovie-1024x1024.png\" alt=\"\" class=\"wp-image-6008\" srcset=\"https:\/\/www.vocationministry.com\/wp-content\/uploads\/2024\/04\/UYPmovie-1024x1024.png 1024w, https:\/\/www.vocationministry.com\/wp-content\/uploads\/2024\/04\/UYPmovie-980x980.png 980w, https:\/\/www.vocationministry.com\/wp-content\/uploads\/2024\/04\/UYPmovie-480x480.png 480w\" sizes=\"(min-width: 0px) and (max-width: 480px) 480px, (min-width: 481px) and (max-width: 980px) 980px, (min-width: 981px) 1024px, 100vw\" \/><\/figure>\n\n\n\n<div class=\"wp-block-buttons is-content-justification-center is-layout-flex wp-container-core-buttons-is-layout-16018d1d wp-block-buttons-is-layout-flex\">\n<div class=\"wp-block-button\"><a class=\"wp-block-button__link wp-element-button\" href=\"https:\/\/www.vocationministry.com\/wp-content\/uploads\/2024\/04\/UYPmovie.png\" target=\"_blank\" rel=\"noreferrer noopener\">descargar imagen<\/a><\/div>\n<\/div>\n<\/div>\n\n\n\n<div class=\"wp-block-column is-layout-flow wp-block-column-is-layout-flow\">\n<figure class=\"wp-block-image aligncenter size-large\"><img loading=\"lazy\" decoding=\"async\" width=\"1024\" height=\"1024\" src=\"https:\/\/www.vocationministry.com\/wp-content\/uploads\/2024\/04\/UYPpicture-1024x1024.png\" alt=\"\" class=\"wp-image-6009\" srcset=\"https:\/\/www.vocationministry.com\/wp-content\/uploads\/2024\/04\/UYPpicture-1024x1024.png 1024w, https:\/\/www.vocationministry.com\/wp-content\/uploads\/2024\/04\/UYPpicture-980x980.png 980w, https:\/\/www.vocationministry.com\/wp-content\/uploads\/2024\/04\/UYPpicture-480x480.png 480w\" sizes=\"(min-width: 0px) and (max-width: 480px) 480px, (min-width: 481px) and (max-width: 980px) 980px, (min-width: 981px) 1024px, 100vw\" \/><\/figure>\n\n\n\n<div class=\"wp-block-buttons is-content-justification-center is-layout-flex wp-container-core-buttons-is-layout-16018d1d wp-block-buttons-is-layout-flex\">\n<div class=\"wp-block-button\"><a class=\"wp-block-button__link wp-element-button\" href=\"https:\/\/www.vocationministry.com\/wp-content\/uploads\/2024\/04\/UYPpicture.png\" target=\"_blank\" rel=\"noreferrer noopener\">descargar imagen<\/a><\/div>\n<\/div>\n<\/div>\n\n\n\n<div class=\"wp-block-column is-layout-flow wp-block-column-is-layout-flow\">\n<figure class=\"wp-block-image aligncenter size-large\"><img loading=\"lazy\" decoding=\"async\" width=\"1024\" height=\"1024\" src=\"https:\/\/www.vocationministry.com\/wp-content\/uploads\/2024\/04\/UYPprayer-1024x1024.png\" alt=\"\" class=\"wp-image-6010\" srcset=\"https:\/\/www.vocationministry.com\/wp-content\/uploads\/2024\/04\/UYPprayer-1024x1024.png 1024w, https:\/\/www.vocationministry.com\/wp-content\/uploads\/2024\/04\/UYPprayer-980x980.png 980w, https:\/\/www.vocationministry.com\/wp-content\/uploads\/2024\/04\/UYPprayer-480x480.png 480w\" sizes=\"(min-width: 0px) and (max-width: 480px) 480px, (min-width: 481px) and (max-width: 980px) 980px, (min-width: 981px) 1024px, 100vw\" \/><\/figure>\n\n\n\n<div class=\"wp-block-buttons is-content-justification-center is-layout-flex wp-container-core-buttons-is-layout-16018d1d wp-block-buttons-is-layout-flex\">\n<div class=\"wp-block-button\"><a class=\"wp-block-button__link wp-element-button\" href=\"https:\/\/www.vocationministry.com\/wp-content\/uploads\/2024\/04\/UYPprayer.png\" target=\"_blank\" rel=\"noreferrer noopener\">descargar imagen<\/a><\/div>\n<\/div>\n<\/div>\n\n\n\n<div class=\"wp-block-column is-layout-flow wp-block-column-is-layout-flow\">\n<figure class=\"wp-block-image aligncenter size-large\"><img loading=\"lazy\" decoding=\"async\" width=\"1024\" height=\"1024\" src=\"https:\/\/www.vocationministry.com\/wp-content\/uploads\/2024\/04\/UYProsary-1024x1024.png\" alt=\"\" class=\"wp-image-6011\" srcset=\"https:\/\/www.vocationministry.com\/wp-content\/uploads\/2024\/04\/UYProsary-1024x1024.png 1024w, https:\/\/www.vocationministry.com\/wp-content\/uploads\/2024\/04\/UYProsary-980x980.png 980w, https:\/\/www.vocationministry.com\/wp-content\/uploads\/2024\/04\/UYProsary-480x480.png 480w\" sizes=\"(min-width: 0px) and (max-width: 480px) 480px, (min-width: 481px) and (max-width: 980px) 980px, (min-width: 981px) 1024px, 100vw\" \/><\/figure>\n\n\n\n<div class=\"wp-block-buttons is-content-justification-center is-layout-flex wp-container-core-buttons-is-layout-16018d1d wp-block-buttons-is-layout-flex\">\n<div class=\"wp-block-button\"><a class=\"wp-block-button__link wp-element-button\" href=\"https:\/\/www.vocationministry.com\/wp-content\/uploads\/2024\/04\/UYProsary.png\" target=\"_blank\" rel=\"noreferrer noopener\">descargar imagen<\/a><\/div>\n<\/div>\n<\/div>\n<\/div>\n\n\n\n<div class=\"wp-block-columns is-layout-flex wp-container-core-columns-is-layout-9d6595d7 wp-block-columns-is-layout-flex\">\n<div class=\"wp-block-column is-layout-flow wp-block-column-is-layout-flow\"><\/div>\n\n\n\n<div class=\"wp-block-column is-layout-flow wp-block-column-is-layout-flow\">\n<figure class=\"wp-block-image aligncenter size-large\"><img loading=\"lazy\" decoding=\"async\" width=\"1024\" height=\"1024\" src=\"https:\/\/www.vocationministry.com\/wp-content\/uploads\/2024\/04\/UYPsong-1024x1024.png\" alt=\"\" class=\"wp-image-6012\" srcset=\"https:\/\/www.vocationministry.com\/wp-content\/uploads\/2024\/04\/UYPsong-1024x1024.png 1024w, https:\/\/www.vocationministry.com\/wp-content\/uploads\/2024\/04\/UYPsong-980x980.png 980w, https:\/\/www.vocationministry.com\/wp-content\/uploads\/2024\/04\/UYPsong-480x480.png 480w\" sizes=\"(min-width: 0px) and (max-width: 480px) 480px, (min-width: 481px) and (max-width: 980px) 980px, (min-width: 981px) 1024px, 100vw\" \/><\/figure>\n\n\n\n<div class=\"wp-block-buttons is-content-justification-center is-layout-flex wp-container-core-buttons-is-layout-16018d1d wp-block-buttons-is-layout-flex\">\n<div class=\"wp-block-button\"><a class=\"wp-block-button__link wp-element-button\" href=\"https:\/\/www.vocationministry.com\/wp-content\/uploads\/2024\/04\/UYPsong.png\" target=\"_blank\" rel=\"noreferrer noopener\">descargar imagen<\/a><\/div>\n<\/div>\n<\/div>\n\n\n\n<div class=\"wp-block-column is-layout-flow wp-block-column-is-layout-flow\">\n<figure class=\"wp-block-image aligncenter size-large\"><img loading=\"lazy\" decoding=\"async\" width=\"1024\" height=\"1024\" src=\"https:\/\/www.vocationministry.com\/wp-content\/uploads\/2024\/04\/UYPspiritualbouquet-1024x1024.png\" alt=\"\" class=\"wp-image-6013\" srcset=\"https:\/\/www.vocationministry.com\/wp-content\/uploads\/2024\/04\/UYPspiritualbouquet-1024x1024.png 1024w, https:\/\/www.vocationministry.com\/wp-content\/uploads\/2024\/04\/UYPspiritualbouquet-980x980.png 980w, https:\/\/www.vocationministry.com\/wp-content\/uploads\/2024\/04\/UYPspiritualbouquet-480x480.png 480w\" sizes=\"(min-width: 0px) and (max-width: 480px) 480px, (min-width: 481px) and (max-width: 980px) 980px, (min-width: 981px) 1024px, 100vw\" \/><\/figure>\n\n\n\n<div class=\"wp-block-buttons is-content-justification-center is-layout-flex wp-container-core-buttons-is-layout-16018d1d wp-block-buttons-is-layout-flex\">\n<div class=\"wp-block-button\"><a class=\"wp-block-button__link wp-element-button\" href=\"https:\/\/www.vocationministry.com\/wp-content\/uploads\/2024\/04\/UYPspiritualbouquet.png\" target=\"_blank\" rel=\"noreferrer noopener\">descargar imagen<\/a><\/div>\n<\/div>\n<\/div>\n\n\n\n<div class=\"wp-block-column is-layout-flow wp-block-column-is-layout-flow\"><\/div>\n<\/div>\n<style class=\"advgb-styles-renderer\">.advgb-tabs-1be17444-fbbe-4676-8955-0598aacf62bc ul.advgb-tabs-panel li.advgb-tab.advgb-tab-active {background-color:#29538b !important;color:#9fc9eb !important;}#advgb-tabs-1be17444-fbbe-4676-8955-0598aacf62bc .advgb-tab-body-header.header-active, .advgb-tabs-1be17444-fbbe-4676-8955-0598aacf62bc .advgb-tab-body-header.header-active{background-color:#29538b !important;color:#9fc9eb !important;}<\/style>","protected":false},"author":1,"featured_media":7451,"parent":140,"menu_order":3,"template":"","class_list":["post-67","vocation-day","type-vocation-day","status-publish","has-post-thumbnail","hentry"],"acf":[],"yoast_head":"<!-- This site is optimized with the Yoast SEO Premium plugin v24.9 (Yoast SEO v27.4) - https:\/\/yoast.com\/product\/yoast-seo-premium-wordpress\/ -->\n<title>Uplift Your Priest - Vocation Ministry<\/title>\n<meta name=\"description\" content=\"Discover meaningful ways to support the priesthood through the Uplift Your Priest campaign and show appreciation to our clergy.\" \/>\n<meta name=\"robots\" content=\"index, follow, max-snippet:-1, max-image-preview:large, max-video-preview:-1\" \/>\n<link rel=\"canonical\" href=\"https:\/\/www.vocationministry.com\/es\/vocation-day\/vocation-days\/uplift-your-priest\/\" \/>\n<meta property=\"og:locale\" content=\"es_MX\" \/>\n<meta property=\"og:type\" content=\"article\" \/>\n<meta property=\"og:title\" content=\"Uplift Your Priest\" \/>\n<meta property=\"og:description\" content=\"Discover meaningful ways to support the priesthood through the Uplift Your Priest campaign and show appreciation to our clergy.\" \/>\n<meta property=\"og:url\" content=\"https:\/\/www.vocationministry.com\/es\/vocation-day\/vocation-days\/uplift-your-priest\/\" \/>\n<meta property=\"og:site_name\" content=\"Vocation Ministry\" \/>\n<meta property=\"article:publisher\" content=\"https:\/\/www.facebook.com\/VocationMinistry\" \/>\n<meta property=\"article:modified_time\" content=\"2025-05-14T19:43:38+00:00\" \/>\n<meta property=\"og:image\" content=\"https:\/\/www.vocationministry.com\/wp-content\/uploads\/2024\/07\/Blue-VM-Logo-white-Background.png\" \/>\n\t<meta property=\"og:image:width\" content=\"2000\" \/>\n\t<meta property=\"og:image:height\" content=\"1000\" \/>\n\t<meta property=\"og:image:type\" content=\"image\/png\" \/><meta property=\"og:image\" content=\"https:\/\/www.vocationministry.com\/wp-content\/uploads\/2024\/01\/upliftyourpriestvdpage-scaled.jpg\" \/>\n\t<meta property=\"og:image:width\" content=\"2560\" \/>\n\t<meta property=\"og:image:height\" content=\"2179\" \/>\n\t<meta property=\"og:image:type\" content=\"image\/jpeg\" \/>\n<meta name=\"twitter:card\" content=\"summary_large_image\" \/>\n<meta name=\"twitter:label1\" content=\"Tiempo de lectura\" \/>\n\t<meta name=\"twitter:data1\" content=\"8 minutos\" \/>\n<script type=\"application\/ld+json\" class=\"yoast-schema-graph\">{\"@context\":\"https:\\\/\\\/schema.org\",\"@graph\":[{\"@type\":\"WebPage\",\"@id\":\"https:\\\/\\\/www.vocationministry.com\\\/vocation-day\\\/vocation-days\\\/uplift-your-priest\\\/\",\"url\":\"https:\\\/\\\/www.vocationministry.com\\\/vocation-day\\\/vocation-days\\\/uplift-your-priest\\\/\",\"name\":\"Uplift Your Priest - Vocation Ministry\",\"isPartOf\":{\"@id\":\"https:\\\/\\\/www.vocationministry.com\\\/es\\\/#website\"},\"primaryImageOfPage\":{\"@id\":\"https:\\\/\\\/www.vocationministry.com\\\/vocation-day\\\/vocation-days\\\/uplift-your-priest\\\/#primaryimage\"},\"image\":{\"@id\":\"https:\\\/\\\/www.vocationministry.com\\\/vocation-day\\\/vocation-days\\\/uplift-your-priest\\\/#primaryimage\"},\"thumbnailUrl\":\"https:\\\/\\\/www.vocationministry.com\\\/wp-content\\\/uploads\\\/2024\\\/01\\\/upliftyourpriestvdpage-scaled.jpg\",\"datePublished\":\"2024-01-09T22:14:32+00:00\",\"dateModified\":\"2025-05-14T19:43:38+00:00\",\"description\":\"Discover meaningful ways to support the priesthood through the Uplift Your Priest campaign and show appreciation to our clergy.\",\"breadcrumb\":{\"@id\":\"https:\\\/\\\/www.vocationministry.com\\\/vocation-day\\\/vocation-days\\\/uplift-your-priest\\\/#breadcrumb\"},\"inLanguage\":\"es\",\"potentialAction\":[{\"@type\":\"ReadAction\",\"target\":[\"https:\\\/\\\/www.vocationministry.com\\\/vocation-day\\\/vocation-days\\\/uplift-your-priest\\\/\"]}]},{\"@type\":\"ImageObject\",\"inLanguage\":\"es\",\"@id\":\"https:\\\/\\\/www.vocationministry.com\\\/vocation-day\\\/vocation-days\\\/uplift-your-priest\\\/#primaryimage\",\"url\":\"https:\\\/\\\/www.vocationministry.com\\\/wp-content\\\/uploads\\\/2024\\\/01\\\/upliftyourpriestvdpage-scaled.jpg\",\"contentUrl\":\"https:\\\/\\\/www.vocationministry.com\\\/wp-content\\\/uploads\\\/2024\\\/01\\\/upliftyourpriestvdpage-scaled.jpg\",\"width\":2560,\"height\":2179},{\"@type\":\"BreadcrumbList\",\"@id\":\"https:\\\/\\\/www.vocationministry.com\\\/vocation-day\\\/vocation-days\\\/uplift-your-priest\\\/#breadcrumb\",\"itemListElement\":[{\"@type\":\"ListItem\",\"position\":1,\"name\":\"Home\",\"item\":\"https:\\\/\\\/www.vocationministry.com\\\/\"},{\"@type\":\"ListItem\",\"position\":2,\"name\":\"Vocation Days\",\"item\":\"https:\\\/\\\/www.vocationministry.com\\\/vocation-day\\\/vocation-days\\\/\"},{\"@type\":\"ListItem\",\"position\":3,\"name\":\"Uplift Your Priest\"}]},{\"@type\":\"WebSite\",\"@id\":\"https:\\\/\\\/www.vocationministry.com\\\/es\\\/#website\",\"url\":\"https:\\\/\\\/www.vocationministry.com\\\/es\\\/\",\"name\":\"Vocation Ministry\",\"description\":\"Creating A Culture of Vocations\",\"publisher\":{\"@id\":\"https:\\\/\\\/www.vocationministry.com\\\/es\\\/#organization\"},\"potentialAction\":[{\"@type\":\"SearchAction\",\"target\":{\"@type\":\"EntryPoint\",\"urlTemplate\":\"https:\\\/\\\/www.vocationministry.com\\\/es\\\/?s={search_term_string}\"},\"query-input\":{\"@type\":\"PropertyValueSpecification\",\"valueRequired\":true,\"valueName\":\"search_term_string\"}}],\"inLanguage\":\"es\"},{\"@type\":\"Organization\",\"@id\":\"https:\\\/\\\/www.vocationministry.com\\\/es\\\/#organization\",\"name\":\"Vocation Ministry\",\"url\":\"https:\\\/\\\/www.vocationministry.com\\\/es\\\/\",\"logo\":{\"@type\":\"ImageObject\",\"inLanguage\":\"es\",\"@id\":\"https:\\\/\\\/www.vocationministry.com\\\/es\\\/#\\\/schema\\\/logo\\\/image\\\/\",\"url\":\"https:\\\/\\\/www.vocationministry.com\\\/wp-content\\\/uploads\\\/2024\\\/02\\\/Blue-VM-Logo-white-Background.png\",\"contentUrl\":\"https:\\\/\\\/www.vocationministry.com\\\/wp-content\\\/uploads\\\/2024\\\/02\\\/Blue-VM-Logo-white-Background.png\",\"width\":2000,\"height\":1000,\"caption\":\"Vocation Ministry\"},\"image\":{\"@id\":\"https:\\\/\\\/www.vocationministry.com\\\/es\\\/#\\\/schema\\\/logo\\\/image\\\/\"},\"sameAs\":[\"https:\\\/\\\/www.facebook.com\\\/VocationMinistry\"]}]}<\/script>\n<!-- \/ Yoast SEO Premium plugin. -->","yoast_head_json":{"title":"Eleva a tu sacerdote - Vocation Ministry","description":"Descubra formas significativas de apoyar al sacerdocio a trav\u00e9s de la campa\u00f1a Uplift Your Priest y muestre su agradecimiento a nuestro clero.","robots":{"index":"index","follow":"follow","max-snippet":"max-snippet:-1","max-image-preview":"max-image-preview:large","max-video-preview":"max-video-preview:-1"},"canonical":"https:\/\/www.vocationministry.com\/es\/vocation-day\/vocation-days\/uplift-your-priest\/","og_locale":"es_MX","og_type":"article","og_title":"Uplift Your Priest","og_description":"Discover meaningful ways to support the priesthood through the Uplift Your Priest campaign and show appreciation to our clergy.","og_url":"https:\/\/www.vocationministry.com\/es\/vocation-day\/vocation-days\/uplift-your-priest\/","og_site_name":"Vocation Ministry","article_publisher":"https:\/\/www.facebook.com\/VocationMinistry","article_modified_time":"2025-05-14T19:43:38+00:00","og_image":[{"width":2000,"height":1000,"url":"https:\/\/www.vocationministry.com\/wp-content\/uploads\/2024\/07\/Blue-VM-Logo-white-Background.png","type":"image\/png"},{"width":2560,"height":2179,"url":"https:\/\/www.vocationministry.com\/wp-content\/uploads\/2024\/01\/upliftyourpriestvdpage-scaled.jpg","type":"image\/jpeg"}],"twitter_card":"summary_large_image","twitter_misc":{"Tiempo de lectura":"8 minutos"},"schema":{"@context":"https:\/\/schema.org","@graph":[{"@type":"WebPage","@id":"https:\/\/www.vocationministry.com\/vocation-day\/vocation-days\/uplift-your-priest\/","url":"https:\/\/www.vocationministry.com\/vocation-day\/vocation-days\/uplift-your-priest\/","name":"Eleva a tu sacerdote - Vocation Ministry","isPartOf":{"@id":"https:\/\/www.vocationministry.com\/es\/#website"},"primaryImageOfPage":{"@id":"https:\/\/www.vocationministry.com\/vocation-day\/vocation-days\/uplift-your-priest\/#primaryimage"},"image":{"@id":"https:\/\/www.vocationministry.com\/vocation-day\/vocation-days\/uplift-your-priest\/#primaryimage"},"thumbnailUrl":"https:\/\/www.vocationministry.com\/wp-content\/uploads\/2024\/01\/upliftyourpriestvdpage-scaled.jpg","datePublished":"2024-01-09T22:14:32+00:00","dateModified":"2025-05-14T19:43:38+00:00","description":"Descubra formas significativas de apoyar al sacerdocio a trav\u00e9s de la campa\u00f1a Uplift Your Priest y muestre su agradecimiento a nuestro clero.","breadcrumb":{"@id":"https:\/\/www.vocationministry.com\/vocation-day\/vocation-days\/uplift-your-priest\/#breadcrumb"},"inLanguage":"es","potentialAction":[{"@type":"ReadAction","target":["https:\/\/www.vocationministry.com\/vocation-day\/vocation-days\/uplift-your-priest\/"]}]},{"@type":"ImageObject","inLanguage":"es","@id":"https:\/\/www.vocationministry.com\/vocation-day\/vocation-days\/uplift-your-priest\/#primaryimage","url":"https:\/\/www.vocationministry.com\/wp-content\/uploads\/2024\/01\/upliftyourpriestvdpage-scaled.jpg","contentUrl":"https:\/\/www.vocationministry.com\/wp-content\/uploads\/2024\/01\/upliftyourpriestvdpage-scaled.jpg","width":2560,"height":2179},{"@type":"BreadcrumbList","@id":"https:\/\/www.vocationministry.com\/vocation-day\/vocation-days\/uplift-your-priest\/#breadcrumb","itemListElement":[{"@type":"ListItem","position":1,"name":"Home","item":"https:\/\/www.vocationministry.com\/"},{"@type":"ListItem","position":2,"name":"Vocation Days","item":"https:\/\/www.vocationministry.com\/vocation-day\/vocation-days\/"},{"@type":"ListItem","position":3,"name":"Uplift Your Priest"}]},{"@type":"WebSite","@id":"https:\/\/www.vocationministry.com\/es\/#website","url":"https:\/\/www.vocationministry.com\/es\/","name":"Vocation Ministry","description":"Creando una cultura de vocaciones","publisher":{"@id":"https:\/\/www.vocationministry.com\/es\/#organization"},"potentialAction":[{"@type":"SearchAction","target":{"@type":"EntryPoint","urlTemplate":"https:\/\/www.vocationministry.com\/es\/?s={search_term_string}"},"query-input":{"@type":"PropertyValueSpecification","valueRequired":true,"valueName":"search_term_string"}}],"inLanguage":"es"},{"@type":"Organization","@id":"https:\/\/www.vocationministry.com\/es\/#organization","name":"Vocation Ministry","url":"https:\/\/www.vocationministry.com\/es\/","logo":{"@type":"ImageObject","inLanguage":"es","@id":"https:\/\/www.vocationministry.com\/es\/#\/schema\/logo\/image\/","url":"https:\/\/www.vocationministry.com\/wp-content\/uploads\/2024\/02\/Blue-VM-Logo-white-Background.png","contentUrl":"https:\/\/www.vocationministry.com\/wp-content\/uploads\/2024\/02\/Blue-VM-Logo-white-Background.png","width":2000,"height":1000,"caption":"Vocation Ministry"},"image":{"@id":"https:\/\/www.vocationministry.com\/es\/#\/schema\/logo\/image\/"},"sameAs":["https:\/\/www.facebook.com\/VocationMinistry"]}]}},"featured_img":"https:\/\/www.vocationministry.com\/wp-content\/uploads\/2024\/01\/upliftyourpriestvdpage-scaled.jpg","coauthors":[],"author_meta":{"author_link":"https:\/\/www.vocationministry.com\/es\/author\/impressusart\/","display_name":"impressusart"},"relative_dates":{"created":"Publicado 2 a\u00f1os hace","modified":"Actualizado 12 meses hace"},"absolute_dates":{"created":"Publicado el enero 9, 2024","modified":"Actualizado el mayo 14, 2025"},"absolute_dates_time":{"created":"Publicado el enero 9, 2024 5:14 pm","modified":"Actualizado el mayo 14, 2025 2:43 pm"},"featured_img_caption":"","tax_additional":[],"series_order":"","_links":{"self":[{"href":"https:\/\/www.vocationministry.com\/es\/wp-json\/wp\/v2\/vocation-day\/67","targetHints":{"allow":["GET"]}}],"collection":[{"href":"https:\/\/www.vocationministry.com\/es\/wp-json\/wp\/v2\/vocation-day"}],"about":[{"href":"https:\/\/www.vocationministry.com\/es\/wp-json\/wp\/v2\/types\/vocation-day"}],"version-history":[{"count":5,"href":"https:\/\/www.vocationministry.com\/es\/wp-json\/wp\/v2\/vocation-day\/67\/revisions"}],"predecessor-version":[{"id":9926,"href":"https:\/\/www.vocationministry.com\/es\/wp-json\/wp\/v2\/vocation-day\/67\/revisions\/9926"}],"up":[{"embeddable":true,"href":"https:\/\/www.vocationministry.com\/es\/wp-json\/wp\/v2\/vocation-day\/140"}],"wp:featuredmedia":[{"embeddable":true,"href":"https:\/\/www.vocationministry.com\/es\/wp-json\/wp\/v2\/media\/7451"}],"wp:attachment":[{"href":"https:\/\/www.vocationministry.com\/es\/wp-json\/wp\/v2\/media?parent=67"}],"curies":[{"name":"Gracias","href":"https:\/\/api.w.org\/{rel}","templated":true}]}}