{"id":69,"date":"2024-01-09T17:14:33","date_gmt":"2024-01-09T22:14:33","guid":{"rendered":"https:\/\/www.vocationministry.com\/par\/parish\/phase-i\/religious-brothers-day\/"},"modified":"2026-06-10T21:10:49","modified_gmt":"2026-06-11T02:10:49","slug":"religious-brothers-day","status":"publish","type":"vocation-day","link":"https:\/\/www.vocationministry.com\/es\/vocation-day\/vocation-days\/religious-brothers-day\/","title":{"rendered":"D\u00eda de los Hermanos Religiosos"},"content":{"rendered":"<h2 class=\"wp-block-heading has-text-align-center\" id=\"h-religious-brothers-day\">D\u00eda de los Hermanos Religiosos<\/h2>\n\n\n\n<p class=\"has-text-align-center wp-block-paragraph\"><strong>1 de mayo | La Fiesta de San Jos\u00e9 Trabajador<\/strong><\/p>\n\n\n\n<div class=\"advgb-tabs-wrapper advgb-tab-horz-desktop advgb-tab-vert-tablet advgb-tab-stack-mobile advgb-tabs-d4e12b9b-ae25-4cba-babe-d6b2cfae8609\" data-tab-active=\"0\"><ul class=\"advgb-tabs-panel\" role=\"tablist\"><li class=\"advgb-tab advgb-tab-active\" role=\"presentation\" style=\"background-color:#9fc9eb;border-style:solid;border-width:1px;border-color:#abb8c3;border-radius:0px\"><button class=\"advgb-tab-button\" id=\"advgb-tab-_5c917c-d1-0\" aria-controls=\"advgb-tab-panel-_5c917c-d1-0\" role=\"tab\" aria-selected=\"true\" tabindex=\"0\" style=\"color:#29538b;background:none;border:none;width:100%;text-align:inherit;cursor:pointer;padding:8px 16px;font:inherit\"><span>Parroquia<\/span><\/button><\/li><li class=\"advgb-tab\" role=\"presentation\" style=\"background-color:#9fc9eb;border-style:solid;border-width:1px;border-color:#abb8c3;border-radius:0px\"><button class=\"advgb-tab-button\" id=\"advgb-tab-_5c917c-d1-1\" aria-controls=\"advgb-tab-panel-_5c917c-d1-1\" role=\"tab\" aria-selected=\"false\" tabindex=\"0\" style=\"color:#29538b;background:none;border:none;width:100%;text-align:inherit;cursor:pointer;padding:8px 16px;font:inherit\"><span>Educaci\u00f3n<\/span><\/button><\/li><\/ul><div class=\"advgb-tab-body-wrapper\" style=\"background-color:#f3f3f3;border-style:solid;border-width:1px;border-color:#abb8c3;border-radius:0px\">\n<div class=\"advgb-tab-body-container\"><div class=\"advgb-tab-body-header advgb-tab-class-\" id=\"advgb-tab-panel-_5c917c-d1-0\" role=\"tabpanel\" aria-labelledby=\"advgb-tab-_5c917c-d1-0\" tabindex=\"0\"><span>Parroquia<\/span><\/div><div class=\"advgb-tab-_5c917c-d1 advgb-tab-body\" aria-labelledby=\"advgb-tab-panel-_5c917c-d1-0\" style=\"display:none\">\n<div class=\"wp-block-buttons is-content-justification-center is-layout-flex wp-container-core-buttons-is-layout-fe48e5de wp-block-buttons-is-layout-flex\">\n<div class=\"wp-block-button\"><a class=\"wp-block-button__link wp-element-button\" href=\"https:\/\/www.vocationministry.com\/wp-content\/uploads\/2025\/03\/Religious-Brothers-Day-Mass-Announcements-1.pdf\" target=\"_blank\" rel=\"noreferrer noopener\">Anuncios masivos<\/a><\/div>\n\n\n\n<div class=\"wp-block-button\"><a class=\"wp-block-button__link wp-element-button\" href=\"https:\/\/www.vocationministry.com\/wp-content\/uploads\/2025\/03\/Religious-Brothers-Day-General-Intercessions-1.pdf\" target=\"_blank\" rel=\"noreferrer noopener\">Intercesiones generales<\/a><\/div>\n\n\n\n<div class=\"wp-block-button\"><a class=\"wp-block-button__link wp-element-button\" href=\"https:\/\/www.vocationministry.com\/wp-content\/uploads\/2025\/03\/Religious-Brothers-Day-Bulletin-Blurbs-1.pdf\" target=\"_blank\" rel=\"noreferrer noopener\">Anuncios de boletines<\/a><\/div>\n<\/div>\n\n\n\n<div class=\"wp-block-media-text has-media-on-the-right is-stacked-on-mobile\"><div class=\"wp-block-media-text__content\">\n<p class=\"wp-block-paragraph\">El D\u00eda de los Hermanos Religiosos ofrece la oportunidad de celebrar y agradecer a los hermanos religiosos en nuestras vidas. Tambi\u00e9n nos permite reflexionar sobre c\u00f3mo invitamos, acompa\u00f1amos y animamos a los j\u00f3venes a discernir el llamado de Dios en sus vidas.<\/p>\n<\/div><figure class=\"wp-block-media-text__media\"><img loading=\"lazy\" decoding=\"async\" width=\"890\" height=\"395\" src=\"https:\/\/www.vocationministry.com\/wp-content\/uploads\/2024\/04\/religiousbrothersdayheader.png\" alt=\"\" class=\"wp-image-5541 size-full\" srcset=\"https:\/\/www.vocationministry.com\/wp-content\/uploads\/2024\/04\/religiousbrothersdayheader.png 890w, https:\/\/www.vocationministry.com\/wp-content\/uploads\/2024\/04\/religiousbrothersdayheader-480x213.png 480w\" sizes=\"(min-width: 0px) and (max-width: 480px) 480px, (min-width: 481px) 890px, 100vw\" \/><\/figure><\/div>\n\n\n\n<h4 id=\"h-ideas\" class=\"wp-block-heading\">Ideas<\/h4>\n\n\n\n<ul class=\"wp-block-list\">\n<li>Hacer un anuncio en la Misa<\/li>\n\n\n\n<li>Coloque fotograf\u00edas e informaci\u00f3n sobre hermanos de su parroquia\/di\u00f3cesis en el bolet\u00edn.<\/li>\n\n\n\n<li>Env\u00ede un paquete de art\u00edculos pr\u00e1cticos a un monasterio de su di\u00f3cesis o de una di\u00f3cesis cercana.<\/li>\n\n\n\n<li>Haga correr la voz sobre la vocaci\u00f3n y la vida de los hermanos cat\u00f3licos en el bolet\u00edn y m\u00e1s all\u00e1.<\/li>\n\n\n\n<li>Mostrar un <a href=\"https:\/\/www.vocationministry.com\/es\/vocation-day\/vocation-days\/banners\/\">Bandera del d\u00eda de los hermanos religiosos<\/a> o un <a href=\"https:\/\/www.vocationministry.com\/es\/vocation-day\/vocation-days\/posters\/\" target=\"_blank\" rel=\"noreferrer noopener\">Cartel del d\u00eda de los hermanos religiosos.<\/a><\/li>\n\n\n\n<li>Descarga nuestra nueva&nbsp;<a href=\"https:\/\/www.vocationministry.com\/wp-content\/uploads\/2025\/03\/Religious-Brothers-Day.jpg\">Exhibici\u00f3n del D\u00eda de las Vocaciones<\/a>-un&nbsp;<a href=\"https:\/\/www.canva.com\/design\/DAGiYAeqbz0\/AO5aQ_fLEn-wNrU0g75yFA\/view?utm_content=DAGiYAeqbz0&amp;utm_campaign=designshare&amp;utm_medium=link&amp;utm_source=publishsharelink&amp;mode=preview\" target=\"_blank\" rel=\"noreferrer noopener\">Canva editable<\/a>&nbsp;Recurso para que las iglesias muestren anuncios con temas vocacionales en sus televisores.<\/li>\n<\/ul>\n<\/div><\/div>\n\n\n\n<div class=\"advgb-tab-body-container\"><div class=\"advgb-tab-body-header advgb-tab-class- header-active\" id=\"advgb-tab-panel-_5c917c-d1-1\" role=\"tabpanel\" aria-labelledby=\"advgb-tab-_5c917c-d1-1\" tabindex=\"0\"><span>Educaci\u00f3n<\/span><\/div><div class=\"advgb-tab-_5c917c-d1 advgb-tab-body\" aria-labelledby=\"advgb-tab-panel-_5c917c-d1-1\" style=\"display:block\">\n<div class=\"wp-block-buttons is-content-justification-center is-layout-flex wp-container-core-buttons-is-layout-fe48e5de wp-block-buttons-is-layout-flex\">\n<div class=\"wp-block-button\"><a class=\"wp-block-button__link wp-element-button\" href=\"https:\/\/www.vocationministry.com\/wp-content\/uploads\/2024\/04\/Religious-Brothers-Day-Mass-Announcements.pdf\" target=\"_blank\" rel=\"noreferrer noopener\">Anuncios<\/a><\/div>\n\n\n\n<div class=\"wp-block-button\"><a class=\"wp-block-button__link wp-element-button\" href=\"https:\/\/www.vocationministry.com\/wp-content\/uploads\/2024\/04\/Religious-Brothers-Day-General-Intercessions.pdf\" target=\"_blank\" rel=\"noreferrer noopener\">Intercesiones generales<\/a><\/div>\n\n\n\n<div class=\"wp-block-button\"><a class=\"wp-block-button__link wp-element-button\" href=\"https:\/\/www.vocationministry.com\/wp-content\/uploads\/2024\/04\/Religious-Brothers-Day-Bulletin-Blurbs.pdf\" target=\"_blank\" rel=\"noreferrer noopener\">Anuncios del bolet\u00edn<\/a><\/div>\n<\/div>\n\n\n\n<div class=\"wp-block-media-text has-media-on-the-right is-stacked-on-mobile\"><div class=\"wp-block-media-text__content\">\n<p class=\"wp-block-paragraph\">El D\u00eda de los Hermanos Religiosos ofrece la oportunidad de celebrar y agradecer a los hermanos religiosos en nuestras vidas. Tambi\u00e9n nos permite reflexionar sobre c\u00f3mo invitamos, acompa\u00f1amos y animamos a los j\u00f3venes a discernir el llamado de Dios en sus vidas.<\/p>\n<\/div><figure class=\"wp-block-media-text__media\"><img loading=\"lazy\" decoding=\"async\" width=\"890\" height=\"395\" src=\"https:\/\/www.vocationministry.com\/wp-content\/uploads\/2024\/04\/religiousbrothersdayheader.png\" alt=\"\" class=\"wp-image-5541 size-full\" srcset=\"https:\/\/www.vocationministry.com\/wp-content\/uploads\/2024\/04\/religiousbrothersdayheader.png 890w, https:\/\/www.vocationministry.com\/wp-content\/uploads\/2024\/04\/religiousbrothersdayheader-480x213.png 480w\" sizes=\"(min-width: 0px) and (max-width: 480px) 480px, (min-width: 481px) 890px, 100vw\" \/><\/figure><\/div>\n\n\n\n<h4 id=\"h-ideas-0\" class=\"wp-block-heading\">Ideas<\/h4>\n\n\n\n<ul class=\"wp-block-list\">\n<li>Hacer un anuncio en la escuela<\/li>\n\n\n\n<li>Mostrar un <a href=\"https:\/\/www.vocationministry.com\/es\/vocation-day\/vocation-days\/banners\/\">Bandera del d\u00eda de los hermanos religiosos<\/a> o un <a href=\"https:\/\/www.vocationministry.com\/es\/vocation-day\/vocation-days\/posters\/\" target=\"_blank\" rel=\"noreferrer noopener\">Cartel del d\u00eda de los hermanos religiosos.<\/a><\/li>\n\n\n\n<li>Descarga nuestra nueva&nbsp;<a href=\"https:\/\/www.vocationministry.com\/wp-content\/uploads\/2025\/03\/Religious-Brothers-Day.jpg\">Exhibici\u00f3n del D\u00eda de las Vocaciones<\/a>-un&nbsp;<a href=\"https:\/\/www.canva.com\/design\/DAGiYAeqbz0\/AO5aQ_fLEn-wNrU0g75yFA\/view?utm_content=DAGiYAeqbz0&amp;utm_campaign=designshare&amp;utm_medium=link&amp;utm_source=publishsharelink&amp;mode=preview\" target=\"_blank\" rel=\"noreferrer noopener\">Canva editable<\/a>&nbsp;Recurso para que las escuelas muestren anuncios con temas vocacionales en sus pantallas o televisores de clase.<\/li>\n\n\n\n<li>Ponga foto e informaci\u00f3n de hermanos de su parroquia\/di\u00f3cesis en el bolet\u00edn<\/li>\n\n\n\n<li>Env\u00ede un paquete de art\u00edculos pr\u00e1cticos a un monasterio de su di\u00f3cesis o de una di\u00f3cesis cercana.<\/li>\n\n\n\n<li>Dar una lecci\u00f3n sobre los votos, los hermanos religiosos, la diferencia entre sacerdotes y hermanos.<\/li>\n\n\n\n<li>\u00a1Vea una entrevista de 20 minutos con el hermano Leven Harton, OSB de Vocations LIVE!&nbsp;<a href=\"https:\/\/youtu.be\/YC129BbQkUw\" target=\"_blank\" rel=\"noreferrer noopener\">AQU\u00cd<\/a>&nbsp;o una inmersi\u00f3n m\u00e1s profunda en la vida de los monjes benedictinos (hermanos y sacerdotes)&nbsp;<a href=\"https:\/\/www.youtube.com\/watch?v=lV-MsFMW1S4\" target=\"_blank\" rel=\"noreferrer noopener\">AQU\u00cd<\/a><\/li>\n\n\n\n<li>Coloque fotograf\u00edas e informaci\u00f3n de hermanos de su escuela\/parroquia en un tabl\u00f3n de anuncios, un cartel o un bolet\u00edn.<\/li>\n\n\n\n<li>Env\u00eda una tarjeta firmada por los estudiantes de tu clase a los hermanos de un monasterio de tu di\u00f3cesis o de una di\u00f3cesis cercana.<\/li>\n<\/ul>\n<\/div><\/div>\n<\/div><\/div>\n\n\n\n<h4 id=\"h-resources\" class=\"wp-block-heading\">Recursos<\/h4>\n\n\n\n<p class=\"has-text-align-center wp-block-paragraph\"><strong>Actividades para ni\u00f1os<\/strong><\/p>\n\n\n\n<div class=\"wp-block-columns is-layout-flex wp-container-core-columns-is-layout-8f761849 wp-block-columns-is-layout-flex\">\n<div class=\"wp-block-column is-layout-flow wp-block-column-is-layout-flow\">\n<figure class=\"wp-block-image size-large\"><img loading=\"lazy\" decoding=\"async\" width=\"791\" height=\"1024\" src=\"https:\/\/www.vocationministry.com\/wp-content\/uploads\/2024\/01\/Brother-Coloring-Page-Spanish.png\" alt=\"\" class=\"wp-image-5549\"\/><\/figure>\n\n\n\n<div class=\"wp-block-buttons is-content-justification-center is-layout-flex wp-container-core-buttons-is-layout-fe48e5de wp-block-buttons-is-layout-flex\">\n<div class=\"wp-block-button\"><a class=\"wp-block-button__link wp-element-button\" href=\"https:\/\/www.vocationministry.com\/wp-content\/uploads\/2024\/04\/brother-coloring-page.pdf\" target=\"_blank\" rel=\"noreferrer noopener\">P\u00e1gina para colorear de hermano (PDF)<\/a><\/div>\n\n\n\n<div class=\"wp-block-button\"><a class=\"wp-block-button__link wp-element-button\" href=\"https:\/\/www.vocationministry.com\/wp-content\/uploads\/2024\/04\/brother-coloring-page-spanish.pdf\" target=\"_blank\" rel=\"noreferrer noopener\">Dibujo para colorear Hermano-Espa\u00f1ol (PDF)<\/a><\/div>\n<\/div>\n<\/div>\n\n\n\n<div class=\"wp-block-column is-layout-flow wp-block-column-is-layout-flow\">\n<figure class=\"wp-block-image size-large\"><img loading=\"lazy\" decoding=\"async\" width=\"791\" height=\"1024\" src=\"https:\/\/www.vocationministry.com\/wp-content\/uploads\/2024\/04\/Religious-Brothers-coloring-page-791x1024.png\" alt=\"\" class=\"wp-image-5551\"\/><\/figure>\n\n\n\n<div class=\"wp-block-buttons is-content-justification-center is-layout-flex wp-container-core-buttons-is-layout-fe48e5de wp-block-buttons-is-layout-flex\">\n<div class=\"wp-block-button\"><a class=\"wp-block-button__link wp-element-button\" href=\"https:\/\/www.vocationministry.com\/wp-content\/uploads\/2024\/04\/religious-brothers-coloring-page-bilingual.pdf\" target=\"_blank\" rel=\"noreferrer noopener\">P\u00e1gina para colorear de hermano biling\u00fce (PDF)<\/a><\/div>\n<\/div>\n<\/div>\n\n\n\n<div class=\"wp-block-column is-layout-flow wp-block-column-is-layout-flow\">\n<figure class=\"wp-block-image size-large\"><img loading=\"lazy\" decoding=\"async\" width=\"791\" height=\"1024\" src=\"https:\/\/www.vocationministry.com\/wp-content\/uploads\/2024\/05\/Dear-Brother-letter-spanish.png\" alt=\"\" class=\"wp-image-5552\"\/><\/figure>\n\n\n\n<div class=\"wp-block-buttons is-content-justification-center is-layout-flex wp-container-core-buttons-is-layout-fe48e5de wp-block-buttons-is-layout-flex\">\n<div class=\"wp-block-button\"><a class=\"wp-block-button__link wp-element-button\" href=\"https:\/\/www.vocationministry.com\/wp-content\/uploads\/2024\/04\/Dear-brother.pdf\" target=\"_blank\" rel=\"noreferrer noopener\">Carta al querido hermano (PDF)<\/a><\/div>\n\n\n\n<div class=\"wp-block-button\"><a class=\"wp-block-button__link wp-element-button\" href=\"https:\/\/www.vocationministry.com\/wp-content\/uploads\/2024\/04\/Dear-brother-spanish.pdf\" target=\"_blank\" rel=\"noreferrer noopener\">Carta Querido Hermano-Espa\u00f1ol (PDF)<\/a><\/div>\n<\/div>\n<\/div>\n<\/div>\n\n\n\n<p class=\"has-text-align-center wp-block-paragraph\"><strong>Recursos adicionales<\/strong><\/p>\n\n\n\n<div class=\"wp-block-columns is-layout-flex wp-container-core-columns-is-layout-8f761849 wp-block-columns-is-layout-flex\">\n<div class=\"wp-block-column is-layout-flow wp-block-column-is-layout-flow\" style=\"flex-basis:33.33%\">\n<figure class=\"wp-block-image aligncenter size-full\"><img loading=\"lazy\" decoding=\"async\" width=\"585\" height=\"1024\" src=\"https:\/\/www.vocationministry.com\/wp-content\/uploads\/2024\/04\/religiousbrothersbanner-rb.png\" alt=\"\" class=\"wp-image-5558\" srcset=\"https:\/\/www.vocationministry.com\/wp-content\/uploads\/2024\/04\/religiousbrothersbanner-rb.png 585w, https:\/\/www.vocationministry.com\/wp-content\/uploads\/2024\/04\/religiousbrothersbanner-rb-480x840.png 480w\" sizes=\"(min-width: 0px) and (max-width: 480px) 480px, (min-width: 481px) 585px, 100vw\" \/><\/figure>\n<\/div>\n\n\n\n<div class=\"wp-block-column is-layout-flow wp-block-column-is-layout-flow\" style=\"flex-basis:66.66%\">\n<figure class=\"wp-block-image aligncenter size-full\"><img loading=\"lazy\" decoding=\"async\" width=\"1024\" height=\"467\" src=\"https:\/\/www.vocationministry.com\/wp-content\/uploads\/2024\/04\/religiousbrotherbanner-rb2.png\" alt=\"\" class=\"wp-image-5559\" srcset=\"https:\/\/www.vocationministry.com\/wp-content\/uploads\/2024\/04\/religiousbrotherbanner-rb2.png 1024w, https:\/\/www.vocationministry.com\/wp-content\/uploads\/2024\/04\/religiousbrotherbanner-rb2-980x447.png 980w, https:\/\/www.vocationministry.com\/wp-content\/uploads\/2024\/04\/religiousbrotherbanner-rb2-480x219.png 480w\" sizes=\"(min-width: 0px) and (max-width: 480px) 480px, (min-width: 481px) and (max-width: 980px) 980px, (min-width: 981px) 1024px, 100vw\" \/><\/figure>\n\n\n\n<div class=\"wp-block-buttons is-content-justification-center is-layout-flex wp-container-core-buttons-is-layout-fe48e5de wp-block-buttons-is-layout-flex\">\n<div class=\"wp-block-button\"><a class=\"wp-block-button__link wp-element-button\" href=\"https:\/\/www.brothersvocation.org\/may-1-religious-brothers-day\/#:~:text=Religious%20Brothers%20Day%2C%20marked%20May,religious%20Brothers%20in%20our%20lives.\" target=\"_blank\" rel=\"noreferrer noopener\">Descubra m\u00e1s aqu\u00ed<\/a><\/div>\n<\/div>\n<\/div>\n<\/div>\n<style class=\"advgb-styles-renderer\">.advgb-tabs-d4e12b9b-ae25-4cba-babe-d6b2cfae8609 ul.advgb-tabs-panel li.advgb-tab.advgb-tab-active {background-color:#29538b !important;color:#9fc9eb !important;}#advgb-tabs-d4e12b9b-ae25-4cba-babe-d6b2cfae8609 .advgb-tab-body-header.header-active, .advgb-tabs-d4e12b9b-ae25-4cba-babe-d6b2cfae8609 .advgb-tab-body-header.header-active{background-color:#29538b !important;color:#9fc9eb !important;}<\/style>","protected":false},"author":1,"featured_media":7314,"parent":140,"menu_order":4,"template":"","class_list":["post-69","vocation-day","type-vocation-day","status-publish","has-post-thumbnail","hentry"],"acf":[],"dsm_author":{"name":"impressusart","avatar_url":"https:\/\/secure.gravatar.com\/avatar\/101b2f7d99982cfcd4b021b4cefb7ac65f6884ddc0b0a9025ff50956692ec13f?s=96&d=mm&r=g","archive_link":"https:\/\/www.vocationministry.com\/es\/author\/impressusart\/","biodata":""},"dsm_categories":[],"dsm_attachment_categories":[],"dsm_featured_image":{"thumbnail":"https:\/\/www.vocationministry.com\/wp-content\/uploads\/2024\/05\/brotherswork-150x150.jpg","medium":"https:\/\/www.vocationministry.com\/wp-content\/uploads\/2024\/05\/brotherswork-300x199.jpg","medium_large":"https:\/\/www.vocationministry.com\/wp-content\/uploads\/2024\/05\/brotherswork-768x510.jpg","large":"https:\/\/www.vocationministry.com\/wp-content\/uploads\/2024\/05\/brotherswork-1024x680.jpg","1536x1536":"https:\/\/www.vocationministry.com\/wp-content\/uploads\/2024\/05\/brotherswork-1536x1021.jpg","2048x2048":"https:\/\/www.vocationministry.com\/wp-content\/uploads\/2024\/05\/brotherswork-2048x1361.jpg","trp-custom-language-flag":"https:\/\/www.vocationministry.com\/wp-content\/uploads\/2024\/05\/brotherswork-18x12.jpg","et-pb-post-main-image":"https:\/\/www.vocationministry.com\/wp-content\/uploads\/2024\/05\/brotherswork-400x250.jpg","et-pb-post-main-image-fullwidth":"https:\/\/www.vocationministry.com\/wp-content\/uploads\/2024\/05\/brotherswork-1080x675.jpg","et-pb-portfolio-image":"https:\/\/www.vocationministry.com\/wp-content\/uploads\/2024\/05\/brotherswork-400x284.jpg","et-pb-portfolio-module-image":"https:\/\/www.vocationministry.com\/wp-content\/uploads\/2024\/05\/brotherswork-510x382.jpg","et-pb-portfolio-image-single":"https:\/\/www.vocationministry.com\/wp-content\/uploads\/2024\/05\/brotherswork-1080x718.jpg","et-pb-gallery-module-image-portrait":"https:\/\/www.vocationministry.com\/wp-content\/uploads\/2024\/05\/brotherswork-400x516.jpg","et-pb-post-main-image-fullwidth-large":"https:\/\/www.vocationministry.com\/wp-content\/uploads\/2024\/05\/brotherswork-2880x1800.jpg","et-pb-image--responsive--desktop":"https:\/\/www.vocationministry.com\/wp-content\/uploads\/2024\/05\/brotherswork-1280x851.jpg","et-pb-image--responsive--tablet":"https:\/\/www.vocationministry.com\/wp-content\/uploads\/2024\/05\/brotherswork-980x651.jpg","et-pb-image--responsive--phone":"https:\/\/www.vocationministry.com\/wp-content\/uploads\/2024\/05\/brotherswork-480x319.jpg","gform-image-choice-sm":"https:\/\/www.vocationministry.com\/wp-content\/uploads\/2024\/05\/brotherswork-scaled.jpg","gform-image-choice-md":"https:\/\/www.vocationministry.com\/wp-content\/uploads\/2024\/05\/brotherswork-scaled.jpg","gform-image-choice-lg":"https:\/\/www.vocationministry.com\/wp-content\/uploads\/2024\/05\/brotherswork-scaled.jpg","woocommerce_thumbnail":"https:\/\/www.vocationministry.com\/wp-content\/uploads\/2024\/05\/brotherswork-300x300.jpg","woocommerce_single":"https:\/\/www.vocationministry.com\/wp-content\/uploads\/2024\/05\/brotherswork-600x399.jpg","woocommerce_gallery_thumbnail":"https:\/\/www.vocationministry.com\/wp-content\/uploads\/2024\/05\/brotherswork-100x100.jpg","full":"https:\/\/www.vocationministry.com\/wp-content\/uploads\/2024\/05\/brotherswork-scaled.jpg"},"dsm_comment_count":0,"yoast_head":"<!-- This site is optimized with the Yoast SEO Premium plugin v24.9 (Yoast SEO v28.4) - https:\/\/yoast.com\/product\/yoast-seo-premium-wordpress\/ -->\n<title>Religious Brothers Day - Vocation Ministry<\/title>\n<meta name=\"description\" content=\"Celebrate Religious Brothers Day on May 1st. Join us in honoring the essential role of religious brothers in our community.\" \/>\n<meta name=\"robots\" content=\"index, follow, max-snippet:-1, max-image-preview:large, max-video-preview:-1\" \/>\n<link rel=\"canonical\" href=\"https:\/\/www.vocationministry.com\/es\/vocation-day\/vocation-days\/religious-brothers-day\/\" \/>\n<meta property=\"og:locale\" content=\"es_MX\" \/>\n<meta property=\"og:type\" content=\"article\" \/>\n<meta property=\"og:title\" content=\"Religious Brothers Day\" \/>\n<meta property=\"og:description\" content=\"Celebrate Religious Brothers Day on May 1st. Join us in honoring the essential role of religious brothers in our community.\" \/>\n<meta property=\"og:url\" content=\"https:\/\/www.vocationministry.com\/es\/vocation-day\/vocation-days\/religious-brothers-day\/\" \/>\n<meta property=\"og:site_name\" content=\"Vocation Ministry\" \/>\n<meta property=\"article:publisher\" content=\"https:\/\/www.facebook.com\/VocationMinistry\" \/>\n<meta property=\"article:modified_time\" content=\"2026-06-11T02:10:49+00:00\" \/>\n<meta property=\"og:image\" content=\"https:\/\/www.vocationministry.com\/wp-content\/uploads\/2024\/07\/Blue-VM-Logo-white-Background.png\" \/>\n\t<meta property=\"og:image:width\" content=\"2000\" \/>\n\t<meta property=\"og:image:height\" content=\"1000\" \/>\n\t<meta property=\"og:image:type\" content=\"image\/png\" \/><meta property=\"og:image\" content=\"https:\/\/www.vocationministry.com\/wp-content\/uploads\/2024\/05\/brotherswork-scaled.jpg\" \/>\n\t<meta property=\"og:image:width\" content=\"2560\" \/>\n\t<meta property=\"og:image:height\" content=\"1701\" \/>\n\t<meta property=\"og:image:type\" content=\"image\/jpeg\" \/>\n<meta name=\"twitter:card\" content=\"summary_large_image\" \/>\n<meta name=\"twitter:label1\" content=\"Tiempo de lectura\" \/>\n\t<meta name=\"twitter:data1\" content=\"4 minutos\" \/>\n<script type=\"application\/ld+json\" class=\"yoast-schema-graph\">{\"@context\":\"https:\\\/\\\/schema.org\",\"@graph\":[{\"@type\":\"WebPage\",\"@id\":\"https:\\\/\\\/www.vocationministry.com\\\/vocation-day\\\/vocation-days\\\/religious-brothers-day\\\/\",\"url\":\"https:\\\/\\\/www.vocationministry.com\\\/vocation-day\\\/vocation-days\\\/religious-brothers-day\\\/\",\"name\":\"Religious Brothers Day - Vocation Ministry\",\"isPartOf\":{\"@id\":\"https:\\\/\\\/www.vocationministry.com\\\/#website\"},\"primaryImageOfPage\":{\"@id\":\"https:\\\/\\\/www.vocationministry.com\\\/vocation-day\\\/vocation-days\\\/religious-brothers-day\\\/#primaryimage\"},\"image\":{\"@id\":\"https:\\\/\\\/www.vocationministry.com\\\/vocation-day\\\/vocation-days\\\/religious-brothers-day\\\/#primaryimage\"},\"thumbnailUrl\":\"https:\\\/\\\/www.vocationministry.com\\\/wp-content\\\/uploads\\\/2024\\\/05\\\/brotherswork-scaled.jpg\",\"datePublished\":\"2024-01-09T22:14:33+00:00\",\"dateModified\":\"2026-06-11T02:10:49+00:00\",\"description\":\"Celebrate Religious Brothers Day on May 1st. Join us in honoring the essential role of religious brothers in our community.\",\"breadcrumb\":{\"@id\":\"https:\\\/\\\/www.vocationministry.com\\\/vocation-day\\\/vocation-days\\\/religious-brothers-day\\\/#breadcrumb\"},\"inLanguage\":\"es\",\"potentialAction\":[{\"@type\":\"ReadAction\",\"target\":[\"https:\\\/\\\/www.vocationministry.com\\\/vocation-day\\\/vocation-days\\\/religious-brothers-day\\\/\"]}]},{\"@type\":\"ImageObject\",\"inLanguage\":\"es\",\"@id\":\"https:\\\/\\\/www.vocationministry.com\\\/vocation-day\\\/vocation-days\\\/religious-brothers-day\\\/#primaryimage\",\"url\":\"https:\\\/\\\/www.vocationministry.com\\\/wp-content\\\/uploads\\\/2024\\\/05\\\/brotherswork-scaled.jpg\",\"contentUrl\":\"https:\\\/\\\/www.vocationministry.com\\\/wp-content\\\/uploads\\\/2024\\\/05\\\/brotherswork-scaled.jpg\",\"width\":2560,\"height\":1701},{\"@type\":\"BreadcrumbList\",\"@id\":\"https:\\\/\\\/www.vocationministry.com\\\/vocation-day\\\/vocation-days\\\/religious-brothers-day\\\/#breadcrumb\",\"itemListElement\":[{\"@type\":\"ListItem\",\"position\":1,\"name\":\"Home\",\"item\":\"https:\\\/\\\/www.vocationministry.com\\\/\"},{\"@type\":\"ListItem\",\"position\":2,\"name\":\"Vocation Days\",\"item\":\"https:\\\/\\\/www.vocationministry.com\\\/vocation-day\\\/vocation-days\\\/\"},{\"@type\":\"ListItem\",\"position\":3,\"name\":\"Religious Brothers Day\"}]},{\"@type\":\"WebSite\",\"@id\":\"https:\\\/\\\/www.vocationministry.com\\\/#website\",\"url\":\"https:\\\/\\\/www.vocationministry.com\\\/\",\"name\":\"Vocation Ministry\",\"description\":\"Creating A Culture of Vocations\",\"publisher\":{\"@id\":\"https:\\\/\\\/www.vocationministry.com\\\/#organization\"},\"potentialAction\":[{\"@type\":\"SearchAction\",\"target\":{\"@type\":\"EntryPoint\",\"urlTemplate\":\"https:\\\/\\\/www.vocationministry.com\\\/?s={search_term_string}\"},\"query-input\":{\"@type\":\"PropertyValueSpecification\",\"valueRequired\":true,\"valueName\":\"search_term_string\"}}],\"inLanguage\":\"es\"},{\"@type\":\"Organization\",\"@id\":\"https:\\\/\\\/www.vocationministry.com\\\/#organization\",\"name\":\"Vocation Ministry\",\"url\":\"https:\\\/\\\/www.vocationministry.com\\\/\",\"logo\":{\"@type\":\"ImageObject\",\"inLanguage\":\"es\",\"@id\":\"https:\\\/\\\/www.vocationministry.com\\\/#\\\/schema\\\/logo\\\/image\\\/\",\"url\":\"https:\\\/\\\/www.vocationministry.com\\\/wp-content\\\/uploads\\\/2024\\\/02\\\/Blue-VM-Logo-white-Background.png\",\"contentUrl\":\"https:\\\/\\\/www.vocationministry.com\\\/wp-content\\\/uploads\\\/2024\\\/02\\\/Blue-VM-Logo-white-Background.png\",\"width\":2000,\"height\":1000,\"caption\":\"Vocation Ministry\"},\"image\":{\"@id\":\"https:\\\/\\\/www.vocationministry.com\\\/#\\\/schema\\\/logo\\\/image\\\/\"},\"sameAs\":[\"https:\\\/\\\/www.facebook.com\\\/VocationMinistry\"]}]}<\/script>\n<!-- \/ Yoast SEO Premium plugin. -->","yoast_head_json":{"title":"D\u00eda de los Hermanos Religiosos - Vocation Ministry","description":"Celebre el D\u00eda de los Hermanos Religiosos el 1 de mayo. Acomp\u00e1\u00f1enos a honrar el papel esencial de los hermanos religiosos en nuestra comunidad.","robots":{"index":"index","follow":"follow","max-snippet":"max-snippet:-1","max-image-preview":"max-image-preview:large","max-video-preview":"max-video-preview:-1"},"canonical":"https:\/\/www.vocationministry.com\/es\/vocation-day\/vocation-days\/religious-brothers-day\/","og_locale":"es_MX","og_type":"article","og_title":"Religious Brothers Day","og_description":"Celebrate Religious Brothers Day on May 1st. Join us in honoring the essential role of religious brothers in our community.","og_url":"https:\/\/www.vocationministry.com\/es\/vocation-day\/vocation-days\/religious-brothers-day\/","og_site_name":"Vocation Ministry","article_publisher":"https:\/\/www.facebook.com\/VocationMinistry","article_modified_time":"2026-06-11T02:10:49+00:00","og_image":[{"width":2000,"height":1000,"url":"https:\/\/www.vocationministry.com\/wp-content\/uploads\/2024\/07\/Blue-VM-Logo-white-Background.png","type":"image\/png"},{"width":2560,"height":1701,"url":"https:\/\/www.vocationministry.com\/wp-content\/uploads\/2024\/05\/brotherswork-scaled.jpg","type":"image\/jpeg"}],"twitter_card":"summary_large_image","twitter_misc":{"Tiempo de lectura":"4 minutos"},"schema":{"@context":"https:\/\/schema.org","@graph":[{"@type":"WebPage","@id":"https:\/\/www.vocationministry.com\/vocation-day\/vocation-days\/religious-brothers-day\/","url":"https:\/\/www.vocationministry.com\/vocation-day\/vocation-days\/religious-brothers-day\/","name":"D\u00eda de los Hermanos Religiosos - Vocation Ministry","isPartOf":{"@id":"https:\/\/www.vocationministry.com\/#website"},"primaryImageOfPage":{"@id":"https:\/\/www.vocationministry.com\/vocation-day\/vocation-days\/religious-brothers-day\/#primaryimage"},"image":{"@id":"https:\/\/www.vocationministry.com\/vocation-day\/vocation-days\/religious-brothers-day\/#primaryimage"},"thumbnailUrl":"https:\/\/www.vocationministry.com\/wp-content\/uploads\/2024\/05\/brotherswork-scaled.jpg","datePublished":"2024-01-09T22:14:33+00:00","dateModified":"2026-06-11T02:10:49+00:00","description":"Celebre el D\u00eda de los Hermanos Religiosos el 1 de mayo. Acomp\u00e1\u00f1enos a honrar el papel esencial de los hermanos religiosos en nuestra comunidad.","breadcrumb":{"@id":"https:\/\/www.vocationministry.com\/vocation-day\/vocation-days\/religious-brothers-day\/#breadcrumb"},"inLanguage":"es","potentialAction":[{"@type":"ReadAction","target":["https:\/\/www.vocationministry.com\/vocation-day\/vocation-days\/religious-brothers-day\/"]}]},{"@type":"ImageObject","inLanguage":"es","@id":"https:\/\/www.vocationministry.com\/vocation-day\/vocation-days\/religious-brothers-day\/#primaryimage","url":"https:\/\/www.vocationministry.com\/wp-content\/uploads\/2024\/05\/brotherswork-scaled.jpg","contentUrl":"https:\/\/www.vocationministry.com\/wp-content\/uploads\/2024\/05\/brotherswork-scaled.jpg","width":2560,"height":1701},{"@type":"BreadcrumbList","@id":"https:\/\/www.vocationministry.com\/vocation-day\/vocation-days\/religious-brothers-day\/#breadcrumb","itemListElement":[{"@type":"ListItem","position":1,"name":"Home","item":"https:\/\/www.vocationministry.com\/"},{"@type":"ListItem","position":2,"name":"Vocation Days","item":"https:\/\/www.vocationministry.com\/vocation-day\/vocation-days\/"},{"@type":"ListItem","position":3,"name":"Religious Brothers Day"}]},{"@type":"WebSite","@id":"https:\/\/www.vocationministry.com\/#website","url":"https:\/\/www.vocationministry.com\/","name":"Vocation Ministry","description":"Creando una cultura de vocaciones","publisher":{"@id":"https:\/\/www.vocationministry.com\/#organization"},"potentialAction":[{"@type":"SearchAction","target":{"@type":"EntryPoint","urlTemplate":"https:\/\/www.vocationministry.com\/?s={search_term_string}"},"query-input":{"@type":"PropertyValueSpecification","valueRequired":true,"valueName":"search_term_string"}}],"inLanguage":"es"},{"@type":"Organization","@id":"https:\/\/www.vocationministry.com\/#organization","name":"Vocation Ministry","url":"https:\/\/www.vocationministry.com\/","logo":{"@type":"ImageObject","inLanguage":"es","@id":"https:\/\/www.vocationministry.com\/#\/schema\/logo\/image\/","url":"https:\/\/www.vocationministry.com\/wp-content\/uploads\/2024\/02\/Blue-VM-Logo-white-Background.png","contentUrl":"https:\/\/www.vocationministry.com\/wp-content\/uploads\/2024\/02\/Blue-VM-Logo-white-Background.png","width":2000,"height":1000,"caption":"Vocation Ministry"},"image":{"@id":"https:\/\/www.vocationministry.com\/#\/schema\/logo\/image\/"},"sameAs":["https:\/\/www.facebook.com\/VocationMinistry"]}]}},"featured_img":"https:\/\/www.vocationministry.com\/wp-content\/uploads\/2024\/05\/brotherswork-scaled.jpg","coauthors":[],"author_meta":{"author_link":"https:\/\/www.vocationministry.com\/es\/author\/impressusart\/","display_name":"impressusart"},"relative_dates":{"created":"Publicado 3 a\u00f1os hace","modified":"Actualizado 3 meses hace"},"absolute_dates":{"created":"Publicado el enero 9, 2024","modified":"Actualizado el junio 10, 2026"},"absolute_dates_time":{"created":"Publicado el enero 9, 2024 5:14 pm","modified":"Actualizado el junio 10, 2026 9:10 pm"},"featured_img_caption":"","tax_additional":[],"series_order":"","_links":{"self":[{"href":"https:\/\/www.vocationministry.com\/es\/wp-json\/wp\/v2\/vocation-day\/69","targetHints":{"allow":["GET"]}}],"collection":[{"href":"https:\/\/www.vocationministry.com\/es\/wp-json\/wp\/v2\/vocation-day"}],"about":[{"href":"https:\/\/www.vocationministry.com\/es\/wp-json\/wp\/v2\/types\/vocation-day"}],"version-history":[{"count":5,"href":"https:\/\/www.vocationministry.com\/es\/wp-json\/wp\/v2\/vocation-day\/69\/revisions"}],"predecessor-version":[{"id":11904,"href":"https:\/\/www.vocationministry.com\/es\/wp-json\/wp\/v2\/vocation-day\/69\/revisions\/11904"}],"up":[{"embeddable":true,"href":"https:\/\/www.vocationministry.com\/es\/wp-json\/wp\/v2\/vocation-day\/140"}],"wp:featuredmedia":[{"embeddable":true,"href":"https:\/\/www.vocationministry.com\/es\/wp-json\/wp\/v2\/media\/7314"}],"wp:attachment":[{"href":"https:\/\/www.vocationministry.com\/es\/wp-json\/wp\/v2\/media?parent=69"}],"curies":[{"name":"Gracias","href":"https:\/\/api.w.org\/{rel}","templated":true}]}}