{"id":71,"date":"2024-01-09T17:14:34","date_gmt":"2024-01-09T22:14:34","guid":{"rendered":"https:\/\/www.vocationministry.com\/par\/parish\/phase-i\/world-priest-day\/"},"modified":"2025-09-15T15:14:59","modified_gmt":"2025-09-15T20:14:59","slug":"world-priest-day","status":"publish","type":"vocation-day","link":"https:\/\/www.vocationministry.com\/es\/vocation-day\/vocation-days\/world-priest-day\/","title":{"rendered":"D\u00eda Mundial del Sacerdote"},"content":{"rendered":"<h2 class=\"wp-block-heading has-text-align-center\" id=\"h-world-priest-day\">D\u00eda Mundial del Sacerdote<\/h2>\n\n\n\n<p class=\"has-text-align-center\"><strong>Tambi\u00e9n conocido como D\u00eda Mundial de la Santificaci\u00f3n de los Sacerdotes<\/strong><\/p>\n\n\n\n<p class=\"has-text-align-center\"><strong>Sagrado Coraz\u00f3n de Jes\u00fas<\/strong><\/p>\n\n\n\n<div class=\"wp-block-advgb-adv-tabs advgb-tabs-wrapper advgb-tab-horz-desktop advgb-tab-vert-tablet advgb-tab-stack-mobile advgb-tabs-222a1993-172a-4272-9f74-6e3d39dbc6eb\" data-tab-active=\"0\"><ul class=\"advgb-tabs-panel\" role=\"tablist\"><li class=\"advgb-tab advgb-tab-active\" role=\"presentation\" style=\"background-color:#9fc9eb;border-style:solid;border-width:1px;border-color:#abb8c3;border-radius:0px\"><button class=\"advgb-tab-button\" id=\"advgb-tab-_6c729d-62-0\" aria-controls=\"advgb-tab-panel-_6c729d-62-0\" role=\"tab\" aria-selected=\"true\" tabindex=\"0\" style=\"color:#29538b;background:none;border:none;width:100%;text-align:inherit;cursor:pointer;padding:8px 16px;font:inherit\"><span>Parroquia<\/span><\/button><\/li><li class=\"advgb-tab\" role=\"presentation\" style=\"background-color:#9fc9eb;border-style:solid;border-width:1px;border-color:#abb8c3;border-radius:0px\"><button class=\"advgb-tab-button\" id=\"advgb-tab-_6c729d-62-1\" aria-controls=\"advgb-tab-panel-_6c729d-62-1\" role=\"tab\" aria-selected=\"false\" tabindex=\"0\" style=\"color:#29538b;background:none;border:none;width:100%;text-align:inherit;cursor:pointer;padding:8px 16px;font:inherit\"><span>Educaci\u00f3n<\/span><\/button><\/li><\/ul><div class=\"advgb-tab-body-wrapper\" style=\"background-color:#f3f3f3;border-style:solid;border-width:1px;border-color:#abb8c3;border-radius:0px\">\n<div class=\"wp-block-advgb-tab advgb-tab-body-container\"><div class=\"advgb-tab-body-header advgb-tab-class-\" id=\"advgb-tab-panel-_6c729d-62-0\" role=\"tabpanel\" aria-labelledby=\"advgb-tab-_6c729d-62-0\" tabindex=\"0\"><span>Parroquia<\/span><\/div><div class=\"advgb-tab-_6c729d-62 advgb-tab-body\" aria-labelledby=\"advgb-tab-panel-_6c729d-62-0\" style=\"display:none\">\n<div class=\"wp-block-buttons is-content-justification-center is-layout-flex wp-container-core-buttons-is-layout-16018d1d wp-block-buttons-is-layout-flex\">\n<div class=\"wp-block-button\"><a class=\"wp-block-button__link wp-element-button\" href=\"https:\/\/www.vocationministry.com\/wp-content\/uploads\/2024\/04\/World-Priest-Day-Mass-Announcements.pdf\">Anuncios masivos<\/a><\/div>\n\n\n\n<div class=\"wp-block-button\"><a class=\"wp-block-button__link wp-element-button\" href=\"https:\/\/www.vocationministry.com\/wp-content\/uploads\/2024\/04\/World-Priest-Day-General-Intercesssions.pdf\">Intercesiones generales<\/a><\/div>\n\n\n\n<div class=\"wp-block-button\"><a class=\"wp-block-button__link wp-element-button\" href=\"https:\/\/www.vocationministry.com\/wp-content\/uploads\/2024\/04\/World-Priest-Day-bulletin-blurbs.pdf\">Anuncios de boletines<\/a><\/div>\n<\/div>\n\n\n\n<div class=\"wp-block-media-text has-media-on-the-right is-stacked-on-mobile is-vertically-aligned-top\"><div class=\"wp-block-media-text__content\">\n<p>\u00a1El D\u00eda Mundial del Sacerdote (tambi\u00e9n conocido como D\u00eda Mundial de la Santificaci\u00f3n de los Sacerdotes) se trata de orar por su sacerdote y su santidad! Todos los d\u00edas nuestros sacerdotes oran por nosotros y nuestras intenciones mientras presiden la Misa, escuchan confesiones, ungen a los enfermos o entierran a nuestros seres queridos. No olvides decirle a tu sacerdote que est\u00e1s orando por \u00e9l. Nunca se sabe por lo que est\u00e1 pasando, sacrific\u00e1ndose por amor a nosotros.<\/p>\n<\/div><figure class=\"wp-block-media-text__media\"><img loading=\"lazy\" decoding=\"async\" width=\"940\" height=\"788\" src=\"https:\/\/www.vocationministry.com\/wp-content\/uploads\/2024\/04\/World-Priest-day-1.png\" alt=\"\" class=\"wp-image-5589 size-full\" srcset=\"https:\/\/www.vocationministry.com\/wp-content\/uploads\/2024\/04\/World-Priest-day-1.png 940w, https:\/\/www.vocationministry.com\/wp-content\/uploads\/2024\/04\/World-Priest-day-1-480x402.png 480w\" sizes=\"(min-width: 0px) and (max-width: 480px) 480px, (min-width: 481px) 940px, 100vw\" \/><\/figure><\/div>\n\n\n\n<h4 class=\"wp-block-heading\" id=\"h-ideas\"><strong>Ideas:<\/strong><\/h4>\n\n\n\n<ul class=\"wp-block-list\">\n<li>Realizar un <a href=\"https:\/\/www.vocationministry.com\/es\/parish-resource\/parish\/phase-i\/prayer\/prayer-drive\/\">campa\u00f1a de oraci\u00f3n<\/a><\/li>\n\n\n\n<li>Celebrar una <a href=\"https:\/\/www.vocationministry.com\/es\/parish-resource\/parish\/phase-iv\/prayer\/family-holy-hour\/\">Hora Santa<\/a> en honor a tu sacerdote<\/li>\n\n\n\n<li>Hacer un anuncio en la Misa: si hay un di\u00e1cono, puede pedir a los feligreses que oren por su sacerdote.<\/li>\n\n\n\n<li>orar un <a href=\"https:\/\/www.vocationministry.com\/wp-content\/uploads\/2024\/04\/Rosary_for_Priests.pdf\">Rosario<\/a> para los sacerdotes y sus intenciones.<\/li>\n\n\n\n<li>A\u00f1adir oraci\u00f3n por el sacerdote en las oraciones de los fieles<\/li>\n\n\n\n<li>Distribuya tarjetas de oraci\u00f3n de Oraci\u00f3n por el Sacerdote (abajo)<\/li>\n\n\n\n<li>Mostrar un&nbsp;<a href=\"https:\/\/www.vocationministry.com\/es\/vocation-day\/vocation-days\/banners\/\">Estandarte del Sacerdote Mundial<\/a>&nbsp;o&nbsp;<a href=\"https:\/\/www.vocationministry.com\/es\/vocation-day\/vocation-days\/posters\/\" target=\"_blank\" rel=\"noreferrer noopener\">Cartel del D\u00eda Mundial del Sacerdote<\/a>.<\/li>\n\n\n\n<li>Descarga nuestra nueva&nbsp;<a href=\"https:\/\/www.vocationministry.com\/wp-content\/uploads\/2025\/03\/World-Priest-Day.jpg\">Exhibici\u00f3n del D\u00eda de las Vocaciones<\/a>-un&nbsp;<a href=\"https:\/\/www.canva.com\/design\/DAGiYAeqbz0\/AO5aQ_fLEn-wNrU0g75yFA\/view?utm_content=DAGiYAeqbz0&amp;utm_campaign=designshare&amp;utm_medium=link&amp;utm_source=publishsharelink&amp;mode=preview\" target=\"_blank\" rel=\"noreferrer noopener\">Canva editable<\/a>&nbsp;Recurso para que las iglesias muestren anuncios con temas vocacionales en sus televisores.<\/li>\n\n\n\n<li>Organice un tiempo para que los feligreses recen un rosario por los sacerdotes.<\/li>\n\n\n\n<li>&nbsp;Pida a los feligreses que completen un <a href=\"https:\/\/www.vocationministry.com\/es\/parish-resource\/parish\/phase-ii\/prayer\/spiritual-bouquets\/\">ramo espiritual<\/a> para su(s) sacerdote(s)<\/li>\n\n\n\n<li>Env\u00ede un correo electr\u00f3nico a cada organizaci\u00f3n importante de su parroquia, pidi\u00e9ndoles que oren de una manera especial por su sacerdote en este d\u00eda utilizando la Tarjeta de oraci\u00f3n escrita por el Papa Benedicto VI en 2008 para este d\u00eda. Puede descargar una sola tarjeta o un juego de 8 para imprimir en cartulina y entreg\u00e1rselas a los feligreses en la misa.<\/li>\n\n\n\n<li>Env\u00eda a tu sacerdote un <a href=\"https:\/\/www.vocationministry.com\/es\/shop\/thank-you-ordination-card\/\" target=\"_blank\" rel=\"noreferrer noopener\">Tarjeta de agradecimiento<\/a><\/li>\n<\/ul>\n<\/div><\/div>\n\n\n\n<div class=\"wp-block-advgb-tab advgb-tab-body-container\"><div class=\"advgb-tab-body-header advgb-tab-class- header-active\" id=\"advgb-tab-panel-_6c729d-62-1\" role=\"tabpanel\" aria-labelledby=\"advgb-tab-_6c729d-62-1\" tabindex=\"0\"><span>Educaci\u00f3n<\/span><\/div><div class=\"advgb-tab-_6c729d-62 advgb-tab-body\" aria-labelledby=\"advgb-tab-panel-_6c729d-62-1\" style=\"display:block\">\n<div class=\"wp-block-buttons is-content-justification-center is-layout-flex wp-container-core-buttons-is-layout-16018d1d wp-block-buttons-is-layout-flex\">\n<div class=\"wp-block-button\"><a class=\"wp-block-button__link wp-element-button\" href=\"https:\/\/www.vocationministry.com\/wp-content\/uploads\/2024\/04\/World-Priest-Day-Mass-Announcements.pdf\">Anuncios masivos<\/a><\/div>\n\n\n\n<div class=\"wp-block-button\"><a class=\"wp-block-button__link wp-element-button\" href=\"https:\/\/www.vocationministry.com\/wp-content\/uploads\/2024\/04\/World-Priest-Day-General-Intercesssions.pdf\">Intercesiones generales<\/a><\/div>\n\n\n\n<div class=\"wp-block-button\"><a class=\"wp-block-button__link wp-element-button\" href=\"https:\/\/www.vocationministry.com\/wp-content\/uploads\/2024\/04\/World-Priest-Day-bulletin-blurbs.pdf\">Anuncios de boletines<\/a><\/div>\n<\/div>\n\n\n\n<div class=\"wp-block-media-text has-media-on-the-right is-stacked-on-mobile is-vertically-aligned-top\"><div class=\"wp-block-media-text__content\">\n<p>\u00a1El D\u00eda Mundial del Sacerdote (tambi\u00e9n conocido como D\u00eda Mundial de la Santificaci\u00f3n de los Sacerdotes) se trata de orar por su sacerdote y su santidad! Todos los d\u00edas nuestros sacerdotes oran por nosotros y nuestras intenciones mientras presiden la Misa, escuchan confesiones, ungen a los enfermos o entierran a nuestros seres queridos. No olvides decirle a tu sacerdote que est\u00e1s orando por \u00e9l. Nunca se sabe por lo que est\u00e1 pasando, sacrific\u00e1ndose por amor a nosotros.<\/p>\n<\/div><figure class=\"wp-block-media-text__media\"><img loading=\"lazy\" decoding=\"async\" width=\"940\" height=\"788\" src=\"https:\/\/www.vocationministry.com\/wp-content\/uploads\/2024\/04\/World-Priest-day-1.png\" alt=\"\" class=\"wp-image-5589 size-full\" srcset=\"https:\/\/www.vocationministry.com\/wp-content\/uploads\/2024\/04\/World-Priest-day-1.png 940w, https:\/\/www.vocationministry.com\/wp-content\/uploads\/2024\/04\/World-Priest-day-1-480x402.png 480w\" sizes=\"(min-width: 0px) and (max-width: 480px) 480px, (min-width: 481px) 940px, 100vw\" \/><\/figure><\/div>\n\n\n\n<h4 class=\"wp-block-heading\" id=\"h-ideas-0\"><strong>Ideas:<\/strong><\/h4>\n\n\n\n<ul class=\"wp-block-list\">\n<li>Promocionar en anuncios escolares y boletines.<\/li>\n\n\n\n<li>orar un <a href=\"https:\/\/www.vocationministry.com\/es\/education-resource\/education\/phase-i\/prayer\/rosary-for-vocations\/\">Rosario<\/a> para los sacerdotes y sus intenciones.<\/li>\n\n\n\n<li>Oren por los sacerdotes durante <a href=\"https:\/\/www.vocationministry.com\/es\/par\/education\/phase-ii\/prayer\/eucharistic-adoration-for-vocations\/\">Adoraci\u00f3n Eucar\u00edstica<\/a>.<\/li>\n\n\n\n<li>Organizar un <a href=\"https:\/\/www.vocationministry.com\/es\/education-resource\/education\/phase-i\/prayer\/prayer-drive\/\">Campa\u00f1a de oraci\u00f3n<\/a> para los sacerdotes.<\/li>\n\n\n\n<li>Coloque una oraci\u00f3n por los sacerdotes en el bolet\u00edn.<\/li>\n\n\n\n<li>Promocionar en anuncios escolares.<\/li>\n\n\n\n<li>Pida a los estudiantes que completen un <a href=\"https:\/\/www.vocationministry.com\/es\/education-resource\/education\/phase-ii\/prayer\/spiritual-bouquets\/\">ramo espiritual<\/a> para el sacerdote.<\/li>\n\n\n\n<li>Utilice la oraci\u00f3n del Papa Em\u00e9rito Benedicto XVI (abajo)<\/li>\n\n\n\n<li>Mostrar un&nbsp;<a href=\"https:\/\/www.vocationministry.com\/es\/vocation-day\/vocation-days\/banners\/\">Bandera del D\u00eda Mundial del Sacerdote<\/a>&nbsp;o&nbsp;<a href=\"https:\/\/www.vocationministry.com\/es\/vocation-day\/vocation-days\/posters\/\" target=\"_blank\" rel=\"noreferrer noopener\">Cartel del D\u00eda Mundial del Sacerdote<\/a><\/li>\n\n\n\n<li>Descarga nuestra nueva&nbsp;<a href=\"https:\/\/www.vocationministry.com\/wp-content\/uploads\/2025\/03\/World-Priest-Day.jpg\">Exhibici\u00f3n del D\u00eda de las Vocaciones<\/a>-un&nbsp;<a href=\"https:\/\/www.canva.com\/design\/DAGiYAeqbz0\/AO5aQ_fLEn-wNrU0g75yFA\/view?utm_content=DAGiYAeqbz0&amp;utm_campaign=designshare&amp;utm_medium=link&amp;utm_source=publishsharelink&amp;mode=preview\" target=\"_blank\" rel=\"noreferrer noopener\">Canva editable<\/a>&nbsp;Recurso para que las escuelas muestren anuncios con temas vocacionales en sus pantallas o televisores de las aulas.<\/li>\n<\/ul>\n<\/div><\/div>\n<\/div><\/div>\n\n\n\n<h4 class=\"wp-block-heading\" id=\"h-resources\">Recursos<\/h4>\n\n\n\n<p class=\"has-text-align-center\"><strong>Actividades para ni\u00f1os<\/strong><\/p>\n\n\n\n<div class=\"wp-block-columns is-layout-flex wp-container-core-columns-is-layout-9d6595d7 wp-block-columns-is-layout-flex\">\n<div class=\"wp-block-column is-layout-flow wp-block-column-is-layout-flow\">\n<figure class=\"wp-block-image aligncenter size-large\"><img loading=\"lazy\" decoding=\"async\" width=\"791\" height=\"1024\" src=\"https:\/\/www.vocationministry.com\/wp-content\/uploads\/2024\/05\/Spanish-Priest-Coloring-Page.png\" alt=\"\" class=\"wp-image-5824\"\/><\/figure>\n\n\n\n<div class=\"wp-block-buttons is-content-justification-center is-layout-flex wp-container-core-buttons-is-layout-16018d1d wp-block-buttons-is-layout-flex\">\n<div class=\"wp-block-button\"><a class=\"wp-block-button__link wp-element-button\" href=\"https:\/\/www.vocationministry.com\/wp-content\/uploads\/2024\/04\/priest-coloring-page-3.pdf\" target=\"_blank\" rel=\"noreferrer noopener\">Sacerdote P\u00e1gina Para Colorear<\/a><\/div>\n\n\n\n<div class=\"wp-block-button\"><a class=\"wp-block-button__link wp-element-button\" href=\"https:\/\/www.vocationministry.com\/wp-content\/uploads\/2024\/04\/priest-coloring-page-spanish-2.pdf\" target=\"_blank\" rel=\"noreferrer noopener\">Dibujo para colorear de Sacerdote-Espa\u00f1ol <\/a><\/div>\n<\/div>\n<\/div>\n\n\n\n<div class=\"wp-block-column is-layout-flow wp-block-column-is-layout-flow\">\n<figure class=\"wp-block-image size-large\"><img loading=\"lazy\" decoding=\"async\" width=\"791\" height=\"1024\" src=\"https:\/\/www.vocationministry.com\/wp-content\/uploads\/2024\/05\/Dear-Father-letter-spanish.png\" alt=\"\" class=\"wp-image-859\"\/><\/figure>\n\n\n\n<div class=\"wp-block-buttons is-content-justification-center is-layout-flex wp-container-core-buttons-is-layout-16018d1d wp-block-buttons-is-layout-flex\">\n<div class=\"wp-block-button\"><a class=\"wp-block-button__link wp-element-button\" href=\"https:\/\/www.vocationministry.com\/wp-content\/uploads\/2024\/04\/Dear-father-spanish.pdf\" target=\"_blank\" rel=\"noreferrer noopener\">Querido padre carta<\/a><\/div>\n\n\n\n<div class=\"wp-block-button\"><a class=\"wp-block-button__link wp-element-button\" href=\"https:\/\/www.vocationministry.com\/wp-content\/uploads\/2024\/04\/Dear-father-spanish.pdf\" target=\"_blank\" rel=\"noreferrer noopener\">Carta Querido Padre-Espa\u00f1ol<\/a><\/div>\n<\/div>\n<\/div>\n<\/div>\n\n\n\n<p class=\"has-text-align-center\"><strong>Oraciones por los sacerdotes<\/strong><\/p>\n\n\n\n<div class=\"wp-block-columns is-layout-flex wp-container-core-columns-is-layout-9d6595d7 wp-block-columns-is-layout-flex\">\n<div class=\"wp-block-column is-layout-flow wp-block-column-is-layout-flow\">\n<figure class=\"wp-block-image aligncenter size-full\"><img loading=\"lazy\" decoding=\"async\" width=\"768\" height=\"512\" src=\"https:\/\/www.vocationministry.com\/wp-content\/uploads\/2024\/04\/Prayer-for-Priests-768x512-1.png\" alt=\"\" class=\"wp-image-5806\" srcset=\"https:\/\/www.vocationministry.com\/wp-content\/uploads\/2024\/04\/Prayer-for-Priests-768x512-1.png 768w, https:\/\/www.vocationministry.com\/wp-content\/uploads\/2024\/04\/Prayer-for-Priests-768x512-1-480x320.png 480w\" sizes=\"(min-width: 0px) and (max-width: 480px) 480px, (min-width: 481px) 768px, 100vw\" \/><\/figure>\n\n\n\n<div class=\"wp-block-buttons is-content-justification-center is-layout-flex wp-container-core-buttons-is-layout-16018d1d wp-block-buttons-is-layout-flex\">\n<div class=\"wp-block-button\"><a class=\"wp-block-button__link wp-element-button\" href=\"https:\/\/www.vocationministry.com\/wp-content\/uploads\/2024\/04\/Prayer-for-Priests.pdf\" target=\"_blank\" rel=\"noreferrer noopener\">Tarjeta de Oraci\u00f3n por los Sacerdotes-1 (PDF)<\/a><\/div>\n\n\n\n<div class=\"wp-block-button\"><a class=\"wp-block-button__link wp-element-button\" href=\"https:\/\/www.vocationministry.com\/wp-content\/uploads\/2024\/04\/8-Prayer-for-Priests-Cards.pdf\" target=\"_blank\" rel=\"noreferrer noopener\">Tarjeta de Oraci\u00f3n por los Sacerdotes-8 (PDF)<\/a><\/div>\n<\/div>\n<\/div>\n\n\n\n<div class=\"wp-block-column is-layout-flow wp-block-column-is-layout-flow\">\n<figure class=\"wp-block-image aligncenter size-full\"><img loading=\"lazy\" decoding=\"async\" width=\"1024\" height=\"683\" src=\"https:\/\/www.vocationministry.com\/wp-content\/uploads\/2024\/04\/Prayer-for-Vocations-Middle-School.png\" alt=\"\" class=\"wp-image-5817\" srcset=\"https:\/\/www.vocationministry.com\/wp-content\/uploads\/2024\/04\/Prayer-for-Vocations-Middle-School.png 1024w, https:\/\/www.vocationministry.com\/wp-content\/uploads\/2024\/04\/Prayer-for-Vocations-Middle-School-980x654.png 980w, https:\/\/www.vocationministry.com\/wp-content\/uploads\/2024\/04\/Prayer-for-Vocations-Middle-School-480x320.png 480w\" sizes=\"(min-width: 0px) and (max-width: 480px) 480px, (min-width: 481px) and (max-width: 980px) 980px, (min-width: 981px) 1024px, 100vw\" \/><\/figure>\n\n\n\n<div class=\"wp-block-buttons is-content-justification-center is-layout-flex wp-container-core-buttons-is-layout-16018d1d wp-block-buttons-is-layout-flex\">\n<div class=\"wp-block-button\"><a class=\"wp-block-button__link wp-element-button\" href=\"https:\/\/www.vocationministry.com\/wp-content\/uploads\/2024\/04\/Prayer-for-Vocations-Middle-School.pdf\" target=\"_blank\" rel=\"noreferrer noopener\">Tarjeta de Oraci\u00f3n por los Sacerdotes-1 (PDF)<\/a><\/div>\n\n\n\n<div class=\"wp-block-button\"><a class=\"wp-block-button__link wp-element-button\" href=\"https:\/\/www.vocationministry.com\/wp-content\/uploads\/2024\/04\/middleschoolprayerforpriestcards.pdf\" target=\"_blank\" rel=\"noreferrer noopener\">Oraci\u00f3n por los Sacerdotes - 8 Tarjetas (PDF)<\/a><\/div>\n<\/div>\n<\/div>\n<\/div>\n\n\n\n<div class=\"wp-block-columns is-layout-flex wp-container-core-columns-is-layout-9d6595d7 wp-block-columns-is-layout-flex\">\n<div class=\"wp-block-column is-layout-flow wp-block-column-is-layout-flow\">\n<p class=\"has-text-align-center\"><strong>Rosario para los Sacerdotes<\/strong><\/p>\n\n\n\n<figure class=\"wp-block-image aligncenter size-large\"><img loading=\"lazy\" decoding=\"async\" width=\"791\" height=\"1024\" src=\"https:\/\/www.vocationministry.com\/wp-content\/uploads\/2024\/04\/Rosary-for-Priests-book-791x1024.png\" alt=\"\" class=\"wp-image-5808\"\/><\/figure>\n\n\n\n<div class=\"wp-block-buttons is-content-justification-center is-layout-flex wp-container-core-buttons-is-layout-16018d1d wp-block-buttons-is-layout-flex\">\n<div class=\"wp-block-button\"><a class=\"wp-block-button__link wp-element-button\" href=\"https:\/\/www.vocationministry.com\/wp-content\/uploads\/2024\/04\/Rosary_for_Priests.pdf\" target=\"_blank\" rel=\"noreferrer noopener\">Rosario por los Sacerdotes (PDF)<\/a><\/div>\n\n\n\n<div class=\"wp-block-button\"><a class=\"wp-block-button__link wp-element-button\" href=\"https:\/\/www.vocationministry.com\/wp-content\/uploads\/2024\/04\/Rosario-por-las-Vocaciones-1-1.pdf\" target=\"_blank\" rel=\"noreferrer noopener\">Rosario para los Sacerdotes Espa\u00f1ol (PDF)<\/a><\/div>\n<\/div>\n<\/div>\n\n\n\n<div class=\"wp-block-column is-layout-flow wp-block-column-is-layout-flow\">\n<p class=\"has-text-align-center\"><strong>Letan\u00edas para los sacerdotes<\/strong><\/p>\n\n\n\n<figure class=\"wp-block-image size-large\"><img loading=\"lazy\" decoding=\"async\" width=\"791\" height=\"1024\" src=\"https:\/\/www.vocationministry.com\/wp-content\/uploads\/2024\/05\/Spanish-Litany-for-Priests.png\" alt=\"\" class=\"wp-image-5812\"\/><\/figure>\n\n\n\n<div class=\"wp-block-buttons is-content-justification-center is-layout-flex wp-container-core-buttons-is-layout-16018d1d wp-block-buttons-is-layout-flex\">\n<div class=\"wp-block-button\"><a class=\"wp-block-button__link wp-element-button\" href=\"https:\/\/www.vocationministry.com\/wp-content\/uploads\/2024\/04\/Litany-for-Priests.pdf\" target=\"_blank\" rel=\"noreferrer noopener\">Letan\u00eda para los Sacerdotes (PDF)<\/a><\/div>\n\n\n\n<div class=\"wp-block-button\"><a class=\"wp-block-button__link wp-element-button\" href=\"https:\/\/www.vocationministry.com\/wp-content\/uploads\/2024\/04\/Litany-for-Priests-spanish.pdf\" target=\"_blank\" rel=\"noreferrer noopener\">Letan\u00edas para Sacerdotes-Espa\u00f1ol (PDF)<\/a><\/div>\n<\/div>\n<\/div>\n<\/div>\n<style class=\"advgb-styles-renderer\">.advgb-tabs-222a1993-172a-4272-9f74-6e3d39dbc6eb ul.advgb-tabs-panel li.advgb-tab.advgb-tab-active {background-color:#29538b !important;color:#9fc9eb !important;}#advgb-tabs-222a1993-172a-4272-9f74-6e3d39dbc6eb .advgb-tab-body-header.header-active, .advgb-tabs-222a1993-172a-4272-9f74-6e3d39dbc6eb .advgb-tab-body-header.header-active{background-color:#29538b !important;color:#9fc9eb !important;}<\/style>","protected":false},"author":1,"featured_media":7443,"parent":140,"menu_order":6,"template":"","class_list":["post-71","vocation-day","type-vocation-day","status-publish","has-post-thumbnail","hentry"],"acf":[],"yoast_head":"<!-- This site is optimized with the Yoast SEO Premium plugin v24.9 (Yoast SEO v27.5) - https:\/\/yoast.com\/product\/yoast-seo-premium-wordpress\/ -->\n<title>World Priest Day - Vocation Ministry<\/title>\n<meta name=\"description\" content=\"Celebrate World Priest Day by praying for your priest. Discover meaningful ways to show appreciation and support on this special day.\" \/>\n<meta name=\"robots\" content=\"index, follow, max-snippet:-1, max-image-preview:large, max-video-preview:-1\" \/>\n<link rel=\"canonical\" href=\"https:\/\/www.vocationministry.com\/es\/vocation-day\/vocation-days\/world-priest-day\/\" \/>\n<meta property=\"og:locale\" content=\"es_MX\" \/>\n<meta property=\"og:type\" content=\"article\" \/>\n<meta property=\"og:title\" content=\"World Priest Day\" \/>\n<meta property=\"og:description\" content=\"Celebrate World Priest Day by praying for your priest. Discover meaningful ways to show appreciation and support on this special day.\" \/>\n<meta property=\"og:url\" content=\"https:\/\/www.vocationministry.com\/es\/vocation-day\/vocation-days\/world-priest-day\/\" \/>\n<meta property=\"og:site_name\" content=\"Vocation Ministry\" \/>\n<meta property=\"article:publisher\" content=\"https:\/\/www.facebook.com\/VocationMinistry\" \/>\n<meta property=\"article:modified_time\" content=\"2025-09-15T20:14:59+00:00\" \/>\n<meta property=\"og:image\" content=\"https:\/\/www.vocationministry.com\/wp-content\/uploads\/2024\/07\/Blue-VM-Logo-white-Background.png\" \/>\n\t<meta property=\"og:image:width\" content=\"2000\" \/>\n\t<meta property=\"og:image:height\" content=\"1000\" \/>\n\t<meta property=\"og:image:type\" content=\"image\/png\" \/><meta property=\"og:image\" content=\"https:\/\/www.vocationministry.com\/wp-content\/uploads\/2024\/01\/austindiocesepriests-scaled.jpg\" \/>\n\t<meta property=\"og:image:width\" content=\"2560\" \/>\n\t<meta property=\"og:image:height\" content=\"1707\" \/>\n\t<meta property=\"og:image:type\" content=\"image\/jpeg\" \/>\n<meta name=\"twitter:card\" content=\"summary_large_image\" \/>\n<meta name=\"twitter:label1\" content=\"Tiempo de lectura\" \/>\n\t<meta name=\"twitter:data1\" content=\"5 minutos\" \/>\n<script type=\"application\/ld+json\" class=\"yoast-schema-graph\">{\"@context\":\"https:\\\/\\\/schema.org\",\"@graph\":[{\"@type\":\"WebPage\",\"@id\":\"https:\\\/\\\/www.vocationministry.com\\\/vocation-day\\\/vocation-days\\\/world-priest-day\\\/\",\"url\":\"https:\\\/\\\/www.vocationministry.com\\\/vocation-day\\\/vocation-days\\\/world-priest-day\\\/\",\"name\":\"World Priest Day - Vocation Ministry\",\"isPartOf\":{\"@id\":\"https:\\\/\\\/www.vocationministry.com\\\/es\\\/#website\"},\"primaryImageOfPage\":{\"@id\":\"https:\\\/\\\/www.vocationministry.com\\\/vocation-day\\\/vocation-days\\\/world-priest-day\\\/#primaryimage\"},\"image\":{\"@id\":\"https:\\\/\\\/www.vocationministry.com\\\/vocation-day\\\/vocation-days\\\/world-priest-day\\\/#primaryimage\"},\"thumbnailUrl\":\"https:\\\/\\\/www.vocationministry.com\\\/wp-content\\\/uploads\\\/2024\\\/01\\\/austindiocesepriests-scaled.jpg\",\"datePublished\":\"2024-01-09T22:14:34+00:00\",\"dateModified\":\"2025-09-15T20:14:59+00:00\",\"description\":\"Celebrate World Priest Day by praying for your priest. Discover meaningful ways to show appreciation and support on this special day.\",\"breadcrumb\":{\"@id\":\"https:\\\/\\\/www.vocationministry.com\\\/vocation-day\\\/vocation-days\\\/world-priest-day\\\/#breadcrumb\"},\"inLanguage\":\"es\",\"potentialAction\":[{\"@type\":\"ReadAction\",\"target\":[\"https:\\\/\\\/www.vocationministry.com\\\/vocation-day\\\/vocation-days\\\/world-priest-day\\\/\"]}]},{\"@type\":\"ImageObject\",\"inLanguage\":\"es\",\"@id\":\"https:\\\/\\\/www.vocationministry.com\\\/vocation-day\\\/vocation-days\\\/world-priest-day\\\/#primaryimage\",\"url\":\"https:\\\/\\\/www.vocationministry.com\\\/wp-content\\\/uploads\\\/2024\\\/01\\\/austindiocesepriests-scaled.jpg\",\"contentUrl\":\"https:\\\/\\\/www.vocationministry.com\\\/wp-content\\\/uploads\\\/2024\\\/01\\\/austindiocesepriests-scaled.jpg\",\"width\":2560,\"height\":1707},{\"@type\":\"BreadcrumbList\",\"@id\":\"https:\\\/\\\/www.vocationministry.com\\\/vocation-day\\\/vocation-days\\\/world-priest-day\\\/#breadcrumb\",\"itemListElement\":[{\"@type\":\"ListItem\",\"position\":1,\"name\":\"Home\",\"item\":\"https:\\\/\\\/www.vocationministry.com\\\/\"},{\"@type\":\"ListItem\",\"position\":2,\"name\":\"Vocation Days\",\"item\":\"https:\\\/\\\/www.vocationministry.com\\\/vocation-day\\\/vocation-days\\\/\"},{\"@type\":\"ListItem\",\"position\":3,\"name\":\"World Priest Day\"}]},{\"@type\":\"WebSite\",\"@id\":\"https:\\\/\\\/www.vocationministry.com\\\/es\\\/#website\",\"url\":\"https:\\\/\\\/www.vocationministry.com\\\/es\\\/\",\"name\":\"Vocation Ministry\",\"description\":\"Creating A Culture of Vocations\",\"publisher\":{\"@id\":\"https:\\\/\\\/www.vocationministry.com\\\/es\\\/#organization\"},\"potentialAction\":[{\"@type\":\"SearchAction\",\"target\":{\"@type\":\"EntryPoint\",\"urlTemplate\":\"https:\\\/\\\/www.vocationministry.com\\\/es\\\/?s={search_term_string}\"},\"query-input\":{\"@type\":\"PropertyValueSpecification\",\"valueRequired\":true,\"valueName\":\"search_term_string\"}}],\"inLanguage\":\"es\"},{\"@type\":\"Organization\",\"@id\":\"https:\\\/\\\/www.vocationministry.com\\\/es\\\/#organization\",\"name\":\"Vocation Ministry\",\"url\":\"https:\\\/\\\/www.vocationministry.com\\\/es\\\/\",\"logo\":{\"@type\":\"ImageObject\",\"inLanguage\":\"es\",\"@id\":\"https:\\\/\\\/www.vocationministry.com\\\/es\\\/#\\\/schema\\\/logo\\\/image\\\/\",\"url\":\"https:\\\/\\\/www.vocationministry.com\\\/wp-content\\\/uploads\\\/2024\\\/02\\\/Blue-VM-Logo-white-Background.png\",\"contentUrl\":\"https:\\\/\\\/www.vocationministry.com\\\/wp-content\\\/uploads\\\/2024\\\/02\\\/Blue-VM-Logo-white-Background.png\",\"width\":2000,\"height\":1000,\"caption\":\"Vocation Ministry\"},\"image\":{\"@id\":\"https:\\\/\\\/www.vocationministry.com\\\/es\\\/#\\\/schema\\\/logo\\\/image\\\/\"},\"sameAs\":[\"https:\\\/\\\/www.facebook.com\\\/VocationMinistry\"]}]}<\/script>\n<!-- \/ Yoast SEO Premium plugin. -->","yoast_head_json":{"title":"D\u00eda Mundial del Sacerdote - Vocation Ministry","description":"Celebra el D\u00eda Mundial del Sacerdote orando por tu sacerdote. Descubre maneras significativas de mostrar tu agradecimiento y apoyo en este d\u00eda tan especial.","robots":{"index":"index","follow":"follow","max-snippet":"max-snippet:-1","max-image-preview":"max-image-preview:large","max-video-preview":"max-video-preview:-1"},"canonical":"https:\/\/www.vocationministry.com\/es\/vocation-day\/vocation-days\/world-priest-day\/","og_locale":"es_MX","og_type":"article","og_title":"World Priest Day","og_description":"Celebrate World Priest Day by praying for your priest. Discover meaningful ways to show appreciation and support on this special day.","og_url":"https:\/\/www.vocationministry.com\/es\/vocation-day\/vocation-days\/world-priest-day\/","og_site_name":"Vocation Ministry","article_publisher":"https:\/\/www.facebook.com\/VocationMinistry","article_modified_time":"2025-09-15T20:14:59+00:00","og_image":[{"width":2000,"height":1000,"url":"https:\/\/www.vocationministry.com\/wp-content\/uploads\/2024\/07\/Blue-VM-Logo-white-Background.png","type":"image\/png"},{"width":2560,"height":1707,"url":"https:\/\/www.vocationministry.com\/wp-content\/uploads\/2024\/01\/austindiocesepriests-scaled.jpg","type":"image\/jpeg"}],"twitter_card":"summary_large_image","twitter_misc":{"Tiempo de lectura":"5 minutos"},"schema":{"@context":"https:\/\/schema.org","@graph":[{"@type":"WebPage","@id":"https:\/\/www.vocationministry.com\/vocation-day\/vocation-days\/world-priest-day\/","url":"https:\/\/www.vocationministry.com\/vocation-day\/vocation-days\/world-priest-day\/","name":"D\u00eda Mundial del Sacerdote - Vocation Ministry","isPartOf":{"@id":"https:\/\/www.vocationministry.com\/es\/#website"},"primaryImageOfPage":{"@id":"https:\/\/www.vocationministry.com\/vocation-day\/vocation-days\/world-priest-day\/#primaryimage"},"image":{"@id":"https:\/\/www.vocationministry.com\/vocation-day\/vocation-days\/world-priest-day\/#primaryimage"},"thumbnailUrl":"https:\/\/www.vocationministry.com\/wp-content\/uploads\/2024\/01\/austindiocesepriests-scaled.jpg","datePublished":"2024-01-09T22:14:34+00:00","dateModified":"2025-09-15T20:14:59+00:00","description":"Celebra el D\u00eda Mundial del Sacerdote orando por tu sacerdote. Descubre maneras significativas de mostrar tu agradecimiento y apoyo en este d\u00eda tan especial.","breadcrumb":{"@id":"https:\/\/www.vocationministry.com\/vocation-day\/vocation-days\/world-priest-day\/#breadcrumb"},"inLanguage":"es","potentialAction":[{"@type":"ReadAction","target":["https:\/\/www.vocationministry.com\/vocation-day\/vocation-days\/world-priest-day\/"]}]},{"@type":"ImageObject","inLanguage":"es","@id":"https:\/\/www.vocationministry.com\/vocation-day\/vocation-days\/world-priest-day\/#primaryimage","url":"https:\/\/www.vocationministry.com\/wp-content\/uploads\/2024\/01\/austindiocesepriests-scaled.jpg","contentUrl":"https:\/\/www.vocationministry.com\/wp-content\/uploads\/2024\/01\/austindiocesepriests-scaled.jpg","width":2560,"height":1707},{"@type":"BreadcrumbList","@id":"https:\/\/www.vocationministry.com\/vocation-day\/vocation-days\/world-priest-day\/#breadcrumb","itemListElement":[{"@type":"ListItem","position":1,"name":"Home","item":"https:\/\/www.vocationministry.com\/"},{"@type":"ListItem","position":2,"name":"Vocation Days","item":"https:\/\/www.vocationministry.com\/vocation-day\/vocation-days\/"},{"@type":"ListItem","position":3,"name":"World Priest Day"}]},{"@type":"WebSite","@id":"https:\/\/www.vocationministry.com\/es\/#website","url":"https:\/\/www.vocationministry.com\/es\/","name":"Vocation Ministry","description":"Creando una cultura de vocaciones","publisher":{"@id":"https:\/\/www.vocationministry.com\/es\/#organization"},"potentialAction":[{"@type":"SearchAction","target":{"@type":"EntryPoint","urlTemplate":"https:\/\/www.vocationministry.com\/es\/?s={search_term_string}"},"query-input":{"@type":"PropertyValueSpecification","valueRequired":true,"valueName":"search_term_string"}}],"inLanguage":"es"},{"@type":"Organization","@id":"https:\/\/www.vocationministry.com\/es\/#organization","name":"Vocation Ministry","url":"https:\/\/www.vocationministry.com\/es\/","logo":{"@type":"ImageObject","inLanguage":"es","@id":"https:\/\/www.vocationministry.com\/es\/#\/schema\/logo\/image\/","url":"https:\/\/www.vocationministry.com\/wp-content\/uploads\/2024\/02\/Blue-VM-Logo-white-Background.png","contentUrl":"https:\/\/www.vocationministry.com\/wp-content\/uploads\/2024\/02\/Blue-VM-Logo-white-Background.png","width":2000,"height":1000,"caption":"Vocation Ministry"},"image":{"@id":"https:\/\/www.vocationministry.com\/es\/#\/schema\/logo\/image\/"},"sameAs":["https:\/\/www.facebook.com\/VocationMinistry"]}]}},"featured_img":"https:\/\/www.vocationministry.com\/wp-content\/uploads\/2024\/01\/austindiocesepriests-scaled.jpg","coauthors":[],"author_meta":{"author_link":"https:\/\/www.vocationministry.com\/es\/author\/impressusart\/","display_name":"impressusart"},"relative_dates":{"created":"Publicado 2 a\u00f1os hace","modified":"Actualizado 8 meses hace"},"absolute_dates":{"created":"Publicado el enero 9, 2024","modified":"Actualizado el septiembre 15, 2025"},"absolute_dates_time":{"created":"Publicado el enero 9, 2024 5:14 pm","modified":"Actualizado el septiembre 15, 2025 3:14 pm"},"featured_img_caption":"","tax_additional":[],"series_order":"","_links":{"self":[{"href":"https:\/\/www.vocationministry.com\/es\/wp-json\/wp\/v2\/vocation-day\/71","targetHints":{"allow":["GET"]}}],"collection":[{"href":"https:\/\/www.vocationministry.com\/es\/wp-json\/wp\/v2\/vocation-day"}],"about":[{"href":"https:\/\/www.vocationministry.com\/es\/wp-json\/wp\/v2\/types\/vocation-day"}],"version-history":[{"count":5,"href":"https:\/\/www.vocationministry.com\/es\/wp-json\/wp\/v2\/vocation-day\/71\/revisions"}],"predecessor-version":[{"id":10809,"href":"https:\/\/www.vocationministry.com\/es\/wp-json\/wp\/v2\/vocation-day\/71\/revisions\/10809"}],"up":[{"embeddable":true,"href":"https:\/\/www.vocationministry.com\/es\/wp-json\/wp\/v2\/vocation-day\/140"}],"wp:featuredmedia":[{"embeddable":true,"href":"https:\/\/www.vocationministry.com\/es\/wp-json\/wp\/v2\/media\/7443"}],"wp:attachment":[{"href":"https:\/\/www.vocationministry.com\/es\/wp-json\/wp\/v2\/media?parent=71"}],"curies":[{"name":"Gracias","href":"https:\/\/api.w.org\/{rel}","templated":true}]}}