{"id":75,"date":"2024-01-09T17:14:36","date_gmt":"2024-01-09T22:14:36","guid":{"rendered":"https:\/\/www.vocationministry.com\/par\/parish\/phase-i\/deacon-sunday\/"},"modified":"2025-10-25T16:38:40","modified_gmt":"2025-10-25T21:38:40","slug":"deacon-sunday","status":"publish","type":"vocation-day","link":"https:\/\/www.vocationministry.com\/es\/vocation-day\/vocation-days\/deacon-sunday\/","title":{"rendered":"Domingo de di\u00e1cono"},"content":{"rendered":"<h2 class=\"wp-block-heading has-text-align-center\" id=\"h-deacon-sunday\">Domingo de di\u00e1cono<\/h2>\n\n\n\n<p class=\"has-text-align-center wp-block-paragraph\"><strong>2do domingo de octubre<\/strong><\/p>\n\n\n\n<div class=\"wp-block-advgb-adv-tabs advgb-tabs-wrapper advgb-tab-horz-desktop advgb-tab-vert-tablet advgb-tab-stack-mobile advgb-tabs-f729566f-b81e-41ab-bbee-011b8a1f7c40\" data-tab-active=\"0\"><ul class=\"advgb-tabs-panel\" role=\"tablist\"><li class=\"advgb-tab advgb-tab-active\" role=\"presentation\" style=\"background-color:#9fc9eb;border-style:solid;border-width:1px;border-color:#abb8c3;border-radius:0px\"><button class=\"advgb-tab-button\" id=\"advgb-tab-_d83f61-d3-0\" aria-controls=\"advgb-tab-panel-_d83f61-d3-0\" role=\"tab\" aria-selected=\"true\" tabindex=\"0\" style=\"color:#29538b;background:none;border:none;width:100%;text-align:inherit;cursor:pointer;padding:8px 16px;font:inherit\"><span>Parroquia<\/span><\/button><\/li><li class=\"advgb-tab\" role=\"presentation\" style=\"background-color:#9fc9eb;border-style:solid;border-width:1px;border-color:#abb8c3;border-radius:0px\"><button class=\"advgb-tab-button\" id=\"advgb-tab-_d83f61-d3-1\" aria-controls=\"advgb-tab-panel-_d83f61-d3-1\" role=\"tab\" aria-selected=\"false\" tabindex=\"0\" style=\"color:#29538b;background:none;border:none;width:100%;text-align:inherit;cursor:pointer;padding:8px 16px;font:inherit\"><span>Educaci\u00f3n<\/span><\/button><\/li><\/ul><div class=\"advgb-tab-body-wrapper\" style=\"background-color:#f3f3f3;border-style:solid;border-width:1px;border-color:#abb8c3;border-radius:0px\">\n<div class=\"wp-block-advgb-tab advgb-tab-body-container\"><div class=\"advgb-tab-body-header advgb-tab-class-\" id=\"advgb-tab-panel-_d83f61-d3-0\" role=\"tabpanel\" aria-labelledby=\"advgb-tab-_d83f61-d3-0\" tabindex=\"0\"><span>Parroquia<\/span><\/div><div class=\"advgb-tab-_d83f61-d3 advgb-tab-body\" aria-labelledby=\"advgb-tab-panel-_d83f61-d3-0\" style=\"display:none\">\n<div class=\"wp-block-buttons is-content-justification-center is-layout-flex wp-container-core-buttons-is-layout-fe48e5de wp-block-buttons-is-layout-flex\">\n<div class=\"wp-block-button\"><a class=\"wp-block-button__link wp-element-button\" href=\"https:\/\/www.vocationministry.com\/wp-content\/uploads\/2024\/05\/Deacon-Sunday-Mass-Announcements.pdf\" target=\"_blank\" rel=\"noreferrer noopener\">Anuncios masivos<\/a><\/div>\n\n\n\n<div class=\"wp-block-button\"><a class=\"wp-block-button__link wp-element-button\" href=\"https:\/\/www.vocationministry.com\/wp-content\/uploads\/2024\/05\/Deacon-Sunday-General-Intercessions.pdf\" target=\"_blank\" rel=\"noreferrer noopener\">Intercesiones generales<\/a><\/div>\n\n\n\n<div class=\"wp-block-button\"><a class=\"wp-block-button__link wp-element-button\" href=\"https:\/\/www.vocationministry.com\/wp-content\/uploads\/2024\/05\/Deacon-Sunday-Bulletin-Blurbs.pdf\" target=\"_blank\" rel=\"noreferrer noopener\">Anuncios de boletines<\/a><\/div>\n<\/div>\n\n\n\n<figure class=\"wp-block-image aligncenter size-large is-resized\"><img loading=\"lazy\" decoding=\"async\" width=\"1024\" height=\"320\" src=\"https:\/\/www.vocationministry.com\/wp-content\/uploads\/2024\/05\/Deacon-Sunday-Spanish.png\" alt=\"\" class=\"wp-image-885\" style=\"width:823px;height:auto\" srcset=\"https:\/\/www.vocationministry.com\/wp-content\/uploads\/2024\/05\/Deacon-Sunday-Spanish.png 800w, https:\/\/www.vocationministry.com\/wp-content\/uploads\/2024\/05\/Deacon-Sunday-Spanish-480x150.png 480w\" sizes=\"(min-width: 0px) and (max-width: 480px) 480px, (min-width: 481px) and (max-width: 980px) 980px, (min-width: 981px) 1024px, 100vw\" \/><\/figure>\n\n\n\n<div class=\"wp-block-buttons is-content-justification-center is-layout-flex wp-container-core-buttons-is-layout-fe48e5de wp-block-buttons-is-layout-flex\">\n<div class=\"wp-block-button\"><a class=\"wp-block-button__link wp-element-button\" href=\"https:\/\/www.vocationministry.com\/wp-content\/uploads\/2024\/03\/Deacon-Sunday-Transparent.png\" target=\"_blank\" rel=\"noreferrer noopener\">Logotipo del domingo del di\u00e1cono<\/a><\/div>\n\n\n\n<div class=\"wp-block-button\"><a class=\"wp-block-button__link wp-element-button\" href=\"https:\/\/www.vocationministry.com\/wp-content\/uploads\/2024\/05\/Deacon-Sunday-Spanish.png\" target=\"_blank\" rel=\"noreferrer noopener\">Logotipo del Domingo del Di\u00e1cono-Espa\u00f1ol<\/a><\/div>\n<\/div>\n\n\n\n<p class=\"wp-block-paragraph\"><strong>Prop\u00f3sito: Afirmar a estos hombres que han dicho S\u00cd al servicio de la Iglesia de manera profunda.<\/strong><\/p>\n\n\n\n<p class=\"wp-block-paragraph\">Los di\u00e1conos merecen mucha afirmaci\u00f3n por su incansable trabajo, proclamando la palabra de Dios, dando homil\u00edas, realizando bautismos y presenciando matrimonios, entre otras responsabilidades. Estos servidores desinteresados son cl\u00e9rigos totalmente ordenados y reportan directamente al obispo.<\/p>\n\n\n\n<div class=\"wp-block-media-text has-media-on-the-right is-stacked-on-mobile\" style=\"grid-template-columns:auto 46%\"><div class=\"wp-block-media-text__content\">\n<h4 class=\"wp-block-heading\" id=\"h-what-do-deacons-do\"><strong>\u00bfQu\u00e9 hacen los di\u00e1conos?<\/strong><\/h4>\n\n\n\n<ul class=\"wp-block-list\">\n<li>Proclamar el Evangelio<\/li>\n\n\n\n<li>Bautizar<\/li>\n\n\n\n<li>Matrimonios de testigos<\/li>\n\n\n\n<li>Realizar servicios funerarios y de entierro fuera de la Eucarist\u00eda.<\/li>\n\n\n\n<li>Distribuir la Sagrada Comuni\u00f3n<\/li>\n\n\n\n<li>Predicar la homil\u00eda<\/li>\n\n\n\n<li>visitar a los enfermos<\/li>\n\n\n\n<li>ense\u00f1ar la fe<\/li>\n\n\n\n<li>Brindar asesoramiento a parejas e individuos.<\/li>\n\n\n\n<li>Trabajar en comit\u00e9s parroquiales<\/li>\n\n\n\n<li>Asesorar y ayudar a los pastores.<\/li>\n<\/ul>\n<\/div><figure class=\"wp-block-media-text__media\"><img loading=\"lazy\" decoding=\"async\" width=\"1024\" height=\"674\" src=\"https:\/\/www.vocationministry.com\/wp-content\/uploads\/2024\/04\/2014-02-23-Deacon-Sunday-2014-015-1024x674.jpg\" alt=\"\" class=\"wp-image-3415 size-full\" srcset=\"https:\/\/www.vocationministry.com\/wp-content\/uploads\/2024\/04\/2014-02-23-Deacon-Sunday-2014-015-980x645.jpg 980w, https:\/\/www.vocationministry.com\/wp-content\/uploads\/2024\/04\/2014-02-23-Deacon-Sunday-2014-015-480x316.jpg 480w\" sizes=\"(min-width: 0px) and (max-width: 480px) 480px, (min-width: 481px) and (max-width: 980px) 980px, (min-width: 981px) 1024px, 100vw\" \/><\/figure><\/div>\n\n\n\n<h4 class=\"wp-block-heading\" id=\"h-ideas\"><strong>Ideas:<\/strong><\/h4>\n\n\n\n<ul class=\"wp-block-list\">\n<li>Llame\/env\u00ede un mensaje de texto\/env\u00ede un correo electr\u00f3nico\/escriba a su di\u00e1cono<\/li>\n\n\n\n<li>Enviar <a href=\"https:\/\/www.vocationministry.com\/es\/parish-resource\/parish\/phase-ii\/prayer\/spiritual-bouquets\/\">ramos espirituales<\/a> a \u00e9l<\/li>\n\n\n\n<li>Ora, ayuna y ofrece sacrificios por \u00e9l.<\/li>\n\n\n\n<li>Env\u00edale una tarjeta regalo de Amazon o de un restaurante.<\/li>\n\n\n\n<li>Organice una recepci\u00f3n para sus di\u00e1conos y sus esposas para agradecerles por su servicio a la parroquia.<\/li>\n\n\n\n<li>Env\u00edale dibujos o pinturas de ni\u00f1os.<\/li>\n\n\n\n<li>Mostrar el <a href=\"https:\/\/www.vocationministry.com\/es\/vocation-day\/vocation-days\/banners\/\" target=\"_blank\" rel=\"noreferrer noopener\">Bandera del domingo del di\u00e1cono<\/a> o un <a href=\"https:\/\/www.vocationministry.com\/es\/vocation-day\/vocation-days\/posters\/\" target=\"_blank\" rel=\"noreferrer noopener\">Domingo de di\u00e1cono P\u00f3ster<\/a><\/li>\n\n\n\n<li>Descarga nuestra nueva&nbsp;<a href=\"https:\/\/www.vocationministry.com\/wp-content\/uploads\/2025\/03\/Deacon-Sunday.jpg\">Exhibici\u00f3n del D\u00eda de las Vocaciones<\/a>-un&nbsp;<a href=\"https:\/\/www.canva.com\/design\/DAGiYAeqbz0\/AO5aQ_fLEn-wNrU0g75yFA\/view?utm_content=DAGiYAeqbz0&amp;utm_campaign=designshare&amp;utm_medium=link&amp;utm_source=publishsharelink&amp;mode=preview\" target=\"_blank\" rel=\"noreferrer noopener\">Canva editable<\/a>&nbsp;Recurso para que las iglesias muestren anuncios con temas vocacionales en sus televisores.<\/li>\n<\/ul>\n<\/div><\/div>\n\n\n\n<div class=\"wp-block-advgb-tab advgb-tab-body-container\"><div class=\"advgb-tab-body-header advgb-tab-class- header-active\" id=\"advgb-tab-panel-_d83f61-d3-1\" role=\"tabpanel\" aria-labelledby=\"advgb-tab-_d83f61-d3-1\" tabindex=\"0\"><span>Educaci\u00f3n<\/span><\/div><div class=\"advgb-tab-_d83f61-d3 advgb-tab-body\" aria-labelledby=\"advgb-tab-panel-_d83f61-d3-1\" style=\"display:block\">\n<div class=\"wp-block-buttons is-content-justification-center is-layout-flex wp-container-core-buttons-is-layout-fe48e5de wp-block-buttons-is-layout-flex\">\n<div class=\"wp-block-button\"><a class=\"wp-block-button__link wp-element-button\" href=\"https:\/\/www.vocationministry.com\/wp-content\/uploads\/2024\/05\/Deacon-Sunday-Mass-Announcements.pdf\" target=\"_blank\" rel=\"noreferrer noopener\">Anuncios<\/a><\/div>\n\n\n\n<div class=\"wp-block-button\"><a class=\"wp-block-button__link wp-element-button\" href=\"https:\/\/www.vocationministry.com\/wp-content\/uploads\/2024\/05\/Deacon-Sunday-General-Intercessions.pdf\" target=\"_blank\" rel=\"noreferrer noopener\">Intercesiones generales<\/a><\/div>\n\n\n\n<div class=\"wp-block-button\"><a class=\"wp-block-button__link wp-element-button\" href=\"https:\/\/www.vocationministry.com\/wp-content\/uploads\/2024\/05\/Deacon-Sunday-Bulletin-Blurbs.pdf\" target=\"_blank\" rel=\"noreferrer noopener\">Anuncios del bolet\u00edn<\/a><\/div>\n<\/div>\n\n\n\n<figure class=\"wp-block-image aligncenter size-large is-resized\"><img loading=\"lazy\" decoding=\"async\" width=\"1024\" height=\"320\" src=\"https:\/\/www.vocationministry.com\/wp-content\/uploads\/2024\/05\/Deacon-Sunday-Spanish.png\" alt=\"\" class=\"wp-image-885\" style=\"width:823px;height:auto\" srcset=\"https:\/\/www.vocationministry.com\/wp-content\/uploads\/2024\/05\/Deacon-Sunday-Spanish.png 800w, https:\/\/www.vocationministry.com\/wp-content\/uploads\/2024\/05\/Deacon-Sunday-Spanish-480x150.png 480w\" sizes=\"(min-width: 0px) and (max-width: 480px) 480px, (min-width: 481px) and (max-width: 980px) 980px, (min-width: 981px) 1024px, 100vw\" \/><\/figure>\n\n\n\n<div class=\"wp-block-buttons is-content-justification-center is-layout-flex wp-container-core-buttons-is-layout-fe48e5de wp-block-buttons-is-layout-flex\">\n<div class=\"wp-block-button\"><a class=\"wp-block-button__link wp-element-button\" href=\"https:\/\/www.vocationministry.com\/wp-content\/uploads\/2024\/03\/Deacon-Sunday-Transparent.png\" target=\"_blank\" rel=\"noreferrer noopener\">Logotipo del domingo del di\u00e1cono<\/a><\/div>\n\n\n\n<div class=\"wp-block-button\"><a class=\"wp-block-button__link wp-element-button\" href=\"https:\/\/www.vocationministry.com\/wp-content\/uploads\/2024\/05\/Deacon-Sunday-Spanish.png\" target=\"_blank\" rel=\"noreferrer noopener\">Logotipo del Domingo del Di\u00e1cono-Espa\u00f1ol<\/a><\/div>\n<\/div>\n\n\n\n<p class=\"wp-block-paragraph\"><strong>Prop\u00f3sito: Afirmar a estos hombres que han dicho S\u00cd al servicio de la Iglesia de manera profunda.<\/strong><\/p>\n\n\n\n<p class=\"wp-block-paragraph\">Los di\u00e1conos merecen mucha afirmaci\u00f3n por su incansable trabajo, proclamando la palabra de Dios, dando homil\u00edas, realizando bautismos y presenciando matrimonios, entre otras responsabilidades. Estos servidores desinteresados son cl\u00e9rigos totalmente ordenados y reportan directamente al obispo.<\/p>\n\n\n\n<div class=\"wp-block-media-text has-media-on-the-right is-stacked-on-mobile\"><div class=\"wp-block-media-text__content\">\n<h4 class=\"wp-block-heading\" id=\"h-what-do-deacons-do-0\"><strong>\u00bfQu\u00e9 hacen los di\u00e1conos?<\/strong><\/h4>\n\n\n\n<ul class=\"wp-block-list\">\n<li>Proclamar el Evangelio<\/li>\n\n\n\n<li>Bautizar<\/li>\n\n\n\n<li>Matrimonios de testigos<\/li>\n\n\n\n<li>Realizar servicios funerarios y de entierro fuera de la Eucarist\u00eda.<\/li>\n\n\n\n<li>Distribuir la Sagrada Comuni\u00f3n<\/li>\n\n\n\n<li>Predicar la homil\u00eda<\/li>\n\n\n\n<li>visitar a los enfermos<\/li>\n\n\n\n<li>ense\u00f1ar la fe<\/li>\n\n\n\n<li>Brindar asesoramiento a parejas e individuos.<\/li>\n\n\n\n<li>Trabajar en comit\u00e9s parroquiales<\/li>\n\n\n\n<li>Asesorar y ayudar a los pastores.<\/li>\n<\/ul>\n<\/div><figure class=\"wp-block-media-text__media\"><img loading=\"lazy\" decoding=\"async\" width=\"1024\" height=\"674\" src=\"https:\/\/www.vocationministry.com\/wp-content\/uploads\/2024\/04\/2014-02-23-Deacon-Sunday-2014-015-1024x674.jpg\" alt=\"\" class=\"wp-image-3415 size-full\" srcset=\"https:\/\/www.vocationministry.com\/wp-content\/uploads\/2024\/04\/2014-02-23-Deacon-Sunday-2014-015-980x645.jpg 980w, https:\/\/www.vocationministry.com\/wp-content\/uploads\/2024\/04\/2014-02-23-Deacon-Sunday-2014-015-480x316.jpg 480w\" sizes=\"(min-width: 0px) and (max-width: 480px) 480px, (min-width: 481px) and (max-width: 980px) 980px, (min-width: 981px) 1024px, 100vw\" \/><\/figure><\/div>\n\n\n\n<h4 class=\"wp-block-heading\" id=\"h-ideas-0\"><strong>Ideas:<\/strong><\/h4>\n\n\n\n<ul class=\"wp-block-list\">\n<li>Llame\/env\u00ede un mensaje de texto\/env\u00ede un correo electr\u00f3nico\/escriba a su di\u00e1cono<\/li>\n\n\n\n<li>Enviar <a href=\"https:\/\/www.vocationministry.com\/es\/education-resource\/education\/phase-ii\/prayer\/spiritual-bouquets\/\" target=\"_blank\" rel=\"noreferrer noopener\">ramos espirituales<\/a> a \u00e9l<\/li>\n\n\n\n<li>Ora, ayuna y ofrece sacrificios por \u00e9l.<\/li>\n\n\n\n<li>Env\u00edale una tarjeta regalo de Amazon o de un restaurante.<\/li>\n\n\n\n<li>Organice una recepci\u00f3n para sus di\u00e1conos y sus esposas para agradecerles por su servicio a la parroquia.<\/li>\n\n\n\n<li>Env\u00edale dibujos o pinturas de ni\u00f1os.<\/li>\n\n\n\n<li>Mostrar el <a href=\"https:\/\/www.vocationministry.com\/es\/vocation-day\/vocation-days\/banners\/\">Bandera del domingo del di\u00e1cono<\/a> o un <a href=\"https:\/\/www.vocationministry.com\/es\/vocation-day\/vocation-days\/posters\/\" target=\"_blank\" rel=\"noreferrer noopener\">Domingo de di\u00e1cono P\u00f3ster<\/a><\/li>\n\n\n\n<li>Descarga nuestra nueva&nbsp;<a href=\"https:\/\/www.vocationministry.com\/wp-content\/uploads\/2025\/03\/Deacon-Sunday.jpg\">Exhibici\u00f3n del D\u00eda de las Vocaciones<\/a>-un&nbsp;<a href=\"https:\/\/www.canva.com\/design\/DAGiYAeqbz0\/AO5aQ_fLEn-wNrU0g75yFA\/view?utm_content=DAGiYAeqbz0&amp;utm_campaign=designshare&amp;utm_medium=link&amp;utm_source=publishsharelink&amp;mode=preview\" target=\"_blank\" rel=\"noreferrer noopener\">Canva editable<\/a>&nbsp;Recurso para que las escuelas muestren anuncios con temas vocacionales en sus pantallas y televisores de las aulas.<\/li>\n<\/ul>\n<\/div><\/div>\n<\/div><\/div>\n\n\n\n<h4 class=\"wp-block-heading\" id=\"h-resources\">Recursos<\/h4>\n\n\n\n<p class=\"wp-block-paragraph\"><strong>Intercesi\u00f3n:<\/strong><\/p>\n\n\n\n<p class=\"wp-block-paragraph\">San Esteban, patr\u00f3n de los di\u00e1conos y monaguillos<\/p>\n\n\n\n<p class=\"wp-block-paragraph\">San Lorenzo, patr\u00f3n de los di\u00e1conos<\/p>\n\n\n\n<p class=\"wp-block-paragraph\">San Gabriel de Nuestra Se\u00f1ora de los Dolores, Patr\u00f3n del Clero<\/p>\n\n\n\n<p class=\"has-text-align-center wp-block-paragraph\"><strong>Actividades para ni\u00f1os<\/strong><\/p>\n\n\n\n<div class=\"wp-block-columns is-layout-flex wp-container-core-columns-is-layout-8f761849 wp-block-columns-is-layout-flex\">\n<div class=\"wp-block-column is-layout-flow wp-block-column-is-layout-flow\">\n<figure class=\"wp-block-image aligncenter size-large\"><img loading=\"lazy\" decoding=\"async\" width=\"791\" height=\"1024\" src=\"https:\/\/www.vocationministry.com\/wp-content\/uploads\/2024\/05\/Deacon-Coloring-Page-791x1024.png\" alt=\"\" class=\"wp-image-6122\"\/><\/figure>\n\n\n\n<div class=\"wp-block-buttons is-content-justification-center is-layout-flex wp-container-core-buttons-is-layout-fe48e5de wp-block-buttons-is-layout-flex\">\n<div class=\"wp-block-button\"><a class=\"wp-block-button__link wp-element-button\" href=\"https:\/\/www.vocationministry.com\/wp-content\/uploads\/2024\/03\/deacon-coloring-page-and-vocab.pdf\" target=\"_blank\" rel=\"noreferrer noopener\">Di\u00e1cono P\u00e1gina Para Colorear<\/a><\/div>\n<\/div>\n<\/div>\n\n\n\n<div class=\"wp-block-column is-layout-flow wp-block-column-is-layout-flow\">\n<figure class=\"wp-block-image size-full\"><img loading=\"lazy\" decoding=\"async\" width=\"650\" height=\"841\" src=\"https:\/\/www.vocationministry.com\/wp-content\/uploads\/2024\/01\/d-is-for-deacon.png\" alt=\"\" class=\"wp-image-8870\" srcset=\"https:\/\/www.vocationministry.com\/wp-content\/uploads\/2024\/01\/d-is-for-deacon.png 650w, https:\/\/www.vocationministry.com\/wp-content\/uploads\/2024\/01\/d-is-for-deacon-480x621.png 480w\" sizes=\"(min-width: 0px) and (max-width: 480px) 480px, (min-width: 481px) 650px, 100vw\" \/><\/figure>\n\n\n\n<div class=\"wp-block-buttons is-content-justification-center is-layout-flex wp-container-core-buttons-is-layout-fe48e5de wp-block-buttons-is-layout-flex\">\n<div class=\"wp-block-button\"><a class=\"wp-block-button__link wp-element-button\" href=\"https:\/\/www.vocationministry.com\/wp-content\/uploads\/2024\/10\/D-is-for-Deacon-page.pdf\" target=\"_blank\" rel=\"noreferrer noopener\">D es para Di\u00e1cono P\u00e1gina para colorear<\/a><\/div>\n<\/div>\n<\/div>\n\n\n\n<div class=\"wp-block-column is-layout-flow wp-block-column-is-layout-flow\">\n<figure class=\"wp-block-image size-large\"><img loading=\"lazy\" decoding=\"async\" width=\"791\" height=\"1024\" src=\"https:\/\/www.vocationministry.com\/wp-content\/uploads\/2024\/05\/Dear-Deacon-letter-spanish.png\" alt=\"\" class=\"wp-image-6123\"\/><\/figure>\n\n\n\n<div class=\"wp-block-buttons is-content-justification-center is-layout-flex wp-container-core-buttons-is-layout-fe48e5de wp-block-buttons-is-layout-flex\">\n<div class=\"wp-block-button\"><a class=\"wp-block-button__link wp-element-button\" href=\"https:\/\/www.vocationministry.com\/wp-content\/uploads\/2024\/03\/deacon-sunday-letter.pdf\" target=\"_blank\" rel=\"noreferrer noopener\">Querida carta de di\u00e1cono<\/a><\/div>\n\n\n\n<div class=\"wp-block-button\"><a class=\"wp-block-button__link wp-element-button\" href=\"https:\/\/www.vocationministry.com\/wp-content\/uploads\/2024\/03\/Dear-Deacon-spanish.pdf\" target=\"_blank\" rel=\"noreferrer noopener\">Carta al Querido Di\u00e1cono-Espa\u00f1ol<\/a><\/div>\n<\/div>\n<\/div>\n<\/div>\n\n\n\n<p class=\"has-text-align-center wp-block-paragraph\"><strong>Tarjetas de agradecimiento y tarjetas de oraci\u00f3n<\/strong><\/p>\n\n\n\n<div class=\"wp-block-columns is-layout-flex wp-container-core-columns-is-layout-8f761849 wp-block-columns-is-layout-flex\">\n<div class=\"wp-block-column is-layout-flow wp-block-column-is-layout-flow\">\n<figure class=\"wp-block-image aligncenter size-large\"><img loading=\"lazy\" decoding=\"async\" width=\"1024\" height=\"1024\" src=\"https:\/\/www.vocationministry.com\/wp-content\/uploads\/2024\/03\/Deacon-Sunday-1-1024x1024.png\" alt=\"\" class=\"wp-image-890\" srcset=\"https:\/\/www.vocationministry.com\/wp-content\/uploads\/2024\/03\/Deacon-Sunday-1-1024x1024.png 1024w, https:\/\/www.vocationministry.com\/wp-content\/uploads\/2024\/03\/Deacon-Sunday-1-980x980.png 980w, https:\/\/www.vocationministry.com\/wp-content\/uploads\/2024\/03\/Deacon-Sunday-1-480x480.png 480w\" sizes=\"(min-width: 0px) and (max-width: 480px) 480px, (min-width: 481px) and (max-width: 980px) 980px, (min-width: 981px) 1024px, 100vw\" \/><\/figure>\n\n\n\n<div class=\"wp-block-buttons is-content-justification-center is-layout-flex wp-container-core-buttons-is-layout-fe48e5de wp-block-buttons-is-layout-flex\">\n<div class=\"wp-block-button\"><a class=\"wp-block-button__link wp-element-button\">Tarjetas de agradecimiento<\/a><\/div>\n<\/div>\n<\/div>\n\n\n\n<div class=\"wp-block-column is-layout-flow wp-block-column-is-layout-flow\">\n<figure class=\"wp-block-image aligncenter size-full\"><img loading=\"lazy\" decoding=\"async\" width=\"768\" height=\"768\" src=\"https:\/\/www.vocationministry.com\/wp-content\/uploads\/2024\/01\/Deacon-Sunday-Prayer-Card.png\" alt=\"\" class=\"wp-image-6117\" srcset=\"https:\/\/www.vocationministry.com\/wp-content\/uploads\/2024\/01\/Deacon-Sunday-Prayer-Card.png 768w, https:\/\/www.vocationministry.com\/wp-content\/uploads\/2024\/01\/Deacon-Sunday-Prayer-Card-480x480.png 480w\" sizes=\"(min-width: 0px) and (max-width: 480px) 480px, (min-width: 481px) 768px, 100vw\" \/><\/figure>\n\n\n\n<div class=\"wp-block-buttons is-content-justification-center is-layout-flex wp-container-core-buttons-is-layout-fe48e5de wp-block-buttons-is-layout-flex\">\n<div class=\"wp-block-button\"><a class=\"wp-block-button__link wp-element-button\" href=\"https:\/\/www.vocationministry.com\/es\/shop\/prayer-card-prayer-for-deacons-pack-of-50\/\" target=\"_blank\" rel=\"noreferrer noopener\">Tarjetas de oraci\u00f3n para di\u00e1conos<\/a><\/div>\n<\/div>\n<\/div>\n<\/div>\n\n\n\n<figure class=\"wp-block-image aligncenter size-large is-resized\"><img loading=\"lazy\" decoding=\"async\" width=\"791\" height=\"1024\" src=\"https:\/\/www.vocationministry.com\/wp-content\/uploads\/2024\/05\/Deacon-Questionnaire-Spanish.png\" alt=\"\" class=\"wp-image-6118\" style=\"width:354px;height:auto\"\/><\/figure>\n\n\n\n<div class=\"wp-block-buttons is-vertical is-content-justification-center is-layout-flex wp-container-core-buttons-is-layout-524f8de7 wp-block-buttons-is-layout-flex\">\n<div class=\"wp-block-button\"><a class=\"wp-block-button__link wp-element-button\" href=\"https:\/\/www.vocationministry.com\/wp-content\/uploads\/2024\/05\/Get-to-Know-Your-Deacon-questionnaire.pdf\" target=\"_blank\" rel=\"noreferrer noopener\">Cuestionario para di\u00e1conos<\/a><\/div>\n\n\n\n<div class=\"wp-block-button\"><a class=\"wp-block-button__link wp-element-button\" href=\"https:\/\/www.vocationministry.com\/wp-content\/uploads\/2024\/05\/Deacon-Questionnaire-Spanish.pdf\" target=\"_blank\" rel=\"noreferrer noopener\">Cuestionario para di\u00e1conos-espa\u00f1ol<\/a><\/div>\n<\/div>\n<style class=\"advgb-styles-renderer\">.advgb-tabs-f729566f-b81e-41ab-bbee-011b8a1f7c40 ul.advgb-tabs-panel li.advgb-tab.advgb-tab-active {background-color:#29538b !important;color:#9fc9eb !important;}#advgb-tabs-f729566f-b81e-41ab-bbee-011b8a1f7c40 .advgb-tab-body-header.header-active, .advgb-tabs-f729566f-b81e-41ab-bbee-011b8a1f7c40 .advgb-tab-body-header.header-active{background-color:#29538b !important;color:#9fc9eb !important;}<\/style>","protected":false},"author":2,"featured_media":7315,"parent":140,"menu_order":8,"template":"","class_list":["post-75","vocation-day","type-vocation-day","status-publish","has-post-thumbnail","hentry"],"acf":[],"dsm_author":{"name":"McKinsey Ogle","avatar_url":"https:\/\/secure.gravatar.com\/avatar\/9c9b341df5a82d5058a9c88fb308ed3009a6c886f6572604bbedf231b9bb6cac?s=96&d=mm&r=g","archive_link":"https:\/\/www.vocationministry.com\/es\/author\/marketing\/","biodata":""},"dsm_categories":[],"dsm_attachment_categories":[],"dsm_featured_image":{"thumbnail":"https:\/\/www.vocationministry.com\/wp-content\/uploads\/2024\/05\/deaconblessing-150x150.jpg","medium":"https:\/\/www.vocationministry.com\/wp-content\/uploads\/2024\/05\/deaconblessing-300x200.jpg","medium_large":"https:\/\/www.vocationministry.com\/wp-content\/uploads\/2024\/05\/deaconblessing-768x512.jpg","large":"https:\/\/www.vocationministry.com\/wp-content\/uploads\/2024\/05\/deaconblessing-1024x683.jpg","1536x1536":"https:\/\/www.vocationministry.com\/wp-content\/uploads\/2024\/05\/deaconblessing-1536x1024.jpg","2048x2048":"https:\/\/www.vocationministry.com\/wp-content\/uploads\/2024\/05\/deaconblessing-2048x1365.jpg","trp-custom-language-flag":"https:\/\/www.vocationministry.com\/wp-content\/uploads\/2024\/05\/deaconblessing-18x12.jpg","et-pb-post-main-image":"https:\/\/www.vocationministry.com\/wp-content\/uploads\/2024\/05\/deaconblessing-400x250.jpg","et-pb-post-main-image-fullwidth":"https:\/\/www.vocationministry.com\/wp-content\/uploads\/2024\/05\/deaconblessing-1080x675.jpg","et-pb-portfolio-image":"https:\/\/www.vocationministry.com\/wp-content\/uploads\/2024\/05\/deaconblessing-400x284.jpg","et-pb-portfolio-module-image":"https:\/\/www.vocationministry.com\/wp-content\/uploads\/2024\/05\/deaconblessing-510x382.jpg","et-pb-portfolio-image-single":"https:\/\/www.vocationministry.com\/wp-content\/uploads\/2024\/05\/deaconblessing-1080x720.jpg","et-pb-gallery-module-image-portrait":"https:\/\/www.vocationministry.com\/wp-content\/uploads\/2024\/05\/deaconblessing-400x516.jpg","et-pb-post-main-image-fullwidth-large":"https:\/\/www.vocationministry.com\/wp-content\/uploads\/2024\/05\/deaconblessing-2715x1800.jpg","et-pb-image--responsive--desktop":"https:\/\/www.vocationministry.com\/wp-content\/uploads\/2024\/05\/deaconblessing-1280x854.jpg","et-pb-image--responsive--tablet":"https:\/\/www.vocationministry.com\/wp-content\/uploads\/2024\/05\/deaconblessing-980x653.jpg","et-pb-image--responsive--phone":"https:\/\/www.vocationministry.com\/wp-content\/uploads\/2024\/05\/deaconblessing-480x320.jpg","gform-image-choice-sm":"https:\/\/www.vocationministry.com\/wp-content\/uploads\/2024\/05\/deaconblessing-scaled.jpg","gform-image-choice-md":"https:\/\/www.vocationministry.com\/wp-content\/uploads\/2024\/05\/deaconblessing-scaled.jpg","gform-image-choice-lg":"https:\/\/www.vocationministry.com\/wp-content\/uploads\/2024\/05\/deaconblessing-scaled.jpg","woocommerce_thumbnail":"https:\/\/www.vocationministry.com\/wp-content\/uploads\/2024\/05\/deaconblessing-300x300.jpg","woocommerce_single":"https:\/\/www.vocationministry.com\/wp-content\/uploads\/2024\/05\/deaconblessing-600x400.jpg","woocommerce_gallery_thumbnail":"https:\/\/www.vocationministry.com\/wp-content\/uploads\/2024\/05\/deaconblessing-100x100.jpg","full":"https:\/\/www.vocationministry.com\/wp-content\/uploads\/2024\/05\/deaconblessing-scaled.jpg"},"dsm_comment_count":0,"yoast_head":"<!-- This site is optimized with the Yoast SEO Premium plugin v24.9 (Yoast SEO v28.4) - https:\/\/yoast.com\/product\/yoast-seo-premium-wordpress\/ -->\n<title>Deacon Sunday - Vocation Ministry<\/title>\n<meta name=\"description\" content=\"Celebrate Deacon Sunday by honoring the vocation of the diaconate. Find prayers, ideas, and tools to support and thank your parish deacons.\" \/>\n<meta name=\"robots\" content=\"index, follow, max-snippet:-1, max-image-preview:large, max-video-preview:-1\" \/>\n<link rel=\"canonical\" href=\"https:\/\/www.vocationministry.com\/es\/vocation-day\/vocation-days\/deacon-sunday\/\" \/>\n<meta property=\"og:locale\" content=\"es_MX\" \/>\n<meta property=\"og:type\" content=\"article\" \/>\n<meta property=\"og:title\" content=\"Deacon Sunday\" \/>\n<meta property=\"og:description\" content=\"Celebrate Deacon Sunday by honoring the vocation of the diaconate. Find prayers, ideas, and tools to support and thank your parish deacons.\" \/>\n<meta property=\"og:url\" content=\"https:\/\/www.vocationministry.com\/es\/vocation-day\/vocation-days\/deacon-sunday\/\" \/>\n<meta property=\"og:site_name\" content=\"Vocation Ministry\" \/>\n<meta property=\"article:publisher\" content=\"https:\/\/www.facebook.com\/VocationMinistry\" \/>\n<meta property=\"article:modified_time\" content=\"2025-10-25T21:38:40+00:00\" \/>\n<meta property=\"og:image\" content=\"https:\/\/www.vocationministry.com\/wp-content\/uploads\/2024\/07\/Blue-VM-Logo-white-Background.png\" \/>\n\t<meta property=\"og:image:width\" content=\"2000\" \/>\n\t<meta property=\"og:image:height\" content=\"1000\" \/>\n\t<meta property=\"og:image:type\" content=\"image\/png\" \/><meta property=\"og:image\" content=\"https:\/\/www.vocationministry.com\/wp-content\/uploads\/2024\/05\/deaconblessing-scaled.jpg\" \/>\n\t<meta property=\"og:image:width\" content=\"2560\" \/>\n\t<meta property=\"og:image:height\" content=\"1707\" \/>\n\t<meta property=\"og:image:type\" content=\"image\/jpeg\" \/>\n<meta name=\"twitter:card\" content=\"summary_large_image\" \/>\n<meta name=\"twitter:label1\" content=\"Tiempo de lectura\" \/>\n\t<meta name=\"twitter:data1\" content=\"5 minutos\" \/>\n<script type=\"application\/ld+json\" class=\"yoast-schema-graph\">{\"@context\":\"https:\\\/\\\/schema.org\",\"@graph\":[{\"@type\":\"WebPage\",\"@id\":\"https:\\\/\\\/www.vocationministry.com\\\/vocation-day\\\/vocation-days\\\/deacon-sunday\\\/\",\"url\":\"https:\\\/\\\/www.vocationministry.com\\\/vocation-day\\\/vocation-days\\\/deacon-sunday\\\/\",\"name\":\"Deacon Sunday - Vocation Ministry\",\"isPartOf\":{\"@id\":\"https:\\\/\\\/www.vocationministry.com\\\/#website\"},\"primaryImageOfPage\":{\"@id\":\"https:\\\/\\\/www.vocationministry.com\\\/vocation-day\\\/vocation-days\\\/deacon-sunday\\\/#primaryimage\"},\"image\":{\"@id\":\"https:\\\/\\\/www.vocationministry.com\\\/vocation-day\\\/vocation-days\\\/deacon-sunday\\\/#primaryimage\"},\"thumbnailUrl\":\"https:\\\/\\\/www.vocationministry.com\\\/wp-content\\\/uploads\\\/2024\\\/05\\\/deaconblessing-scaled.jpg\",\"datePublished\":\"2024-01-09T22:14:36+00:00\",\"dateModified\":\"2025-10-25T21:38:40+00:00\",\"description\":\"Celebrate Deacon Sunday by honoring the vocation of the diaconate. Find prayers, ideas, and tools to support and thank your parish deacons.\",\"breadcrumb\":{\"@id\":\"https:\\\/\\\/www.vocationministry.com\\\/vocation-day\\\/vocation-days\\\/deacon-sunday\\\/#breadcrumb\"},\"inLanguage\":\"es\",\"potentialAction\":[{\"@type\":\"ReadAction\",\"target\":[\"https:\\\/\\\/www.vocationministry.com\\\/vocation-day\\\/vocation-days\\\/deacon-sunday\\\/\"]}]},{\"@type\":\"ImageObject\",\"inLanguage\":\"es\",\"@id\":\"https:\\\/\\\/www.vocationministry.com\\\/vocation-day\\\/vocation-days\\\/deacon-sunday\\\/#primaryimage\",\"url\":\"https:\\\/\\\/www.vocationministry.com\\\/wp-content\\\/uploads\\\/2024\\\/05\\\/deaconblessing-scaled.jpg\",\"contentUrl\":\"https:\\\/\\\/www.vocationministry.com\\\/wp-content\\\/uploads\\\/2024\\\/05\\\/deaconblessing-scaled.jpg\",\"width\":2560,\"height\":1707,\"caption\":\"Priest during a ceremony in a church, celebrating a mass\"},{\"@type\":\"BreadcrumbList\",\"@id\":\"https:\\\/\\\/www.vocationministry.com\\\/vocation-day\\\/vocation-days\\\/deacon-sunday\\\/#breadcrumb\",\"itemListElement\":[{\"@type\":\"ListItem\",\"position\":1,\"name\":\"Home\",\"item\":\"https:\\\/\\\/www.vocationministry.com\\\/\"},{\"@type\":\"ListItem\",\"position\":2,\"name\":\"Vocation Days\",\"item\":\"https:\\\/\\\/www.vocationministry.com\\\/vocation-day\\\/vocation-days\\\/\"},{\"@type\":\"ListItem\",\"position\":3,\"name\":\"Deacon Sunday\"}]},{\"@type\":\"WebSite\",\"@id\":\"https:\\\/\\\/www.vocationministry.com\\\/#website\",\"url\":\"https:\\\/\\\/www.vocationministry.com\\\/\",\"name\":\"Vocation Ministry\",\"description\":\"Creating A Culture of Vocations\",\"publisher\":{\"@id\":\"https:\\\/\\\/www.vocationministry.com\\\/#organization\"},\"potentialAction\":[{\"@type\":\"SearchAction\",\"target\":{\"@type\":\"EntryPoint\",\"urlTemplate\":\"https:\\\/\\\/www.vocationministry.com\\\/?s={search_term_string}\"},\"query-input\":{\"@type\":\"PropertyValueSpecification\",\"valueRequired\":true,\"valueName\":\"search_term_string\"}}],\"inLanguage\":\"es\"},{\"@type\":\"Organization\",\"@id\":\"https:\\\/\\\/www.vocationministry.com\\\/#organization\",\"name\":\"Vocation Ministry\",\"url\":\"https:\\\/\\\/www.vocationministry.com\\\/\",\"logo\":{\"@type\":\"ImageObject\",\"inLanguage\":\"es\",\"@id\":\"https:\\\/\\\/www.vocationministry.com\\\/#\\\/schema\\\/logo\\\/image\\\/\",\"url\":\"https:\\\/\\\/www.vocationministry.com\\\/wp-content\\\/uploads\\\/2024\\\/02\\\/Blue-VM-Logo-white-Background.png\",\"contentUrl\":\"https:\\\/\\\/www.vocationministry.com\\\/wp-content\\\/uploads\\\/2024\\\/02\\\/Blue-VM-Logo-white-Background.png\",\"width\":2000,\"height\":1000,\"caption\":\"Vocation Ministry\"},\"image\":{\"@id\":\"https:\\\/\\\/www.vocationministry.com\\\/#\\\/schema\\\/logo\\\/image\\\/\"},\"sameAs\":[\"https:\\\/\\\/www.facebook.com\\\/VocationMinistry\"]}]}<\/script>\n<!-- \/ Yoast SEO Premium plugin. -->","yoast_head_json":{"title":"Domingo del Di\u00e1cono - Vocation Ministry","description":"Celebre el Domingo del Di\u00e1cono honrando la vocaci\u00f3n diaconal. Encuentre oraciones, ideas y herramientas para apoyar y agradecer a los di\u00e1conos de su parroquia.","robots":{"index":"index","follow":"follow","max-snippet":"max-snippet:-1","max-image-preview":"max-image-preview:large","max-video-preview":"max-video-preview:-1"},"canonical":"https:\/\/www.vocationministry.com\/es\/vocation-day\/vocation-days\/deacon-sunday\/","og_locale":"es_MX","og_type":"article","og_title":"Deacon Sunday","og_description":"Celebrate Deacon Sunday by honoring the vocation of the diaconate. Find prayers, ideas, and tools to support and thank your parish deacons.","og_url":"https:\/\/www.vocationministry.com\/es\/vocation-day\/vocation-days\/deacon-sunday\/","og_site_name":"Vocation Ministry","article_publisher":"https:\/\/www.facebook.com\/VocationMinistry","article_modified_time":"2025-10-25T21:38:40+00:00","og_image":[{"width":2000,"height":1000,"url":"https:\/\/www.vocationministry.com\/wp-content\/uploads\/2024\/07\/Blue-VM-Logo-white-Background.png","type":"image\/png"},{"width":2560,"height":1707,"url":"https:\/\/www.vocationministry.com\/wp-content\/uploads\/2024\/05\/deaconblessing-scaled.jpg","type":"image\/jpeg"}],"twitter_card":"summary_large_image","twitter_misc":{"Tiempo de lectura":"5 minutos"},"schema":{"@context":"https:\/\/schema.org","@graph":[{"@type":"WebPage","@id":"https:\/\/www.vocationministry.com\/vocation-day\/vocation-days\/deacon-sunday\/","url":"https:\/\/www.vocationministry.com\/vocation-day\/vocation-days\/deacon-sunday\/","name":"Domingo del Di\u00e1cono - Vocation Ministry","isPartOf":{"@id":"https:\/\/www.vocationministry.com\/#website"},"primaryImageOfPage":{"@id":"https:\/\/www.vocationministry.com\/vocation-day\/vocation-days\/deacon-sunday\/#primaryimage"},"image":{"@id":"https:\/\/www.vocationministry.com\/vocation-day\/vocation-days\/deacon-sunday\/#primaryimage"},"thumbnailUrl":"https:\/\/www.vocationministry.com\/wp-content\/uploads\/2024\/05\/deaconblessing-scaled.jpg","datePublished":"2024-01-09T22:14:36+00:00","dateModified":"2025-10-25T21:38:40+00:00","description":"Celebre el Domingo del Di\u00e1cono honrando la vocaci\u00f3n diaconal. Encuentre oraciones, ideas y herramientas para apoyar y agradecer a los di\u00e1conos de su parroquia.","breadcrumb":{"@id":"https:\/\/www.vocationministry.com\/vocation-day\/vocation-days\/deacon-sunday\/#breadcrumb"},"inLanguage":"es","potentialAction":[{"@type":"ReadAction","target":["https:\/\/www.vocationministry.com\/vocation-day\/vocation-days\/deacon-sunday\/"]}]},{"@type":"ImageObject","inLanguage":"es","@id":"https:\/\/www.vocationministry.com\/vocation-day\/vocation-days\/deacon-sunday\/#primaryimage","url":"https:\/\/www.vocationministry.com\/wp-content\/uploads\/2024\/05\/deaconblessing-scaled.jpg","contentUrl":"https:\/\/www.vocationministry.com\/wp-content\/uploads\/2024\/05\/deaconblessing-scaled.jpg","width":2560,"height":1707,"caption":"Priest during a ceremony in a church, celebrating a mass"},{"@type":"BreadcrumbList","@id":"https:\/\/www.vocationministry.com\/vocation-day\/vocation-days\/deacon-sunday\/#breadcrumb","itemListElement":[{"@type":"ListItem","position":1,"name":"Home","item":"https:\/\/www.vocationministry.com\/"},{"@type":"ListItem","position":2,"name":"Vocation Days","item":"https:\/\/www.vocationministry.com\/vocation-day\/vocation-days\/"},{"@type":"ListItem","position":3,"name":"Deacon Sunday"}]},{"@type":"WebSite","@id":"https:\/\/www.vocationministry.com\/#website","url":"https:\/\/www.vocationministry.com\/","name":"Vocation Ministry","description":"Creando una cultura de vocaciones","publisher":{"@id":"https:\/\/www.vocationministry.com\/#organization"},"potentialAction":[{"@type":"SearchAction","target":{"@type":"EntryPoint","urlTemplate":"https:\/\/www.vocationministry.com\/?s={search_term_string}"},"query-input":{"@type":"PropertyValueSpecification","valueRequired":true,"valueName":"search_term_string"}}],"inLanguage":"es"},{"@type":"Organization","@id":"https:\/\/www.vocationministry.com\/#organization","name":"Vocation Ministry","url":"https:\/\/www.vocationministry.com\/","logo":{"@type":"ImageObject","inLanguage":"es","@id":"https:\/\/www.vocationministry.com\/#\/schema\/logo\/image\/","url":"https:\/\/www.vocationministry.com\/wp-content\/uploads\/2024\/02\/Blue-VM-Logo-white-Background.png","contentUrl":"https:\/\/www.vocationministry.com\/wp-content\/uploads\/2024\/02\/Blue-VM-Logo-white-Background.png","width":2000,"height":1000,"caption":"Vocation Ministry"},"image":{"@id":"https:\/\/www.vocationministry.com\/#\/schema\/logo\/image\/"},"sameAs":["https:\/\/www.facebook.com\/VocationMinistry"]}]}},"featured_img":"https:\/\/www.vocationministry.com\/wp-content\/uploads\/2024\/05\/deaconblessing-scaled.jpg","coauthors":[],"author_meta":{"author_link":"https:\/\/www.vocationministry.com\/es\/author\/marketing\/","display_name":"McKinsey Ogle"},"relative_dates":{"created":"Publicado 3 a\u00f1os hace","modified":"Actualizado 11 meses hace"},"absolute_dates":{"created":"Publicado el enero 9, 2024","modified":"Actualizado el octubre 25, 2025"},"absolute_dates_time":{"created":"Publicado el enero 9, 2024 5:14 pm","modified":"Actualizado el octubre 25, 2025 4:38 pm"},"featured_img_caption":"Priest during a ceremony in a church, celebrating a mass","tax_additional":[],"series_order":"","_links":{"self":[{"href":"https:\/\/www.vocationministry.com\/es\/wp-json\/wp\/v2\/vocation-day\/75","targetHints":{"allow":["GET"]}}],"collection":[{"href":"https:\/\/www.vocationministry.com\/es\/wp-json\/wp\/v2\/vocation-day"}],"about":[{"href":"https:\/\/www.vocationministry.com\/es\/wp-json\/wp\/v2\/types\/vocation-day"}],"version-history":[{"count":5,"href":"https:\/\/www.vocationministry.com\/es\/wp-json\/wp\/v2\/vocation-day\/75\/revisions"}],"predecessor-version":[{"id":11048,"href":"https:\/\/www.vocationministry.com\/es\/wp-json\/wp\/v2\/vocation-day\/75\/revisions\/11048"}],"up":[{"embeddable":true,"href":"https:\/\/www.vocationministry.com\/es\/wp-json\/wp\/v2\/vocation-day\/140"}],"wp:featuredmedia":[{"embeddable":true,"href":"https:\/\/www.vocationministry.com\/es\/wp-json\/wp\/v2\/media\/7315"}],"wp:attachment":[{"href":"https:\/\/www.vocationministry.com\/es\/wp-json\/wp\/v2\/media?parent=75"}],"curies":[{"name":"Gracias","href":"https:\/\/api.w.org\/{rel}","templated":true}]}}